{"id":10602,"date":"2023-07-05T14:31:01","date_gmt":"2023-07-05T12:31:01","guid":{"rendered":"http:\/\/www.camping-saint-lary.com\/accueil-2"},"modified":"2026-03-15T10:12:01","modified_gmt":"2026-03-15T09:12:01","slug":"accueil-2","status":"publish","type":"page","link":"https:\/\/www.camping-saint-lary.com\/es\/","title":{"rendered":"Inicio"},"content":{"rendered":"\n<div class=\"wp-block-group alignfull non-relative is-layout-constrained wp-block-group-is-layout-constrained\" style=\"margin-top:0px;margin-bottom:0px\"><button class=\"fmb-expand-formulaire\" onclick=\"jQuery('#formulario-motor-busqueda').toggleClass('fmb-visible');\">Reservar<\/button>\n<div id=\"formulario-motor-busqueda\" class=\"formulario-motor-busqueda\">\n    <div class=\"fmb-container\">\n        <div class=\"fmb-bloque fmb-fecha-de-llegada\">\n            <div class=\"fmb-label\">Fecha de llegada<\/div>\n            <input type=\"text\" id=\"fmb-fecha-de-llegada\" \/>\n        <\/div><!-- .fmb-bloque -->\n        <div class=\"fmb-bloque fmb-fecha-de-salida\">\n            <div class=\"fmb-label\">Fecha de salida<\/div>\n            <input type=\"text\" id=\"fmb-fecha-de-salida\" \/>\n        <\/div><!-- .fmb-bloque -->\n        <div class=\"fmb-bloque fmb-tipo-de-alojamiento\">\n            <div class=\"fmb-label\">Alojamiento<\/div>\n            <select  id=\"fmb-tipo-de-alojamiento\">\n                <option value=\"1\">Parcela<\/option>\n                <option value=\"2\">Alojamiento<\/option>\n            <\/select>\n        <\/div><!-- .fmb-bloque -->\n        <div class=\"fmb-bloque fmb-numero-de-personas\">\n            <div class=\"fmb-label\">Capacidad<\/div>\n            <select  id=\"fmb-numero-de-personas\">\n                <option value=\"1\">1<\/option>\n                <option value=\"2\">2<\/option>\n                <option value=\"3\">3<\/option>\n                <option value=\"4\">4<\/option>\n                <option value=\"5\">5<\/option>\n                <option value=\"6\">6<\/option>\n                <option value=\"7\">7<\/option>\n                <option value=\"8\">8<\/option>\n                <option value=\"9\">+8<\/option>\n            <\/select>\n        <\/div><!-- .fmb-bloque -->\n        <div class=\"fmb-bloque fmb-submit-button\">\n            <input \n                name=\"submit-button\" \n                id=\"submit-button\" \n                class=\"fmb-button\" \n                type=\"button\" \n                onclick=\"window.open(\n                    'https:\/\/naxiresa.inaxel.com\/etape2-sejours.php?arrivalDate='+jQuery('#fmb-fecha-de-llegada').val()+'&departureDate='+jQuery('#fmb-fecha-de-salida').val()+'&pt='+jQuery('#fmb-tipo-de-alojamiento').val()+'&compte=valautun&lang=5&nb='+jQuery('#fmb-numero-de-personas').val()+'', \n                    '_blank'\n                );\" \n                value=\"Buscar\" \n            \/>\n        <\/div><!-- .fmb-bloque -->\n        <div class=\"fmb-bloque fmb-submit-button-2\">\n            <input \n                name=\"submit-button-2\" \n                id=\"submit-button-2\" \n                class=\"fmb-button\" \n                type=\"button\" \n                onclick=\"window.open('https:\/\/valautun.my-user-account.com', '_blank');\" \n                value=\"Mi reserva\" \n            \/>\n        <\/div><!-- .fmb-bloque -->\n    <\/div><!-- .fmb-container -->\n<\/div><!-- .formulario-motor-busqueda -->\n\n\n<script src=\"https:\/\/code.jquery.com\/ui\/1.13.2\/jquery-ui.js\"><\/script>\n\n<link  href=\"\/\/code.jquery.com\/ui\/1.11.4\/themes\/smoothness\/jquery-ui.css\" rel=\"stylesheet\" \/>\n<script>\nvar top_menu_header = jQuery('#formulario-motor-busqueda').offset().top - 100;\njQuery(window).on('scroll', function(){\n\n    jQuery(\".ui-datepicker-current-day\").trigger(\"click\");\n    jQuery('#fmb-fecha-de-salida').blur();\n    jQuery('#fmb-fecha-de-llegada').blur();\n\n\n    if(jQuery(window).scrollTop() > top_menu_header){\n        jQuery('#formulario-motor-busqueda').addClass('fmb-is-fixed-top');\n    } else {\n        jQuery('#formulario-motor-busqueda').removeClass('fmb-is-fixed-top');\n    }\n});\n\n\njQuery(function () {\n    jQuery('#fmb-fecha-de-llegada').datepicker({\n        onSelect: function(dateText, element) {\n            jQuery(this).attr('date', dateText);\n            \/* 01-09-2021 into 2021-09-01 *\/\n            var year = dateText.substring(6, 10);\n            var month = dateText.substring(3, 5);\n            var day = dateText.substring(0, 2);\n            var dateString = year + '-' + month + '-' + day;\n            var date1 = new Date(dateString);\n            var date = new Date(dateString);\n            date.setDate(date.getDate() + 1);\n            jQuery('#fmb-fecha-de-salida').datepicker('setDate', date);\n            jQuery('#fmb-fecha-de-salida').datepicker('option', {\n                minDate: date\n            });\n        },\n        dateFormat: \"dd\/mm\/yy\",\n    \tfirstDay: 1, \/\/ Start with Monday\n        changeMonth: true,\n        changeYear: true,\n        minDate: new Date(),\n    });\n});\n\nvar dateObject = new Date();\ndateObject.setDate(dateObject.getDate());\njQuery('#fmb-fecha-de-llegada').val(\n    dateObject.getDate()\n    +'\/'+\n    ((dateObject.getMonth() * 1) + 1)\n    +'\/'+\n    dateObject.getFullYear()\n);\n\ndateObject.setDate(dateObject.getDate() + 1);\njQuery('#fmb-fecha-de-salida').val(\n    dateObject.getDate()\n    +'\/'+\n    ((dateObject.getMonth() * 1) + 1)\n    +'\/'+\n    dateObject.getFullYear()\n);\njQuery('#fmb-fecha-de-salida').datepicker('setDate', dateObject);\njQuery('#fmb-fecha-de-salida').datepicker('option', {\n    minDate: dateObject\n});\n\njQuery(function () {\n    jQuery( \"#fmb-fecha-de-salida\" ).datepicker({\n        dateFormat: \"dd\/mm\/yy\",\n    \tfirstDay: 1, \/\/ Start with Monday\n        changeMonth: true,\n        changeYear: true,\n        minDate: new Date(),\n    });\n});\n\njQuery.datepicker.regional['fr'] = {clearText: 'Effacer', clearStatus: '',\n    closeText: 'Fermer', closeStatus: 'Fermer sans modifier',\n    prevText: '<Pr\u00e9c', prevStatus: 'Voir le mois pr\u00e9c\u00e9dent',\n    nextText: 'Suiv>', nextStatus: 'Voir le mois suivant',\n    currentText: 'Courant', currentStatus: 'Voir le mois courant',\n    monthNames: ['Janvier','F\u00e9vrier','Mars','Avril','Mai','Juin',\n    'Juillet','Ao\u00fbt','Septembre','Octobre','Novembre','D\u00e9cembre'],\n    monthNamesShort: ['Jan','F\u00e9v','Mar','Avr','Mai','Jun',\n    'Jul','Ao\u00fb','Sep','Oct','Nov','D\u00e9c'],\n    monthStatus: 'Voir un autre mois', yearStatus: 'Voir un autre ann\u00e9e',\n    weekHeader: 'Sm', weekStatus: '',\n    dayNames: ['Dimanche','Lundi','Mardi','Mercredi','Jeudi','Vendredi','Samedi'],\n    dayNamesShort: ['Dim','Lun','Mar','Mer','Jeu','Ven','Sam'],\n    dayNamesMin: ['Di','Lu','Ma','Me','Je','Ve','Sa'],\n    dayStatus: 'Utiliser DD comme premier jour de la semaine', dateStatus: 'Choisir le DD, MM d',\n    dateFormat: 'dd\/mm\/yy', firstDay: 0, \n    initStatus: 'Choisir la date', isRTL: false};\njQuery.datepicker.setDefaults(jQuery.datepicker.regional['fr']);\n\n\n<\/script>\n\n<\/div>\n\n\n\n<div class=\"wp-block-cover alignfull banner has-animation\" style=\"margin-top:0;margin-bottom:0;min-height:100vh;aspect-ratio:unset;\"><img loading=\"lazy\" decoding=\"async\" width=\"1920\" height=\"1080\" class=\"wp-block-cover__image-background wp-image-1004\" alt=\"\" src=\"https:\/\/www.camping-saint-lary.com\/wp-content\/uploads\/banner-home-valdautun.jpg\" style=\"object-position:49% 82%\" data-object-fit=\"cover\" data-object-position=\"49% 82%\" srcset=\"https:\/\/www.camping-saint-lary.com\/wp-content\/uploads\/\/banner-home-valdautun.jpg 1920w, https:\/\/www.camping-saint-lary.com\/wp-content\/uploads\/\/banner-home-valdautun-1024x576.jpg 1024w, https:\/\/www.camping-saint-lary.com\/wp-content\/uploads\/\/banner-home-valdautun-768x432.jpg 768w, https:\/\/www.camping-saint-lary.com\/wp-content\/uploads\/\/banner-home-valdautun-1536x864.jpg 1536w, https:\/\/www.camping-saint-lary.com\/wp-content\/uploads\/\/banner-home-valdautun-512x288.jpg 512w, https:\/\/www.camping-saint-lary.com\/wp-content\/uploads\/\/banner-home-valdautun-256x144.jpg 256w\" sizes=\"auto, (max-width: 1920px) 100vw, 1920px\" \/><span aria-hidden=\"true\" class=\"wp-block-cover__background has-background-dim wp-block-cover__gradient-background has-background-gradient\" style=\"background:linear-gradient(180deg,rgb(0,0,0) 0%,rgba(0,0,0,0.01) 47%)\"><\/span><div class=\"wp-block-cover__inner-container is-layout-flow wp-block-cover-is-layout-flow\">\n<p class=\"has-text-align-center titre-vivant animation--top animation--init--once has-large-font-size\">El coraz\u00f3n de los Pirineos<\/p>\n\n\n\n<figure class=\"wp-block-image size-full cerf-absolute\"><img loading=\"lazy\" decoding=\"async\" width=\"867\" height=\"1140\" src=\"https:\/\/www.camping-saint-lary.com\/wp-content\/uploads\/cerf-1.png\" alt=\"\" class=\"wp-image-1244\" srcset=\"https:\/\/www.camping-saint-lary.com\/wp-content\/uploads\/\/cerf-1.png 867w, https:\/\/www.camping-saint-lary.com\/wp-content\/uploads\/\/cerf-1-779x1024.png 779w, https:\/\/www.camping-saint-lary.com\/wp-content\/uploads\/\/cerf-1-768x1010.png 768w, https:\/\/www.camping-saint-lary.com\/wp-content\/uploads\/\/cerf-1-389x512.png 389w, https:\/\/www.camping-saint-lary.com\/wp-content\/uploads\/\/cerf-1-195x256.png 195w\" sizes=\"auto, (max-width: 867px) 100vw, 867px\" \/><\/figure>\n<\/div><\/div>\n\n\n\n<div class=\"wp-block-group alignfull intro-home has-animation has-theme-grey-2-background-color has-background is-layout-constrained wp-container-core-group-is-layout-454a3d49 wp-block-group-is-layout-constrained\" style=\"margin-top:0;margin-bottom:0;padding-top:var(--wp--preset--spacing--80)\">\n<div class=\"wp-block-columns alignwide is-layout-flex wp-container-core-columns-is-layout-28f84493 wp-block-columns-is-layout-flex\">\n<div class=\"wp-block-column content-left is-layout-flow wp-block-column-is-layout-flow\">\n<p class=\"titre-lateral-pink\">Presentaci\u00f3n<\/p>\n\n\n\n<div class=\"wp-block-group animation--top animation--init--once is-layout-constrained wp-block-group-is-layout-constrained\">\n<h1 class=\"wp-block-heading has-theme-pink-2-color has-text-color\">Bienvenidos al camping Val d\u2019Autun en Saint-Lary Soulan en el coraz\u00f3n de los Pirineos <br><mark style=\"background-color:rgba(0, 0, 0, 0)\" class=\"has-inline-color has-theme-green-light-color\">Vive el momento y Respira&#8230;<\/mark><\/h1>\n\n\n\n<div class=\"wp-block-group is-layout-constrained wp-container-core-group-is-layout-6c25319d wp-block-group-is-layout-constrained\" style=\"padding-top:0;padding-right:0;padding-bottom:var(--wp--preset--spacing--20);padding-left:0\">\n<p>Idealmente situado a la entrada del pueblo de <strong>Saint-Lary-Soulan<\/strong>, su camping de <strong>3 estrellas<\/strong> est\u00e1 abierto durante todas las estaciones del a\u00f1o.<br>\u00danico por su ambiente acogedor y por su equipo atento y amable, que le acompa\u00f1ar\u00e1 y asesorar\u00e1 en cada elecci\u00f3n.<br>\u00danico por sus creaciones art\u00edsticas.<br>\u00danico por su ambiente familiar, donde padres e hijos pueden disfrutar con total tranquilidad y seguridad.<br>\u00danico por su limpieza impecable.<br>\u00danico por su respeto al medio ambiente (reciclaje selectivo, productos de limpieza y detergentes \u201ccaseros\u201d).<br>\u00danico tambi\u00e9n por su proximidad a los principales servicios y a numerosas actividades alrededor del pueblo de Saint-Lary-Soulan.<\/p>\n\n\n\n<p>Desde su llegada al <strong>Camping du Val d\u2019Autun<\/strong>, una gran sonrisa le espera en la recepci\u00f3n. Aqu\u00ed, la acogida es mucho m\u00e1s que una simple formalidad: es una promesa de bienestar, descubrimientos y buenos momentos. Las recepcionistas, siempre sonrientes y atentas, est\u00e1n ah\u00ed para guiarle, aconsejarle y asegurarse de que su estancia est\u00e9 a la altura de sus deseos.<\/p>\n\n\n\n<p><strong>Camping du Val d&#8217;Autun : donde comienzan sus mejores vacaciones<\/strong><br><mark style=\"background-color:rgba(0, 0, 0, 0)\" class=\"has-inline-color has-theme-pink-2-color\">Un acompa\u00f1amiento lleno de atenci\u00f3n<\/mark><\/p>\n\n\n\n<p>\u00bfNecesita informaci\u00f3n sobre las actividades del camping? Nuestras recepcionistas le compartir\u00e1n el programa del verano con entusiasmo y sus recomendaciones favoritas:<\/p>\n\n\n\n<ul class=\"wp-block-list\">\n<li><strong>Los cuentos de Marie<\/strong>, perfectos para terminar el d\u00eda de forma m\u00e1gica,<\/li>\n\n\n\n<li><strong>La meditaci\u00f3n con C\u00e9line<\/strong>, para un momento de serenidad,<\/li>\n\n\n\n<li><strong>El yoga con St\u00e9phanie<\/strong>, para una pausa de bienestar,<\/li>\n\n\n\n<li><strong>Los conciertos en el jard\u00edn del bar<\/strong>, \u00a1imperdibles!,<\/li>\n\n\n\n<li><strong>Los juegos del aperitivo<\/strong> en nuestro bar <em>\u201cLe Baroque\u201d<\/em>,<\/li>\n\n\n\n<li><strong>El bingo<\/strong>, para un momento convivial,<\/li>\n\n\n\n<li><strong>Pilates y estiramientos con Zelda<\/strong>, un verdadero momento para uno mismo, para desacelerar, respirar y reconectar con el cuerpo.<\/li>\n\n\n\n<li><strong>El torneo de petanca<\/strong> para compartir un momento de convivencia y desafiar a sus vecinos,<\/li>\n\n\n\n<li><strong>El ping-pong para adolescentes<\/strong> para intercambios din\u00e1micos y nuevos encuentros entre j\u00f3venes,<\/li>\n\n\n\n<li><strong>El espect\u00e1culo de Geppetina<\/strong> el 23 de julio, un par\u00e9ntesis encantado con sus marionetas m\u00e1gicas,<\/li>\n\n\n\n<li><strong>El taller de fabricaci\u00f3n de marionetas<\/strong> recicladas los d\u00edas 10 y 17 de agosto, para crear divirti\u00e9ndose y al mismo tiempo cuidar el planeta,<\/li>\n\n\n\n<li><strong>El taller creativo \u2013 fabricaci\u00f3n de chapas<\/strong>, para dejar volar su imaginaci\u00f3n en un ambiente suave e inspirador.<\/li>\n<\/ul>\n\n\n\n<p><em>\u00a1Recuerde inscribirse en la recepci\u00f3n, las plazas son limitadas para algunos talleres! \u2728<\/em><\/p>\n\n\n\n<p>Nuestras recepcionistas son las mejores embajadoras del camping: conocen cada bungalow y cada parcela, y podr\u00e1n informarle sobre su comodidad, equipamiento y los servicios disponibles (ropa de cama, limpieza, alquiler de frigor\u00edfico, etc.).<br>\u00bfNecesita una cuna para beb\u00e9? \u00bfInformaci\u00f3n sobre el Wi-Fi? \u00a1Ellas tienen todas las respuestas!<\/p>\n\n\n\n<p><strong><strong><mark style=\"background-color:rgba(0, 0, 0, 0)\" class=\"has-inline-color has-theme-pink-2-color\">Espacios de juego y descanso para toda la familia<\/mark><\/strong><\/strong><\/p>\n\n\n\n<p>Las familias que buscan diversi\u00f3n estar\u00e1n encantadas de saber que el camping cuenta con numerosos espacios de ocio y relajaci\u00f3n:<\/p>\n\n\n\n<p>El <strong>rinc\u00f3n de lectura<\/strong>, ideal para sumergirse en un buen libro con total tranquilidad.<br>El rinc\u00f3n de <strong>juegos de mesa<\/strong>, para compartir momentos en familia o con amigos,<br>El <strong>\u00e1rea de barbacoas<\/strong>, ideal para asados entre vecinos en un ambiente festivo,<br>El <strong>campo de petanca<\/strong>, para partidas animadas,<br>El <strong>futbol\u00edn y los dardos en el bar<\/strong>, perfectos para retar a los amigos,<br>Las <strong>zonas de juegos infantiles<\/strong>, donde los m\u00e1s peque\u00f1os pueden divertirse con total seguridad,<\/p>\n\n\n\n<p><\/p>\n<\/div>\n\n\n\n<div class=\"wp-block-buttons is-layout-flex wp-block-buttons-is-layout-flex\">\n<div class=\"wp-block-button green-button\"><a class=\"wp-block-button__link has-theme-green-light-background-color has-background wp-element-button\" href=\"https:\/\/www.camping-saint-lary.com\/es\/el-camping\/\" style=\"border-radius:50px\">DESCUBRE EL CAMPING<\/a><\/div>\n<\/div>\n<\/div>\n<\/div>\n\n\n\n<div class=\"wp-block-column intro-right is-layout-flow wp-block-column-is-layout-flow\" style=\"padding-top:var(--wp--preset--spacing--80)\">        <a href=\"https:\/\/www.camping-saint-lary.com\/piscine\/\"class=\"wp-block-custom-banner has-text-align-left\" target=\"_self\">\n        <div class=\"acf-innerblocks-container\">\n\n<figure class=\"wp-block-image size-full is-resized icon-absolute  animation--top animation--init--once\"><img loading=\"lazy\" decoding=\"async\" width=\"1063\" height=\"1063\" src=\"https:\/\/www.camping-saint-lary.com\/wp-content\/uploads\/piscinestudio31-1.png\" alt=\"\" class=\"wp-image-12340\" style=\"width:127px;height:auto\" srcset=\"https:\/\/www.camping-saint-lary.com\/wp-content\/uploads\/piscinestudio31-1.png 1063w, https:\/\/www.camping-saint-lary.com\/wp-content\/uploads\/piscinestudio31-1-1024x1024.png 1024w, https:\/\/www.camping-saint-lary.com\/wp-content\/uploads\/piscinestudio31-1-200x200.png 200w, https:\/\/www.camping-saint-lary.com\/wp-content\/uploads\/piscinestudio31-1-768x768.png 768w, https:\/\/www.camping-saint-lary.com\/wp-content\/uploads\/piscinestudio31-1-512x512.png 512w, https:\/\/www.camping-saint-lary.com\/wp-content\/uploads\/piscinestudio31-1-256x256.png 256w, https:\/\/www.camping-saint-lary.com\/wp-content\/uploads\/piscinestudio31-1-24x24.png 24w, https:\/\/www.camping-saint-lary.com\/wp-content\/uploads\/piscinestudio31-1-36x36.png 36w, https:\/\/www.camping-saint-lary.com\/wp-content\/uploads\/piscinestudio31-1-48x48.png 48w\" sizes=\"auto, (max-width: 1063px) 100vw, 1063px\" \/><\/figure>\n\n\n\n<div class=\"wp-block-group module-right-intro  animation--top animation--init--once is-layout-constrained wp-block-group-is-layout-constrained\">\n<div class=\"wp-block-group circle-image-after is-layout-constrained wp-block-group-is-layout-constrained\">\n<figure class=\"wp-block-image size-full circle-image\"><img loading=\"lazy\" decoding=\"async\" width=\"482\" height=\"482\" src=\"https:\/\/www.camping-saint-lary.com\/wp-content\/uploads\/piscine-2.png\" alt=\"\" class=\"wp-image-2254\" srcset=\"https:\/\/www.camping-saint-lary.com\/wp-content\/uploads\/\/piscine-2.png 482w, https:\/\/www.camping-saint-lary.com\/wp-content\/uploads\/\/piscine-2-200x200.png 200w, https:\/\/www.camping-saint-lary.com\/wp-content\/uploads\/\/piscine-2-256x256.png 256w, https:\/\/www.camping-saint-lary.com\/wp-content\/uploads\/\/piscine-2-24x24.png 24w, https:\/\/www.camping-saint-lary.com\/wp-content\/uploads\/\/piscine-2-36x36.png 36w, https:\/\/www.camping-saint-lary.com\/wp-content\/uploads\/\/piscine-2-48x48.png 48w\" sizes=\"auto, (max-width: 482px) 100vw, 482px\" \/><\/figure>\n\n\n\n<p class=\"has-text-align-center circle-text has-theme-white-color has-text-color\">La Piscina<\/p>\n<\/div>\n<\/div>\n\n<\/div>\n        <\/a>\n<\/div>\n<\/div>\n\n\n\n<figure class=\"wp-block-image alignright size-full absolute-intro-img\"><img loading=\"lazy\" decoding=\"async\" width=\"632\" height=\"683\" src=\"https:\/\/www.camping-saint-lary.com\/wp-content\/uploads\/camping-right.jpg\" alt=\"\" class=\"wp-image-1009\" srcset=\"https:\/\/www.camping-saint-lary.com\/wp-content\/uploads\/\/camping-right.jpg 632w, https:\/\/www.camping-saint-lary.com\/wp-content\/uploads\/\/camping-right-474x512.jpg 474w, https:\/\/www.camping-saint-lary.com\/wp-content\/uploads\/\/camping-right-237x256.jpg 237w\" sizes=\"auto, (max-width: 632px) 100vw, 632px\" \/><\/figure>\n<\/div>\n\n\n\n<div class=\"wp-block-group alignfull has-animation has-theme-grey-2-background-color has-background is-layout-flow wp-container-core-group-is-layout-f9cb6abc wp-block-group-is-layout-flow\" style=\"margin-top:0;margin-bottom:0\">\n<figure class=\"wp-block-image aligncenter size-full  animation--top animation--init--once\"><img loading=\"lazy\" decoding=\"async\" width=\"526\" height=\"242\" src=\"https:\/\/www.camping-saint-lary.com\/wp-content\/uploads\/filligrane.png\" alt=\"\" class=\"wp-image-1014\" srcset=\"https:\/\/www.camping-saint-lary.com\/wp-content\/uploads\/\/filligrane.png 526w, https:\/\/www.camping-saint-lary.com\/wp-content\/uploads\/\/filligrane-512x236.png 512w, https:\/\/www.camping-saint-lary.com\/wp-content\/uploads\/\/filligrane-256x118.png 256w\" sizes=\"auto, (max-width: 526px) 100vw, 526px\" \/><\/figure>\n\n\n\n<h2 class=\"wp-block-heading has-text-align-center animation--top animation--init--once has-theme-pink-2-color has-text-color\">Descubre los alojamientos del camping Val d\u2019Autun <br><sub><mark style=\"background-color:rgba(0, 0, 0, 0)\" class=\"has-inline-color has-theme-green-light-color\">cerca del \u00abPic du Midi\u00bb en los Altos Pirineos<\/mark><\/sub><\/h2>\n\n\n\n<div class=\"wp-block-columns hebergements-images is-layout-flex wp-container-core-columns-is-layout-b8e64976 wp-block-columns-is-layout-flex\" style=\"margin-top:var(--wp--preset--spacing--80)\">\n<div class=\"wp-block-column hebergement-images is-layout-flow wp-block-column-is-layout-flow\">        <a href=\"https:\/\/www.camping-saint-lary.com\/nos-hebergements\"class=\"wp-block-custom-banner has-text-align-left\" target=\"_self\">\n        <div class=\"acf-innerblocks-container\">\n\n<div class=\"wp-block-cover has-custom-content-position is-position-bottom-center border-green-image\" style=\"min-height:793px;aspect-ratio:unset;\"><img loading=\"lazy\" decoding=\"async\" width=\"1238\" height=\"1143\" class=\"wp-block-cover__image-background wp-image-8783\" alt=\"\" src=\"https:\/\/www.camping-saint-lary.com\/wp-content\/uploads\/nos-hebergements-camping-autun-1.jpg\" data-object-fit=\"cover\" srcset=\"https:\/\/www.camping-saint-lary.com\/wp-content\/uploads\/\/nos-hebergements-camping-autun-1.jpg 1238w, https:\/\/www.camping-saint-lary.com\/wp-content\/uploads\/\/nos-hebergements-camping-autun-1-1024x945.jpg 1024w, https:\/\/www.camping-saint-lary.com\/wp-content\/uploads\/\/nos-hebergements-camping-autun-1-768x709.jpg 768w, https:\/\/www.camping-saint-lary.com\/wp-content\/uploads\/\/nos-hebergements-camping-autun-1-512x473.jpg 512w, https:\/\/www.camping-saint-lary.com\/wp-content\/uploads\/\/nos-hebergements-camping-autun-1-256x236.jpg 256w, https:\/\/www.camping-saint-lary.com\/wp-content\/uploads\/\/nos-hebergements-camping-autun-1-24x22.jpg 24w, https:\/\/www.camping-saint-lary.com\/wp-content\/uploads\/\/nos-hebergements-camping-autun-1-36x33.jpg 36w, https:\/\/www.camping-saint-lary.com\/wp-content\/uploads\/\/nos-hebergements-camping-autun-1-48x44.jpg 48w\" sizes=\"auto, (max-width: 1238px) 100vw, 1238px\" \/><span aria-hidden=\"true\" class=\"wp-block-cover__background has-background-dim-0 has-background-dim\"><\/span><div class=\"wp-block-cover__inner-container is-layout-flow wp-block-cover-is-layout-flow\">\n<div class=\"wp-block-group content-hebergements is-layout-constrained wp-block-group-is-layout-constrained\">\n<figure class=\"wp-block-image aligncenter size-large is-resized image-back-green animation--top animation--init--once wp-duotone-fff-fff-2\"><img loading=\"lazy\" decoding=\"async\" width=\"512\" height=\"512\" src=\"https:\/\/www.camping-saint-lary.com\/wp-content\/uploads\/hebergements.svg\" alt=\"\" class=\"wp-image-1741\" style=\"width:100px\"\/><\/figure>\n\n\n\n<h2 class=\"wp-block-heading has-text-align-center image-text has-theme-white-color has-text-color\" style=\"padding-top:0;padding-bottom:var(--wp--preset--spacing--50);font-size:48px\"><strong>Alojamientos<\/strong><\/h2>\n\n\n\n<div class=\"wp-block-group content-hebergements-text-button is-layout-constrained wp-container-core-group-is-layout-53b3a91c wp-block-group-is-layout-constrained\" style=\"margin-top:0;margin-bottom:0;padding-right:var(--wp--preset--spacing--80);padding-left:var(--wp--preset--spacing--80)\">\n<p class=\"has-text-align-center has-theme-white-color has-text-color\">Vive el momento y Respira&#8230;<\/p>\n\n\n\n<p class=\"has-text-align-center has-theme-white-color has-text-color\">Aprovecha los momentos de paz y serenidad. Nuestros bungalows se encuentran en un para\u00edso verde en Saint-Lary Soulan en el Valle de Aure. Son muy c\u00f3modos y bien equipados. No querr\u00e1s volver a casa&#8230;<\/p>\n\n\n    <div class=\"wp-block-bplugins-custom-html\" id='bPluginsCustomHtml-3'>\n    <div class=\"button-green-pink-container animation--left animation--init margin-top\">\n    <span class=\"pink-button animation--left animation--init\">D\u00c9COUVRIR NOS H\u00c9BERGEMENTS<\/span>\n    <\/div>    <\/div>\n    <\/div>\n<\/div>\n<\/div><\/div>\n\n<\/div>\n        <\/a>\n<\/div>\n\n\n\n<div class=\"wp-block-column hebergement-images is-layout-flow wp-block-column-is-layout-flow\">        <a href=\"https:\/\/www.camping-saint-lary.com\/emplacements\"class=\"wp-block-custom-banner has-text-align-left\" target=\"_self\">\n        <div class=\"acf-innerblocks-container\">\n\n<div class=\"wp-block-cover is-light has-custom-content-position is-position-bottom-center border-pink-image-radius\" style=\"min-height:793px;aspect-ratio:unset;\"><img loading=\"lazy\" decoding=\"async\" width=\"1352\" height=\"1290\" class=\"wp-block-cover__image-background wp-image-8791\" alt=\"\" src=\"https:\/\/www.camping-saint-lary.com\/wp-content\/uploads\/nos-emplacemets-camping-saint-lary-soulan-pyrenees-65.jpg\" data-object-fit=\"cover\" srcset=\"https:\/\/www.camping-saint-lary.com\/wp-content\/uploads\/\/nos-emplacemets-camping-saint-lary-soulan-pyrenees-65.jpg 1352w, https:\/\/www.camping-saint-lary.com\/wp-content\/uploads\/\/nos-emplacemets-camping-saint-lary-soulan-pyrenees-65-1024x977.jpg 1024w, https:\/\/www.camping-saint-lary.com\/wp-content\/uploads\/\/nos-emplacemets-camping-saint-lary-soulan-pyrenees-65-768x733.jpg 768w, https:\/\/www.camping-saint-lary.com\/wp-content\/uploads\/\/nos-emplacemets-camping-saint-lary-soulan-pyrenees-65-512x489.jpg 512w, https:\/\/www.camping-saint-lary.com\/wp-content\/uploads\/\/nos-emplacemets-camping-saint-lary-soulan-pyrenees-65-256x244.jpg 256w, https:\/\/www.camping-saint-lary.com\/wp-content\/uploads\/\/nos-emplacemets-camping-saint-lary-soulan-pyrenees-65-24x24.jpg 24w, https:\/\/www.camping-saint-lary.com\/wp-content\/uploads\/\/nos-emplacemets-camping-saint-lary-soulan-pyrenees-65-36x34.jpg 36w, https:\/\/www.camping-saint-lary.com\/wp-content\/uploads\/\/nos-emplacemets-camping-saint-lary-soulan-pyrenees-65-48x46.jpg 48w\" sizes=\"auto, (max-width: 1352px) 100vw, 1352px\" \/><span aria-hidden=\"true\" class=\"wp-block-cover__background has-background-dim-0 has-background-dim\"><\/span><div class=\"wp-block-cover__inner-container is-layout-flow wp-block-cover-is-layout-flow\">\n<div class=\"wp-block-group content-hebergements is-layout-constrained wp-block-group-is-layout-constrained\">\n<figure class=\"wp-block-image aligncenter size-large is-resized image-back-pink animation--top animation--init--once wp-duotone-fff-fff-4\"><img loading=\"lazy\" decoding=\"async\" width=\"512\" height=\"512\" src=\"https:\/\/www.camping-saint-lary.com\/wp-content\/uploads\/emplacements.svg\" alt=\"\" class=\"wp-image-1295\" style=\"width:100px\"\/><\/figure>\n\n\n\n<h2 class=\"wp-block-heading has-text-align-center image-text has-theme-white-color has-text-color\" style=\"padding-top:0;padding-bottom:var(--wp--preset--spacing--50);font-size:48px\"><strong>Parcelas<\/strong><\/h2>\n\n\n\n<div class=\"wp-block-group content-hebergements-text-button is-layout-constrained wp-container-core-group-is-layout-53b3a91c wp-block-group-is-layout-constrained\" style=\"margin-top:0;margin-bottom:0;padding-right:var(--wp--preset--spacing--80);padding-left:var(--wp--preset--spacing--80)\">\n<p class=\"has-text-align-center has-theme-white-color has-text-color\">Vive el momento y Sonrie&#8230;<\/p>\n\n\n\n<p class=\"has-text-align-center has-theme-white-color has-text-color\">Encontraras aqui lo que estabas buscando. Un lugar enarbolado con calma donde la convivencia es natural y cercano de todas la comodidades&#8230;<\/p>\n\n\n    <div class=\"wp-block-bplugins-custom-html\" id='bPluginsCustomHtml-5'>\n    <div class=\"button-green-pink-container animation--right animation--init margin-top\">\n    <span class=\"green-button animation--left animation--init\">D\u00c9COUVRIR NOS EMPLACEMENTS<\/span>\n    <\/div>    <\/div>\n    <\/div>\n<\/div>\n<\/div><\/div>\n\n<\/div>\n        <\/a>\n<\/div>\n<\/div>\n<\/div>\n\n\n\n<div class=\"wp-block-group alignfull activites-home has-theme-brown-background-color has-background is-layout-flow wp-block-group-is-layout-flow\" style=\"margin-top:0;margin-bottom:0;padding-top:0;padding-right:0;padding-bottom:0;padding-left:0\">\n<div class=\"wp-block-cover aligncenter wp-duotone-3e3e3e-fff-9\" style=\"margin-top:0;margin-bottom:0;padding-top:var(--wp--preset--spacing--80);padding-bottom:var(--wp--preset--spacing--80)\"><img decoding=\"async\" class=\"wp-block-cover__image-background wp-image-1700\" alt=\"\" src=\"https:\/\/www.camping-saint-lary.com\/wp-content\/uploads\/formas-fondos-1.svg\" data-object-fit=\"cover\"\/><span aria-hidden=\"true\" class=\"wp-block-cover__background has-background-dim-0 has-background-dim\"><\/span><div class=\"wp-block-cover__inner-container is-layout-flow wp-block-cover-is-layout-flow\">\n<div class=\"wp-block-columns alignfull are-vertically-aligned-center has-animation activites-home-content is-layout-flex wp-container-core-columns-is-layout-bb55df49 wp-block-columns-is-layout-flex\" style=\"margin-top:0;margin-bottom:0;padding-top:var(--wp--preset--spacing--80);padding-bottom:var(--wp--preset--spacing--80)\">\n<div class=\"wp-block-column is-vertically-aligned-center activites-home-text is-layout-flow wp-block-column-is-layout-flow\" style=\"padding-left:var(--wp--preset--spacing--80);flex-basis:33.33%\">\n<h2 class=\"wp-block-heading  animation--top animation--init--once has-theme-pink-2-color has-text-color\">Descubre las actividades et la regi\u00f3n de los Pirineos<\/h2>\n\n\n\n<p class=\" animation--top animation--init--once has-theme-white-color has-text-color\">El valle de Aure y su camping del Val d\u2019Autun le proponen estancias \u00fanicas en el coraz\u00f3n de la Reserva del Neouvielle<\/p>\n<\/div>\n\n\n\n<div class=\"wp-block-column is-vertically-aligned-center is-layout-flow wp-block-column-is-layout-flow\" style=\"flex-basis:66.66%\">        <div class=\"wp-block-custom-grid activites-grid has-text-align-left block-grid-responsive\" style=\" --wp--style--block-desktop-column:3;--wp--style--block-tablet-column:2;--wp--style--block-mobile-column:1;\">\n\n                <div class=\"acf-innerblocks-container\">\n        <a href=\"https:\/\/www.camping-saint-lary.com\/les-activites-au-camping\"class=\"wp-block-custom-banner has-text-align-left\" target=\"_self\">\n        <div class=\"acf-innerblocks-container\">\n\n<div class=\"wp-block-cover has-custom-content-position is-position-bottom-center animation--top animation--init--once background-image-container activite-home\" style=\"min-height:500px;aspect-ratio:unset;\"><img loading=\"lazy\" decoding=\"async\" width=\"977\" height=\"1140\" class=\"wp-block-cover__image-background wp-image-8799\" alt=\"\" src=\"https:\/\/www.camping-saint-lary.com\/wp-content\/uploads\/yoga-activite-camping-autun.jpg\" data-object-fit=\"cover\" srcset=\"https:\/\/www.camping-saint-lary.com\/wp-content\/uploads\/\/yoga-activite-camping-autun.jpg 977w, https:\/\/www.camping-saint-lary.com\/wp-content\/uploads\/\/yoga-activite-camping-autun-878x1024.jpg 878w, https:\/\/www.camping-saint-lary.com\/wp-content\/uploads\/\/yoga-activite-camping-autun-768x896.jpg 768w, https:\/\/www.camping-saint-lary.com\/wp-content\/uploads\/\/yoga-activite-camping-autun-439x512.jpg 439w, https:\/\/www.camping-saint-lary.com\/wp-content\/uploads\/\/yoga-activite-camping-autun-219x256.jpg 219w, https:\/\/www.camping-saint-lary.com\/wp-content\/uploads\/\/yoga-activite-camping-autun-21x24.jpg 21w, https:\/\/www.camping-saint-lary.com\/wp-content\/uploads\/\/yoga-activite-camping-autun-31x36.jpg 31w, https:\/\/www.camping-saint-lary.com\/wp-content\/uploads\/\/yoga-activite-camping-autun-41x48.jpg 41w\" sizes=\"auto, (max-width: 977px) 100vw, 977px\" \/><span aria-hidden=\"true\" class=\"wp-block-cover__background has-background-dim-30 has-background-dim wp-block-cover__gradient-background has-background-gradient\" style=\"background:linear-gradient(0deg,rgb(0,0,0) 0%,rgba(0,0,0,0) 100%)\"><\/span><div class=\"wp-block-cover__inner-container is-layout-flow wp-block-cover-is-layout-flow\">\n<h3 class=\"wp-block-heading has-text-align-center background-text has-theme-white-color has-text-color\" style=\"font-size:32px\"><strong>Actividades del campin<\/strong>g<\/h3>\n\n\n\n<div class=\"wp-block-group content-text-button animation--top animation--init is-layout-constrained wp-block-group-is-layout-constrained\">\n<p class=\"has-text-align-center has-theme-white-color has-text-color\">Vive el momento y Participa&#8230;<\/p>\n\n\n\n<p class=\"has-text-align-center has-theme-white-color has-text-color\">Naturaleza, deportes y tiempos de relajaci\u00f3n en nuestro camping encantador en el coraz\u00f3n de los Pirineos. El equipo os propone momentos agradables en un ambiente familiar.<\/p>\n\n\n    <div class=\"wp-block-bplugins-custom-html\" id='bPluginsCustomHtml-6'>\n    <div class=\"button-green-pink-container animation--left animation--init margin-top\">\n    <span class=\"pink-button animation--top animation--init\">D\u00c9COUVRIR<\/span>\n<\/div>    <\/div>\n    <\/div>\n<\/div><\/div>\n\n<\/div>\n        <\/a>\n\n\n        <a href=\"https:\/\/www.camping-saint-lary.com\/les-activites-aux-alentours\"class=\"wp-block-custom-banner has-text-align-left\" target=\"_self\">\n        <div class=\"acf-innerblocks-container\">\n\n<div class=\"wp-block-cover is-light has-custom-content-position is-position-bottom-center animation--top animation--init--once background-image-container activite-home\" style=\"min-height:500px;aspect-ratio:unset;\"><img loading=\"lazy\" decoding=\"async\" width=\"384\" height=\"497\" class=\"wp-block-cover__image-background wp-image-1039\" alt=\"\" src=\"https:\/\/www.camping-saint-lary.com\/wp-content\/uploads\/alentours.jpg\" data-object-fit=\"cover\" srcset=\"https:\/\/www.camping-saint-lary.com\/wp-content\/uploads\/\/alentours.jpg 384w, https:\/\/www.camping-saint-lary.com\/wp-content\/uploads\/\/alentours-198x256.jpg 198w\" sizes=\"auto, (max-width: 384px) 100vw, 384px\" \/><span aria-hidden=\"true\" class=\"wp-block-cover__background has-background-dim-30 has-background-dim wp-block-cover__gradient-background has-background-gradient\" style=\"background:linear-gradient(0deg,rgb(0,0,0) 0%,rgba(0,0,0,0) 100%)\"><\/span><div class=\"wp-block-cover__inner-container is-layout-flow wp-block-cover-is-layout-flow\">\n<h3 class=\"wp-block-heading has-text-align-center background-text has-theme-white-color has-text-color\" style=\"font-size:33px\"><strong>Activit\u00e9s aux alentours<\/strong><\/h3>\n\n\n\n<div class=\"wp-block-group content-text-button animation--top animation--init is-layout-constrained wp-block-group-is-layout-constrained\">\n<p class=\"has-text-align-center has-theme-white-color has-text-color\">Vivez l&#8217;instant et Contemplez&#8230;<\/p>\n\n\n\n<p class=\"has-text-align-center has-theme-white-color has-text-color\">Saint-Lary-Soulan est situ\u00e9 au pied du parc national des Pyr\u00e9n\u00e9es,R\u00e9serve du n\u00e9ouvielle , proche du pic du midi et de nombreuses station de ski saint lary , piau engaly.<\/p>\n\n\n    <div class=\"wp-block-bplugins-custom-html\" id='bPluginsCustomHtml-7'>\n    <div class=\"button-green-pink-container animation--left animation--init margin-top\">\n    <span class=\"pink-button animation--top animation--init\">D\u00c9COUVRIR<\/span>\n<\/div>    <\/div>\n    <\/div>\n<\/div><\/div>\n\n<\/div>\n        <\/a>\n\n\n        <a href=\"https:\/\/www.camping-saint-lary.com\/la-region\"class=\"wp-block-custom-banner has-text-align-left\" target=\"_self\">\n        <div class=\"acf-innerblocks-container\">\n\n<div class=\"wp-block-cover has-custom-content-position is-position-bottom-center backround-text animation--top animation--init--once background-image-container activite-home\" style=\"min-height:500px;aspect-ratio:unset;\"><img loading=\"lazy\" decoding=\"async\" width=\"384\" height=\"497\" class=\"wp-block-cover__image-background wp-image-1040\" alt=\"\" src=\"https:\/\/www.camping-saint-lary.com\/wp-content\/uploads\/region.jpg\" data-object-fit=\"cover\" srcset=\"https:\/\/www.camping-saint-lary.com\/wp-content\/uploads\/\/region.jpg 384w, https:\/\/www.camping-saint-lary.com\/wp-content\/uploads\/\/region-198x256.jpg 198w\" sizes=\"auto, (max-width: 384px) 100vw, 384px\" \/><span aria-hidden=\"true\" class=\"wp-block-cover__background has-background-dim-30 has-background-dim wp-block-cover__gradient-background has-background-gradient\" style=\"background:linear-gradient(0deg,rgb(0,0,0) 0%,rgba(0,0,0,0) 100%)\"><\/span><div class=\"wp-block-cover__inner-container is-layout-flow wp-block-cover-is-layout-flow\">\n<h3 class=\"wp-block-heading has-text-align-center background-text\" style=\"font-size:33px\"><strong>La r\u00e9gion<\/strong><\/h3>\n\n\n\n<div class=\"wp-block-group content-text-button animation--top animation--init is-layout-constrained wp-block-group-is-layout-constrained\">\n<p class=\"has-text-align-center\">Vivez l\u2019Instant et D\u00e9couvrez\u2026<\/p>\n\n\n\n<p class=\"has-text-align-center\">Vous pourrez d\u00e9couvrir le centre de Saint-Lary-Soulan avec ses commerces, son centre thermal, sa station de ski, sa maison du patrimoine ou encore sa maison du Parc National.<\/p>\n\n\n    <div class=\"wp-block-bplugins-custom-html\" id='bPluginsCustomHtml-8'>\n    <div class=\"button-green-pink-container animation--left animation--init margin-top\">\n    <span class=\"pink-button animation--top animation--init\">D\u00c9COUVRIR<\/span>\n<\/div>    <\/div>\n    <\/div>\n<\/div><\/div>\n\n<\/div>\n        <\/a>\n\n<\/div>\n<\/div><\/div>\n<\/div>\n<\/div><\/div>\n<\/div>\n\n\n\n<div class=\"wp-block-group alignfull has-theme-grey-2-background-color has-background is-layout-flow wp-block-group-is-layout-flow\" style=\"margin-top:0;margin-bottom:0;padding-top:0;padding-right:0;padding-bottom:0;padding-left:0\">\n<div class=\"wp-block-cover aligncenter actualites-home has-animation wp-duotone-cdd5cc-fff-10\" style=\"margin-top:0;margin-bottom:0;padding-top:var(--wp--preset--spacing--80);padding-bottom:var(--wp--preset--spacing--80)\"><img decoding=\"async\" class=\"wp-block-cover__image-background wp-image-1698\" alt=\"\" src=\"https:\/\/www.camping-saint-lary.com\/wp-content\/uploads\/fondo-flores-1.svg\" data-object-fit=\"cover\"\/><span aria-hidden=\"true\" class=\"wp-block-cover__background has-background-dim-0 has-background-dim\"><\/span><div class=\"wp-block-cover__inner-container is-layout-flow wp-block-cover-is-layout-flow\">\n<h2 class=\"wp-block-heading has-text-align-center  animation--top animation--init--once has-theme-green-light-color has-text-color\"><mark style=\"background-color:rgba(0, 0, 0, 0)\" class=\"has-inline-color has-theme-pink-2-color\">Las novedades<\/mark><br><sub>Actualidades y Ofertas<\/sub><\/h2>\n\n\n\n<p class=\"has-text-align-center has-theme-grey-3-color has-text-color\" style=\"margin-bottom:var(--wp--preset--spacing--80)\">Descubre las actualidades et las ofertas del camping del Val d\u2019Autun en Saint-Lary Soulan, en los Altos Pirineos, Occitania.<\/p>\n\n\n\n\n    <div class=\"wp-block-actualites-block alignwide\">\n\n    <div class=\"_splide\">\n\n    <div class=\"actualites-grid-container padding-bottom-footer-actualites \">\n\n            <div class=\"_splide__track\">\n                <ul class=\"_splide__list\">\n                                                                    <li class=\"_splide__slide actualite-block\"> \n                            <a class=\"\" href=\"https:\/\/www.camping-saint-lary.com\/es\/nuestros-ofertas-especiales\/\">\n                                <img loading=\"lazy\" decoding=\"async\" width=\"1024\" height=\"576\" src=\"https:\/\/www.camping-saint-lary.com\/wp-content\/uploads\/offres-speciales-banner-1024x576.jpg\" class=\"attachment-gallery-medium size-gallery-medium wp-post-image\" alt=\"\" srcset=\"https:\/\/www.camping-saint-lary.com\/wp-content\/uploads\/\/offres-speciales-banner-1024x576.jpg 1024w, https:\/\/www.camping-saint-lary.com\/wp-content\/uploads\/\/offres-speciales-banner-768x432.jpg 768w, https:\/\/www.camping-saint-lary.com\/wp-content\/uploads\/\/offres-speciales-banner-1536x864.jpg 1536w, https:\/\/www.camping-saint-lary.com\/wp-content\/uploads\/\/offres-speciales-banner-512x288.jpg 512w, https:\/\/www.camping-saint-lary.com\/wp-content\/uploads\/\/offres-speciales-banner-256x144.jpg 256w, https:\/\/www.camping-saint-lary.com\/wp-content\/uploads\/\/offres-speciales-banner-24x14.jpg 24w, https:\/\/www.camping-saint-lary.com\/wp-content\/uploads\/\/offres-speciales-banner-36x20.jpg 36w, https:\/\/www.camping-saint-lary.com\/wp-content\/uploads\/\/offres-speciales-banner-48x27.jpg 48w, https:\/\/www.camping-saint-lary.com\/wp-content\/uploads\/\/offres-speciales-banner.jpg 1920w\" sizes=\"auto, (max-width: 1024px) 100vw, 1024px\" \/>    \n                                <section class=\"info-container\">\n                                    <div class=\"info-container-wrapper\">\n                                        <h3>NUESTRAS OFERTAS ESPECIALES<\/h3>\n                                        <p>\n                                            Bienvenido al mundo de la relajaci\u00f3n al aire libre. \u00a1Nos complace presentarle nuestras ofertas exclusivas para unas vacaciones inolvidables en el Camping du Val d&#8217;Autun!                                        <\/p>\n                                    <\/div>\n                                                        \n                                <span class=\"button-align-bottom green-button text-special button-green-outline animation--left animation--init\">Descubrir<\/span>\n                           \n                                <\/section>\n           \n                            <\/a>\n\n                        <\/li>\n                                                                    <li class=\"_splide__slide actualite-block\"> \n                            <a class=\"\" href=\"https:\/\/www.camping-saint-lary.com\/es\/la-fiesta-del-flocon-a-la-vague-2026\/\">\n                                <img loading=\"lazy\" decoding=\"async\" width=\"724\" height=\"1024\" src=\"https:\/\/www.camping-saint-lary.com\/wp-content\/uploads\/festival-flocon-vague-saint-lary-soulan-724x1024.jpg\" class=\"attachment-gallery-medium size-gallery-medium wp-post-image\" alt=\"\" srcset=\"https:\/\/www.camping-saint-lary.com\/wp-content\/uploads\/festival-flocon-vague-saint-lary-soulan-724x1024.jpg 724w, https:\/\/www.camping-saint-lary.com\/wp-content\/uploads\/festival-flocon-vague-saint-lary-soulan-1448x2048.jpg 1448w, https:\/\/www.camping-saint-lary.com\/wp-content\/uploads\/festival-flocon-vague-saint-lary-soulan-768x1086.jpg 768w, https:\/\/www.camping-saint-lary.com\/wp-content\/uploads\/festival-flocon-vague-saint-lary-soulan-1086x1536.jpg 1086w, https:\/\/www.camping-saint-lary.com\/wp-content\/uploads\/festival-flocon-vague-saint-lary-soulan-362x512.jpg 362w, https:\/\/www.camping-saint-lary.com\/wp-content\/uploads\/festival-flocon-vague-saint-lary-soulan-181x256.jpg 181w, https:\/\/www.camping-saint-lary.com\/wp-content\/uploads\/festival-flocon-vague-saint-lary-soulan-17x24.jpg 17w, https:\/\/www.camping-saint-lary.com\/wp-content\/uploads\/festival-flocon-vague-saint-lary-soulan-25x36.jpg 25w, https:\/\/www.camping-saint-lary.com\/wp-content\/uploads\/festival-flocon-vague-saint-lary-soulan-34x48.jpg 34w, https:\/\/www.camping-saint-lary.com\/wp-content\/uploads\/festival-flocon-vague-saint-lary-soulan.jpg 1653w\" sizes=\"auto, (max-width: 724px) 100vw, 724px\" \/>    \n                                <section class=\"info-container\">\n                                    <div class=\"info-container-wrapper\">\n                                        <h3>La fiesta del flocon \u00e0 la vague 2026<\/h3>\n                                        <p>\n                                            La edici\u00f3n delFlocon \u00e0 la vague es un evento anual que celebra la cultura, la gastronom\u00eda y las tradiciones de la regi\u00f3n costera.                                        <\/p>\n                                    <\/div>\n                                                        \n                                <span class=\"button-align-bottom green-button text-special button-green-outline animation--left animation--init\">Descubrir<\/span>\n                           \n                                <\/section>\n           \n                            <\/a>\n\n                        <\/li>\n                                                                    <li class=\"_splide__slide actualite-block\"> \n                            <a class=\"\" href=\"https:\/\/www.camping-saint-lary.com\/es\/copa-del-mundo-de-mtb-2026\/\">\n                                <img loading=\"lazy\" decoding=\"async\" width=\"231\" height=\"295\" src=\"https:\/\/www.camping-saint-lary.com\/wp-content\/uploads\/vtt.png\" class=\"attachment-gallery-medium size-gallery-medium wp-post-image\" alt=\"\" srcset=\"https:\/\/www.camping-saint-lary.com\/wp-content\/uploads\/vtt.png 231w, https:\/\/www.camping-saint-lary.com\/wp-content\/uploads\/vtt-200x256.png 200w, https:\/\/www.camping-saint-lary.com\/wp-content\/uploads\/vtt-19x24.png 19w, https:\/\/www.camping-saint-lary.com\/wp-content\/uploads\/vtt-28x36.png 28w, https:\/\/www.camping-saint-lary.com\/wp-content\/uploads\/vtt-38x48.png 38w\" sizes=\"auto, (max-width: 231px) 100vw, 231px\" \/>    \n                                <section class=\"info-container\">\n                                    <div class=\"info-container-wrapper\">\n                                        <h3>Copa del Mundo de Descenso (DHI) y enduro 2026<\/h3>\n                                        <p>\n                                            Descubre la Copa del Mundo de MTBen Loudenvielle.                                        <\/p>\n                                    <\/div>\n                                                        \n                                <span class=\"button-align-bottom green-button text-special button-green-outline animation--left animation--init\">Descubrir<\/span>\n                           \n                                <\/section>\n           \n                            <\/a>\n\n                        <\/li>\n                                        \n                <\/ul>\n                            <\/div>\n        <\/div>\n    <\/div>\n<\/div>\n\n\n\n\n\n<div class=\"wp-block-buttons is-content-justification-center is-layout-flex wp-container-core-buttons-is-layout-9587046d wp-block-buttons-is-layout-flex\" style=\"margin-top:0\">\n<div class=\"wp-block-button green-button\"><a class=\"wp-block-button__link has-theme-green-light-background-color has-background wp-element-button\" href=\"https:\/\/www.camping-saint-lary.com\/es\/noticias\/\" style=\"border-radius:50px\">VER TODAS LAS ACTUALIDADES<\/a><\/div>\n<\/div>\n<\/div><\/div>\n<\/div>\n","protected":false},"excerpt":{"rendered":"<p>Presentaci\u00f3n Bienvenidos al camping Val d\u2019Autun en Saint-Lary Soulan en el coraz\u00f3n de los Pirineos Vive el momento y Respira&#8230; Idealmente situado a la entrada&#8230;<\/p>\n","protected":false},"author":5,"featured_media":10564,"parent":0,"menu_order":0,"comment_status":"closed","ping_status":"closed","template":"","meta":{"_acf_changed":false,"inline_featured_image":false,"footnotes":""},"class_list":["post-10602","page","type-page","status-publish","has-post-thumbnail","hentry"],"acf":[],"yoast_head":"<!-- This site is optimized with the Yoast SEO plugin v27.4 - https:\/\/yoast.com\/product\/yoast-seo-wordpress\/ -->\n<title>Bienvenido al camping Val d&#039;Autun en los Pirineos.<\/title>\n<meta name=\"description\" content=\"Bienvenido al camping de 3 estrellas Val d\u2019Autun, en pleno coraz\u00f3n de los Pirineos, en Saint-Lary-Soulan, cerca del Pic du Midi.\" \/>\n<meta name=\"robots\" content=\"index, follow, max-snippet:-1, max-image-preview:large, max-video-preview:-1\" \/>\n<link rel=\"canonical\" href=\"https:\/\/www.camping-saint-lary.com\/es\/\" \/>\n<meta property=\"og:locale\" content=\"es_ES\" \/>\n<meta property=\"og:type\" content=\"article\" \/>\n<meta property=\"og:title\" content=\"Bienvenido al camping Val d&#039;Autun en los Pirineos.\" \/>\n<meta property=\"og:description\" content=\"Bienvenido al camping de 3 estrellas Val d\u2019Autun, en pleno coraz\u00f3n de los Pirineos, en Saint-Lary-Soulan, cerca del Pic du Midi.\" \/>\n<meta property=\"og:url\" content=\"https:\/\/www.camping-saint-lary.com\/es\/\" \/>\n<meta property=\"og:site_name\" content=\"Camping Val d&#039;Autun\" \/>\n<meta property=\"article:modified_time\" content=\"2026-03-15T09:12:01+00:00\" \/>\n<meta property=\"og:image\" content=\"https:\/\/www.camping-saint-lary.com\/wp-content\/uploads\/camping-autun-mentions-1.jpg\" \/>\n\t<meta property=\"og:image:width\" content=\"1919\" \/>\n\t<meta property=\"og:image:height\" content=\"992\" \/>\n\t<meta property=\"og:image:type\" content=\"image\/jpeg\" \/>\n<meta name=\"twitter:card\" content=\"summary_large_image\" \/>\n<meta name=\"twitter:label1\" content=\"Tiempo de lectura\" \/>\n\t<meta name=\"twitter:data1\" content=\"8 minutos\" \/>\n<script type=\"application\/ld+json\" class=\"yoast-schema-graph\">{\"@context\":\"https:\\\/\\\/schema.org\",\"@graph\":[{\"@type\":\"WebPage\",\"@id\":\"https:\\\/\\\/www.camping-saint-lary.com\\\/es\\\/\",\"url\":\"https:\\\/\\\/www.camping-saint-lary.com\\\/es\\\/\",\"name\":\"Bienvenido al camping Val d'Autun en los Pirineos.\",\"isPartOf\":{\"@id\":\"https:\\\/\\\/www.camping-saint-lary.com\\\/es\\\/#website\"},\"primaryImageOfPage\":{\"@id\":\"https:\\\/\\\/www.camping-saint-lary.com\\\/es\\\/#primaryimage\"},\"image\":{\"@id\":\"https:\\\/\\\/www.camping-saint-lary.com\\\/es\\\/#primaryimage\"},\"thumbnailUrl\":\"https:\\\/\\\/www.camping-saint-lary.com\\\/wp-content\\\/uploads\\\/camping-autun-mentions-1.jpg\",\"datePublished\":\"2023-07-05T12:31:01+00:00\",\"dateModified\":\"2026-03-15T09:12:01+00:00\",\"description\":\"Bienvenido al camping de 3 estrellas Val d\u2019Autun, en pleno coraz\u00f3n de los Pirineos, en Saint-Lary-Soulan, cerca del Pic du Midi.\",\"breadcrumb\":{\"@id\":\"https:\\\/\\\/www.camping-saint-lary.com\\\/es\\\/#breadcrumb\"},\"inLanguage\":\"es\",\"potentialAction\":[{\"@type\":\"ReadAction\",\"target\":[\"https:\\\/\\\/www.camping-saint-lary.com\\\/es\\\/\"]}]},{\"@type\":\"ImageObject\",\"inLanguage\":\"es\",\"@id\":\"https:\\\/\\\/www.camping-saint-lary.com\\\/es\\\/#primaryimage\",\"url\":\"https:\\\/\\\/www.camping-saint-lary.com\\\/wp-content\\\/uploads\\\/camping-autun-mentions-1.jpg\",\"contentUrl\":\"https:\\\/\\\/www.camping-saint-lary.com\\\/wp-content\\\/uploads\\\/camping-autun-mentions-1.jpg\",\"width\":1919,\"height\":992},{\"@type\":\"BreadcrumbList\",\"@id\":\"https:\\\/\\\/www.camping-saint-lary.com\\\/es\\\/#breadcrumb\",\"itemListElement\":[{\"@type\":\"ListItem\",\"position\":1,\"name\":\"Inicio\",\"item\":\"https:\\\/\\\/www.camping-saint-lary.com\\\/es\\\/\"},{\"@type\":\"ListItem\",\"position\":2,\"name\":\"Inicio\"}]},{\"@type\":\"WebSite\",\"@id\":\"https:\\\/\\\/www.camping-saint-lary.com\\\/es\\\/#website\",\"url\":\"https:\\\/\\\/www.camping-saint-lary.com\\\/es\\\/\",\"name\":\"Camping Val d'Autun\",\"description\":\"Camping Val d&#039;Autun 3 \u00e9toiles en Vall\u00e9e d&#039;Aure dans les Pyr\u00e9n\u00e9es\",\"publisher\":{\"@id\":\"https:\\\/\\\/www.camping-saint-lary.com\\\/es\\\/#organization\"},\"potentialAction\":[{\"@type\":\"SearchAction\",\"target\":{\"@type\":\"EntryPoint\",\"urlTemplate\":\"https:\\\/\\\/www.camping-saint-lary.com\\\/es\\\/?s={search_term_string}\"},\"query-input\":{\"@type\":\"PropertyValueSpecification\",\"valueRequired\":true,\"valueName\":\"search_term_string\"}}],\"inLanguage\":\"es\"},{\"@type\":\"Organization\",\"@id\":\"https:\\\/\\\/www.camping-saint-lary.com\\\/es\\\/#organization\",\"name\":\"Camping Val d'Autun\",\"url\":\"https:\\\/\\\/www.camping-saint-lary.com\\\/es\\\/\",\"logo\":{\"@type\":\"ImageObject\",\"inLanguage\":\"es\",\"@id\":\"https:\\\/\\\/www.camping-saint-lary.com\\\/es\\\/#\\\/schema\\\/logo\\\/image\\\/\",\"url\":\"https:\\\/\\\/www.camping-saint-lary.com\\\/wp-content\\\/uploads\\\/cropped-logo-valdautun-lr300.png\",\"contentUrl\":\"https:\\\/\\\/www.camping-saint-lary.com\\\/wp-content\\\/uploads\\\/cropped-logo-valdautun-lr300.png\",\"width\":300,\"height\":182,\"caption\":\"Camping Val d'Autun\"},\"image\":{\"@id\":\"https:\\\/\\\/www.camping-saint-lary.com\\\/es\\\/#\\\/schema\\\/logo\\\/image\\\/\"}}]}<\/script>\n<!-- \/ Yoast SEO plugin. -->","yoast_head_json":{"title":"Bienvenido al camping Val d'Autun en los Pirineos.","description":"Bienvenido al camping de 3 estrellas Val d\u2019Autun, en pleno coraz\u00f3n de los Pirineos, en Saint-Lary-Soulan, cerca del Pic du Midi.","robots":{"index":"index","follow":"follow","max-snippet":"max-snippet:-1","max-image-preview":"max-image-preview:large","max-video-preview":"max-video-preview:-1"},"canonical":"https:\/\/www.camping-saint-lary.com\/es\/","og_locale":"es_ES","og_type":"article","og_title":"Bienvenido al camping Val d'Autun en los Pirineos.","og_description":"Bienvenido al camping de 3 estrellas Val d\u2019Autun, en pleno coraz\u00f3n de los Pirineos, en Saint-Lary-Soulan, cerca del Pic du Midi.","og_url":"https:\/\/www.camping-saint-lary.com\/es\/","og_site_name":"Camping Val d&#039;Autun","article_modified_time":"2026-03-15T09:12:01+00:00","og_image":[{"width":1919,"height":992,"url":"https:\/\/www.camping-saint-lary.com\/wp-content\/uploads\/camping-autun-mentions-1.jpg","type":"image\/jpeg"}],"twitter_card":"summary_large_image","twitter_misc":{"Tiempo de lectura":"8 minutos"},"schema":{"@context":"https:\/\/schema.org","@graph":[{"@type":"WebPage","@id":"https:\/\/www.camping-saint-lary.com\/es\/","url":"https:\/\/www.camping-saint-lary.com\/es\/","name":"Bienvenido al camping Val d'Autun en los Pirineos.","isPartOf":{"@id":"https:\/\/www.camping-saint-lary.com\/es\/#website"},"primaryImageOfPage":{"@id":"https:\/\/www.camping-saint-lary.com\/es\/#primaryimage"},"image":{"@id":"https:\/\/www.camping-saint-lary.com\/es\/#primaryimage"},"thumbnailUrl":"https:\/\/www.camping-saint-lary.com\/wp-content\/uploads\/camping-autun-mentions-1.jpg","datePublished":"2023-07-05T12:31:01+00:00","dateModified":"2026-03-15T09:12:01+00:00","description":"Bienvenido al camping de 3 estrellas Val d\u2019Autun, en pleno coraz\u00f3n de los Pirineos, en Saint-Lary-Soulan, cerca del Pic du Midi.","breadcrumb":{"@id":"https:\/\/www.camping-saint-lary.com\/es\/#breadcrumb"},"inLanguage":"es","potentialAction":[{"@type":"ReadAction","target":["https:\/\/www.camping-saint-lary.com\/es\/"]}]},{"@type":"ImageObject","inLanguage":"es","@id":"https:\/\/www.camping-saint-lary.com\/es\/#primaryimage","url":"https:\/\/www.camping-saint-lary.com\/wp-content\/uploads\/camping-autun-mentions-1.jpg","contentUrl":"https:\/\/www.camping-saint-lary.com\/wp-content\/uploads\/camping-autun-mentions-1.jpg","width":1919,"height":992},{"@type":"BreadcrumbList","@id":"https:\/\/www.camping-saint-lary.com\/es\/#breadcrumb","itemListElement":[{"@type":"ListItem","position":1,"name":"Inicio","item":"https:\/\/www.camping-saint-lary.com\/es\/"},{"@type":"ListItem","position":2,"name":"Inicio"}]},{"@type":"WebSite","@id":"https:\/\/www.camping-saint-lary.com\/es\/#website","url":"https:\/\/www.camping-saint-lary.com\/es\/","name":"Camping Val d'Autun","description":"Camping Val d&#039;Autun 3 \u00e9toiles en Vall\u00e9e d&#039;Aure dans les Pyr\u00e9n\u00e9es","publisher":{"@id":"https:\/\/www.camping-saint-lary.com\/es\/#organization"},"potentialAction":[{"@type":"SearchAction","target":{"@type":"EntryPoint","urlTemplate":"https:\/\/www.camping-saint-lary.com\/es\/?s={search_term_string}"},"query-input":{"@type":"PropertyValueSpecification","valueRequired":true,"valueName":"search_term_string"}}],"inLanguage":"es"},{"@type":"Organization","@id":"https:\/\/www.camping-saint-lary.com\/es\/#organization","name":"Camping Val d'Autun","url":"https:\/\/www.camping-saint-lary.com\/es\/","logo":{"@type":"ImageObject","inLanguage":"es","@id":"https:\/\/www.camping-saint-lary.com\/es\/#\/schema\/logo\/image\/","url":"https:\/\/www.camping-saint-lary.com\/wp-content\/uploads\/cropped-logo-valdautun-lr300.png","contentUrl":"https:\/\/www.camping-saint-lary.com\/wp-content\/uploads\/cropped-logo-valdautun-lr300.png","width":300,"height":182,"caption":"Camping Val d'Autun"},"image":{"@id":"https:\/\/www.camping-saint-lary.com\/es\/#\/schema\/logo\/image\/"}}]}},"_links":{"self":[{"href":"https:\/\/www.camping-saint-lary.com\/es\/wp-json\/wp\/v2\/pages\/10602","targetHints":{"allow":["GET"]}}],"collection":[{"href":"https:\/\/www.camping-saint-lary.com\/es\/wp-json\/wp\/v2\/pages"}],"about":[{"href":"https:\/\/www.camping-saint-lary.com\/es\/wp-json\/wp\/v2\/types\/page"}],"author":[{"embeddable":true,"href":"https:\/\/www.camping-saint-lary.com\/es\/wp-json\/wp\/v2\/users\/5"}],"replies":[{"embeddable":true,"href":"https:\/\/www.camping-saint-lary.com\/es\/wp-json\/wp\/v2\/comments?post=10602"}],"version-history":[{"count":30,"href":"https:\/\/www.camping-saint-lary.com\/es\/wp-json\/wp\/v2\/pages\/10602\/revisions"}],"predecessor-version":[{"id":14792,"href":"https:\/\/www.camping-saint-lary.com\/es\/wp-json\/wp\/v2\/pages\/10602\/revisions\/14792"}],"wp:featuredmedia":[{"embeddable":true,"href":"https:\/\/www.camping-saint-lary.com\/es\/wp-json\/wp\/v2\/media\/10564"}],"wp:attachment":[{"href":"https:\/\/www.camping-saint-lary.com\/es\/wp-json\/wp\/v2\/media?parent=10602"}],"curies":[{"name":"wp","href":"https:\/\/api.w.org\/{rel}","templated":true}]}}