{"id":10662,"date":"2023-07-20T12:11:37","date_gmt":"2023-07-20T10:11:37","guid":{"rendered":"http:\/\/www.camping-saint-lary.com\/les-activites-aux-alentours-2\/en-ete"},"modified":"2026-03-12T17:10:17","modified_gmt":"2026-03-12T16:10:17","slug":"en-verano","status":"publish","type":"page","link":"https:\/\/www.camping-saint-lary.com\/es\/actividades-en-la-zona\/en-verano\/","title":{"rendered":"En verano"},"content":{"rendered":"\n<div class=\"wp-block-group alignfull non-relative is-layout-constrained wp-block-group-is-layout-constrained\" style=\"margin-top:0px;margin-bottom:0px\"><button class=\"fmb-expand-formulaire\" onclick=\"jQuery('#formulario-motor-busqueda').toggleClass('fmb-visible');\">Reservar<\/button>\n<div id=\"formulario-motor-busqueda\" class=\"formulario-motor-busqueda\">\n    <div class=\"fmb-container\">\n        <div class=\"fmb-bloque fmb-fecha-de-llegada\">\n            <div class=\"fmb-label\">Fecha de llegada<\/div>\n            <input type=\"text\" id=\"fmb-fecha-de-llegada\" \/>\n        <\/div><!-- .fmb-bloque -->\n        <div class=\"fmb-bloque fmb-fecha-de-salida\">\n            <div class=\"fmb-label\">Fecha de salida<\/div>\n            <input type=\"text\" id=\"fmb-fecha-de-salida\" \/>\n        <\/div><!-- .fmb-bloque -->\n        <div class=\"fmb-bloque fmb-tipo-de-alojamiento\">\n            <div class=\"fmb-label\">Alojamiento<\/div>\n            <select  id=\"fmb-tipo-de-alojamiento\">\n                <option value=\"1\">Parcela<\/option>\n                <option value=\"2\">Alojamiento<\/option>\n            <\/select>\n        <\/div><!-- .fmb-bloque -->\n        <div class=\"fmb-bloque fmb-numero-de-personas\">\n            <div class=\"fmb-label\">Capacidad<\/div>\n            <select  id=\"fmb-numero-de-personas\">\n                <option value=\"1\">1<\/option>\n                <option value=\"2\">2<\/option>\n                <option value=\"3\">3<\/option>\n                <option value=\"4\">4<\/option>\n                <option value=\"5\">5<\/option>\n                <option value=\"6\">6<\/option>\n                <option value=\"7\">7<\/option>\n                <option value=\"8\">8<\/option>\n                <option value=\"9\">+8<\/option>\n            <\/select>\n        <\/div><!-- .fmb-bloque -->\n        <div class=\"fmb-bloque fmb-submit-button\">\n            <input \n                name=\"submit-button\" \n                id=\"submit-button\" \n                class=\"fmb-button\" \n                type=\"button\" \n                onclick=\"window.open(\n                    'https:\/\/naxiresa.inaxel.com\/etape2-sejours.php?arrivalDate='+jQuery('#fmb-fecha-de-llegada').val()+'&departureDate='+jQuery('#fmb-fecha-de-salida').val()+'&pt='+jQuery('#fmb-tipo-de-alojamiento').val()+'&compte=valautun&lang=5&nb='+jQuery('#fmb-numero-de-personas').val()+'', \n                    '_blank'\n                );\" \n                value=\"Buscar\" \n            \/>\n        <\/div><!-- .fmb-bloque -->\n        <div class=\"fmb-bloque fmb-submit-button-2\">\n            <input \n                name=\"submit-button-2\" \n                id=\"submit-button-2\" \n                class=\"fmb-button\" \n                type=\"button\" \n                onclick=\"window.open('https:\/\/valautun.my-user-account.com', '_blank');\" \n                value=\"Mi reserva\" \n            \/>\n        <\/div><!-- .fmb-bloque -->\n    <\/div><!-- .fmb-container -->\n<\/div><!-- .formulario-motor-busqueda -->\n\n\n<script src=\"https:\/\/code.jquery.com\/ui\/1.13.2\/jquery-ui.js\"><\/script>\n\n<link  href=\"\/\/code.jquery.com\/ui\/1.11.4\/themes\/smoothness\/jquery-ui.css\" rel=\"stylesheet\" \/>\n<script>\nvar top_menu_header = jQuery('#formulario-motor-busqueda').offset().top - 100;\njQuery(window).on('scroll', function(){\n\n    jQuery(\".ui-datepicker-current-day\").trigger(\"click\");\n    jQuery('#fmb-fecha-de-salida').blur();\n    jQuery('#fmb-fecha-de-llegada').blur();\n\n\n    if(jQuery(window).scrollTop() > top_menu_header){\n        jQuery('#formulario-motor-busqueda').addClass('fmb-is-fixed-top');\n    } else {\n        jQuery('#formulario-motor-busqueda').removeClass('fmb-is-fixed-top');\n    }\n});\n\n\njQuery(function () {\n    jQuery('#fmb-fecha-de-llegada').datepicker({\n        onSelect: function(dateText, element) {\n            jQuery(this).attr('date', dateText);\n            \/* 01-09-2021 into 2021-09-01 *\/\n            var year = dateText.substring(6, 10);\n            var month = dateText.substring(3, 5);\n            var day = dateText.substring(0, 2);\n            var dateString = year + '-' + month + '-' + day;\n            var date1 = new Date(dateString);\n            var date = new Date(dateString);\n            date.setDate(date.getDate() + 1);\n            jQuery('#fmb-fecha-de-salida').datepicker('setDate', date);\n            jQuery('#fmb-fecha-de-salida').datepicker('option', {\n                minDate: date\n            });\n        },\n        dateFormat: \"dd\/mm\/yy\",\n    \tfirstDay: 1, \/\/ Start with Monday\n        changeMonth: true,\n        changeYear: true,\n        minDate: new Date(),\n    });\n});\n\nvar dateObject = new Date();\ndateObject.setDate(dateObject.getDate());\njQuery('#fmb-fecha-de-llegada').val(\n    dateObject.getDate()\n    +'\/'+\n    ((dateObject.getMonth() * 1) + 1)\n    +'\/'+\n    dateObject.getFullYear()\n);\n\ndateObject.setDate(dateObject.getDate() + 1);\njQuery('#fmb-fecha-de-salida').val(\n    dateObject.getDate()\n    +'\/'+\n    ((dateObject.getMonth() * 1) + 1)\n    +'\/'+\n    dateObject.getFullYear()\n);\njQuery('#fmb-fecha-de-salida').datepicker('setDate', dateObject);\njQuery('#fmb-fecha-de-salida').datepicker('option', {\n    minDate: dateObject\n});\n\njQuery(function () {\n    jQuery( \"#fmb-fecha-de-salida\" ).datepicker({\n        dateFormat: \"dd\/mm\/yy\",\n    \tfirstDay: 1, \/\/ Start with Monday\n        changeMonth: true,\n        changeYear: true,\n        minDate: new Date(),\n    });\n});\n\njQuery.datepicker.regional['fr'] = {clearText: 'Effacer', clearStatus: '',\n    closeText: 'Fermer', closeStatus: 'Fermer sans modifier',\n    prevText: '<Pr\u00e9c', prevStatus: 'Voir le mois pr\u00e9c\u00e9dent',\n    nextText: 'Suiv>', nextStatus: 'Voir le mois suivant',\n    currentText: 'Courant', currentStatus: 'Voir le mois courant',\n    monthNames: ['Janvier','F\u00e9vrier','Mars','Avril','Mai','Juin',\n    'Juillet','Ao\u00fbt','Septembre','Octobre','Novembre','D\u00e9cembre'],\n    monthNamesShort: ['Jan','F\u00e9v','Mar','Avr','Mai','Jun',\n    'Jul','Ao\u00fb','Sep','Oct','Nov','D\u00e9c'],\n    monthStatus: 'Voir un autre mois', yearStatus: 'Voir un autre ann\u00e9e',\n    weekHeader: 'Sm', weekStatus: '',\n    dayNames: ['Dimanche','Lundi','Mardi','Mercredi','Jeudi','Vendredi','Samedi'],\n    dayNamesShort: ['Dim','Lun','Mar','Mer','Jeu','Ven','Sam'],\n    dayNamesMin: ['Di','Lu','Ma','Me','Je','Ve','Sa'],\n    dayStatus: 'Utiliser DD comme premier jour de la semaine', dateStatus: 'Choisir le DD, MM d',\n    dateFormat: 'dd\/mm\/yy', firstDay: 0, \n    initStatus: 'Choisir la date', isRTL: false};\njQuery.datepicker.setDefaults(jQuery.datepicker.regional['fr']);\n\n\n<\/script>\n\n<\/div>\n\n\n\n<div class=\"wp-block-cover alignfull banner has-animation\" style=\"margin-top:0;margin-bottom:0;min-height:100vh;aspect-ratio:unset;\"><span aria-hidden=\"true\" class=\"wp-block-cover__background has-background-dim-40 has-background-dim wp-block-cover__gradient-background has-background-gradient\" style=\"background:linear-gradient(180deg,rgb(0,0,0) 0%,rgba(0,0,0,0) 47%)\"><\/span><img loading=\"lazy\" decoding=\"async\" width=\"1920\" height=\"1080\" class=\"wp-block-cover__image-background wp-image-3711\" alt=\"\" src=\"https:\/\/www.camping-saint-lary.com\/wp-content\/uploads\/2-14.jpg\" data-object-fit=\"cover\" srcset=\"https:\/\/www.camping-saint-lary.com\/wp-content\/uploads\/\/2-14.jpg 1920w, https:\/\/www.camping-saint-lary.com\/wp-content\/uploads\/\/2-14-1024x576.jpg 1024w, https:\/\/www.camping-saint-lary.com\/wp-content\/uploads\/\/2-14-768x432.jpg 768w, https:\/\/www.camping-saint-lary.com\/wp-content\/uploads\/\/2-14-1536x864.jpg 1536w, https:\/\/www.camping-saint-lary.com\/wp-content\/uploads\/\/2-14-512x288.jpg 512w, https:\/\/www.camping-saint-lary.com\/wp-content\/uploads\/\/2-14-256x144.jpg 256w, https:\/\/www.camping-saint-lary.com\/wp-content\/uploads\/\/2-14-24x14.jpg 24w, https:\/\/www.camping-saint-lary.com\/wp-content\/uploads\/\/2-14-36x20.jpg 36w, https:\/\/www.camping-saint-lary.com\/wp-content\/uploads\/\/2-14-48x27.jpg 48w\" sizes=\"auto, (max-width: 1920px) 100vw, 1920px\" \/><div class=\"wp-block-cover__inner-container is-layout-flow wp-block-cover-is-layout-flow\">\n<p class=\"has-text-align-center titre-vivant animation--bottom animation--init--once has-theme-white-color has-text-color has-large-font-size\">En verano<\/p>\n\n\n<div class=\"yoast-breadcrumbs breadcrumb animation--top animation--init--once\"><span><span><a href=\"https:\/\/www.camping-saint-lary.com\/es\/\">Inicio<\/a><\/span> \/ <span><a href=\"https:\/\/www.camping-saint-lary.com\/es\/actividades-en-la-zona\/\">Actividades en la zona<\/a><\/span> \/ <span class=\"breadcrumb_last\" aria-current=\"page\">En verano<\/span><\/span><\/div><\/div><\/div>\n\n\n\n<div class=\"wp-block-group alignfull has-animation intro-2 relative is-layout-constrained wp-block-group-is-layout-constrained\" style=\"padding-top:var(--wp--preset--spacing--80);padding-bottom:var(--wp--preset--spacing--60)\">\n<p class=\"titre-lateral-pink\">Descubrir<\/p>\n\n\n\n<div class=\"wp-block-group alignwide padd-titre-lateral is-layout-flow wp-block-group-is-layout-flow\">\n<h1 class=\"wp-block-heading has-text-align-center animation--top animation--init--once has-theme-pink-2-color has-text-color\" style=\"padding-top:0;padding-bottom:0\"><a href=\"Verano: explore las actividades cercanas\">En Verano <br>Explore las actividades cercanas<\/a><br><sub><mark style=\"background-color:rgba(0, 0, 0, 0)\" class=\"has-inline-color has-theme-green-light-color\">Vive el instante y descubra\u2026<\/mark><\/sub><\/h1>\n\n\n\n<p>En este valle aut\u00e9ntico, con un patrimonio cuidadosamente preservado, podr\u00e1 descubrir enormes espacios naturales al pie del <strong>Parque Nacional de los Pirineos<\/strong>.<\/p>\n\n\n\n<p>Podr\u00e1 encontrarse con las marmotas durante una <strong>excursi\u00f3n familiar<\/strong>, o decidir seguir en bicicleta los m\u00edticos <strong>puertos del Tour de Francia<\/strong>.<\/p>\n\n\n\n<p>El <strong>Valle de Aure<\/strong> est\u00e1 lleno de senderos de monta\u00f1a magn\u00edficos. No hace falta presentar el famoso <strong>GR10<\/strong>, por donde numerosos excursionistas recorren los Pirineos desde el oc\u00e9ano Atl\u00e1ntico hasta el mar Mediterr\u00e1neo.<\/p>\n\n\n\n<p>Algunos senderos le llevar\u00e1n hasta el maravilloso <strong>valle de Rioumajou<\/strong>, con sus cascadas y sus praderas exuberantes. Clasificado como <strong>Natura 2000<\/strong>, es un sitio excepcional para la observaci\u00f3n de aves y plantas end\u00e9micas. Una vez que lo haya explorado, querr\u00e1 continuar su camino hacia el <strong>valle de Moudang<\/strong>, o descubrir las murallas de <strong>Barroude<\/strong>, en el valle de Gela. Disfrute de paseos maravillosos por la <strong>reserva de N\u00e9ouvielle<\/strong>.<\/p>\n\n\n\n<p>Numerosos gu\u00edas le acompa\u00f1ar\u00e1n para contarle la historia de la monta\u00f1a: su fauna, su flora, su pasado y su alma, haciendo de cada excursi\u00f3n un momento <strong>raro y magn\u00edfico<\/strong>.<\/p>\n<\/div>\n<\/div>\n\n\n\n<div class=\"wp-block-group alignfull is-layout-flow wp-block-group-is-layout-flow\" style=\"margin-bottom:var(--wp--preset--spacing--80);padding-top:var(--wp--preset--spacing--60);padding-right:0;padding-bottom:var(--wp--preset--spacing--80);padding-left:0\">\n<div class=\"wp-block-group background-left-pink has-animation padding-container-mobile is-content-justification-center is-nowrap is-layout-flex wp-container-core-group-is-layout-32c2087b wp-block-group-is-layout-flex\" style=\"margin-top:var(--wp--preset--spacing--80);padding-top:var(--wp--preset--spacing--50);padding-bottom:var(--wp--preset--spacing--50)\">\n<div class=\"wp-image-slider border-pink-gallery-full  has-text-align-left aspect-ratio-1_1\">\n\n                                        \n                    <script>\n                        'use strict';\n\n                        document.addEventListener('DOMContentLoaded', function () {\n\n                            (function() {\n                                const blockSlide = new Splide( '#slide_876', {\n                                    type : 'loop',\n                                    perPage: 1,\n                                                                        \n                                    breakpoints: {\n                                        800: {\n                                            perPage: 1,\n                                                                                    },\n                                        450: {\n                                            perPage: 1,\n                                            \n                                        },\n                                    },\n                                    pagination: false,\n                                    arrows: true,\n                                    gap: 'var(--wp--style--block-gap)',\n                                    i18n: {\n                                        slideLabel: '0%s \/ 0%s',\n                                    }\n                                } );\n                                \n\n                                if (!document.querySelector('#slide_876').closest('.banner-slide')) {\n                                    const options = {\n                                        rootMargin: '0px',\n                                        threshold: 0.5\n                                    };\n\n                                    const observer = new IntersectionObserver(function (entries, observer) {\n                                        entries.forEach(entry => {\n                                            if (entry.isIntersecting) {\n                                                console.log('Slider is visible');\n                                                blockSlide.go('+' + entry.target.dataset.counter);\n                                                blockSlide.go('+${1}');\n                                                observer.unobserve(entry.target); \/\/ stop observing the target element\n                                            }\n                                        });\n                                    }, options);\n\n                                    observer.observe(document.querySelector('#slide_876'));\n                                }\n\n\n                                \n\/*                                 blockSlide.on( 'mounted', function () {\n                                    blockSlide.go('+${1}');\n                                } ); *\/\n\n                                blockSlide.mount();\n                                                                \n                                \n\n                            })();\n                        })\n                    <\/script>\n\n                    <div class=\"slider-container\"><div class=\"splide galeria-slider galeria-columnas-1\" id=\"slide_876\"><div class=\"splide__track\"><div class=\"splide__list\"><a href=\"https:\/\/www.camping-saint-lary.com\/wp-content\/uploads\/vtt-sarrat-evasion.jpeg\" id=\"thumb-10257\" class=\"splide__slide image-link\" data-gallery=\"slide_876\"  data-counter=\"01\/04\" alt=\" \" class=\"image-link\"><div class=\"image-wrapper\"><img loading=\"lazy\" decoding=\"async\" width=\"800\" height=\"599\" src=\"https:\/\/www.camping-saint-lary.com\/wp-content\/uploads\/vtt-sarrat-evasion.jpeg\" class=\"attachment-gallery-medium size-gallery-medium\" alt=\"\" srcset=\"https:\/\/www.camping-saint-lary.com\/wp-content\/uploads\/\/vtt-sarrat-evasion.jpeg 800w, https:\/\/www.camping-saint-lary.com\/wp-content\/uploads\/\/vtt-sarrat-evasion-768x575.jpeg 768w, https:\/\/www.camping-saint-lary.com\/wp-content\/uploads\/\/vtt-sarrat-evasion-512x383.jpeg 512w, https:\/\/www.camping-saint-lary.com\/wp-content\/uploads\/\/vtt-sarrat-evasion-256x192.jpeg 256w, https:\/\/www.camping-saint-lary.com\/wp-content\/uploads\/\/vtt-sarrat-evasion-24x18.jpeg 24w, https:\/\/www.camping-saint-lary.com\/wp-content\/uploads\/\/vtt-sarrat-evasion-36x27.jpeg 36w, https:\/\/www.camping-saint-lary.com\/wp-content\/uploads\/\/vtt-sarrat-evasion-48x36.jpeg 48w\" sizes=\"auto, (max-width: 800px) 100vw, 800px\" \/><\/div><\/a><a href=\"https:\/\/www.camping-saint-lary.com\/wp-content\/uploads\/2-14.jpg\" id=\"thumb-9791\" class=\"splide__slide image-link\" data-gallery=\"slide_876\"  data-counter=\"02\/04\" alt=\" \" class=\"image-link\"><div class=\"image-wrapper\"><img loading=\"lazy\" decoding=\"async\" width=\"1024\" height=\"576\" src=\"https:\/\/www.camping-saint-lary.com\/wp-content\/uploads\/2-14-1024x576.jpg\" class=\"attachment-gallery-medium size-gallery-medium\" alt=\"\" srcset=\"https:\/\/www.camping-saint-lary.com\/wp-content\/uploads\/\/2-14-1024x576.jpg 1024w, https:\/\/www.camping-saint-lary.com\/wp-content\/uploads\/\/2-14-768x432.jpg 768w, https:\/\/www.camping-saint-lary.com\/wp-content\/uploads\/\/2-14-1536x864.jpg 1536w, https:\/\/www.camping-saint-lary.com\/wp-content\/uploads\/\/2-14-512x288.jpg 512w, https:\/\/www.camping-saint-lary.com\/wp-content\/uploads\/\/2-14-256x144.jpg 256w, https:\/\/www.camping-saint-lary.com\/wp-content\/uploads\/\/2-14-24x14.jpg 24w, https:\/\/www.camping-saint-lary.com\/wp-content\/uploads\/\/2-14-36x20.jpg 36w, https:\/\/www.camping-saint-lary.com\/wp-content\/uploads\/\/2-14-48x27.jpg 48w, https:\/\/www.camping-saint-lary.com\/wp-content\/uploads\/\/2-14.jpg 1920w\" sizes=\"auto, (max-width: 1024px) 100vw, 1024px\" \/><\/div><\/a><a href=\"https:\/\/www.camping-saint-lary.com\/wp-content\/uploads\/1-18.jpg\" id=\"thumb-9789\" class=\"splide__slide image-link\" data-gallery=\"slide_876\"  data-counter=\"03\/04\" alt=\" \" class=\"image-link\"><div class=\"image-wrapper\"><img loading=\"lazy\" decoding=\"async\" width=\"631\" height=\"576\" src=\"https:\/\/www.camping-saint-lary.com\/wp-content\/uploads\/1-18.jpg\" class=\"attachment-gallery-medium size-gallery-medium\" alt=\"\" srcset=\"https:\/\/www.camping-saint-lary.com\/wp-content\/uploads\/\/1-18.jpg 631w, https:\/\/www.camping-saint-lary.com\/wp-content\/uploads\/\/1-18-512x467.jpg 512w, https:\/\/www.camping-saint-lary.com\/wp-content\/uploads\/\/1-18-256x234.jpg 256w, https:\/\/www.camping-saint-lary.com\/wp-content\/uploads\/\/1-18-24x22.jpg 24w, https:\/\/www.camping-saint-lary.com\/wp-content\/uploads\/\/1-18-36x33.jpg 36w, https:\/\/www.camping-saint-lary.com\/wp-content\/uploads\/\/1-18-48x44.jpg 48w\" sizes=\"auto, (max-width: 631px) 100vw, 631px\" \/><\/div><\/a><a href=\"https:\/\/www.camping-saint-lary.com\/wp-content\/uploads\/alentours.jpg\" id=\"thumb-9481\" class=\"splide__slide image-link\" data-gallery=\"slide_876\"  data-counter=\"04\/04\" alt=\" \" class=\"image-link\"><div class=\"image-wrapper\"><img loading=\"lazy\" decoding=\"async\" width=\"384\" height=\"497\" src=\"https:\/\/www.camping-saint-lary.com\/wp-content\/uploads\/alentours.jpg\" class=\"attachment-gallery-medium size-gallery-medium\" alt=\"\" srcset=\"https:\/\/www.camping-saint-lary.com\/wp-content\/uploads\/\/alentours.jpg 384w, https:\/\/www.camping-saint-lary.com\/wp-content\/uploads\/\/alentours-198x256.jpg 198w\" sizes=\"auto, (max-width: 384px) 100vw, 384px\" \/><\/div><\/a><\/div><\/div><\/div><\/div>\n                    \n<\/div>\n\n\n<div class=\"wp-block-group animation--top animation--init--once is-nowrap is-layout-flex wp-container-core-group-is-layout-6c531013 wp-block-group-is-layout-flex\">\n<div class=\"wp-block-group is-layout-constrained wp-block-group-is-layout-constrained\">\n<div class=\"wp-block-group is-nowrap is-layout-flex wp-container-core-group-is-layout-6c531013 wp-block-group-is-layout-flex\">\n<h3 class=\"wp-block-heading has-theme-pink-2-color has-text-color\" style=\"font-size:40px\">\u00bfGanas de escapar? \u00a1No lo dude!<\/h3>\n<\/div>\n\n\n\n<p><strong>\u00a1Nuestro socio preferido est\u00e1 a su disposici\u00f3n para ofrecerle las mejores actividades a los mejores precios!<\/strong><\/p>\n\n\n\n<p>\u00bfSe aloja con nosotros para disfrutar del aire puro de los Pirineos? Tenemos una excelente noticia para usted. Para hacer de sus vacaciones una experiencia inolvidable sin aumentar su presupuesto, hemos establecido una colaboraci\u00f3n privilegiada con <strong>Sarrat \u00c9vasion<\/strong>, el experto imprescindible en actividades de monta\u00f1a en <strong>Saint-Lary-Soulan<\/strong>.<\/p>\n\n\n\n<h4 class=\"wp-block-heading\">Un concentrado de sensaciones a dos pasos de su parcela<\/h4>\n\n\n\n<p>Situado a solo <strong>300 metros del camping<\/strong>, en <strong>1 route d\u2019Autun<\/strong>, Sarrat \u00c9vasion es el aliado ideal para sus salidas en familia o con amigos. No es necesario coger el coche: en pocos minutos a pie, acceder\u00e1 a un universo de ocio a medida.<\/p>\n\n\n\n<h4 class=\"wp-block-heading\">Invierno y verano: equipamiento y experiencia<\/h4>\n\n\n\n<p>Tanto si viene a disfrutar de la nieve polvo en invierno como de los senderos verdes en verano, nuestro socio responde a todos sus deseos:<\/p>\n\n\n\n<p><strong>Deportes de invierno:<\/strong><br>Disfrute de una amplia gama de alquiler de esqu\u00eds y snowboards, cuidadosamente mantenidos para un deslizamiento perfecto en las pistas de Saint-Lary.<\/p>\n\n\n\n<p><strong>Movilidad sostenible:<\/strong><br>S\u00fabase a una bicicleta de monta\u00f1a o pruebe los patinetes todoterreno para descender las pendientes con la m\u00e1xima diversi\u00f3n.<\/p>\n\n\n\n<p><strong>Actividades en plena naturaleza:<\/strong><br>\u00bfLe apetece ganar altura o refrescarse? Sarrat \u00c9vasion organiza salidas de parapente, barranquismo, v\u00eda ferrata y deportes de aguas bravas.<\/p>\n\n\n\n<p><strong>Relax y precisi\u00f3n:<\/strong><br>Para una tarde m\u00e1s tranquila pero igual de agradable, d\u00e9jese tentar por una sesi\u00f3n de tiro con arco o una excursi\u00f3n guiada a pie para descubrir los secretos del valle.<\/p>\n\n\n\n<h4 class=\"wp-block-heading\">\u00bfPor qu\u00e9 elegir a nuestro socio?<\/h4>\n\n\n\n<p>Al reservar con <strong>Sarrat \u00c9vasion<\/strong> a trav\u00e9s de nuestra recomendaci\u00f3n, se beneficiar\u00e1 de <strong>tarifas preferenciales<\/strong>, negociadas especialmente para nuestros campistas. Es la garant\u00eda de material de calidad y de un acompa\u00f1amiento profesional por apasionados de la regi\u00f3n.<\/p>\n\n\n\n<h4 class=\"wp-block-heading\">Informaci\u00f3n pr\u00e1ctica<\/h4>\n\n\n\n<p>\ud83d\udccd <strong>1, route d\u2019Autun, 65170 Saint-Lary-Soulan<\/strong><br>\ud83d\udcde <strong>05 62 40 03 00<\/strong> para reservar su material o actividad.<\/p>\n\n\n\n<p>\u00a1No espere m\u00e1s para planificar sus aventuras en los Pirineos<\/p>\n<\/div>\n<\/div>\n<\/div>\n\n\n\n<div class=\"wp-block-group background-right-green has-animation reverse-mobile padding-container-mobile is-content-justification-center is-nowrap is-layout-flex wp-container-core-group-is-layout-7a84741e wp-block-group-is-layout-flex\" style=\"margin-top:var(--wp--preset--spacing--80);padding-top:var(--wp--preset--spacing--50);padding-bottom:var(--wp--preset--spacing--50)\">\n<div class=\"wp-block-group animation--top animation--init--once is-nowrap is-layout-flex wp-container-core-group-is-layout-6c531013 wp-block-group-is-layout-flex\">\n<div class=\"wp-block-group is-layout-constrained wp-block-group-is-layout-constrained\">\n<div class=\"wp-block-group is-nowrap is-layout-flex wp-container-core-group-is-layout-6c531013 wp-block-group-is-layout-flex\">\n<h3 class=\"wp-block-heading has-theme-green-light-color has-text-color\" style=\"font-size:40px\">Vivir una experiencia excepcional<\/h3>\n<\/div>\n\n\n\n<p>\u2600\ufe0f <strong>Un Verano Sensacional en el Coraz\u00f3n de los Pirineos: Deporte, Naturaleza y Relax<\/strong><\/p>\n\n\n\n<p>El verano en el <strong>Camping del Val d\u2019Autun<\/strong> es sin\u00f3nimo de libertad y aventuras en plena naturaleza. Bajo el generoso sol del <strong>Valle de Aure<\/strong>, cada d\u00eda es una nueva oportunidad para maravillarse, ya sea en busca de adrenalina, de descubrimientos naturalistas o de descanso absoluto.<\/p>\n\n\n\n<h4 class=\"wp-block-heading\">El Encuentro de los Deportistas y la Emoci\u00f3n del Tour de Francia<\/h4>\n\n\n\n<p>Para los apasionados del ciclismo, el mes de julio es sagrado. El <strong>Tour de Francia<\/strong> elige regularmente nuestros puertos m\u00edticos para sus etapas legendarias. \u00a1Imagine la efervescencia: los corredores pasan a menudo justo frente al camping o muy cerca!<\/p>\n\n\n\n<p>Si prefiere la acci\u00f3n a la contemplaci\u00f3n, aproveche el <strong>Bike Park de Saint-Lary Soulan<\/strong> para iniciarse o perfeccionarse en el descenso en bicicleta de monta\u00f1a. Para quienes sue\u00f1an con tomar altura, el <strong>parapente<\/strong> ofrece un sobrevuelo inolvidable del valle. Finalmente, el deshielo da paso a los placeres del agua: l\u00e1ncese en un descenso de <strong>rafting<\/strong> por la Neste o explore los tesoros escondidos de la monta\u00f1a practicando <strong>barranquismo<\/strong>.<\/p>\n\n\n\n<h4 class=\"wp-block-heading\">Naturaleza Preservada: De Lagos de Altura a Fauna Salvaje<\/h4>\n\n\n\n<p>La temporada estival es ideal para el <strong>senderismo<\/strong>. Los caminos le llevan hasta los espejos de agua de la <strong>Reserva de N\u00e9ouvielle<\/strong>: los lagos de <strong>Aubert, Aumar, Oule, Or\u00e9don<\/strong> o el majestuoso <strong>Cap de Long<\/strong>. Los pescadores encontrar\u00e1n su para\u00edso, con la pesca de trucha en alta monta\u00f1a como objetivo principal.<\/p>\n\n\n\n<p>En el camino, d\u00e9jese seducir por la fauna y flora de nuestros macizos. El silbido agudo de una marmota o el vuelo majestuoso de un \u00e1guila real sobre los pastos acompa\u00f1ar\u00e1n sus paseos, bajo la mirada tranquila de los reba\u00f1os de vacas y ovejas en los pastos de altura.<\/p>\n\n\n\n<h4 class=\"wp-block-heading\">Relajaci\u00f3n y Compartir: El Esp\u00edritu del Camping<\/h4>\n\n\n\n<p>Despu\u00e9s de disfrutar del parque de aventura en los \u00e1rboles, de una ruta a caballo o de una salida en bicicleta con nuestros socios, t\u00f3mese un merecido descanso. Si le apetece no hacer nada, sucumba al placer sencillo de una <strong>partida de petanca entre amigos<\/strong> o de un momento de relax junto a la <strong>piscina del camping<\/strong>.<\/p>\n<\/div>\n<\/div>\n\n\n\n<div class=\"wp-image-slider border-green-gallery-full  has-text-align-left aspect-ratio-1_1\">\n\n                                        \n                    <script>\n                        'use strict';\n\n                        document.addEventListener('DOMContentLoaded', function () {\n\n                            (function() {\n                                const blockSlide = new Splide( '#slide_798', {\n                                    type : 'loop',\n                                    perPage: 1,\n                                                                        \n                                    breakpoints: {\n                                        800: {\n                                            perPage: 1,\n                                                                                    },\n                                        450: {\n                                            perPage: 1,\n                                            \n                                        },\n                                    },\n                                    pagination: false,\n                                    arrows: true,\n                                    gap: 'var(--wp--style--block-gap)',\n                                    i18n: {\n                                        slideLabel: '0%s \/ 0%s',\n                                    }\n                                } );\n                                \n\n                                if (!document.querySelector('#slide_798').closest('.banner-slide')) {\n                                    const options = {\n                                        rootMargin: '0px',\n                                        threshold: 0.5\n                                    };\n\n                                    const observer = new IntersectionObserver(function (entries, observer) {\n                                        entries.forEach(entry => {\n                                            if (entry.isIntersecting) {\n                                                console.log('Slider is visible');\n                                                blockSlide.go('+' + entry.target.dataset.counter);\n                                                blockSlide.go('+${1}');\n                                                observer.unobserve(entry.target); \/\/ stop observing the target element\n                                            }\n                                        });\n                                    }, options);\n\n                                    observer.observe(document.querySelector('#slide_798'));\n                                }\n\n\n                                \n\/*                                 blockSlide.on( 'mounted', function () {\n                                    blockSlide.go('+${1}');\n                                } ); *\/\n\n                                blockSlide.mount();\n                                                                \n                                \n\n                            })();\n                        })\n                    <\/script>\n\n                    <div class=\"slider-container\"><div class=\"splide galeria-slider galeria-columnas-1\" id=\"slide_798\"><div class=\"splide__track\"><div class=\"splide__list\"><a href=\"https:\/\/www.camping-saint-lary.com\/wp-content\/uploads\/canyoning-saint-lary.jpeg\" id=\"thumb-10261\" class=\"splide__slide image-link\" data-gallery=\"slide_798\"  data-counter=\"01\/06\" alt=\" \" class=\"image-link\"><div class=\"image-wrapper\"><img loading=\"lazy\" decoding=\"async\" width=\"819\" height=\"1024\" src=\"https:\/\/www.camping-saint-lary.com\/wp-content\/uploads\/canyoning-saint-lary-819x1024.jpeg\" class=\"attachment-gallery-medium size-gallery-medium\" alt=\"\" srcset=\"https:\/\/www.camping-saint-lary.com\/wp-content\/uploads\/\/canyoning-saint-lary-819x1024.jpeg 819w, https:\/\/www.camping-saint-lary.com\/wp-content\/uploads\/\/canyoning-saint-lary-768x960.jpeg 768w, https:\/\/www.camping-saint-lary.com\/wp-content\/uploads\/\/canyoning-saint-lary-1229x1536.jpeg 1229w, https:\/\/www.camping-saint-lary.com\/wp-content\/uploads\/\/canyoning-saint-lary-410x512.jpeg 410w, https:\/\/www.camping-saint-lary.com\/wp-content\/uploads\/\/canyoning-saint-lary-205x256.jpeg 205w, https:\/\/www.camping-saint-lary.com\/wp-content\/uploads\/\/canyoning-saint-lary-19x24.jpeg 19w, https:\/\/www.camping-saint-lary.com\/wp-content\/uploads\/\/canyoning-saint-lary-29x36.jpeg 29w, https:\/\/www.camping-saint-lary.com\/wp-content\/uploads\/\/canyoning-saint-lary-38x48.jpeg 38w, https:\/\/www.camping-saint-lary.com\/wp-content\/uploads\/\/canyoning-saint-lary.jpeg 1440w\" sizes=\"auto, (max-width: 819px) 100vw, 819px\" \/><\/div><\/a><a href=\"https:\/\/www.camping-saint-lary.com\/wp-content\/uploads\/panaurama-montagne.jpg\" id=\"thumb-10262\" class=\"splide__slide image-link\" data-gallery=\"slide_798\"  data-counter=\"02\/06\" alt=\" \" class=\"image-link\"><div class=\"image-wrapper\"><img loading=\"lazy\" decoding=\"async\" width=\"1024\" height=\"825\" src=\"https:\/\/www.camping-saint-lary.com\/wp-content\/uploads\/panaurama-montagne-1024x825.jpg\" class=\"attachment-gallery-medium size-gallery-medium\" alt=\"\" srcset=\"https:\/\/www.camping-saint-lary.com\/wp-content\/uploads\/\/panaurama-montagne-1024x825.jpg 1024w, https:\/\/www.camping-saint-lary.com\/wp-content\/uploads\/\/panaurama-montagne-768x618.jpg 768w, https:\/\/www.camping-saint-lary.com\/wp-content\/uploads\/\/panaurama-montagne-1536x1237.jpg 1536w, https:\/\/www.camping-saint-lary.com\/wp-content\/uploads\/\/panaurama-montagne-512x412.jpg 512w, https:\/\/www.camping-saint-lary.com\/wp-content\/uploads\/\/panaurama-montagne-256x206.jpg 256w, https:\/\/www.camping-saint-lary.com\/wp-content\/uploads\/\/panaurama-montagne-24x19.jpg 24w, https:\/\/www.camping-saint-lary.com\/wp-content\/uploads\/\/panaurama-montagne-36x29.jpg 36w, https:\/\/www.camping-saint-lary.com\/wp-content\/uploads\/\/panaurama-montagne-48x39.jpg 48w, https:\/\/www.camping-saint-lary.com\/wp-content\/uploads\/\/panaurama-montagne.jpg 2048w\" sizes=\"auto, (max-width: 1024px) 100vw, 1024px\" \/><\/div><\/a><a href=\"https:\/\/www.camping-saint-lary.com\/wp-content\/uploads\/panaurama-parapente.jpg\" id=\"thumb-10263\" class=\"splide__slide image-link\" data-gallery=\"slide_798\"  data-counter=\"03\/06\" alt=\" \" class=\"image-link\"><div class=\"image-wrapper\"><img loading=\"lazy\" decoding=\"async\" width=\"683\" height=\"1024\" src=\"https:\/\/www.camping-saint-lary.com\/wp-content\/uploads\/panaurama-parapente-683x1024.jpg\" class=\"attachment-gallery-medium size-gallery-medium\" alt=\"\" srcset=\"https:\/\/www.camping-saint-lary.com\/wp-content\/uploads\/\/panaurama-parapente-683x1024.jpg 683w, https:\/\/www.camping-saint-lary.com\/wp-content\/uploads\/\/panaurama-parapente-768x1152.jpg 768w, https:\/\/www.camping-saint-lary.com\/wp-content\/uploads\/\/panaurama-parapente-1024x1536.jpg 1024w, https:\/\/www.camping-saint-lary.com\/wp-content\/uploads\/\/panaurama-parapente-341x512.jpg 341w, https:\/\/www.camping-saint-lary.com\/wp-content\/uploads\/\/panaurama-parapente-171x256.jpg 171w, https:\/\/www.camping-saint-lary.com\/wp-content\/uploads\/\/panaurama-parapente-16x24.jpg 16w, https:\/\/www.camping-saint-lary.com\/wp-content\/uploads\/\/panaurama-parapente-24x36.jpg 24w, https:\/\/www.camping-saint-lary.com\/wp-content\/uploads\/\/panaurama-parapente-32x48.jpg 32w, https:\/\/www.camping-saint-lary.com\/wp-content\/uploads\/\/panaurama-parapente.jpg 1365w\" sizes=\"auto, (max-width: 683px) 100vw, 683px\" \/><\/div><\/a><a href=\"https:\/\/www.camping-saint-lary.com\/wp-content\/uploads\/panaurama-rando.jpg\" id=\"thumb-10264\" class=\"splide__slide image-link\" data-gallery=\"slide_798\"  data-counter=\"04\/06\" alt=\" \" class=\"image-link\"><div class=\"image-wrapper\"><img loading=\"lazy\" decoding=\"async\" width=\"1024\" height=\"498\" src=\"https:\/\/www.camping-saint-lary.com\/wp-content\/uploads\/panaurama-rando-1024x498.jpg\" class=\"attachment-gallery-medium size-gallery-medium\" alt=\"\" srcset=\"https:\/\/www.camping-saint-lary.com\/wp-content\/uploads\/\/panaurama-rando-1024x498.jpg 1024w, https:\/\/www.camping-saint-lary.com\/wp-content\/uploads\/\/panaurama-rando-768x374.jpg 768w, https:\/\/www.camping-saint-lary.com\/wp-content\/uploads\/\/panaurama-rando-1536x747.jpg 1536w, https:\/\/www.camping-saint-lary.com\/wp-content\/uploads\/\/panaurama-rando-512x249.jpg 512w, https:\/\/www.camping-saint-lary.com\/wp-content\/uploads\/\/panaurama-rando-256x125.jpg 256w, https:\/\/www.camping-saint-lary.com\/wp-content\/uploads\/\/panaurama-rando-24x12.jpg 24w, https:\/\/www.camping-saint-lary.com\/wp-content\/uploads\/\/panaurama-rando-36x18.jpg 36w, https:\/\/www.camping-saint-lary.com\/wp-content\/uploads\/\/panaurama-rando-48x23.jpg 48w, https:\/\/www.camping-saint-lary.com\/wp-content\/uploads\/\/panaurama-rando.jpg 2048w\" sizes=\"auto, (max-width: 1024px) 100vw, 1024px\" \/><\/div><\/a><a href=\"https:\/\/www.camping-saint-lary.com\/wp-content\/uploads\/panaurama-trottinette-saint-lary-soulan.jpg\" id=\"thumb-10265\" class=\"splide__slide image-link\" data-gallery=\"slide_798\"  data-counter=\"05\/06\" alt=\" \" class=\"image-link\"><div class=\"image-wrapper\"><img loading=\"lazy\" decoding=\"async\" width=\"1024\" height=\"601\" src=\"https:\/\/www.camping-saint-lary.com\/wp-content\/uploads\/panaurama-trottinette-saint-lary-soulan-1024x601.jpg\" class=\"attachment-gallery-medium size-gallery-medium\" alt=\"\" srcset=\"https:\/\/www.camping-saint-lary.com\/wp-content\/uploads\/\/panaurama-trottinette-saint-lary-soulan-1024x601.jpg 1024w, https:\/\/www.camping-saint-lary.com\/wp-content\/uploads\/\/panaurama-trottinette-saint-lary-soulan-768x450.jpg 768w, https:\/\/www.camping-saint-lary.com\/wp-content\/uploads\/\/panaurama-trottinette-saint-lary-soulan-1536x901.jpg 1536w, https:\/\/www.camping-saint-lary.com\/wp-content\/uploads\/\/panaurama-trottinette-saint-lary-soulan-512x300.jpg 512w, https:\/\/www.camping-saint-lary.com\/wp-content\/uploads\/\/panaurama-trottinette-saint-lary-soulan-256x150.jpg 256w, https:\/\/www.camping-saint-lary.com\/wp-content\/uploads\/\/panaurama-trottinette-saint-lary-soulan-24x14.jpg 24w, https:\/\/www.camping-saint-lary.com\/wp-content\/uploads\/\/panaurama-trottinette-saint-lary-soulan-36x21.jpg 36w, https:\/\/www.camping-saint-lary.com\/wp-content\/uploads\/\/panaurama-trottinette-saint-lary-soulan-48x28.jpg 48w, https:\/\/www.camping-saint-lary.com\/wp-content\/uploads\/\/panaurama-trottinette-saint-lary-soulan.jpg 2048w\" sizes=\"auto, (max-width: 1024px) 100vw, 1024px\" \/><\/div><\/a><a href=\"https:\/\/www.camping-saint-lary.com\/wp-content\/uploads\/panaurama-via-ferrata.jpg\" id=\"thumb-10266\" class=\"splide__slide image-link\" data-gallery=\"slide_798\"  data-counter=\"06\/06\" alt=\" \" class=\"image-link\"><div class=\"image-wrapper\"><img loading=\"lazy\" decoding=\"async\" width=\"576\" height=\"1024\" src=\"https:\/\/www.camping-saint-lary.com\/wp-content\/uploads\/panaurama-via-ferrata-576x1024.jpg\" class=\"attachment-gallery-medium size-gallery-medium\" alt=\"\" srcset=\"https:\/\/www.camping-saint-lary.com\/wp-content\/uploads\/\/panaurama-via-ferrata-576x1024.jpg 576w, https:\/\/www.camping-saint-lary.com\/wp-content\/uploads\/\/panaurama-via-ferrata-768x1365.jpg 768w, https:\/\/www.camping-saint-lary.com\/wp-content\/uploads\/\/panaurama-via-ferrata-864x1536.jpg 864w, https:\/\/www.camping-saint-lary.com\/wp-content\/uploads\/\/panaurama-via-ferrata-288x512.jpg 288w, https:\/\/www.camping-saint-lary.com\/wp-content\/uploads\/\/panaurama-via-ferrata-144x256.jpg 144w, https:\/\/www.camping-saint-lary.com\/wp-content\/uploads\/\/panaurama-via-ferrata-14x24.jpg 14w, https:\/\/www.camping-saint-lary.com\/wp-content\/uploads\/\/panaurama-via-ferrata-20x36.jpg 20w, https:\/\/www.camping-saint-lary.com\/wp-content\/uploads\/\/panaurama-via-ferrata-27x48.jpg 27w, https:\/\/www.camping-saint-lary.com\/wp-content\/uploads\/\/panaurama-via-ferrata.jpg 1080w\" sizes=\"auto, (max-width: 576px) 100vw, 576px\" \/><\/div><\/a><\/div><\/div><\/div><\/div>\n                    \n<\/div><\/div>\n\n\n\n<div class=\"wp-block-group background-left-pink has-animation padding-container-mobile is-content-justification-center is-nowrap is-layout-flex wp-container-core-group-is-layout-32c2087b wp-block-group-is-layout-flex\" style=\"margin-top:var(--wp--preset--spacing--80);padding-top:var(--wp--preset--spacing--50);padding-bottom:var(--wp--preset--spacing--50)\">\n<div class=\"wp-image-slider border-pink-gallery-full  has-text-align-left aspect-ratio-1_1\">\n\n                                        \n                    <script>\n                        'use strict';\n\n                        document.addEventListener('DOMContentLoaded', function () {\n\n                            (function() {\n                                const blockSlide = new Splide( '#slide_800', {\n                                    type : 'loop',\n                                    perPage: 1,\n                                                                        \n                                    breakpoints: {\n                                        800: {\n                                            perPage: 1,\n                                                                                    },\n                                        450: {\n                                            perPage: 1,\n                                            \n                                        },\n                                    },\n                                    pagination: false,\n                                    arrows: true,\n                                    gap: 'var(--wp--style--block-gap)',\n                                    i18n: {\n                                        slideLabel: '0%s \/ 0%s',\n                                    }\n                                } );\n                                \n\n                                if (!document.querySelector('#slide_800').closest('.banner-slide')) {\n                                    const options = {\n                                        rootMargin: '0px',\n                                        threshold: 0.5\n                                    };\n\n                                    const observer = new IntersectionObserver(function (entries, observer) {\n                                        entries.forEach(entry => {\n                                            if (entry.isIntersecting) {\n                                                console.log('Slider is visible');\n                                                blockSlide.go('+' + entry.target.dataset.counter);\n                                                blockSlide.go('+${1}');\n                                                observer.unobserve(entry.target); \/\/ stop observing the target element\n                                            }\n                                        });\n                                    }, options);\n\n                                    observer.observe(document.querySelector('#slide_800'));\n                                }\n\n\n                                \n\/*                                 blockSlide.on( 'mounted', function () {\n                                    blockSlide.go('+${1}');\n                                } ); *\/\n\n                                blockSlide.mount();\n                                                                \n                                \n\n                            })();\n                        })\n                    <\/script>\n\n                    <div class=\"slider-container\"><div class=\"splide galeria-slider galeria-columnas-1\" id=\"slide_800\"><div class=\"splide__track\"><div class=\"splide__list\"><a href=\"https:\/\/www.camping-saint-lary.com\/wp-content\/uploads\/greg-terra-photo-thermalisme-sensoria.jpg\" id=\"thumb-10259\" class=\"splide__slide image-link\" data-gallery=\"slide_800\"  data-counter=\"01\/02\" alt=\" \" class=\"image-link\"><div class=\"image-wrapper\"><img loading=\"lazy\" decoding=\"async\" width=\"679\" height=\"1024\" src=\"https:\/\/www.camping-saint-lary.com\/wp-content\/uploads\/greg-terra-photo-thermalisme-sensoria-679x1024.jpg\" class=\"attachment-gallery-medium size-gallery-medium\" alt=\"\" srcset=\"https:\/\/www.camping-saint-lary.com\/wp-content\/uploads\/\/greg-terra-photo-thermalisme-sensoria-679x1024.jpg 679w, https:\/\/www.camping-saint-lary.com\/wp-content\/uploads\/\/greg-terra-photo-thermalisme-sensoria-768x1159.jpg 768w, https:\/\/www.camping-saint-lary.com\/wp-content\/uploads\/\/greg-terra-photo-thermalisme-sensoria-1018x1536.jpg 1018w, https:\/\/www.camping-saint-lary.com\/wp-content\/uploads\/\/greg-terra-photo-thermalisme-sensoria-339x512.jpg 339w, https:\/\/www.camping-saint-lary.com\/wp-content\/uploads\/\/greg-terra-photo-thermalisme-sensoria-170x256.jpg 170w, https:\/\/www.camping-saint-lary.com\/wp-content\/uploads\/\/greg-terra-photo-thermalisme-sensoria-16x24.jpg 16w, https:\/\/www.camping-saint-lary.com\/wp-content\/uploads\/\/greg-terra-photo-thermalisme-sensoria-24x36.jpg 24w, https:\/\/www.camping-saint-lary.com\/wp-content\/uploads\/\/greg-terra-photo-thermalisme-sensoria-32x48.jpg 32w, https:\/\/www.camping-saint-lary.com\/wp-content\/uploads\/\/greg-terra-photo-thermalisme-sensoria.jpg 1058w\" sizes=\"auto, (max-width: 679px) 100vw, 679px\" \/><\/div><\/a><a href=\"https:\/\/www.camping-saint-lary.com\/wp-content\/uploads\/snow-landscape.jpg\" id=\"thumb-10054\" class=\"splide__slide image-link\" data-gallery=\"slide_800\"  data-counter=\"02\/02\" alt=\" \" class=\"image-link\"><div class=\"image-wrapper\"><img loading=\"lazy\" decoding=\"async\" width=\"1024\" height=\"576\" src=\"https:\/\/www.camping-saint-lary.com\/wp-content\/uploads\/snow-landscape-1024x576.jpg\" class=\"attachment-gallery-medium size-gallery-medium\" alt=\"\" srcset=\"https:\/\/www.camping-saint-lary.com\/wp-content\/uploads\/\/snow-landscape-1024x576.jpg 1024w, https:\/\/www.camping-saint-lary.com\/wp-content\/uploads\/\/snow-landscape-768x432.jpg 768w, https:\/\/www.camping-saint-lary.com\/wp-content\/uploads\/\/snow-landscape-1536x864.jpg 1536w, https:\/\/www.camping-saint-lary.com\/wp-content\/uploads\/\/snow-landscape-512x288.jpg 512w, https:\/\/www.camping-saint-lary.com\/wp-content\/uploads\/\/snow-landscape-256x144.jpg 256w, https:\/\/www.camping-saint-lary.com\/wp-content\/uploads\/\/snow-landscape-24x14.jpg 24w, https:\/\/www.camping-saint-lary.com\/wp-content\/uploads\/\/snow-landscape-36x20.jpg 36w, https:\/\/www.camping-saint-lary.com\/wp-content\/uploads\/\/snow-landscape-48x27.jpg 48w, https:\/\/www.camping-saint-lary.com\/wp-content\/uploads\/\/snow-landscape.jpg 1920w\" sizes=\"auto, (max-width: 1024px) 100vw, 1024px\" \/><\/div><\/a><\/div><\/div><\/div><\/div>\n                    \n<\/div>\n\n\n<div class=\"wp-block-group animation--top animation--init--once is-nowrap is-layout-flex wp-container-core-group-is-layout-6c531013 wp-block-group-is-layout-flex\">\n<div class=\"wp-block-group is-layout-constrained wp-block-group-is-layout-constrained\">\n<div class=\"wp-block-group is-nowrap is-layout-flex wp-container-core-group-is-layout-6c531013 wp-block-group-is-layout-flex\">\n<h3 class=\"wp-block-heading has-theme-pink-2-color has-text-color\" style=\"font-size:40px\">Despu\u00e9s de un d\u00eda en la &#8216;naturaleza&#8217;<\/h3>\n<\/div>\n\n\n\n<p>Tras una jornada llena de emociones por los senderos de monta\u00f1a o las pistas de esqu\u00ed de Saint-Lary, \u00bfqu\u00e9 puede ser m\u00e1s reparador que un momento de relajaci\u00f3n absoluta? Nuestra regi\u00f3n es una aut\u00e9ntica tierra de agua y bienestar. Al alojarse con nosotros, se encontrar\u00e1 en una ubicaci\u00f3n ideal para descubrir dos de las joyas m\u00e1s bellas del termalismo pirenaico: Baln\u00e9a y Sensoria.<\/p>\n\n\n\n<h4 class=\"wp-block-heading\">Sensoria Rio: el spa en el coraz\u00f3n de Saint-Lary-Soulan<\/h4>\n\n\n\n<p>A solo unos pasos, el centro Sensoria le invita a vivir una experiencia sensorial \u00fanica. Dise\u00f1ado para recrear el lecho de un ca\u00f1\u00f3n, este espacio utiliza agua de manantial natural, famosa por su pureza legendaria. Imag\u00ednese flotando en un agua calentada a 32 \u00b0C, mientras los chorros masajeadores liberan todas sus tensiones. Entre cascadas, g\u00e9iseres y jacuzzis, cada miembro de la familia encontrar\u00e1 su momento de felicidad en este entorno excepcional, situado en pleno centro del pueblo.<\/p>\n\n\n\n<h4 class=\"wp-block-heading\">Baln\u00e9a: un viaje alrededor del mundo frente a las cumbres<\/h4>\n\n\n\n<p>A pocos minutos, en el valle de Louron, se alza Baln\u00e9a, el primer complejo de relajaci\u00f3n en aguas termales de los Pirineos franceses. Una aut\u00e9ntica invitaci\u00f3n al viaje:<\/p>\n\n\n\n<p>Los Ba\u00f1os Japoneses: rel\u00e1jese al aire libre en piscinas con una impresionante vista panor\u00e1mica de los picos nevados.<br>Los Ba\u00f1os Mayas e Incas: para una experiencia l\u00fadica y c\u00e1lida.<br>El Espacio Romano: un marco majestuoso para una calma absoluta.<\/p>\n\n\n\n<h4 class=\"wp-block-heading\">Un programa \u201cZen\u201d a medida<\/h4>\n\n\n\n<p>Para completar su jornada, d\u00e9jese tentar por un masaje con aceites esenciales o un tratamiento corporal. El contraste entre la frescura del aire de monta\u00f1a y el calor de las aguas naturales crea una sensaci\u00f3n de plenitud incomparable. Tanto si busca recuperaci\u00f3n deportiva como una escapada tranquila, estos centros termales transformar\u00e1n su estancia en una aut\u00e9ntica fuente de juventud.<\/p>\n\n\n\n<p>No olvide su ba\u00f1ador: la relajaci\u00f3n le espera para una pausa fuera del tiempo, a los pies de los Pirineos.<\/p>\n<\/div>\n<\/div>\n<\/div>\n\n\n\n<div class=\"wp-block-group background-right-green has-animation reverse-mobile padding-container-mobile is-content-justification-center is-nowrap is-layout-flex wp-container-core-group-is-layout-7a84741e wp-block-group-is-layout-flex\" style=\"margin-top:var(--wp--preset--spacing--80);padding-top:var(--wp--preset--spacing--50);padding-bottom:var(--wp--preset--spacing--50)\">\n<div class=\"wp-block-group animation--top animation--init--once is-nowrap is-layout-flex wp-container-core-group-is-layout-6c531013 wp-block-group-is-layout-flex\">\n<div class=\"wp-block-group is-layout-constrained wp-block-group-is-layout-constrained\">\n<div class=\"wp-block-group is-nowrap is-layout-flex wp-container-core-group-is-layout-6c531013 wp-block-group-is-layout-flex\">\n<h3 class=\"wp-block-heading has-theme-green-light-color has-text-color\" style=\"font-size:40px\">Para los descubrimientos<\/h3>\n<\/div>\n\n\n\n<p>\ud83d\udc10 <strong>Cultura y Territorio: El Coraz\u00f3n Palpitante del Valle de Aure<\/strong><\/p>\n\n\n\n<p>Mucho m\u00e1s que un destino deportivo, nuestra regi\u00f3n es una tierra de tradiciones vivas y de saberes ancestrales. Alojarse con nosotros es sumergirse en una aut\u00e9ntica cultura de monta\u00f1a, donde el ser humano, los animales y la naturaleza conviven en perfecta armon\u00eda.<\/p>\n\n\n\n<h4 class=\"wp-block-heading\">Encuentros con Animales y Tradiciones Pastoriles<\/h4>\n\n\n\n<p>La primavera y el oto\u00f1o est\u00e1n marcados por el gran acontecimiento de la vida pastoral: la trashumancia. Acompa\u00f1ar a los reba\u00f1os hacia los pastos de altura es una experiencia humana inolvidable. Para una inmersi\u00f3n cotidiana, haga una parada en la <strong>Queser\u00eda de Cabras de Gouaux<\/strong>. Verdadera instituci\u00f3n local, all\u00ed descubrir\u00e1 la pasi\u00f3n de los ganaderos, el cuidado que brindan a los animales y, por supuesto, la degustaci\u00f3n de sus sabrosos quesos de cabra.<\/p>\n\n\n\n<p>Para variar los placeres, no se pierda <strong>el Refugio de los Huskys<\/strong> para una aventura de aire n\u00f3rdico, ni el majestuoso espect\u00e1culo de <strong>las \u00c1guilas de Aure en Arreau<\/strong>, que pone de relieve la complicidad entre el ser humano y las aves rapaces. Para una visi\u00f3n m\u00e1s amplia de la fauna salvaje (osos, lobos, marmotas), el <strong>Parque Animal de los Pirineos<\/strong> en Argel\u00e8s-Gazost es una visita imprescindible que maravillar\u00e1 a los m\u00e1s peque\u00f1os.<\/p>\n\n\n\n<h4 class=\"wp-block-heading\">Un Viaje Gastron\u00f3mico en la Tierra del Cerdo Negro de Bigorre<\/h4>\n\n\n\n<p>El Valle de Aure se saborea tanto como se visita. Los mercados locales est\u00e1n repletos de tesoros: el c\u00e9lebre <strong>Cerdo Negro de Bigorre<\/strong>, quesos de oveja curados y chocolates artesanales. Para el postre, d\u00e9jese tentar por el <strong>G\u00e2teau \u00e0 la Broche<\/strong>, una especialidad local cocinada al fuego de le\u00f1a cuya preparaci\u00f3n es todo un espect\u00e1culo visual.<\/p>\n\n\n\n<h4 class=\"wp-block-heading\">Patrimonio Hist\u00f3rico y Misterios Subterr\u00e1neos<\/h4>\n\n\n\n<p>La historia de nuestros pueblos se lee en las fachadas de las iglesias rom\u00e1nicas y de las capillas escondidas en el fondo de los valles. \u00a1Pero el espect\u00e1culo tambi\u00e9n se encuentra bajo sus pies! La regi\u00f3n alberga joyas subterr\u00e1neas como las <strong>cuevas de Gargas, M\u00e9dous o B\u00e9tharram<\/strong>. Menci\u00f3n especial merece el <strong>Sima de Esparros<\/strong>, un aut\u00e9ntico jard\u00edn de cristal oculto en las entra\u00f1as de los Pirineos.<\/p>\n\n\n\n<p>Por \u00faltimo, para comprender todos los secretos de nuestro ecosistema, haga una parada en la <strong>Casa del Parque Nacional<\/strong> en Saint-Lary-Soulan: una aut\u00e9ntica mina de informaci\u00f3n para enriquecer su cultura pirenaica antes de continuar la exploraci\u00f3n.<\/p>\n<\/div>\n<\/div>\n\n\n\n<div class=\"wp-image-slider border-green-gallery-full animation--top animation--init--once has-text-align-left aspect-ratio-1_1\">\n\n                                        \n                    <script>\n                        'use strict';\n\n                        document.addEventListener('DOMContentLoaded', function () {\n\n                            (function() {\n                                const blockSlide = new Splide( '#slide_876', {\n                                    type : 'loop',\n                                    perPage: 1,\n                                                                        \n                                    breakpoints: {\n                                        800: {\n                                            perPage: 1,\n                                                                                    },\n                                        450: {\n                                            perPage: 1,\n                                            \n                                        },\n                                    },\n                                    pagination: false,\n                                    arrows: true,\n                                    gap: 'var(--wp--style--block-gap)',\n                                    i18n: {\n                                        slideLabel: '0%s \/ 0%s',\n                                    }\n                                } );\n                                \n\n                                if (!document.querySelector('#slide_876').closest('.banner-slide')) {\n                                    const options = {\n                                        rootMargin: '0px',\n                                        threshold: 0.5\n                                    };\n\n                                    const observer = new IntersectionObserver(function (entries, observer) {\n                                        entries.forEach(entry => {\n                                            if (entry.isIntersecting) {\n                                                console.log('Slider is visible');\n                                                blockSlide.go('+' + entry.target.dataset.counter);\n                                                blockSlide.go('+${1}');\n                                                observer.unobserve(entry.target); \/\/ stop observing the target element\n                                            }\n                                        });\n                                    }, options);\n\n                                    observer.observe(document.querySelector('#slide_876'));\n                                }\n\n\n                                \n\/*                                 blockSlide.on( 'mounted', function () {\n                                    blockSlide.go('+${1}');\n                                } ); *\/\n\n                                blockSlide.mount();\n                                                                \n                                \n\n                            })();\n                        })\n                    <\/script>\n\n                    <div class=\"slider-container\"><div class=\"splide galeria-slider galeria-columnas-1\" id=\"slide_876\"><div class=\"splide__track\"><div class=\"splide__list\"><a href=\"https:\/\/www.camping-saint-lary.com\/wp-content\/uploads\/chien-traineaux-saint-lary-soulan.jpg\" id=\"thumb-10334\" class=\"splide__slide image-link\" data-gallery=\"slide_876\"  data-counter=\"01\/10\" alt=\" \" class=\"image-link\"><div class=\"image-wrapper\"><img loading=\"lazy\" decoding=\"async\" width=\"1024\" height=\"821\" src=\"https:\/\/www.camping-saint-lary.com\/wp-content\/uploads\/chien-traineaux-saint-lary-soulan-1024x821.jpg\" class=\"attachment-gallery-medium size-gallery-medium\" alt=\"\" srcset=\"https:\/\/www.camping-saint-lary.com\/wp-content\/uploads\/\/chien-traineaux-saint-lary-soulan-1024x821.jpg 1024w, https:\/\/www.camping-saint-lary.com\/wp-content\/uploads\/\/chien-traineaux-saint-lary-soulan-768x616.jpg 768w, https:\/\/www.camping-saint-lary.com\/wp-content\/uploads\/\/chien-traineaux-saint-lary-soulan-512x411.jpg 512w, https:\/\/www.camping-saint-lary.com\/wp-content\/uploads\/\/chien-traineaux-saint-lary-soulan-256x205.jpg 256w, https:\/\/www.camping-saint-lary.com\/wp-content\/uploads\/\/chien-traineaux-saint-lary-soulan-24x19.jpg 24w, https:\/\/www.camping-saint-lary.com\/wp-content\/uploads\/\/chien-traineaux-saint-lary-soulan-36x29.jpg 36w, https:\/\/www.camping-saint-lary.com\/wp-content\/uploads\/\/chien-traineaux-saint-lary-soulan-48x38.jpg 48w, https:\/\/www.camping-saint-lary.com\/wp-content\/uploads\/\/chien-traineaux-saint-lary-soulan.jpg 1116w\" sizes=\"auto, (max-width: 1024px) 100vw, 1024px\" \/><\/div><\/a><a href=\"https:\/\/www.camping-saint-lary.com\/wp-content\/uploads\/isens-thumbphp.jpg\" id=\"thumb-10260\" class=\"splide__slide image-link\" data-gallery=\"slide_876\"  data-counter=\"02\/10\" alt=\" \" class=\"image-link\"><div class=\"image-wrapper\"><img loading=\"lazy\" decoding=\"async\" width=\"1024\" height=\"403\" src=\"https:\/\/www.camping-saint-lary.com\/wp-content\/uploads\/isens-thumbphp-1024x403.jpg\" class=\"attachment-gallery-medium size-gallery-medium\" alt=\"\" srcset=\"https:\/\/www.camping-saint-lary.com\/wp-content\/uploads\/\/isens-thumbphp-1024x403.jpg 1024w, https:\/\/www.camping-saint-lary.com\/wp-content\/uploads\/\/isens-thumbphp-768x303.jpg 768w, https:\/\/www.camping-saint-lary.com\/wp-content\/uploads\/\/isens-thumbphp-512x202.jpg 512w, https:\/\/www.camping-saint-lary.com\/wp-content\/uploads\/\/isens-thumbphp-256x101.jpg 256w, https:\/\/www.camping-saint-lary.com\/wp-content\/uploads\/\/isens-thumbphp-24x9.jpg 24w, https:\/\/www.camping-saint-lary.com\/wp-content\/uploads\/\/isens-thumbphp-36x14.jpg 36w, https:\/\/www.camping-saint-lary.com\/wp-content\/uploads\/\/isens-thumbphp-48x19.jpg 48w, https:\/\/www.camping-saint-lary.com\/wp-content\/uploads\/\/isens-thumbphp.jpg 1320w\" sizes=\"auto, (max-width: 1024px) 100vw, 1024px\" \/><\/div><\/a><a href=\"https:\/\/www.camping-saint-lary.com\/wp-content\/uploads\/promenade-moulin-montagne.jpg\" id=\"thumb-9867\" class=\"splide__slide image-link\" data-gallery=\"slide_876\"  data-counter=\"03\/10\" alt=\" \" class=\"image-link\"><div class=\"image-wrapper\"><img loading=\"lazy\" decoding=\"async\" width=\"1024\" height=\"768\" src=\"https:\/\/www.camping-saint-lary.com\/wp-content\/uploads\/promenade-moulin-montagne-1024x768.jpg\" class=\"attachment-gallery-medium size-gallery-medium\" alt=\"\" srcset=\"https:\/\/www.camping-saint-lary.com\/wp-content\/uploads\/\/promenade-moulin-montagne-1024x768.jpg 1024w, https:\/\/www.camping-saint-lary.com\/wp-content\/uploads\/\/promenade-moulin-montagne-768x576.jpg 768w, https:\/\/www.camping-saint-lary.com\/wp-content\/uploads\/\/promenade-moulin-montagne-512x384.jpg 512w, https:\/\/www.camping-saint-lary.com\/wp-content\/uploads\/\/promenade-moulin-montagne-256x192.jpg 256w, https:\/\/www.camping-saint-lary.com\/wp-content\/uploads\/\/promenade-moulin-montagne-24x18.jpg 24w, https:\/\/www.camping-saint-lary.com\/wp-content\/uploads\/\/promenade-moulin-montagne-36x27.jpg 36w, https:\/\/www.camping-saint-lary.com\/wp-content\/uploads\/\/promenade-moulin-montagne-48x36.jpg 48w, https:\/\/www.camping-saint-lary.com\/wp-content\/uploads\/\/promenade-moulin-montagne.jpg 1400w\" sizes=\"auto, (max-width: 1024px) 100vw, 1024px\" \/><\/div><\/a><a href=\"https:\/\/www.camping-saint-lary.com\/wp-content\/uploads\/le-lac.jpg\" id=\"thumb-9812\" class=\"splide__slide image-link\" data-gallery=\"slide_876\"  data-counter=\"04\/10\" alt=\" \" class=\"image-link\"><div class=\"image-wrapper\"><img loading=\"lazy\" decoding=\"async\" width=\"631\" height=\"576\" src=\"https:\/\/www.camping-saint-lary.com\/wp-content\/uploads\/le-lac.jpg\" class=\"attachment-gallery-medium size-gallery-medium\" alt=\"\" srcset=\"https:\/\/www.camping-saint-lary.com\/wp-content\/uploads\/\/le-lac.jpg 631w, https:\/\/www.camping-saint-lary.com\/wp-content\/uploads\/\/le-lac-512x467.jpg 512w, https:\/\/www.camping-saint-lary.com\/wp-content\/uploads\/\/le-lac-256x234.jpg 256w, https:\/\/www.camping-saint-lary.com\/wp-content\/uploads\/\/le-lac-24x22.jpg 24w, https:\/\/www.camping-saint-lary.com\/wp-content\/uploads\/\/le-lac-36x33.jpg 36w, https:\/\/www.camping-saint-lary.com\/wp-content\/uploads\/\/le-lac-48x44.jpg 48w\" sizes=\"auto, (max-width: 631px) 100vw, 631px\" \/><\/div><\/a><a href=\"https:\/\/www.camping-saint-lary.com\/wp-content\/uploads\/3-14.jpg\" id=\"thumb-9820\" class=\"splide__slide image-link\" data-gallery=\"slide_876\"  data-counter=\"05\/10\" alt=\" \" class=\"image-link\"><div class=\"image-wrapper\"><img loading=\"lazy\" decoding=\"async\" width=\"631\" height=\"576\" src=\"https:\/\/www.camping-saint-lary.com\/wp-content\/uploads\/3-14.jpg\" class=\"attachment-gallery-medium size-gallery-medium\" alt=\"\" srcset=\"https:\/\/www.camping-saint-lary.com\/wp-content\/uploads\/\/3-14.jpg 631w, https:\/\/www.camping-saint-lary.com\/wp-content\/uploads\/\/3-14-512x467.jpg 512w, https:\/\/www.camping-saint-lary.com\/wp-content\/uploads\/\/3-14-256x234.jpg 256w, https:\/\/www.camping-saint-lary.com\/wp-content\/uploads\/\/3-14-24x22.jpg 24w, https:\/\/www.camping-saint-lary.com\/wp-content\/uploads\/\/3-14-36x33.jpg 36w, https:\/\/www.camping-saint-lary.com\/wp-content\/uploads\/\/3-14-48x44.jpg 48w\" sizes=\"auto, (max-width: 631px) 100vw, 631px\" \/><\/div><\/a><a href=\"https:\/\/www.camping-saint-lary.com\/wp-content\/uploads\/chiens-traineaux-pyrennees.jpg\" id=\"thumb-10335\" class=\"splide__slide image-link\" data-gallery=\"slide_876\"  data-counter=\"06\/10\" alt=\" \" class=\"image-link\"><div class=\"image-wrapper\"><img loading=\"lazy\" decoding=\"async\" width=\"1024\" height=\"761\" src=\"https:\/\/www.camping-saint-lary.com\/wp-content\/uploads\/chiens-traineaux-pyrennees-1024x761.jpg\" class=\"attachment-gallery-medium size-gallery-medium\" alt=\"\" srcset=\"https:\/\/www.camping-saint-lary.com\/wp-content\/uploads\/\/chiens-traineaux-pyrennees-1024x761.jpg 1024w, https:\/\/www.camping-saint-lary.com\/wp-content\/uploads\/\/chiens-traineaux-pyrennees-768x570.jpg 768w, https:\/\/www.camping-saint-lary.com\/wp-content\/uploads\/\/chiens-traineaux-pyrennees-512x380.jpg 512w, https:\/\/www.camping-saint-lary.com\/wp-content\/uploads\/\/chiens-traineaux-pyrennees-256x190.jpg 256w, https:\/\/www.camping-saint-lary.com\/wp-content\/uploads\/\/chiens-traineaux-pyrennees-24x18.jpg 24w, https:\/\/www.camping-saint-lary.com\/wp-content\/uploads\/\/chiens-traineaux-pyrennees-36x27.jpg 36w, https:\/\/www.camping-saint-lary.com\/wp-content\/uploads\/\/chiens-traineaux-pyrennees-48x36.jpg 48w, https:\/\/www.camping-saint-lary.com\/wp-content\/uploads\/\/chiens-traineaux-pyrennees.jpg 1116w\" sizes=\"auto, (max-width: 1024px) 100vw, 1024px\" \/><\/div><\/a><a href=\"https:\/\/www.camping-saint-lary.com\/wp-content\/uploads\/lynx.jpg\" id=\"thumb-10530\" class=\"splide__slide image-link\" data-gallery=\"slide_876\"  data-counter=\"07\/10\" alt=\" \" class=\"image-link\"><div class=\"image-wrapper\"><img loading=\"lazy\" decoding=\"async\" width=\"1024\" height=\"690\" src=\"https:\/\/www.camping-saint-lary.com\/wp-content\/uploads\/lynx-1024x690.jpg\" class=\"attachment-gallery-medium size-gallery-medium\" alt=\"\" srcset=\"https:\/\/www.camping-saint-lary.com\/wp-content\/uploads\/\/lynx-1024x690.jpg 1024w, https:\/\/www.camping-saint-lary.com\/wp-content\/uploads\/\/lynx-768x517.jpg 768w, https:\/\/www.camping-saint-lary.com\/wp-content\/uploads\/\/lynx-512x345.jpg 512w, https:\/\/www.camping-saint-lary.com\/wp-content\/uploads\/\/lynx-256x172.jpg 256w, https:\/\/www.camping-saint-lary.com\/wp-content\/uploads\/\/lynx-24x16.jpg 24w, https:\/\/www.camping-saint-lary.com\/wp-content\/uploads\/\/lynx-36x24.jpg 36w, https:\/\/www.camping-saint-lary.com\/wp-content\/uploads\/\/lynx-48x32.jpg 48w, https:\/\/www.camping-saint-lary.com\/wp-content\/uploads\/\/lynx.jpg 1309w\" sizes=\"auto, (max-width: 1024px) 100vw, 1024px\" \/><\/div><\/a><a href=\"https:\/\/www.camping-saint-lary.com\/wp-content\/uploads\/gypaete-faune-flore-pyrenees.jpg\" id=\"thumb-10528\" class=\"splide__slide image-link\" data-gallery=\"slide_876\"  data-counter=\"08\/10\" alt=\" \" class=\"image-link\"><div class=\"image-wrapper\"><img loading=\"lazy\" decoding=\"async\" width=\"1024\" height=\"847\" src=\"https:\/\/www.camping-saint-lary.com\/wp-content\/uploads\/gypaete-faune-flore-pyrenees-1024x847.jpg\" class=\"attachment-gallery-medium size-gallery-medium\" alt=\"\" srcset=\"https:\/\/www.camping-saint-lary.com\/wp-content\/uploads\/\/gypaete-faune-flore-pyrenees-1024x847.jpg 1024w, https:\/\/www.camping-saint-lary.com\/wp-content\/uploads\/\/gypaete-faune-flore-pyrenees-768x635.jpg 768w, https:\/\/www.camping-saint-lary.com\/wp-content\/uploads\/\/gypaete-faune-flore-pyrenees-1536x1270.jpg 1536w, https:\/\/www.camping-saint-lary.com\/wp-content\/uploads\/\/gypaete-faune-flore-pyrenees-512x423.jpg 512w, https:\/\/www.camping-saint-lary.com\/wp-content\/uploads\/\/gypaete-faune-flore-pyrenees-256x212.jpg 256w, https:\/\/www.camping-saint-lary.com\/wp-content\/uploads\/\/gypaete-faune-flore-pyrenees-24x20.jpg 24w, https:\/\/www.camping-saint-lary.com\/wp-content\/uploads\/\/gypaete-faune-flore-pyrenees-36x30.jpg 36w, https:\/\/www.camping-saint-lary.com\/wp-content\/uploads\/\/gypaete-faune-flore-pyrenees-48x40.jpg 48w, https:\/\/www.camping-saint-lary.com\/wp-content\/uploads\/\/gypaete-faune-flore-pyrenees.jpg 1654w\" sizes=\"auto, (max-width: 1024px) 100vw, 1024px\" \/><\/div><\/a><a href=\"https:\/\/www.camping-saint-lary.com\/wp-content\/uploads\/gouffre-esparros.jpg\" id=\"thumb-10525\" class=\"splide__slide image-link\" data-gallery=\"slide_876\"  data-counter=\"09\/10\" alt=\" \" class=\"image-link\"><div class=\"image-wrapper\"><img loading=\"lazy\" decoding=\"async\" width=\"1024\" height=\"533\" src=\"https:\/\/www.camping-saint-lary.com\/wp-content\/uploads\/gouffre-esparros-1024x533.jpg\" class=\"attachment-gallery-medium size-gallery-medium\" alt=\"\" srcset=\"https:\/\/www.camping-saint-lary.com\/wp-content\/uploads\/\/gouffre-esparros-1024x533.jpg 1024w, https:\/\/www.camping-saint-lary.com\/wp-content\/uploads\/\/gouffre-esparros-768x400.jpg 768w, https:\/\/www.camping-saint-lary.com\/wp-content\/uploads\/\/gouffre-esparros-512x267.jpg 512w, https:\/\/www.camping-saint-lary.com\/wp-content\/uploads\/\/gouffre-esparros-256x133.jpg 256w, https:\/\/www.camping-saint-lary.com\/wp-content\/uploads\/\/gouffre-esparros-24x13.jpg 24w, https:\/\/www.camping-saint-lary.com\/wp-content\/uploads\/\/gouffre-esparros-36x19.jpg 36w, https:\/\/www.camping-saint-lary.com\/wp-content\/uploads\/\/gouffre-esparros-48x25.jpg 48w, https:\/\/www.camping-saint-lary.com\/wp-content\/uploads\/\/gouffre-esparros.jpg 1296w\" sizes=\"auto, (max-width: 1024px) 100vw, 1024px\" \/><\/div><\/a><a href=\"https:\/\/www.camping-saint-lary.com\/wp-content\/uploads\/espace-prehistoire-labastide.jpg\" id=\"thumb-10524\" class=\"splide__slide image-link\" data-gallery=\"slide_876\"  data-counter=\"10\/10\" alt=\" \" class=\"image-link\"><div class=\"image-wrapper\"><img loading=\"lazy\" decoding=\"async\" width=\"1024\" height=\"688\" src=\"https:\/\/www.camping-saint-lary.com\/wp-content\/uploads\/espace-prehistoire-labastide-1024x688.jpg\" class=\"attachment-gallery-medium size-gallery-medium\" alt=\"\" srcset=\"https:\/\/www.camping-saint-lary.com\/wp-content\/uploads\/\/espace-prehistoire-labastide-1024x688.jpg 1024w, https:\/\/www.camping-saint-lary.com\/wp-content\/uploads\/\/espace-prehistoire-labastide-768x516.jpg 768w, https:\/\/www.camping-saint-lary.com\/wp-content\/uploads\/\/espace-prehistoire-labastide-512x344.jpg 512w, https:\/\/www.camping-saint-lary.com\/wp-content\/uploads\/\/espace-prehistoire-labastide-256x172.jpg 256w, https:\/\/www.camping-saint-lary.com\/wp-content\/uploads\/\/espace-prehistoire-labastide-24x16.jpg 24w, https:\/\/www.camping-saint-lary.com\/wp-content\/uploads\/\/espace-prehistoire-labastide-36x24.jpg 36w, https:\/\/www.camping-saint-lary.com\/wp-content\/uploads\/\/espace-prehistoire-labastide-48x32.jpg 48w, https:\/\/www.camping-saint-lary.com\/wp-content\/uploads\/\/espace-prehistoire-labastide.jpg 1134w\" sizes=\"auto, (max-width: 1024px) 100vw, 1024px\" \/><\/div><\/a><\/div><\/div><\/div><\/div>\n                    \n<\/div><\/div>\n\n\n\n<div class=\"wp-block-group background-left-pink has-animation padding-container-mobile is-content-justification-center is-nowrap is-layout-flex wp-container-core-group-is-layout-32c2087b wp-block-group-is-layout-flex\" style=\"margin-top:var(--wp--preset--spacing--80);padding-top:var(--wp--preset--spacing--50);padding-bottom:var(--wp--preset--spacing--50)\">\n<div class=\"wp-image-slider border-pink-gallery-full animation--top animation--init--once has-text-align-left aspect-ratio-1_1\">\n\n                                        \n                    <script>\n                        'use strict';\n\n                        document.addEventListener('DOMContentLoaded', function () {\n\n                            (function() {\n                                const blockSlide = new Splide( '#slide_472', {\n                                    type : 'loop',\n                                    perPage: 1,\n                                                                        \n                                    breakpoints: {\n                                        800: {\n                                            perPage: 1,\n                                                                                    },\n                                        450: {\n                                            perPage: 1,\n                                            \n                                        },\n                                    },\n                                    pagination: false,\n                                    arrows: true,\n                                    gap: 'var(--wp--style--block-gap)',\n                                    i18n: {\n                                        slideLabel: '0%s \/ 0%s',\n                                    }\n                                } );\n                                \n\n                                if (!document.querySelector('#slide_472').closest('.banner-slide')) {\n                                    const options = {\n                                        rootMargin: '0px',\n                                        threshold: 0.5\n                                    };\n\n                                    const observer = new IntersectionObserver(function (entries, observer) {\n                                        entries.forEach(entry => {\n                                            if (entry.isIntersecting) {\n                                                console.log('Slider is visible');\n                                                blockSlide.go('+' + entry.target.dataset.counter);\n                                                blockSlide.go('+${1}');\n                                                observer.unobserve(entry.target); \/\/ stop observing the target element\n                                            }\n                                        });\n                                    }, options);\n\n                                    observer.observe(document.querySelector('#slide_472'));\n                                }\n\n\n                                \n\/*                                 blockSlide.on( 'mounted', function () {\n                                    blockSlide.go('+${1}');\n                                } ); *\/\n\n                                blockSlide.mount();\n                                                                \n                                \n\n                            })();\n                        })\n                    <\/script>\n\n                    <div class=\"slider-container\"><div class=\"splide galeria-slider galeria-columnas-1\" id=\"slide_472\"><div class=\"splide__track\"><div class=\"splide__list\"><a href=\"https:\/\/www.camping-saint-lary.com\/wp-content\/uploads\/peche-1.jpg\" id=\"thumb-10242\" class=\"splide__slide image-link\" data-gallery=\"slide_472\"  data-counter=\"01\/04\" alt=\" \" class=\"image-link\"><div class=\"image-wrapper\"><img loading=\"lazy\" decoding=\"async\" width=\"512\" height=\"467\" src=\"https:\/\/www.camping-saint-lary.com\/wp-content\/uploads\/peche-1-512x467.jpg\" class=\"attachment-gallery-small size-gallery-small\" alt=\"\" srcset=\"https:\/\/www.camping-saint-lary.com\/wp-content\/uploads\/\/peche-1-512x467.jpg 512w, https:\/\/www.camping-saint-lary.com\/wp-content\/uploads\/\/peche-1-256x234.jpg 256w, https:\/\/www.camping-saint-lary.com\/wp-content\/uploads\/\/peche-1-24x22.jpg 24w, https:\/\/www.camping-saint-lary.com\/wp-content\/uploads\/\/peche-1-36x33.jpg 36w, https:\/\/www.camping-saint-lary.com\/wp-content\/uploads\/\/peche-1-48x44.jpg 48w, https:\/\/www.camping-saint-lary.com\/wp-content\/uploads\/\/peche-1.jpg 631w\" sizes=\"auto, (max-width: 512px) 100vw, 512px\" \/><\/div><\/a><a href=\"https:\/\/www.camping-saint-lary.com\/wp-content\/uploads\/randonnee-rioumajou.jpg\" id=\"thumb-10240\" class=\"splide__slide image-link\" data-gallery=\"slide_472\"  data-counter=\"02\/04\" alt=\" \" class=\"image-link\"><div class=\"image-wrapper\"><img loading=\"lazy\" decoding=\"async\" width=\"512\" height=\"384\" src=\"https:\/\/www.camping-saint-lary.com\/wp-content\/uploads\/randonnee-rioumajou-512x384.jpg\" class=\"attachment-gallery-small size-gallery-small\" alt=\"\" srcset=\"https:\/\/www.camping-saint-lary.com\/wp-content\/uploads\/\/randonnee-rioumajou-512x384.jpg 512w, https:\/\/www.camping-saint-lary.com\/wp-content\/uploads\/\/randonnee-rioumajou-1024x768.jpg 1024w, https:\/\/www.camping-saint-lary.com\/wp-content\/uploads\/\/randonnee-rioumajou-768x576.jpg 768w, https:\/\/www.camping-saint-lary.com\/wp-content\/uploads\/\/randonnee-rioumajou-256x192.jpg 256w, https:\/\/www.camping-saint-lary.com\/wp-content\/uploads\/\/randonnee-rioumajou-24x18.jpg 24w, https:\/\/www.camping-saint-lary.com\/wp-content\/uploads\/\/randonnee-rioumajou-36x27.jpg 36w, https:\/\/www.camping-saint-lary.com\/wp-content\/uploads\/\/randonnee-rioumajou-48x36.jpg 48w, https:\/\/www.camping-saint-lary.com\/wp-content\/uploads\/\/randonnee-rioumajou.jpg 1400w\" sizes=\"auto, (max-width: 512px) 100vw, 512px\" \/><\/div><\/a><a href=\"https:\/\/www.camping-saint-lary.com\/wp-content\/uploads\/agos-loisirs-camping-autun-1.jpg\" id=\"thumb-10301\" class=\"splide__slide image-link\" data-gallery=\"slide_472\"  data-counter=\"03\/04\" alt=\" \" class=\"image-link\"><div class=\"image-wrapper\"><img loading=\"lazy\" decoding=\"async\" width=\"512\" height=\"381\" src=\"https:\/\/www.camping-saint-lary.com\/wp-content\/uploads\/agos-loisirs-camping-autun-1-512x381.jpg\" class=\"attachment-gallery-small size-gallery-small\" alt=\"\" srcset=\"https:\/\/www.camping-saint-lary.com\/wp-content\/uploads\/\/agos-loisirs-camping-autun-1-512x381.jpg 512w, https:\/\/www.camping-saint-lary.com\/wp-content\/uploads\/\/agos-loisirs-camping-autun-1-1024x763.jpg 1024w, https:\/\/www.camping-saint-lary.com\/wp-content\/uploads\/\/agos-loisirs-camping-autun-1-768x572.jpg 768w, https:\/\/www.camping-saint-lary.com\/wp-content\/uploads\/\/agos-loisirs-camping-autun-1-256x191.jpg 256w, https:\/\/www.camping-saint-lary.com\/wp-content\/uploads\/\/agos-loisirs-camping-autun-1-24x18.jpg 24w, https:\/\/www.camping-saint-lary.com\/wp-content\/uploads\/\/agos-loisirs-camping-autun-1-36x27.jpg 36w, https:\/\/www.camping-saint-lary.com\/wp-content\/uploads\/\/agos-loisirs-camping-autun-1-48x36.jpg 48w, https:\/\/www.camping-saint-lary.com\/wp-content\/uploads\/\/agos-loisirs-camping-autun-1.jpg 1122w\" sizes=\"auto, (max-width: 512px) 100vw, 512px\" \/><\/div><\/a><a href=\"https:\/\/www.camping-saint-lary.com\/wp-content\/uploads\/agos-loisirs-saint-lary-soulan-2.jpg\" id=\"thumb-10304\" class=\"splide__slide image-link\" data-gallery=\"slide_472\"  data-counter=\"04\/04\" alt=\" \" class=\"image-link\"><div class=\"image-wrapper\"><img loading=\"lazy\" decoding=\"async\" width=\"512\" height=\"381\" src=\"https:\/\/www.camping-saint-lary.com\/wp-content\/uploads\/agos-loisirs-saint-lary-soulan-2-512x381.jpg\" class=\"attachment-gallery-small size-gallery-small\" alt=\"\" srcset=\"https:\/\/www.camping-saint-lary.com\/wp-content\/uploads\/\/agos-loisirs-saint-lary-soulan-2-512x381.jpg 512w, https:\/\/www.camping-saint-lary.com\/wp-content\/uploads\/\/agos-loisirs-saint-lary-soulan-2-1024x763.jpg 1024w, https:\/\/www.camping-saint-lary.com\/wp-content\/uploads\/\/agos-loisirs-saint-lary-soulan-2-768x572.jpg 768w, https:\/\/www.camping-saint-lary.com\/wp-content\/uploads\/\/agos-loisirs-saint-lary-soulan-2-256x191.jpg 256w, https:\/\/www.camping-saint-lary.com\/wp-content\/uploads\/\/agos-loisirs-saint-lary-soulan-2-24x18.jpg 24w, https:\/\/www.camping-saint-lary.com\/wp-content\/uploads\/\/agos-loisirs-saint-lary-soulan-2-36x27.jpg 36w, https:\/\/www.camping-saint-lary.com\/wp-content\/uploads\/\/agos-loisirs-saint-lary-soulan-2-48x36.jpg 48w, https:\/\/www.camping-saint-lary.com\/wp-content\/uploads\/\/agos-loisirs-saint-lary-soulan-2.jpg 1122w\" sizes=\"auto, (max-width: 512px) 100vw, 512px\" \/><\/div><\/a><\/div><\/div><\/div><\/div>\n                    \n<\/div>\n\n\n<div class=\"wp-block-group animation--top animation--init--once is-nowrap is-layout-flex wp-container-core-group-is-layout-6c531013 wp-block-group-is-layout-flex\">\n<div class=\"wp-block-group is-layout-constrained wp-block-group-is-layout-constrained\">\n<div class=\"wp-block-group is-nowrap is-layout-flex wp-container-core-group-is-layout-6c531013 wp-block-group-is-layout-flex\">\n<h3 class=\"wp-block-heading has-theme-pink-2-color has-text-color\" style=\"font-size:40px\">Para los peque\u00f1os paseos<\/h3>\n<\/div>\n\n\n\n<p>\ud83d\udeb6\u200d\u2642\ufe0f <strong>Escapadas a Pie desde el Camping: la Base de Agos y los Tesoros del Val d\u2019Autun<\/strong><\/p>\n\n\n\n<p>Uno de los mayores atractivos del <strong>Camping del Val d\u2019Autun<\/strong> es, sin duda, su ubicaci\u00f3n geogr\u00e1fica privilegiada. Aqu\u00ed, \u00a1olv\u00eddese del coche! La naturaleza y el ocio est\u00e1n a su alcance desde la salida misma de su parcela. Tanto si es amante de una caminata matinal en\u00e9rgica como de un paseo contemplativo en familia, los alrededores inmediatos est\u00e1n repletos de senderos accesibles para todos.<\/p>\n\n\n\n<h4 class=\"wp-block-heading\">La Base de Ocio de Agos<\/h4>\n\n\n\n<p>Desde el camping, llegar\u00e1 en tan solo <strong>20 minutos a pie<\/strong> a la Base de Ocio de Agos. Verdadero oasis de descanso para peque\u00f1os y mayores, este espacio multi-actividades es una cita imprescindible de sus vacaciones:<\/p>\n\n\n\n<ul class=\"wp-block-list\">\n<li><strong>Para los deportistas:<\/strong> aproveche el circuito de salud para su sesi\u00f3n de jogging o enfr\u00e9ntese a los desniveles del mini bike-park.<\/li>\n\n\n\n<li><strong>Para las familias:<\/strong> modernas zonas de juegos esperan a los ni\u00f1os mientras usted prepara el almuerzo en las \u00e1reas de picnic a la sombra.<\/li>\n\n\n\n<li><strong>Para los pescadores:<\/strong> el lugar cuenta con dos plataformas de pesca especialmente acondicionadas y accesibles para personas con movilidad reducida (PMR), garantizando un momento de calma junto al agua para todos.<\/li>\n<\/ul>\n\n\n\n<h4 class=\"wp-block-heading\">Paseos Cortos alrededor del Camping (menos de 5 km)<\/h4>\n\n\n\n<p>Si desea variar los placeres sin adentrarse en la alta monta\u00f1a, varios recorridos f\u00e1ciles rodean el camping:<\/p>\n\n\n\n<ul class=\"wp-block-list\">\n<li><strong>El Sendero de las Orillas del Neste:<\/strong> un paseo llano y refrescante que sigue el curso del r\u00edo. Es el camino ideal para observar aves y disfrutar del murmullo del agua.<\/li>\n\n\n\n<li><strong>La Ruta Circular del Pueblo de Vignec:<\/strong> a menos de <strong>3 km<\/strong>, descubra este pueblo t\u00edpico con sus casas de piedra y antiguas fuentes. Un paseo sin grandes desniveles, perfecto para una salida al final del d\u00eda.<\/li>\n\n\n\n<li><strong>El Camino de las Granjas:<\/strong> en direcci\u00f3n a la entrada del valle, este sendero ofrece vistas despejadas de las cumbres circundantes sin exigir un gran esfuerzo f\u00edsico. Permite admirar la arquitectura pastoral local a su propio ritmo.<\/li>\n<\/ul>\n\n\n\n<p>Ya sea que busque deporte, pesca o simplemente un buen libro a orillas de un lago, el <strong>Val d\u2019Autun<\/strong> es el punto de partida so\u00f1ado para una <strong>desconexi\u00f3n total, con toda suavidad<\/strong>.<\/p>\n<\/div>\n<\/div>\n<\/div>\n\n\n\n<div class=\"wp-block-group background-right-green has-animation reverse-mobile padding-container-mobile is-content-justification-center is-nowrap is-layout-flex wp-container-core-group-is-layout-7a84741e wp-block-group-is-layout-flex\" style=\"margin-top:var(--wp--preset--spacing--80);padding-top:var(--wp--preset--spacing--50);padding-bottom:var(--wp--preset--spacing--50)\">\n<div class=\"wp-block-group animation--top animation--init--once is-nowrap is-layout-flex wp-container-core-group-is-layout-6c531013 wp-block-group-is-layout-flex\">\n<div class=\"wp-block-group is-layout-constrained wp-block-group-is-layout-constrained\">\n<div class=\"wp-block-group is-nowrap is-layout-flex wp-container-core-group-is-layout-6c531013 wp-block-group-is-layout-flex\">\n<h3 class=\"wp-block-heading has-theme-green-light-color has-text-color\" style=\"font-size:40px\">Para los grandes paseos<\/h3>\n<\/div>\n\n\n\n<p>\ud83c\udfd4\ufe0f <strong>Primavera en los Pirineos: Senderismo de Excepci\u00f3n y Fauna Salvaje<\/strong><\/p>\n\n\n\n<p>La primavera es una estaci\u00f3n de metamorfosis en los Pirineos. Mientras las altas cumbres conservan su manto blanco, el deshielo libera los senderos de baja y media altitud, ofreciendo un espect\u00e1culo natural impresionante. Desde el <strong>Camping del Val d\u2019Autun<\/strong>, se encontrar\u00e1 en primera fila para explorar espacios protegidos y observar una biodiversidad \u00fanica en el mundo.<\/p>\n\n\n\n<h4 class=\"wp-block-heading\">Los Valles de Aure y del Louron: Santuarios de Vida<\/h4>\n\n\n\n<p>El <strong>Valle de Aure<\/strong> es el punto de partida ideal para rutas de senderismo primaverales accesibles. Es la \u00e9poca en la que las marmotas asoman por fin tras seis meses de hibernaci\u00f3n: \u00a1preste atenci\u00f3n a sus silbidos cerca de los canchales soleados!<\/p>\n\n\n\n<h4 class=\"wp-block-heading\">Para una inmersi\u00f3n total, dos lugares cercanos son imprescindibles:<\/h4>\n\n\n\n<p><strong>El Valle de Rioumajou:<\/strong> verdadero remanso de verdor, este valle clasificado como <strong>Natura 2000<\/strong> es perfecto para un paseo en familia. A lo largo del r\u00edo, disfrutar\u00e1 de un entorno encantador entre bosques de pinos y amplias praderas.<\/p>\n\n\n\n<p><strong>Las Granges du Moudang:<\/strong> un itinerario cargado de historia que conduce a una aldea de granjas pastoriles magn\u00edficamente restauradas. Es uno de los mejores lugares para admirar la flora primaveral que vuelve a florecer.<\/p>\n\n\n\n<h4 class=\"wp-block-heading\">Lugares Excepcionales y Grandes Circos Naturales<\/h4>\n\n\n\n<p>Su estancia le permite descubrir algunos de los lugares m\u00e1s prestigiosos y m\u00e1s buscados por los amantes de la monta\u00f1a:<\/p>\n\n\n\n<p><strong>La Reserva Natural de N\u00e9ouvielle:<\/strong> desde la apertura de la ruta de los lagos, descubra paisajes de alta monta\u00f1a entre pinos negros y lagos de aguas cristalinas. Un aut\u00e9ntico \u201cpeque\u00f1o Canad\u00e1\u201d pirenaico que permite acceder a los lagos de <strong>Aubert<\/strong> y <strong>Or\u00e9don<\/strong>; sus jornadas estar\u00e1n llenas de descubrimientos.<\/p>\n\n\n\n<p><strong>El Circo de Gavarnie:<\/strong> declarado Patrimonio Mundial de la UNESCO, este coloso de piedra caliza y su gigantesca cascada ofrecen un espect\u00e1culo sobrecogedor, especialmente impresionante durante el deshielo.<\/p>\n\n\n\n<p><strong>El Pic du Midi de Bigorre:<\/strong> accesible desde <strong>La Mongie<\/strong>, este \u201cnav\u00edo de las estrellas\u201d ofrece una vista de <strong>360\u00b0<\/strong> sobre toda la cordillera. Su plataforma panor\u00e1mica y su pasarela suspendida en el vac\u00edo son experiencias que hay que vivir al menos una vez.<\/p>\n\n\n\n<p><strong>Espa\u00f1a por el T\u00fanel de Aragnouet-Bielsa:<\/strong> en solo unos minutos, \u00a1cambie de vertiente! Arag\u00f3n le regala paisajes m\u00e1s \u00e1ridos, ca\u00f1ones salvajes y un total cambio de aires en pueblos como <strong>Bielsa<\/strong> o la ciudad medieval de <strong>A\u00ednsa<\/strong>.<\/p>\n\n\n\n<p><strong>Lourdes:<\/strong> a menos de una hora, la ciudad mariana es una etapa espiritual e hist\u00f3rica de primer orden.<\/p>\n<\/div>\n<\/div>\n\n\n\n<div class=\"wp-image-slider border-green-gallery-full animation--top animation--init--once has-text-align-left aspect-ratio-1_1\">\n\n                                        \n                    <script>\n                        'use strict';\n\n                        document.addEventListener('DOMContentLoaded', function () {\n\n                            (function() {\n                                const blockSlide = new Splide( '#slide_278', {\n                                    type : 'loop',\n                                    perPage: 1,\n                                                                        \n                                    breakpoints: {\n                                        800: {\n                                            perPage: 1,\n                                                                                    },\n                                        450: {\n                                            perPage: 1,\n                                            \n                                        },\n                                    },\n                                    pagination: false,\n                                    arrows: true,\n                                    gap: 'var(--wp--style--block-gap)',\n                                    i18n: {\n                                        slideLabel: '0%s \/ 0%s',\n                                    }\n                                } );\n                                \n\n                                if (!document.querySelector('#slide_278').closest('.banner-slide')) {\n                                    const options = {\n                                        rootMargin: '0px',\n                                        threshold: 0.5\n                                    };\n\n                                    const observer = new IntersectionObserver(function (entries, observer) {\n                                        entries.forEach(entry => {\n                                            if (entry.isIntersecting) {\n                                                console.log('Slider is visible');\n                                                blockSlide.go('+' + entry.target.dataset.counter);\n                                                blockSlide.go('+${1}');\n                                                observer.unobserve(entry.target); \/\/ stop observing the target element\n                                            }\n                                        });\n                                    }, options);\n\n                                    observer.observe(document.querySelector('#slide_278'));\n                                }\n\n\n                                \n\/*                                 blockSlide.on( 'mounted', function () {\n                                    blockSlide.go('+${1}');\n                                } ); *\/\n\n                                blockSlide.mount();\n                                                                \n                                \n\n                            })();\n                        })\n                    <\/script>\n\n                    <div class=\"slider-container\"><div class=\"splide galeria-slider galeria-columnas-1\" id=\"slide_278\"><div class=\"splide__track\"><div class=\"splide__list\"><a href=\"https:\/\/www.camping-saint-lary.com\/wp-content\/uploads\/canyons.jpg\" id=\"thumb-9813\" class=\"splide__slide image-link\" data-gallery=\"slide_278\"  data-counter=\"01\/10\" alt=\" \" class=\"image-link\"><div class=\"image-wrapper\"><img loading=\"lazy\" decoding=\"async\" width=\"631\" height=\"576\" src=\"https:\/\/www.camping-saint-lary.com\/wp-content\/uploads\/canyons.jpg\" class=\"attachment-gallery-medium size-gallery-medium\" alt=\"\" srcset=\"https:\/\/www.camping-saint-lary.com\/wp-content\/uploads\/\/canyons.jpg 631w, https:\/\/www.camping-saint-lary.com\/wp-content\/uploads\/\/canyons-512x467.jpg 512w, https:\/\/www.camping-saint-lary.com\/wp-content\/uploads\/\/canyons-256x234.jpg 256w, https:\/\/www.camping-saint-lary.com\/wp-content\/uploads\/\/canyons-24x22.jpg 24w, https:\/\/www.camping-saint-lary.com\/wp-content\/uploads\/\/canyons-36x33.jpg 36w, https:\/\/www.camping-saint-lary.com\/wp-content\/uploads\/\/canyons-48x44.jpg 48w\" sizes=\"auto, (max-width: 631px) 100vw, 631px\" \/><\/div><\/a><a href=\"https:\/\/www.camping-saint-lary.com\/wp-content\/uploads\/frontiere.jpg\" id=\"thumb-9810\" class=\"splide__slide image-link\" data-gallery=\"slide_278\"  data-counter=\"02\/10\" alt=\" \" class=\"image-link\"><div class=\"image-wrapper\"><img loading=\"lazy\" decoding=\"async\" width=\"631\" height=\"576\" src=\"https:\/\/www.camping-saint-lary.com\/wp-content\/uploads\/frontiere.jpg\" class=\"attachment-gallery-medium size-gallery-medium\" alt=\"\" srcset=\"https:\/\/www.camping-saint-lary.com\/wp-content\/uploads\/\/frontiere.jpg 631w, https:\/\/www.camping-saint-lary.com\/wp-content\/uploads\/\/frontiere-512x467.jpg 512w, https:\/\/www.camping-saint-lary.com\/wp-content\/uploads\/\/frontiere-256x234.jpg 256w, https:\/\/www.camping-saint-lary.com\/wp-content\/uploads\/\/frontiere-24x22.jpg 24w, https:\/\/www.camping-saint-lary.com\/wp-content\/uploads\/\/frontiere-36x33.jpg 36w, https:\/\/www.camping-saint-lary.com\/wp-content\/uploads\/\/frontiere-48x44.jpg 48w\" sizes=\"auto, (max-width: 631px) 100vw, 631px\" \/><\/div><\/a><a href=\"https:\/\/www.camping-saint-lary.com\/wp-content\/uploads\/1-21.jpg\" id=\"thumb-9809\" class=\"splide__slide image-link\" data-gallery=\"slide_278\"  data-counter=\"03\/10\" alt=\" \" class=\"image-link\"><div class=\"image-wrapper\"><img loading=\"lazy\" decoding=\"async\" width=\"1024\" height=\"576\" src=\"https:\/\/www.camping-saint-lary.com\/wp-content\/uploads\/1-21-1024x576.jpg\" class=\"attachment-gallery-medium size-gallery-medium\" alt=\"\" srcset=\"https:\/\/www.camping-saint-lary.com\/wp-content\/uploads\/\/1-21-1024x576.jpg 1024w, https:\/\/www.camping-saint-lary.com\/wp-content\/uploads\/\/1-21-768x432.jpg 768w, https:\/\/www.camping-saint-lary.com\/wp-content\/uploads\/\/1-21-1536x864.jpg 1536w, https:\/\/www.camping-saint-lary.com\/wp-content\/uploads\/\/1-21-512x288.jpg 512w, https:\/\/www.camping-saint-lary.com\/wp-content\/uploads\/\/1-21-256x144.jpg 256w, https:\/\/www.camping-saint-lary.com\/wp-content\/uploads\/\/1-21-24x14.jpg 24w, https:\/\/www.camping-saint-lary.com\/wp-content\/uploads\/\/1-21-36x20.jpg 36w, https:\/\/www.camping-saint-lary.com\/wp-content\/uploads\/\/1-21-48x27.jpg 48w, https:\/\/www.camping-saint-lary.com\/wp-content\/uploads\/\/1-21.jpg 1920w\" sizes=\"auto, (max-width: 1024px) 100vw, 1024px\" \/><\/div><\/a><a href=\"https:\/\/www.camping-saint-lary.com\/wp-content\/uploads\/lourdes-sanctuaire.jpg\" id=\"thumb-10522\" class=\"splide__slide image-link\" data-gallery=\"slide_278\"  data-counter=\"04\/10\" alt=\" \" class=\"image-link\"><div class=\"image-wrapper\"><img loading=\"lazy\" decoding=\"async\" width=\"1024\" height=\"682\" src=\"https:\/\/www.camping-saint-lary.com\/wp-content\/uploads\/lourdes-sanctuaire-1024x682.jpg\" class=\"attachment-gallery-medium size-gallery-medium\" alt=\"\" srcset=\"https:\/\/www.camping-saint-lary.com\/wp-content\/uploads\/\/lourdes-sanctuaire-1024x682.jpg 1024w, https:\/\/www.camping-saint-lary.com\/wp-content\/uploads\/\/lourdes-sanctuaire-768x512.jpg 768w, https:\/\/www.camping-saint-lary.com\/wp-content\/uploads\/\/lourdes-sanctuaire-512x341.jpg 512w, https:\/\/www.camping-saint-lary.com\/wp-content\/uploads\/\/lourdes-sanctuaire-256x171.jpg 256w, https:\/\/www.camping-saint-lary.com\/wp-content\/uploads\/\/lourdes-sanctuaire-24x16.jpg 24w, https:\/\/www.camping-saint-lary.com\/wp-content\/uploads\/\/lourdes-sanctuaire-36x24.jpg 36w, https:\/\/www.camping-saint-lary.com\/wp-content\/uploads\/\/lourdes-sanctuaire-48x32.jpg 48w, https:\/\/www.camping-saint-lary.com\/wp-content\/uploads\/\/lourdes-sanctuaire.jpg 1138w\" sizes=\"auto, (max-width: 1024px) 100vw, 1024px\" \/><\/div><\/a><a href=\"https:\/\/www.camping-saint-lary.com\/wp-content\/uploads\/neouvielle-parc-national-1.jpg\" id=\"thumb-10595\" class=\"splide__slide image-link\" data-gallery=\"slide_278\"  data-counter=\"05\/10\" alt=\" \" class=\"image-link\"><div class=\"image-wrapper\"><img loading=\"lazy\" decoding=\"async\" width=\"1024\" height=\"611\" src=\"https:\/\/www.camping-saint-lary.com\/wp-content\/uploads\/neouvielle-parc-national-1-1024x611.jpg\" class=\"attachment-gallery-medium size-gallery-medium\" alt=\"\" srcset=\"https:\/\/www.camping-saint-lary.com\/wp-content\/uploads\/\/neouvielle-parc-national-1-1024x611.jpg 1024w, https:\/\/www.camping-saint-lary.com\/wp-content\/uploads\/\/neouvielle-parc-national-1-768x458.jpg 768w, https:\/\/www.camping-saint-lary.com\/wp-content\/uploads\/\/neouvielle-parc-national-1-1536x916.jpg 1536w, https:\/\/www.camping-saint-lary.com\/wp-content\/uploads\/\/neouvielle-parc-national-1-512x305.jpg 512w, https:\/\/www.camping-saint-lary.com\/wp-content\/uploads\/\/neouvielle-parc-national-1-256x153.jpg 256w, https:\/\/www.camping-saint-lary.com\/wp-content\/uploads\/\/neouvielle-parc-national-1-24x14.jpg 24w, https:\/\/www.camping-saint-lary.com\/wp-content\/uploads\/\/neouvielle-parc-national-1-36x21.jpg 36w, https:\/\/www.camping-saint-lary.com\/wp-content\/uploads\/\/neouvielle-parc-national-1-48x29.jpg 48w, https:\/\/www.camping-saint-lary.com\/wp-content\/uploads\/\/neouvielle-parc-national-1.jpg 2048w\" sizes=\"auto, (max-width: 1024px) 100vw, 1024px\" \/><\/div><\/a><a href=\"https:\/\/www.camping-saint-lary.com\/wp-content\/uploads\/ponton-ciel-pic-midi-vue-imprenable.jpg\" id=\"thumb-10587\" class=\"splide__slide image-link\" data-gallery=\"slide_278\"  data-counter=\"06\/10\" alt=\" \" class=\"image-link\"><div class=\"image-wrapper\"><img loading=\"lazy\" decoding=\"async\" width=\"1014\" height=\"1024\" src=\"https:\/\/www.camping-saint-lary.com\/wp-content\/uploads\/ponton-ciel-pic-midi-vue-imprenable-1014x1024.jpg\" class=\"attachment-gallery-medium size-gallery-medium\" alt=\"\" srcset=\"https:\/\/www.camping-saint-lary.com\/wp-content\/uploads\/\/ponton-ciel-pic-midi-vue-imprenable-1014x1024.jpg 1014w, https:\/\/www.camping-saint-lary.com\/wp-content\/uploads\/\/ponton-ciel-pic-midi-vue-imprenable-768x776.jpg 768w, https:\/\/www.camping-saint-lary.com\/wp-content\/uploads\/\/ponton-ciel-pic-midi-vue-imprenable-507x512.jpg 507w, https:\/\/www.camping-saint-lary.com\/wp-content\/uploads\/\/ponton-ciel-pic-midi-vue-imprenable-253x256.jpg 253w, https:\/\/www.camping-saint-lary.com\/wp-content\/uploads\/\/ponton-ciel-pic-midi-vue-imprenable-24x24.jpg 24w, https:\/\/www.camping-saint-lary.com\/wp-content\/uploads\/\/ponton-ciel-pic-midi-vue-imprenable-36x36.jpg 36w, https:\/\/www.camping-saint-lary.com\/wp-content\/uploads\/\/ponton-ciel-pic-midi-vue-imprenable-48x48.jpg 48w, https:\/\/www.camping-saint-lary.com\/wp-content\/uploads\/\/ponton-ciel-pic-midi-vue-imprenable.jpg 1284w\" sizes=\"auto, (max-width: 1014px) 100vw, 1014px\" \/><\/div><\/a><a href=\"https:\/\/www.camping-saint-lary.com\/wp-content\/uploads\/pic-midi-pyrenees.jpeg\" id=\"thumb-10583\" class=\"splide__slide image-link\" data-gallery=\"slide_278\"  data-counter=\"07\/10\" alt=\" \" class=\"image-link\"><div class=\"image-wrapper\"><img loading=\"lazy\" decoding=\"async\" width=\"528\" height=\"655\" src=\"https:\/\/www.camping-saint-lary.com\/wp-content\/uploads\/pic-midi-pyrenees.jpeg\" class=\"attachment-gallery-medium size-gallery-medium\" alt=\"\" srcset=\"https:\/\/www.camping-saint-lary.com\/wp-content\/uploads\/\/pic-midi-pyrenees.jpeg 528w, https:\/\/www.camping-saint-lary.com\/wp-content\/uploads\/\/pic-midi-pyrenees-413x512.jpeg 413w, https:\/\/www.camping-saint-lary.com\/wp-content\/uploads\/\/pic-midi-pyrenees-206x256.jpeg 206w, https:\/\/www.camping-saint-lary.com\/wp-content\/uploads\/\/pic-midi-pyrenees-19x24.jpeg 19w, https:\/\/www.camping-saint-lary.com\/wp-content\/uploads\/\/pic-midi-pyrenees-29x36.jpeg 29w, https:\/\/www.camping-saint-lary.com\/wp-content\/uploads\/\/pic-midi-pyrenees-39x48.jpeg 39w\" sizes=\"auto, (max-width: 528px) 100vw, 528px\" \/><\/div><\/a><a href=\"https:\/\/www.camping-saint-lary.com\/wp-content\/uploads\/nbirrien-vtt-4.jpg\" id=\"thumb-10551\" class=\"splide__slide image-link\" data-gallery=\"slide_278\"  data-counter=\"08\/10\" alt=\" \" class=\"image-link\"><div class=\"image-wrapper\"><img loading=\"lazy\" decoding=\"async\" width=\"578\" height=\"466\" src=\"https:\/\/www.camping-saint-lary.com\/wp-content\/uploads\/nbirrien-vtt-4.jpg\" class=\"attachment-gallery-medium size-gallery-medium\" alt=\"\" srcset=\"https:\/\/www.camping-saint-lary.com\/wp-content\/uploads\/\/nbirrien-vtt-4.jpg 578w, https:\/\/www.camping-saint-lary.com\/wp-content\/uploads\/\/nbirrien-vtt-4-512x413.jpg 512w, https:\/\/www.camping-saint-lary.com\/wp-content\/uploads\/\/nbirrien-vtt-4-256x206.jpg 256w, https:\/\/www.camping-saint-lary.com\/wp-content\/uploads\/\/nbirrien-vtt-4-24x19.jpg 24w, https:\/\/www.camping-saint-lary.com\/wp-content\/uploads\/\/nbirrien-vtt-4-36x29.jpg 36w, https:\/\/www.camping-saint-lary.com\/wp-content\/uploads\/\/nbirrien-vtt-4-48x39.jpg 48w\" sizes=\"auto, (max-width: 578px) 100vw, 578px\" \/><\/div><\/a><a href=\"https:\/\/www.camping-saint-lary.com\/wp-content\/uploads\/lac-mediano-espagne.jpg\" id=\"thumb-10543\" class=\"splide__slide image-link\" data-gallery=\"slide_278\"  data-counter=\"09\/10\" alt=\" \" class=\"image-link\"><div class=\"image-wrapper\"><img loading=\"lazy\" decoding=\"async\" width=\"1024\" height=\"760\" src=\"https:\/\/www.camping-saint-lary.com\/wp-content\/uploads\/lac-mediano-espagne-1024x760.jpg\" class=\"attachment-gallery-medium size-gallery-medium\" alt=\"\" srcset=\"https:\/\/www.camping-saint-lary.com\/wp-content\/uploads\/\/lac-mediano-espagne-1024x760.jpg 1024w, https:\/\/www.camping-saint-lary.com\/wp-content\/uploads\/\/lac-mediano-espagne-768x570.jpg 768w, https:\/\/www.camping-saint-lary.com\/wp-content\/uploads\/\/lac-mediano-espagne-1536x1140.jpg 1536w, https:\/\/www.camping-saint-lary.com\/wp-content\/uploads\/\/lac-mediano-espagne-512x380.jpg 512w, https:\/\/www.camping-saint-lary.com\/wp-content\/uploads\/\/lac-mediano-espagne-256x190.jpg 256w, https:\/\/www.camping-saint-lary.com\/wp-content\/uploads\/\/lac-mediano-espagne-24x18.jpg 24w, https:\/\/www.camping-saint-lary.com\/wp-content\/uploads\/\/lac-mediano-espagne-36x27.jpg 36w, https:\/\/www.camping-saint-lary.com\/wp-content\/uploads\/\/lac-mediano-espagne-48x36.jpg 48w, https:\/\/www.camping-saint-lary.com\/wp-content\/uploads\/\/lac-mediano-espagne.jpg 1657w\" sizes=\"auto, (max-width: 1024px) 100vw, 1024px\" \/><\/div><\/a><a href=\"https:\/\/www.camping-saint-lary.com\/wp-content\/uploads\/montagne-ete-randonne-saint-lary-soulan-rioumajou.jpg\" id=\"thumb-10519\" class=\"splide__slide image-link\" data-gallery=\"slide_278\"  data-counter=\"10\/10\" alt=\" \" class=\"image-link\"><div class=\"image-wrapper\"><img loading=\"lazy\" decoding=\"async\" width=\"1024\" height=\"599\" src=\"https:\/\/www.camping-saint-lary.com\/wp-content\/uploads\/montagne-ete-randonne-saint-lary-soulan-rioumajou-1024x599.jpg\" class=\"attachment-gallery-medium size-gallery-medium\" alt=\"\" srcset=\"https:\/\/www.camping-saint-lary.com\/wp-content\/uploads\/\/montagne-ete-randonne-saint-lary-soulan-rioumajou-1024x599.jpg 1024w, https:\/\/www.camping-saint-lary.com\/wp-content\/uploads\/\/montagne-ete-randonne-saint-lary-soulan-rioumajou-768x450.jpg 768w, https:\/\/www.camping-saint-lary.com\/wp-content\/uploads\/\/montagne-ete-randonne-saint-lary-soulan-rioumajou-512x300.jpg 512w, https:\/\/www.camping-saint-lary.com\/wp-content\/uploads\/\/montagne-ete-randonne-saint-lary-soulan-rioumajou-256x150.jpg 256w, https:\/\/www.camping-saint-lary.com\/wp-content\/uploads\/\/montagne-ete-randonne-saint-lary-soulan-rioumajou-24x14.jpg 24w, https:\/\/www.camping-saint-lary.com\/wp-content\/uploads\/\/montagne-ete-randonne-saint-lary-soulan-rioumajou-36x21.jpg 36w, https:\/\/www.camping-saint-lary.com\/wp-content\/uploads\/\/montagne-ete-randonne-saint-lary-soulan-rioumajou-48x28.jpg 48w, https:\/\/www.camping-saint-lary.com\/wp-content\/uploads\/\/montagne-ete-randonne-saint-lary-soulan-rioumajou.jpg 1305w\" sizes=\"auto, (max-width: 1024px) 100vw, 1024px\" \/><\/div><\/a><\/div><\/div><\/div><\/div>\n                    \n<\/div><\/div>\n\n\n\n<div class=\"wp-block-group background-left-pink has-animation padding-container-mobile is-content-justification-center is-nowrap is-layout-flex wp-container-core-group-is-layout-32c2087b wp-block-group-is-layout-flex\" style=\"margin-top:var(--wp--preset--spacing--80);padding-top:var(--wp--preset--spacing--50);padding-bottom:var(--wp--preset--spacing--50)\">\n<div class=\"wp-image-slider border-pink-gallery-full animation--top animation--init--once has-text-align-left aspect-ratio-1_1\">\n\n                                        \n                    <script>\n                        'use strict';\n\n                        document.addEventListener('DOMContentLoaded', function () {\n\n                            (function() {\n                                const blockSlide = new Splide( '#slide_492', {\n                                    type : 'loop',\n                                    perPage: 1,\n                                                                        \n                                    breakpoints: {\n                                        800: {\n                                            perPage: 3,\n                                                                                    },\n                                        450: {\n                                            perPage: 1,\n                                            \n                                        },\n                                    },\n                                    pagination: false,\n                                    arrows: true,\n                                    gap: 'var(--wp--style--block-gap)',\n                                    i18n: {\n                                        slideLabel: '0%s \/ 0%s',\n                                    }\n                                } );\n                                \n\n                                if (!document.querySelector('#slide_492').closest('.banner-slide')) {\n                                    const options = {\n                                        rootMargin: '0px',\n                                        threshold: 0.5\n                                    };\n\n                                    const observer = new IntersectionObserver(function (entries, observer) {\n                                        entries.forEach(entry => {\n                                            if (entry.isIntersecting) {\n                                                console.log('Slider is visible');\n                                                blockSlide.go('+' + entry.target.dataset.counter);\n                                                blockSlide.go('+${1}');\n                                                observer.unobserve(entry.target); \/\/ stop observing the target element\n                                            }\n                                        });\n                                    }, options);\n\n                                    observer.observe(document.querySelector('#slide_492'));\n                                }\n\n\n                                \n\/*                                 blockSlide.on( 'mounted', function () {\n                                    blockSlide.go('+${1}');\n                                } ); *\/\n\n                                blockSlide.mount();\n                                                                \n                                \n\n                            })();\n                        })\n                    <\/script>\n\n                    <div class=\"slider-container\"><div class=\"splide galeria-slider galeria-columnas-1\" id=\"slide_492\"><div class=\"splide__track\"><div class=\"splide__list\"><a href=\"https:\/\/www.camping-saint-lary.com\/wp-content\/uploads\/marche-pays.jpg\" id=\"thumb-10244\" class=\"splide__slide image-link\" data-gallery=\"slide_492\"  data-counter=\"01\/04\" alt=\" \" class=\"image-link\"><div class=\"image-wrapper\"><img loading=\"lazy\" decoding=\"async\" width=\"631\" height=\"576\" src=\"https:\/\/www.camping-saint-lary.com\/wp-content\/uploads\/marche-pays.jpg\" class=\"attachment-gallery-medium size-gallery-medium\" alt=\"\" srcset=\"https:\/\/www.camping-saint-lary.com\/wp-content\/uploads\/\/marche-pays.jpg 631w, https:\/\/www.camping-saint-lary.com\/wp-content\/uploads\/\/marche-pays-512x467.jpg 512w, https:\/\/www.camping-saint-lary.com\/wp-content\/uploads\/\/marche-pays-256x234.jpg 256w, https:\/\/www.camping-saint-lary.com\/wp-content\/uploads\/\/marche-pays-24x22.jpg 24w, https:\/\/www.camping-saint-lary.com\/wp-content\/uploads\/\/marche-pays-36x33.jpg 36w, https:\/\/www.camping-saint-lary.com\/wp-content\/uploads\/\/marche-pays-48x44.jpg 48w\" sizes=\"auto, (max-width: 631px) 100vw, 631px\" \/><\/div><\/a><a href=\"https:\/\/www.camping-saint-lary.com\/wp-content\/uploads\/saint-lary-soulan-hiver-fontaine.jpg\" id=\"thumb-9872\" class=\"splide__slide image-link\" data-gallery=\"slide_492\"  data-counter=\"02\/04\" alt=\" \" class=\"image-link\"><div class=\"image-wrapper\"><img loading=\"lazy\" decoding=\"async\" width=\"1024\" height=\"770\" src=\"https:\/\/www.camping-saint-lary.com\/wp-content\/uploads\/saint-lary-soulan-hiver-fontaine-1024x770.jpg\" class=\"attachment-gallery-medium size-gallery-medium\" alt=\"\" srcset=\"https:\/\/www.camping-saint-lary.com\/wp-content\/uploads\/\/saint-lary-soulan-hiver-fontaine-1024x770.jpg 1024w, https:\/\/www.camping-saint-lary.com\/wp-content\/uploads\/\/saint-lary-soulan-hiver-fontaine-768x578.jpg 768w, https:\/\/www.camping-saint-lary.com\/wp-content\/uploads\/\/saint-lary-soulan-hiver-fontaine-512x385.jpg 512w, https:\/\/www.camping-saint-lary.com\/wp-content\/uploads\/\/saint-lary-soulan-hiver-fontaine-256x193.jpg 256w, https:\/\/www.camping-saint-lary.com\/wp-content\/uploads\/\/saint-lary-soulan-hiver-fontaine-24x18.jpg 24w, https:\/\/www.camping-saint-lary.com\/wp-content\/uploads\/\/saint-lary-soulan-hiver-fontaine-36x27.jpg 36w, https:\/\/www.camping-saint-lary.com\/wp-content\/uploads\/\/saint-lary-soulan-hiver-fontaine-48x36.jpg 48w, https:\/\/www.camping-saint-lary.com\/wp-content\/uploads\/\/saint-lary-soulan-hiver-fontaine.jpg 1400w\" sizes=\"auto, (max-width: 1024px) 100vw, 1024px\" \/><\/div><\/a><a href=\"https:\/\/www.camping-saint-lary.com\/wp-content\/uploads\/grand-raid-pyrenees-5.jpg\" id=\"thumb-10571\" class=\"splide__slide image-link\" data-gallery=\"slide_492\"  data-counter=\"03\/04\" alt=\" \" class=\"image-link\"><div class=\"image-wrapper\"><img loading=\"lazy\" decoding=\"async\" width=\"1024\" height=\"512\" src=\"https:\/\/www.camping-saint-lary.com\/wp-content\/uploads\/grand-raid-pyrenees-5-1024x512.jpg\" class=\"attachment-gallery-medium size-gallery-medium\" alt=\"\" srcset=\"https:\/\/www.camping-saint-lary.com\/wp-content\/uploads\/\/grand-raid-pyrenees-5-1024x512.jpg 1024w, https:\/\/www.camping-saint-lary.com\/wp-content\/uploads\/\/grand-raid-pyrenees-5-768x384.jpg 768w, https:\/\/www.camping-saint-lary.com\/wp-content\/uploads\/\/grand-raid-pyrenees-5-1536x768.jpg 1536w, https:\/\/www.camping-saint-lary.com\/wp-content\/uploads\/\/grand-raid-pyrenees-5-512x256.jpg 512w, https:\/\/www.camping-saint-lary.com\/wp-content\/uploads\/\/grand-raid-pyrenees-5-256x128.jpg 256w, https:\/\/www.camping-saint-lary.com\/wp-content\/uploads\/\/grand-raid-pyrenees-5-24x12.jpg 24w, https:\/\/www.camping-saint-lary.com\/wp-content\/uploads\/\/grand-raid-pyrenees-5-36x18.jpg 36w, https:\/\/www.camping-saint-lary.com\/wp-content\/uploads\/\/grand-raid-pyrenees-5-48x24.jpg 48w, https:\/\/www.camping-saint-lary.com\/wp-content\/uploads\/\/grand-raid-pyrenees-5.jpg 2048w\" sizes=\"auto, (max-width: 1024px) 100vw, 1024px\" \/><\/div><\/a><a href=\"https:\/\/www.camping-saint-lary.com\/wp-content\/uploads\/grand-3.jpg\" id=\"thumb-10139\" class=\"splide__slide image-link\" data-gallery=\"slide_492\"  data-counter=\"04\/04\" alt=\" \" class=\"image-link\"><div class=\"image-wrapper\"><img loading=\"lazy\" decoding=\"async\" width=\"952\" height=\"952\" src=\"https:\/\/www.camping-saint-lary.com\/wp-content\/uploads\/grand-3.jpg\" class=\"attachment-gallery-medium size-gallery-medium\" alt=\"\" srcset=\"https:\/\/www.camping-saint-lary.com\/wp-content\/uploads\/\/grand-3.jpg 952w, https:\/\/www.camping-saint-lary.com\/wp-content\/uploads\/\/grand-3-200x200.jpg 200w, https:\/\/www.camping-saint-lary.com\/wp-content\/uploads\/\/grand-3-768x768.jpg 768w, https:\/\/www.camping-saint-lary.com\/wp-content\/uploads\/\/grand-3-512x512.jpg 512w, https:\/\/www.camping-saint-lary.com\/wp-content\/uploads\/\/grand-3-256x256.jpg 256w, https:\/\/www.camping-saint-lary.com\/wp-content\/uploads\/\/grand-3-24x24.jpg 24w, https:\/\/www.camping-saint-lary.com\/wp-content\/uploads\/\/grand-3-36x36.jpg 36w, https:\/\/www.camping-saint-lary.com\/wp-content\/uploads\/\/grand-3-48x48.jpg 48w\" sizes=\"auto, (max-width: 952px) 100vw, 952px\" \/><\/div><\/a><\/div><\/div><\/div><\/div>\n                    \n<\/div>\n\n\n<div class=\"wp-block-group animation--top animation--init--once is-nowrap is-layout-flex wp-container-core-group-is-layout-6c531013 wp-block-group-is-layout-flex\">\n<div class=\"wp-block-group is-layout-constrained wp-block-group-is-layout-constrained\">\n<div class=\"wp-block-group is-nowrap is-layout-flex wp-container-core-group-is-layout-6c531013 wp-block-group-is-layout-flex\">\n<h3 class=\"wp-block-heading has-theme-pink-2-color has-text-color\" style=\"font-size:40px\">Informaci\u00f3n esencial<\/h3>\n<\/div>\n\n\n\n<p><strong>100 m:<\/strong> 2 panader\u00edas-pasteler\u00edas.<br><strong>500 m:<\/strong> Supermercado Carrefour Montagne.<br><strong>500 m:<\/strong> Mercado de Saint-Lary-Soulan (s\u00e1bado por la ma\u00f1ana).<br><strong>500 m:<\/strong> Mercado de Vielle-Aure (martes por la ma\u00f1ana).<br><strong>7 km:<\/strong> Mercado de Arreau (jueves por la ma\u00f1ana).<br><strong>500 m:<\/strong> Salida del <strong>Grand Raid des Pyr\u00e9n\u00e9es<\/strong> y del sendero <strong>GR10<\/strong>.<br><strong>500 m:<\/strong> Centro de Saint-Lary-Soulan con sus comercios, su centro termal y su estaci\u00f3n de esqu\u00ed.<br><strong>2 km:<\/strong> Salida de la base de rafting, parque de aventura en los \u00e1rboles y todas las actividades deportivas de monta\u00f1a.<br><strong>20 km:<\/strong> Reserva Natural de <strong>N\u00e9ouvielle<\/strong> y Reserva de <strong>Aulon<\/strong>.<\/p>\n\n\n\n<p>Los lagos majestuosos y los paisajes inolvidables del <strong>Parque Nacional de los Pirineos<\/strong>.<\/p>\n\n\n\n<p><strong>30 km:<\/strong> T\u00fanel de <strong>Aragnouet-Bielsa<\/strong> para cruzar la frontera en direcci\u00f3n a Espa\u00f1a.<br><strong>2 centros termol\u00fadicos:<\/strong> <em>Sensoria Rio<\/em> a <strong>700 m<\/strong> en Saint-Lary-Soulan y <em>Baln\u00e9a<\/em> a <strong>20 km<\/strong> en Loudenvielle.<strong>con toda suavidad<\/strong>.<\/p>\n<\/div>\n<\/div>\n<\/div>\n<\/div>\n\n\n\n<div class=\"wp-block-group alignfull has-theme-brown-black-background-color has-background is-layout-flow wp-block-group-is-layout-flow\" style=\"margin-top:0;margin-bottom:0;padding-top:0;padding-right:0;padding-bottom:0;padding-left:0\">\n<div class=\"wp-block-cover\"><span aria-hidden=\"true\" class=\"wp-block-cover__background has-background-dim\"><\/span><img decoding=\"async\" class=\"wp-block-cover__image-background wp-image-1700\" alt=\"\" src=\"https:\/\/www.camping-saint-lary.com\/wp-content\/uploads\/formas-fondos-1.svg\" data-object-fit=\"cover\"\/><div class=\"wp-block-cover__inner-container is-layout-flow wp-block-cover-is-layout-flow\">\n<div class=\"wp-block-auto-tabs autres-locations padding-bottom-footer-autres\" data-selector=\"h3\">\n  <div class=\"acf-innerblocks-container\">\n\n<div class=\"wp-block-group auto-tabs-wrapper has-animation is-layout-flow wp-block-group-is-layout-flow\">\n<p class=\"has-text-align-center  animation--left animation--init--once\"><strong>Aqu\u00ed se mostrar\u00e1n las pesta\u00f1as.<\/strong><br> El primer <strong>h3<\/strong> de cada contenido se usar\u00e1 como t\u00edtulo de su pesta\u00f1a. Puedes cambiarlo por otro tag o una clase en el panel lateral<\/p>\n<\/div>\n\n\n\n<div class=\"wp-block-group alignfull auto-content-wrapper is-layout-flow wp-block-group-is-layout-flow\">\n<div class=\"wp-block-group has-animation is-layout-flow wp-block-group-is-layout-flow\">\n<h2 class=\"wp-block-heading has-text-align-center has-theme-pink-2-color has-text-color\">Au camping Val d&#8217;Autun<br><sub><mark style=\"background-color:rgba(0, 0, 0, 0)\" class=\"has-inline-color has-theme-green-light-color\">D\u00e9couvrez \u00e9galement <\/mark><\/sub><\/h2>\n\n\n<script>var object = [];<\/script>\n<div class=\"wp-block-activites\">\n\n\n<div id=\"\" class=\"wp-block-activites\" style=\"\">\n\n  \n                                                            <div class=\"slider-container slider-autres-activites has-animation\"><div class=\"splide galeria-autres-activites-block_slide_9040\"><div class=\"splide__track\"><div class=\"splide__list\">\n                  \n                                                        <div class=\"splide__slide r\">\n\n                        \n                    <div class=\"columns-container nos-locations-2 animation--top animation--init--once\">\n\n                    <a class=\"\" href=\"https:\/\/www.camping-saint-lary.com\/es\/actividades-en-la-zona\/en-primavera\/\">\n                    \n                    <div class=\"column-image\">\n                    <img loading=\"lazy\" decoding=\"async\" width=\"1024\" height=\"581\" src=\"https:\/\/www.camping-saint-lary.com\/wp-content\/uploads\/activite-montagne-randonne-1024x581.jpg\" class=\"attachment-gallery-medium size-gallery-medium wp-post-image\" alt=\"\" srcset=\"https:\/\/www.camping-saint-lary.com\/wp-content\/uploads\/\/activite-montagne-randonne-1024x581.jpg 1024w, https:\/\/www.camping-saint-lary.com\/wp-content\/uploads\/\/activite-montagne-randonne-768x436.jpg 768w, https:\/\/www.camping-saint-lary.com\/wp-content\/uploads\/\/activite-montagne-randonne-512x291.jpg 512w, https:\/\/www.camping-saint-lary.com\/wp-content\/uploads\/\/activite-montagne-randonne-256x145.jpg 256w, https:\/\/www.camping-saint-lary.com\/wp-content\/uploads\/\/activite-montagne-randonne-24x14.jpg 24w, https:\/\/www.camping-saint-lary.com\/wp-content\/uploads\/\/activite-montagne-randonne-36x20.jpg 36w, https:\/\/www.camping-saint-lary.com\/wp-content\/uploads\/\/activite-montagne-randonne-48x27.jpg 48w, https:\/\/www.camping-saint-lary.com\/wp-content\/uploads\/\/activite-montagne-randonne.jpg 1138w\" sizes=\"auto, (max-width: 1024px) 100vw, 1024px\" \/>\n                                            <div class=\"column-text autres-back-1\">\n\n                                            <div class=\"autres-heber-content-contenu features-autres\">\n                                            <h3 class=\"\">En primavera<\/h3>\n                                            <!-- <h3 class=\"animation--top animation--init\"><\/h3> -->\n                                                                                                \n                                                                    <\/div>\n\n                    <\/div>\n\n                    <\/div>\n\n                    <\/a>\n\n                    <\/div>\n\n                        \n                                    <\/a>\n\n                                    <\/div>\n\n                    \n                                                        <div class=\"splide__slide r\">\n\n                        \n                    <div class=\"columns-container nos-locations-2 animation--top animation--init--once\">\n\n                    <a class=\"\" href=\"https:\/\/www.camping-saint-lary.com\/es\/actividades-en-la-zona\/en-invierno\/\">\n                    \n                    <div class=\"column-image\">\n                    <img loading=\"lazy\" decoding=\"async\" width=\"631\" height=\"576\" src=\"https:\/\/www.camping-saint-lary.com\/wp-content\/uploads\/randonnee-hiver-1.jpg\" class=\"attachment-gallery-medium size-gallery-medium wp-post-image\" alt=\"\" srcset=\"https:\/\/www.camping-saint-lary.com\/wp-content\/uploads\/\/randonnee-hiver-1.jpg 631w, https:\/\/www.camping-saint-lary.com\/wp-content\/uploads\/\/randonnee-hiver-1-512x467.jpg 512w, https:\/\/www.camping-saint-lary.com\/wp-content\/uploads\/\/randonnee-hiver-1-256x234.jpg 256w, https:\/\/www.camping-saint-lary.com\/wp-content\/uploads\/\/randonnee-hiver-1-24x22.jpg 24w, https:\/\/www.camping-saint-lary.com\/wp-content\/uploads\/\/randonnee-hiver-1-36x33.jpg 36w, https:\/\/www.camping-saint-lary.com\/wp-content\/uploads\/\/randonnee-hiver-1-48x44.jpg 48w\" sizes=\"auto, (max-width: 631px) 100vw, 631px\" \/>\n                                            <div class=\"column-text autres-back-1\">\n\n                                            <div class=\"autres-heber-content-contenu features-autres\">\n                                            <h3 class=\"\">En invierno<\/h3>\n                                            <!-- <h3 class=\"animation--top animation--init\"><\/h3> -->\n                                                                                                \n                                                                    <\/div>\n\n                    <\/div>\n\n                    <\/div>\n\n                    <\/a>\n\n                    <\/div>\n\n                        \n                                    <\/a>\n\n                                    <\/div>\n\n                    \n                                                        <div class=\"splide__slide r\">\n\n                        \n                    <div class=\"columns-container nos-locations-2 animation--top animation--init--once\">\n\n                    <a class=\"\" href=\"https:\/\/www.camping-saint-lary.com\/es\/actividades-en-la-zona\/espana\/\">\n                    \n                    <div class=\"column-image\">\n                    <img loading=\"lazy\" decoding=\"async\" width=\"631\" height=\"576\" src=\"https:\/\/www.camping-saint-lary.com\/wp-content\/uploads\/espagne.jpg\" class=\"attachment-gallery-medium size-gallery-medium wp-post-image\" alt=\"\" srcset=\"https:\/\/www.camping-saint-lary.com\/wp-content\/uploads\/\/espagne.jpg 631w, https:\/\/www.camping-saint-lary.com\/wp-content\/uploads\/\/espagne-512x467.jpg 512w, https:\/\/www.camping-saint-lary.com\/wp-content\/uploads\/\/espagne-256x234.jpg 256w, https:\/\/www.camping-saint-lary.com\/wp-content\/uploads\/\/espagne-24x22.jpg 24w, https:\/\/www.camping-saint-lary.com\/wp-content\/uploads\/\/espagne-36x33.jpg 36w, https:\/\/www.camping-saint-lary.com\/wp-content\/uploads\/\/espagne-48x44.jpg 48w\" sizes=\"auto, (max-width: 631px) 100vw, 631px\" \/>\n                                            <div class=\"column-text autres-back-1\">\n\n                                            <div class=\"autres-heber-content-contenu features-autres\">\n                                            <h3 class=\"\">Espa\u00f1a<\/h3>\n                                            <!-- <h3 class=\"animation--top animation--init\"><\/h3> -->\n                                                                                                \n                                                                    <\/div>\n\n                    <\/div>\n\n                    <\/div>\n\n                    <\/a>\n\n                    <\/div>\n\n                        \n                                    <\/a>\n\n                                    <\/div>\n\n                    \n                \n            <\/div><\/div><\/div>            \n                <\/div>\n                        \n    \n\n<\/div>\n<\/div>\n\n\n<script>\n    new Splide( '.galeria-autres-activites-block_slide_9040', \n        {\n            perMove: 1,\n            perPage: 3,\n            autoplay: false,\n            type: 'loop',\n            gap: '30px',\n            pagination: false,\n            arrows: true,\n            breakpoints: {\n                1300: {\n                    perPage: 2,\n                },\n                950: {\n                    perPage: 1,\n                },\n            }   \n        } \n        ).mount();\n<\/script>\n<\/div>\n<\/div>\n\n<\/div><\/div><\/div><\/div>\n<\/div>\n\n\n\n<div class=\"wp-block-group alignfull has-animation has-theme-grey-3-background-color has-background is-layout-flow wp-block-group-is-layout-flow\" style=\"margin-top:0;margin-bottom:0;padding-top:0;padding-right:0;padding-bottom:0;padding-left:0\">\n<div class=\"wp-block-cover padding-bottom-footer-1\"><span aria-hidden=\"true\" class=\"wp-block-cover__background has-background-dim\"><\/span><img decoding=\"async\" class=\"wp-block-cover__image-background wp-image-1700\" alt=\"\" src=\"https:\/\/www.camping-saint-lary.com\/wp-content\/uploads\/formas-fondos-1.svg\" data-object-fit=\"cover\"\/><div class=\"wp-block-cover__inner-container is-layout-flow wp-block-cover-is-layout-flow\">\n<div class=\"wp-block-group alignwide horizontal-logos is-layout-flow wp-block-group-is-layout-flow\">        <div class=\"wp-block-custom-grid has-text-align-center block-grid-responsive\" style=\" --wp--style--block-desktop-column:5;--wp--style--block-tablet-column:2;--wp--style--block-mobile-column:1;\">\n\n                <div class=\"acf-innerblocks-container\">\n\n<figure class=\"wp-block-image size-full animation--top animation--init--once\"><a href=\"https:\/\/www.sarratevasion.com\/\" target=\"_blank\" rel=\"noreferrer noopener\"><img loading=\"lazy\" decoding=\"async\" width=\"174\" height=\"150\" src=\"https:\/\/www.camping-saint-lary.com\/wp-content\/uploads\/sarrat-evasion.png\" alt=\"\" class=\"wp-image-8196\" srcset=\"https:\/\/www.camping-saint-lary.com\/wp-content\/uploads\/\/sarrat-evasion.png 174w, https:\/\/www.camping-saint-lary.com\/wp-content\/uploads\/\/sarrat-evasion-24x21.png 24w, https:\/\/www.camping-saint-lary.com\/wp-content\/uploads\/\/sarrat-evasion-36x31.png 36w, https:\/\/www.camping-saint-lary.com\/wp-content\/uploads\/\/sarrat-evasion-48x41.png 48w\" sizes=\"auto, (max-width: 174px) 100vw, 174px\" \/><\/a><\/figure>\n\n\n<figure class=\"wp-block-image size-full animation--top animation--init--once\"><a href=\"https:\/\/www.canyoning-saint-lary.com\/\" target=\"_blank\" rel=\"noreferrer noopener\"><img loading=\"lazy\" decoding=\"async\" width=\"174\" height=\"150\" src=\"https:\/\/www.camping-saint-lary.com\/wp-content\/uploads\/canyoning.png\" alt=\"\" class=\"wp-image-3740\" srcset=\"https:\/\/www.camping-saint-lary.com\/wp-content\/uploads\/\/canyoning.png 174w, https:\/\/www.camping-saint-lary.com\/wp-content\/uploads\/\/canyoning-24x21.png 24w, https:\/\/www.camping-saint-lary.com\/wp-content\/uploads\/\/canyoning-36x31.png 36w, https:\/\/www.camping-saint-lary.com\/wp-content\/uploads\/\/canyoning-48x41.png 48w\" sizes=\"auto, (max-width: 174px) 100vw, 174px\" \/><\/a><\/figure>\n\n\n<figure class=\"wp-block-image size-full animation--top animation--init--once\"><a href=\"https:\/\/www.panaurama-saintlary.com\/\" target=\"_blank\" rel=\"noreferrer noopener\"><img loading=\"lazy\" decoding=\"async\" width=\"174\" height=\"150\" src=\"https:\/\/www.camping-saint-lary.com\/wp-content\/uploads\/panaurama.png\" alt=\"\" class=\"wp-image-3743\" srcset=\"https:\/\/www.camping-saint-lary.com\/wp-content\/uploads\/\/panaurama.png 174w, https:\/\/www.camping-saint-lary.com\/wp-content\/uploads\/\/panaurama-24x21.png 24w, https:\/\/www.camping-saint-lary.com\/wp-content\/uploads\/\/panaurama-36x31.png 36w, https:\/\/www.camping-saint-lary.com\/wp-content\/uploads\/\/panaurama-48x41.png 48w\" sizes=\"auto, (max-width: 174px) 100vw, 174px\" \/><\/a><\/figure>\n\n\n<figure class=\"wp-block-image size-full animation--top animation--init--once\"><a href=\"https:\/\/guilly-pyrenees.com\/\" target=\"_blank\" rel=\"noreferrer noopener\"><img loading=\"lazy\" decoding=\"async\" width=\"174\" height=\"150\" src=\"https:\/\/www.camping-saint-lary.com\/wp-content\/uploads\/daniel-guilly.png\" alt=\"\" class=\"wp-image-3741\" srcset=\"https:\/\/www.camping-saint-lary.com\/wp-content\/uploads\/\/daniel-guilly.png 174w, https:\/\/www.camping-saint-lary.com\/wp-content\/uploads\/\/daniel-guilly-24x21.png 24w, https:\/\/www.camping-saint-lary.com\/wp-content\/uploads\/\/daniel-guilly-36x31.png 36w, https:\/\/www.camping-saint-lary.com\/wp-content\/uploads\/\/daniel-guilly-48x41.png 48w\" sizes=\"auto, (max-width: 174px) 100vw, 174px\" \/><\/a><\/figure>\n\n\n<figure class=\"wp-block-image size-full animation--top animation--init--once\"><a href=\"https:\/\/www.office-sports-montagne.com\/fr\/\" target=\"_blank\" rel=\"noreferrer noopener\"><img loading=\"lazy\" decoding=\"async\" width=\"174\" height=\"150\" src=\"https:\/\/www.camping-saint-lary.com\/wp-content\/uploads\/office-des-sports.png\" alt=\"\" class=\"wp-image-3742\" srcset=\"https:\/\/www.camping-saint-lary.com\/wp-content\/uploads\/\/office-des-sports.png 174w, https:\/\/www.camping-saint-lary.com\/wp-content\/uploads\/\/office-des-sports-24x21.png 24w, https:\/\/www.camping-saint-lary.com\/wp-content\/uploads\/\/office-des-sports-36x31.png 36w, https:\/\/www.camping-saint-lary.com\/wp-content\/uploads\/\/office-des-sports-48x41.png 48w\" sizes=\"auto, (max-width: 174px) 100vw, 174px\" \/><\/a><\/figure>\n<\/div>\n<\/div><\/div>\n<\/div><\/div>\n<\/div>\n","protected":false},"excerpt":{"rendered":"<p>Descubrir En Verano Explore las actividades cercanasVive el instante y descubra\u2026 En este valle aut\u00e9ntico, con un patrimonio cuidadosamente preservado, podr\u00e1 descubrir enormes espacios naturales&#8230;<\/p>\n","protected":false},"author":5,"featured_media":10239,"parent":10656,"menu_order":1,"comment_status":"closed","ping_status":"closed","template":"","meta":{"_acf_changed":false,"inline_featured_image":false,"footnotes":""},"class_list":["post-10662","page","type-page","status-publish","has-post-thumbnail","hentry"],"acf":[],"yoast_head":"<!-- This site is optimized with the Yoast SEO plugin v27.4 - https:\/\/yoast.com\/product\/yoast-seo-wordpress\/ -->\n<title>Las actividades de verano en los alrededores del camping<\/title>\n<meta name=\"description\" content=\"D\u00e9jese tentar por las numerosas actividades estivales que se pueden realizar en los alrededores del camping Val d\u2019Autun en los Pirineos.\" \/>\n<meta name=\"robots\" content=\"index, follow, max-snippet:-1, max-image-preview:large, max-video-preview:-1\" \/>\n<link rel=\"canonical\" href=\"https:\/\/www.camping-saint-lary.com\/es\/actividades-en-la-zona\/en-verano\/\" \/>\n<meta property=\"og:locale\" content=\"es_ES\" \/>\n<meta property=\"og:type\" content=\"article\" \/>\n<meta property=\"og:title\" content=\"Las actividades de verano en los alrededores del camping\" \/>\n<meta property=\"og:description\" content=\"D\u00e9jese tentar por las numerosas actividades estivales que se pueden realizar en los alrededores del camping Val d\u2019Autun en los Pirineos.\" \/>\n<meta property=\"og:url\" content=\"https:\/\/www.camping-saint-lary.com\/es\/actividades-en-la-zona\/en-verano\/\" \/>\n<meta property=\"og:site_name\" content=\"Camping Val d&#039;Autun\" \/>\n<meta property=\"article:modified_time\" content=\"2026-03-12T16:10:17+00:00\" \/>\n<meta property=\"og:image\" content=\"https:\/\/www.camping-saint-lary.com\/wp-content\/uploads\/rafting-activite-camping.jpg\" \/>\n\t<meta property=\"og:image:width\" content=\"631\" \/>\n\t<meta property=\"og:image:height\" content=\"576\" \/>\n\t<meta property=\"og:image:type\" content=\"image\/jpeg\" \/>\n<meta name=\"twitter:card\" content=\"summary_large_image\" \/>\n<meta name=\"twitter:label1\" content=\"Tiempo de lectura\" \/>\n\t<meta name=\"twitter:data1\" content=\"41 minutos\" \/>\n<script type=\"application\/ld+json\" class=\"yoast-schema-graph\">{\"@context\":\"https:\\\/\\\/schema.org\",\"@graph\":[{\"@type\":\"WebPage\",\"@id\":\"https:\\\/\\\/www.camping-saint-lary.com\\\/es\\\/actividades-en-la-zona\\\/en-verano\\\/\",\"url\":\"https:\\\/\\\/www.camping-saint-lary.com\\\/es\\\/actividades-en-la-zona\\\/en-verano\\\/\",\"name\":\"Las actividades de verano en los alrededores del camping\",\"isPartOf\":{\"@id\":\"https:\\\/\\\/www.camping-saint-lary.com\\\/es\\\/#website\"},\"primaryImageOfPage\":{\"@id\":\"https:\\\/\\\/www.camping-saint-lary.com\\\/es\\\/actividades-en-la-zona\\\/en-verano\\\/#primaryimage\"},\"image\":{\"@id\":\"https:\\\/\\\/www.camping-saint-lary.com\\\/es\\\/actividades-en-la-zona\\\/en-verano\\\/#primaryimage\"},\"thumbnailUrl\":\"https:\\\/\\\/www.camping-saint-lary.com\\\/wp-content\\\/uploads\\\/rafting-activite-camping.jpg\",\"datePublished\":\"2023-07-20T10:11:37+00:00\",\"dateModified\":\"2026-03-12T16:10:17+00:00\",\"description\":\"D\u00e9jese tentar por las numerosas actividades estivales que se pueden realizar en los alrededores del camping Val d\u2019Autun en los Pirineos.\",\"breadcrumb\":{\"@id\":\"https:\\\/\\\/www.camping-saint-lary.com\\\/es\\\/actividades-en-la-zona\\\/en-verano\\\/#breadcrumb\"},\"inLanguage\":\"es\",\"potentialAction\":[{\"@type\":\"ReadAction\",\"target\":[\"https:\\\/\\\/www.camping-saint-lary.com\\\/es\\\/actividades-en-la-zona\\\/en-verano\\\/\"]}]},{\"@type\":\"ImageObject\",\"inLanguage\":\"es\",\"@id\":\"https:\\\/\\\/www.camping-saint-lary.com\\\/es\\\/actividades-en-la-zona\\\/en-verano\\\/#primaryimage\",\"url\":\"https:\\\/\\\/www.camping-saint-lary.com\\\/wp-content\\\/uploads\\\/rafting-activite-camping.jpg\",\"contentUrl\":\"https:\\\/\\\/www.camping-saint-lary.com\\\/wp-content\\\/uploads\\\/rafting-activite-camping.jpg\",\"width\":631,\"height\":576},{\"@type\":\"BreadcrumbList\",\"@id\":\"https:\\\/\\\/www.camping-saint-lary.com\\\/es\\\/actividades-en-la-zona\\\/en-verano\\\/#breadcrumb\",\"itemListElement\":[{\"@type\":\"ListItem\",\"position\":1,\"name\":\"Inicio\",\"item\":\"https:\\\/\\\/www.camping-saint-lary.com\\\/es\\\/\"},{\"@type\":\"ListItem\",\"position\":2,\"name\":\"Actividades en la zona\",\"item\":\"https:\\\/\\\/www.camping-saint-lary.com\\\/es\\\/actividades-en-la-zona\\\/\"},{\"@type\":\"ListItem\",\"position\":3,\"name\":\"En verano\"}]},{\"@type\":\"WebSite\",\"@id\":\"https:\\\/\\\/www.camping-saint-lary.com\\\/es\\\/#website\",\"url\":\"https:\\\/\\\/www.camping-saint-lary.com\\\/es\\\/\",\"name\":\"Camping Val d'Autun\",\"description\":\"Camping Val d&#039;Autun 3 \u00e9toiles en Vall\u00e9e d&#039;Aure dans les Pyr\u00e9n\u00e9es\",\"publisher\":{\"@id\":\"https:\\\/\\\/www.camping-saint-lary.com\\\/es\\\/#organization\"},\"potentialAction\":[{\"@type\":\"SearchAction\",\"target\":{\"@type\":\"EntryPoint\",\"urlTemplate\":\"https:\\\/\\\/www.camping-saint-lary.com\\\/es\\\/?s={search_term_string}\"},\"query-input\":{\"@type\":\"PropertyValueSpecification\",\"valueRequired\":true,\"valueName\":\"search_term_string\"}}],\"inLanguage\":\"es\"},{\"@type\":\"Organization\",\"@id\":\"https:\\\/\\\/www.camping-saint-lary.com\\\/es\\\/#organization\",\"name\":\"Camping Val d'Autun\",\"url\":\"https:\\\/\\\/www.camping-saint-lary.com\\\/es\\\/\",\"logo\":{\"@type\":\"ImageObject\",\"inLanguage\":\"es\",\"@id\":\"https:\\\/\\\/www.camping-saint-lary.com\\\/es\\\/#\\\/schema\\\/logo\\\/image\\\/\",\"url\":\"https:\\\/\\\/www.camping-saint-lary.com\\\/wp-content\\\/uploads\\\/cropped-logo-valdautun-lr300.png\",\"contentUrl\":\"https:\\\/\\\/www.camping-saint-lary.com\\\/wp-content\\\/uploads\\\/cropped-logo-valdautun-lr300.png\",\"width\":300,\"height\":182,\"caption\":\"Camping Val d'Autun\"},\"image\":{\"@id\":\"https:\\\/\\\/www.camping-saint-lary.com\\\/es\\\/#\\\/schema\\\/logo\\\/image\\\/\"}}]}<\/script>\n<!-- \/ Yoast SEO plugin. -->","yoast_head_json":{"title":"Las actividades de verano en los alrededores del camping","description":"D\u00e9jese tentar por las numerosas actividades estivales que se pueden realizar en los alrededores del camping Val d\u2019Autun en los Pirineos.","robots":{"index":"index","follow":"follow","max-snippet":"max-snippet:-1","max-image-preview":"max-image-preview:large","max-video-preview":"max-video-preview:-1"},"canonical":"https:\/\/www.camping-saint-lary.com\/es\/actividades-en-la-zona\/en-verano\/","og_locale":"es_ES","og_type":"article","og_title":"Las actividades de verano en los alrededores del camping","og_description":"D\u00e9jese tentar por las numerosas actividades estivales que se pueden realizar en los alrededores del camping Val d\u2019Autun en los Pirineos.","og_url":"https:\/\/www.camping-saint-lary.com\/es\/actividades-en-la-zona\/en-verano\/","og_site_name":"Camping Val d&#039;Autun","article_modified_time":"2026-03-12T16:10:17+00:00","og_image":[{"width":631,"height":576,"url":"https:\/\/www.camping-saint-lary.com\/wp-content\/uploads\/rafting-activite-camping.jpg","type":"image\/jpeg"}],"twitter_card":"summary_large_image","twitter_misc":{"Tiempo de lectura":"41 minutos"},"schema":{"@context":"https:\/\/schema.org","@graph":[{"@type":"WebPage","@id":"https:\/\/www.camping-saint-lary.com\/es\/actividades-en-la-zona\/en-verano\/","url":"https:\/\/www.camping-saint-lary.com\/es\/actividades-en-la-zona\/en-verano\/","name":"Las actividades de verano en los alrededores del camping","isPartOf":{"@id":"https:\/\/www.camping-saint-lary.com\/es\/#website"},"primaryImageOfPage":{"@id":"https:\/\/www.camping-saint-lary.com\/es\/actividades-en-la-zona\/en-verano\/#primaryimage"},"image":{"@id":"https:\/\/www.camping-saint-lary.com\/es\/actividades-en-la-zona\/en-verano\/#primaryimage"},"thumbnailUrl":"https:\/\/www.camping-saint-lary.com\/wp-content\/uploads\/rafting-activite-camping.jpg","datePublished":"2023-07-20T10:11:37+00:00","dateModified":"2026-03-12T16:10:17+00:00","description":"D\u00e9jese tentar por las numerosas actividades estivales que se pueden realizar en los alrededores del camping Val d\u2019Autun en los Pirineos.","breadcrumb":{"@id":"https:\/\/www.camping-saint-lary.com\/es\/actividades-en-la-zona\/en-verano\/#breadcrumb"},"inLanguage":"es","potentialAction":[{"@type":"ReadAction","target":["https:\/\/www.camping-saint-lary.com\/es\/actividades-en-la-zona\/en-verano\/"]}]},{"@type":"ImageObject","inLanguage":"es","@id":"https:\/\/www.camping-saint-lary.com\/es\/actividades-en-la-zona\/en-verano\/#primaryimage","url":"https:\/\/www.camping-saint-lary.com\/wp-content\/uploads\/rafting-activite-camping.jpg","contentUrl":"https:\/\/www.camping-saint-lary.com\/wp-content\/uploads\/rafting-activite-camping.jpg","width":631,"height":576},{"@type":"BreadcrumbList","@id":"https:\/\/www.camping-saint-lary.com\/es\/actividades-en-la-zona\/en-verano\/#breadcrumb","itemListElement":[{"@type":"ListItem","position":1,"name":"Inicio","item":"https:\/\/www.camping-saint-lary.com\/es\/"},{"@type":"ListItem","position":2,"name":"Actividades en la zona","item":"https:\/\/www.camping-saint-lary.com\/es\/actividades-en-la-zona\/"},{"@type":"ListItem","position":3,"name":"En verano"}]},{"@type":"WebSite","@id":"https:\/\/www.camping-saint-lary.com\/es\/#website","url":"https:\/\/www.camping-saint-lary.com\/es\/","name":"Camping Val d'Autun","description":"Camping Val d&#039;Autun 3 \u00e9toiles en Vall\u00e9e d&#039;Aure dans les Pyr\u00e9n\u00e9es","publisher":{"@id":"https:\/\/www.camping-saint-lary.com\/es\/#organization"},"potentialAction":[{"@type":"SearchAction","target":{"@type":"EntryPoint","urlTemplate":"https:\/\/www.camping-saint-lary.com\/es\/?s={search_term_string}"},"query-input":{"@type":"PropertyValueSpecification","valueRequired":true,"valueName":"search_term_string"}}],"inLanguage":"es"},{"@type":"Organization","@id":"https:\/\/www.camping-saint-lary.com\/es\/#organization","name":"Camping Val d'Autun","url":"https:\/\/www.camping-saint-lary.com\/es\/","logo":{"@type":"ImageObject","inLanguage":"es","@id":"https:\/\/www.camping-saint-lary.com\/es\/#\/schema\/logo\/image\/","url":"https:\/\/www.camping-saint-lary.com\/wp-content\/uploads\/cropped-logo-valdautun-lr300.png","contentUrl":"https:\/\/www.camping-saint-lary.com\/wp-content\/uploads\/cropped-logo-valdautun-lr300.png","width":300,"height":182,"caption":"Camping Val d'Autun"},"image":{"@id":"https:\/\/www.camping-saint-lary.com\/es\/#\/schema\/logo\/image\/"}}]}},"_links":{"self":[{"href":"https:\/\/www.camping-saint-lary.com\/es\/wp-json\/wp\/v2\/pages\/10662","targetHints":{"allow":["GET"]}}],"collection":[{"href":"https:\/\/www.camping-saint-lary.com\/es\/wp-json\/wp\/v2\/pages"}],"about":[{"href":"https:\/\/www.camping-saint-lary.com\/es\/wp-json\/wp\/v2\/types\/page"}],"author":[{"embeddable":true,"href":"https:\/\/www.camping-saint-lary.com\/es\/wp-json\/wp\/v2\/users\/5"}],"replies":[{"embeddable":true,"href":"https:\/\/www.camping-saint-lary.com\/es\/wp-json\/wp\/v2\/comments?post=10662"}],"version-history":[{"count":10,"href":"https:\/\/www.camping-saint-lary.com\/es\/wp-json\/wp\/v2\/pages\/10662\/revisions"}],"predecessor-version":[{"id":14454,"href":"https:\/\/www.camping-saint-lary.com\/es\/wp-json\/wp\/v2\/pages\/10662\/revisions\/14454"}],"up":[{"embeddable":true,"href":"https:\/\/www.camping-saint-lary.com\/es\/wp-json\/wp\/v2\/pages\/10656"}],"wp:featuredmedia":[{"embeddable":true,"href":"https:\/\/www.camping-saint-lary.com\/es\/wp-json\/wp\/v2\/media\/10239"}],"wp:attachment":[{"href":"https:\/\/www.camping-saint-lary.com\/es\/wp-json\/wp\/v2\/media?parent=10662"}],"curies":[{"name":"wp","href":"https:\/\/api.w.org\/{rel}","templated":true}]}}