{"id":10664,"date":"2023-07-06T11:39:50","date_gmt":"2023-07-06T09:39:50","guid":{"rendered":"http:\/\/www.camping-saint-lary.com\/les-activites-aux-alentours-2\/en-hiver"},"modified":"2026-03-12T17:12:19","modified_gmt":"2026-03-12T16:12:19","slug":"en-invierno","status":"publish","type":"page","link":"https:\/\/www.camping-saint-lary.com\/es\/actividades-en-la-zona\/en-invierno\/","title":{"rendered":"En invierno"},"content":{"rendered":"\n<div class=\"wp-block-group alignfull non-relative is-layout-constrained wp-block-group-is-layout-constrained\" style=\"margin-top:0px;margin-bottom:0px\"><button class=\"fmb-expand-formulaire\" onclick=\"jQuery('#formulario-motor-busqueda').toggleClass('fmb-visible');\">Reservar<\/button>\n<div id=\"formulario-motor-busqueda\" class=\"formulario-motor-busqueda\">\n    <div class=\"fmb-container\">\n        <div class=\"fmb-bloque fmb-fecha-de-llegada\">\n            <div class=\"fmb-label\">Fecha de llegada<\/div>\n            <input type=\"text\" id=\"fmb-fecha-de-llegada\" \/>\n        <\/div><!-- .fmb-bloque -->\n        <div class=\"fmb-bloque fmb-fecha-de-salida\">\n            <div class=\"fmb-label\">Fecha de salida<\/div>\n            <input type=\"text\" id=\"fmb-fecha-de-salida\" \/>\n        <\/div><!-- .fmb-bloque -->\n        <div class=\"fmb-bloque fmb-tipo-de-alojamiento\">\n            <div class=\"fmb-label\">Alojamiento<\/div>\n            <select  id=\"fmb-tipo-de-alojamiento\">\n                <option value=\"1\">Parcela<\/option>\n                <option value=\"2\">Alojamiento<\/option>\n            <\/select>\n        <\/div><!-- .fmb-bloque -->\n        <div class=\"fmb-bloque fmb-numero-de-personas\">\n            <div class=\"fmb-label\">Capacidad<\/div>\n            <select  id=\"fmb-numero-de-personas\">\n                <option value=\"1\">1<\/option>\n                <option value=\"2\">2<\/option>\n                <option value=\"3\">3<\/option>\n                <option value=\"4\">4<\/option>\n                <option value=\"5\">5<\/option>\n                <option value=\"6\">6<\/option>\n                <option value=\"7\">7<\/option>\n                <option value=\"8\">8<\/option>\n                <option value=\"9\">+8<\/option>\n            <\/select>\n        <\/div><!-- .fmb-bloque -->\n        <div class=\"fmb-bloque fmb-submit-button\">\n            <input \n                name=\"submit-button\" \n                id=\"submit-button\" \n                class=\"fmb-button\" \n                type=\"button\" \n                onclick=\"window.open(\n                    'https:\/\/naxiresa.inaxel.com\/etape2-sejours.php?arrivalDate='+jQuery('#fmb-fecha-de-llegada').val()+'&departureDate='+jQuery('#fmb-fecha-de-salida').val()+'&pt='+jQuery('#fmb-tipo-de-alojamiento').val()+'&compte=valautun&lang=5&nb='+jQuery('#fmb-numero-de-personas').val()+'', \n                    '_blank'\n                );\" \n                value=\"Buscar\" \n            \/>\n        <\/div><!-- .fmb-bloque -->\n        <div class=\"fmb-bloque fmb-submit-button-2\">\n            <input \n                name=\"submit-button-2\" \n                id=\"submit-button-2\" \n                class=\"fmb-button\" \n                type=\"button\" \n                onclick=\"window.open('https:\/\/valautun.my-user-account.com', '_blank');\" \n                value=\"Mi reserva\" \n            \/>\n        <\/div><!-- .fmb-bloque -->\n    <\/div><!-- .fmb-container -->\n<\/div><!-- .formulario-motor-busqueda -->\n\n\n<script src=\"https:\/\/code.jquery.com\/ui\/1.13.2\/jquery-ui.js\"><\/script>\n\n<link  href=\"\/\/code.jquery.com\/ui\/1.11.4\/themes\/smoothness\/jquery-ui.css\" rel=\"stylesheet\" \/>\n<script>\nvar top_menu_header = jQuery('#formulario-motor-busqueda').offset().top - 100;\njQuery(window).on('scroll', function(){\n\n    jQuery(\".ui-datepicker-current-day\").trigger(\"click\");\n    jQuery('#fmb-fecha-de-salida').blur();\n    jQuery('#fmb-fecha-de-llegada').blur();\n\n\n    if(jQuery(window).scrollTop() > top_menu_header){\n        jQuery('#formulario-motor-busqueda').addClass('fmb-is-fixed-top');\n    } else {\n        jQuery('#formulario-motor-busqueda').removeClass('fmb-is-fixed-top');\n    }\n});\n\n\njQuery(function () {\n    jQuery('#fmb-fecha-de-llegada').datepicker({\n        onSelect: function(dateText, element) {\n            jQuery(this).attr('date', dateText);\n            \/* 01-09-2021 into 2021-09-01 *\/\n            var year = dateText.substring(6, 10);\n            var month = dateText.substring(3, 5);\n            var day = dateText.substring(0, 2);\n            var dateString = year + '-' + month + '-' + day;\n            var date1 = new Date(dateString);\n            var date = new Date(dateString);\n            date.setDate(date.getDate() + 1);\n            jQuery('#fmb-fecha-de-salida').datepicker('setDate', date);\n            jQuery('#fmb-fecha-de-salida').datepicker('option', {\n                minDate: date\n            });\n        },\n        dateFormat: \"dd\/mm\/yy\",\n    \tfirstDay: 1, \/\/ Start with Monday\n        changeMonth: true,\n        changeYear: true,\n        minDate: new Date(),\n    });\n});\n\nvar dateObject = new Date();\ndateObject.setDate(dateObject.getDate());\njQuery('#fmb-fecha-de-llegada').val(\n    dateObject.getDate()\n    +'\/'+\n    ((dateObject.getMonth() * 1) + 1)\n    +'\/'+\n    dateObject.getFullYear()\n);\n\ndateObject.setDate(dateObject.getDate() + 1);\njQuery('#fmb-fecha-de-salida').val(\n    dateObject.getDate()\n    +'\/'+\n    ((dateObject.getMonth() * 1) + 1)\n    +'\/'+\n    dateObject.getFullYear()\n);\njQuery('#fmb-fecha-de-salida').datepicker('setDate', dateObject);\njQuery('#fmb-fecha-de-salida').datepicker('option', {\n    minDate: dateObject\n});\n\njQuery(function () {\n    jQuery( \"#fmb-fecha-de-salida\" ).datepicker({\n        dateFormat: \"dd\/mm\/yy\",\n    \tfirstDay: 1, \/\/ Start with Monday\n        changeMonth: true,\n        changeYear: true,\n        minDate: new Date(),\n    });\n});\n\njQuery.datepicker.regional['fr'] = {clearText: 'Effacer', clearStatus: '',\n    closeText: 'Fermer', closeStatus: 'Fermer sans modifier',\n    prevText: '<Pr\u00e9c', prevStatus: 'Voir le mois pr\u00e9c\u00e9dent',\n    nextText: 'Suiv>', nextStatus: 'Voir le mois suivant',\n    currentText: 'Courant', currentStatus: 'Voir le mois courant',\n    monthNames: ['Janvier','F\u00e9vrier','Mars','Avril','Mai','Juin',\n    'Juillet','Ao\u00fbt','Septembre','Octobre','Novembre','D\u00e9cembre'],\n    monthNamesShort: ['Jan','F\u00e9v','Mar','Avr','Mai','Jun',\n    'Jul','Ao\u00fb','Sep','Oct','Nov','D\u00e9c'],\n    monthStatus: 'Voir un autre mois', yearStatus: 'Voir un autre ann\u00e9e',\n    weekHeader: 'Sm', weekStatus: '',\n    dayNames: ['Dimanche','Lundi','Mardi','Mercredi','Jeudi','Vendredi','Samedi'],\n    dayNamesShort: ['Dim','Lun','Mar','Mer','Jeu','Ven','Sam'],\n    dayNamesMin: ['Di','Lu','Ma','Me','Je','Ve','Sa'],\n    dayStatus: 'Utiliser DD comme premier jour de la semaine', dateStatus: 'Choisir le DD, MM d',\n    dateFormat: 'dd\/mm\/yy', firstDay: 0, \n    initStatus: 'Choisir la date', isRTL: false};\njQuery.datepicker.setDefaults(jQuery.datepicker.regional['fr']);\n\n\n<\/script>\n\n<\/div>\n\n\n\n<div class=\"wp-block-cover alignfull is-light banner has-animation\" style=\"margin-top:0;margin-bottom:0;min-height:100vh;aspect-ratio:unset;\"><span aria-hidden=\"true\" class=\"wp-block-cover__background has-background-dim-40 has-background-dim wp-block-cover__gradient-background has-background-gradient\" style=\"background:linear-gradient(180deg,rgb(0,0,0) 0%,rgba(0,0,0,0) 47%)\"><\/span><img loading=\"lazy\" decoding=\"async\" width=\"1920\" height=\"1080\" class=\"wp-block-cover__image-background wp-image-3713\" alt=\"\" src=\"https:\/\/www.camping-saint-lary.com\/wp-content\/uploads\/1-20.jpg\" data-object-fit=\"cover\" srcset=\"https:\/\/www.camping-saint-lary.com\/wp-content\/uploads\/\/1-20.jpg 1920w, https:\/\/www.camping-saint-lary.com\/wp-content\/uploads\/\/1-20-1024x576.jpg 1024w, https:\/\/www.camping-saint-lary.com\/wp-content\/uploads\/\/1-20-768x432.jpg 768w, https:\/\/www.camping-saint-lary.com\/wp-content\/uploads\/\/1-20-1536x864.jpg 1536w, https:\/\/www.camping-saint-lary.com\/wp-content\/uploads\/\/1-20-512x288.jpg 512w, https:\/\/www.camping-saint-lary.com\/wp-content\/uploads\/\/1-20-256x144.jpg 256w, https:\/\/www.camping-saint-lary.com\/wp-content\/uploads\/\/1-20-24x14.jpg 24w, https:\/\/www.camping-saint-lary.com\/wp-content\/uploads\/\/1-20-36x20.jpg 36w, https:\/\/www.camping-saint-lary.com\/wp-content\/uploads\/\/1-20-48x27.jpg 48w\" sizes=\"auto, (max-width: 1920px) 100vw, 1920px\" \/><div class=\"wp-block-cover__inner-container is-layout-flow wp-block-cover-is-layout-flow\">\n<p class=\"has-text-align-center titre-vivant animation--bottom animation--init--once has-theme-white-color has-text-color has-large-font-size\">En invierno<\/p>\n\n\n<div class=\"yoast-breadcrumbs animation--top animation--init--once\"><span><span><a href=\"https:\/\/www.camping-saint-lary.com\/es\/\">Inicio<\/a><\/span> \/ <span><a href=\"https:\/\/www.camping-saint-lary.com\/es\/actividades-en-la-zona\/\">Actividades en la zona<\/a><\/span> \/ <span class=\"breadcrumb_last\" aria-current=\"page\">En invierno<\/span><\/span><\/div><\/div><\/div>\n\n\n\n<div class=\"wp-block-group alignfull has-animation intro-2 relative is-layout-constrained wp-block-group-is-layout-constrained\" style=\"padding-top:var(--wp--preset--spacing--80);padding-bottom:var(--wp--preset--spacing--60)\">\n<p class=\"titre-lateral-pink\">Descubrir<\/p>\n\n\n\n<div class=\"wp-block-group alignwide padd-titre-lateral is-layout-flow wp-block-group-is-layout-flow\">\n<h1 class=\"wp-block-heading has-text-align-center animation--top animation--init--once has-theme-pink-2-color has-text-color\" style=\"padding-top:0;padding-bottom:0\">Invierno <br>El camping en el coraz\u00f3n de 4 estaciones de esqu\u00ed<br><sub><mark style=\"background-color:rgba(0, 0, 0, 0)\" class=\"has-inline-color has-theme-green-light-color\">Vive el momento y surfea&#8230;<\/mark><\/sub><\/h1>\n<\/div>\n<\/div>\n\n\n\n<div class=\"wp-block-group alignfull is-layout-flow wp-block-group-is-layout-flow\" style=\"margin-bottom:var(--wp--preset--spacing--80);padding-top:var(--wp--preset--spacing--60);padding-right:0;padding-bottom:var(--wp--preset--spacing--80);padding-left:0\">\n<div class=\"wp-block-group background-left-pink has-animation padding-container-mobile is-content-justification-center is-nowrap is-layout-flex wp-container-core-group-is-layout-32c2087b wp-block-group-is-layout-flex\" style=\"margin-top:var(--wp--preset--spacing--80);padding-top:var(--wp--preset--spacing--50);padding-bottom:var(--wp--preset--spacing--50)\">\n<div class=\"wp-image-slider border-pink-gallery-full animation--top animation--init--once has-text-align-left aspect-ratio-1_1\">\n\n                                        \n                    <script>\n                        'use strict';\n\n                        document.addEventListener('DOMContentLoaded', function () {\n\n                            (function() {\n                                const blockSlide = new Splide( '#slide_27', {\n                                    type : 'loop',\n                                    perPage: 1,\n                                                                        \n                                    breakpoints: {\n                                        800: {\n                                            perPage: 1,\n                                                                                    },\n                                        450: {\n                                            perPage: 1,\n                                            \n                                        },\n                                    },\n                                    pagination: false,\n                                    arrows: true,\n                                    gap: 'var(--wp--style--block-gap)',\n                                    i18n: {\n                                        slideLabel: '0%s \/ 0%s',\n                                    }\n                                } );\n                                \n\n                                if (!document.querySelector('#slide_27').closest('.banner-slide')) {\n                                    const options = {\n                                        rootMargin: '0px',\n                                        threshold: 0.5\n                                    };\n\n                                    const observer = new IntersectionObserver(function (entries, observer) {\n                                        entries.forEach(entry => {\n                                            if (entry.isIntersecting) {\n                                                console.log('Slider is visible');\n                                                blockSlide.go('+' + entry.target.dataset.counter);\n                                                blockSlide.go('+${1}');\n                                                observer.unobserve(entry.target); \/\/ stop observing the target element\n                                            }\n                                        });\n                                    }, options);\n\n                                    observer.observe(document.querySelector('#slide_27'));\n                                }\n\n\n                                \n\/*                                 blockSlide.on( 'mounted', function () {\n                                    blockSlide.go('+${1}');\n                                } ); *\/\n\n                                blockSlide.mount();\n                                                                \n                                \n\n                            })();\n                        })\n                    <\/script>\n\n                    <div class=\"slider-container\"><div class=\"splide galeria-slider galeria-columnas-1\" id=\"slide_27\"><div class=\"splide__track\"><div class=\"splide__list\"><a href=\"https:\/\/www.camping-saint-lary.com\/wp-content\/uploads\/ski-station-hiver.jpg\" id=\"thumb-9873\" class=\"splide__slide image-link\" data-gallery=\"slide_27\"  data-counter=\"01\/06\" alt=\" \" class=\"image-link\"><div class=\"image-wrapper\"><img loading=\"lazy\" decoding=\"async\" width=\"1024\" height=\"819\" src=\"https:\/\/www.camping-saint-lary.com\/wp-content\/uploads\/ski-station-hiver-1024x819.jpg\" class=\"attachment-gallery-medium size-gallery-medium\" alt=\"\" srcset=\"https:\/\/www.camping-saint-lary.com\/wp-content\/uploads\/\/ski-station-hiver-1024x819.jpg 1024w, https:\/\/www.camping-saint-lary.com\/wp-content\/uploads\/\/ski-station-hiver-768x614.jpg 768w, https:\/\/www.camping-saint-lary.com\/wp-content\/uploads\/\/ski-station-hiver-512x410.jpg 512w, https:\/\/www.camping-saint-lary.com\/wp-content\/uploads\/\/ski-station-hiver-256x205.jpg 256w, https:\/\/www.camping-saint-lary.com\/wp-content\/uploads\/\/ski-station-hiver-24x19.jpg 24w, https:\/\/www.camping-saint-lary.com\/wp-content\/uploads\/\/ski-station-hiver-36x29.jpg 36w, https:\/\/www.camping-saint-lary.com\/wp-content\/uploads\/\/ski-station-hiver-48x38.jpg 48w, https:\/\/www.camping-saint-lary.com\/wp-content\/uploads\/\/ski-station-hiver.jpg 1400w\" sizes=\"auto, (max-width: 1024px) 100vw, 1024px\" \/><\/div><\/a><a href=\"https:\/\/www.camping-saint-lary.com\/wp-content\/uploads\/saint-lary-2-altiservice2-1.jpg\" id=\"thumb-11677\" class=\"splide__slide image-link\" data-gallery=\"slide_27\"  data-counter=\"02\/06\" alt=\" \" class=\"image-link\"><div class=\"image-wrapper\"><img loading=\"lazy\" decoding=\"async\" width=\"1024\" height=\"682\" src=\"https:\/\/www.camping-saint-lary.com\/wp-content\/uploads\/saint-lary-2-altiservice2-1-1024x682.jpg\" class=\"attachment-gallery-medium size-gallery-medium\" alt=\"\" srcset=\"https:\/\/www.camping-saint-lary.com\/wp-content\/uploads\/saint-lary-2-altiservice2-1-1024x682.jpg 1024w, https:\/\/www.camping-saint-lary.com\/wp-content\/uploads\/saint-lary-2-altiservice2-1-768x512.jpg 768w, https:\/\/www.camping-saint-lary.com\/wp-content\/uploads\/saint-lary-2-altiservice2-1-1536x1024.jpg 1536w, https:\/\/www.camping-saint-lary.com\/wp-content\/uploads\/saint-lary-2-altiservice2-1-512x341.jpg 512w, https:\/\/www.camping-saint-lary.com\/wp-content\/uploads\/saint-lary-2-altiservice2-1-256x171.jpg 256w, https:\/\/www.camping-saint-lary.com\/wp-content\/uploads\/saint-lary-2-altiservice2-1-24x16.jpg 24w, https:\/\/www.camping-saint-lary.com\/wp-content\/uploads\/saint-lary-2-altiservice2-1-36x24.jpg 36w, https:\/\/www.camping-saint-lary.com\/wp-content\/uploads\/saint-lary-2-altiservice2-1-48x32.jpg 48w, https:\/\/www.camping-saint-lary.com\/wp-content\/uploads\/saint-lary-2-altiservice2-1.jpg 1817w\" sizes=\"auto, (max-width: 1024px) 100vw, 1024px\" \/><\/div><\/a><a href=\"https:\/\/www.camping-saint-lary.com\/wp-content\/uploads\/saint-lary-altiservice1-1.jpg\" id=\"thumb-11674\" class=\"splide__slide image-link\" data-gallery=\"slide_27\"  data-counter=\"03\/06\" alt=\" \" class=\"image-link\"><div class=\"image-wrapper\"><img loading=\"lazy\" decoding=\"async\" width=\"1024\" height=\"683\" src=\"https:\/\/www.camping-saint-lary.com\/wp-content\/uploads\/saint-lary-altiservice1-1-1024x683.jpg\" class=\"attachment-gallery-medium size-gallery-medium\" alt=\"\" srcset=\"https:\/\/www.camping-saint-lary.com\/wp-content\/uploads\/saint-lary-altiservice1-1-1024x683.jpg 1024w, https:\/\/www.camping-saint-lary.com\/wp-content\/uploads\/saint-lary-altiservice1-1-768x512.jpg 768w, https:\/\/www.camping-saint-lary.com\/wp-content\/uploads\/saint-lary-altiservice1-1-1536x1024.jpg 1536w, https:\/\/www.camping-saint-lary.com\/wp-content\/uploads\/saint-lary-altiservice1-1-512x341.jpg 512w, https:\/\/www.camping-saint-lary.com\/wp-content\/uploads\/saint-lary-altiservice1-1-256x171.jpg 256w, https:\/\/www.camping-saint-lary.com\/wp-content\/uploads\/saint-lary-altiservice1-1-24x16.jpg 24w, https:\/\/www.camping-saint-lary.com\/wp-content\/uploads\/saint-lary-altiservice1-1-36x24.jpg 36w, https:\/\/www.camping-saint-lary.com\/wp-content\/uploads\/saint-lary-altiservice1-1-48x32.jpg 48w, https:\/\/www.camping-saint-lary.com\/wp-content\/uploads\/saint-lary-altiservice1-1.jpg 2048w\" sizes=\"auto, (max-width: 1024px) 100vw, 1024px\" \/><\/div><\/a><a href=\"https:\/\/www.camping-saint-lary.com\/wp-content\/uploads\/altiservicesaintlary-3.jpg\" id=\"thumb-12378\" class=\"splide__slide image-link\" data-gallery=\"slide_27\"  data-counter=\"04\/06\" alt=\" \" class=\"image-link\"><div class=\"image-wrapper\"><img loading=\"lazy\" decoding=\"async\" width=\"1024\" height=\"755\" src=\"https:\/\/www.camping-saint-lary.com\/wp-content\/uploads\/altiservicesaintlary-3-1024x755.jpg\" class=\"attachment-gallery-medium size-gallery-medium\" alt=\"\" srcset=\"https:\/\/www.camping-saint-lary.com\/wp-content\/uploads\/altiservicesaintlary-3-1024x755.jpg 1024w, https:\/\/www.camping-saint-lary.com\/wp-content\/uploads\/altiservicesaintlary-3-768x566.jpg 768w, https:\/\/www.camping-saint-lary.com\/wp-content\/uploads\/altiservicesaintlary-3-1536x1132.jpg 1536w, https:\/\/www.camping-saint-lary.com\/wp-content\/uploads\/altiservicesaintlary-3-512x377.jpg 512w, https:\/\/www.camping-saint-lary.com\/wp-content\/uploads\/altiservicesaintlary-3-256x189.jpg 256w, https:\/\/www.camping-saint-lary.com\/wp-content\/uploads\/altiservicesaintlary-3-24x18.jpg 24w, https:\/\/www.camping-saint-lary.com\/wp-content\/uploads\/altiservicesaintlary-3-36x27.jpg 36w, https:\/\/www.camping-saint-lary.com\/wp-content\/uploads\/altiservicesaintlary-3-48x35.jpg 48w, https:\/\/www.camping-saint-lary.com\/wp-content\/uploads\/altiservicesaintlary-3.jpg 1644w\" sizes=\"auto, (max-width: 1024px) 100vw, 1024px\" \/><\/div><\/a><a href=\"https:\/\/www.camping-saint-lary.com\/wp-content\/uploads\/altiservicesaintlary-2.jpg\" id=\"thumb-12375\" class=\"splide__slide image-link\" data-gallery=\"slide_27\"  data-counter=\"05\/06\" alt=\" \" class=\"image-link\"><div class=\"image-wrapper\"><img loading=\"lazy\" decoding=\"async\" width=\"1024\" height=\"703\" src=\"https:\/\/www.camping-saint-lary.com\/wp-content\/uploads\/altiservicesaintlary-2-1024x703.jpg\" class=\"attachment-gallery-medium size-gallery-medium\" alt=\"\" srcset=\"https:\/\/www.camping-saint-lary.com\/wp-content\/uploads\/altiservicesaintlary-2-1024x703.jpg 1024w, https:\/\/www.camping-saint-lary.com\/wp-content\/uploads\/altiservicesaintlary-2-768x527.jpg 768w, https:\/\/www.camping-saint-lary.com\/wp-content\/uploads\/altiservicesaintlary-2-1536x1055.jpg 1536w, https:\/\/www.camping-saint-lary.com\/wp-content\/uploads\/altiservicesaintlary-2-512x352.jpg 512w, https:\/\/www.camping-saint-lary.com\/wp-content\/uploads\/altiservicesaintlary-2-256x176.jpg 256w, https:\/\/www.camping-saint-lary.com\/wp-content\/uploads\/altiservicesaintlary-2-24x16.jpg 24w, https:\/\/www.camping-saint-lary.com\/wp-content\/uploads\/altiservicesaintlary-2-36x25.jpg 36w, https:\/\/www.camping-saint-lary.com\/wp-content\/uploads\/altiservicesaintlary-2-48x33.jpg 48w, https:\/\/www.camping-saint-lary.com\/wp-content\/uploads\/altiservicesaintlary-2.jpg 1644w\" sizes=\"auto, (max-width: 1024px) 100vw, 1024px\" \/><\/div><\/a><a href=\"https:\/\/www.camping-saint-lary.com\/wp-content\/uploads\/altiservicesaintlary-1.jpg\" id=\"thumb-12372\" class=\"splide__slide image-link\" data-gallery=\"slide_27\"  data-counter=\"06\/06\" alt=\" \" class=\"image-link\"><div class=\"image-wrapper\"><img loading=\"lazy\" decoding=\"async\" width=\"1024\" height=\"685\" src=\"https:\/\/www.camping-saint-lary.com\/wp-content\/uploads\/altiservicesaintlary-1-1024x685.jpg\" class=\"attachment-gallery-medium size-gallery-medium\" alt=\"\" srcset=\"https:\/\/www.camping-saint-lary.com\/wp-content\/uploads\/altiservicesaintlary-1-1024x685.jpg 1024w, https:\/\/www.camping-saint-lary.com\/wp-content\/uploads\/altiservicesaintlary-1-768x514.jpg 768w, https:\/\/www.camping-saint-lary.com\/wp-content\/uploads\/altiservicesaintlary-1-512x343.jpg 512w, https:\/\/www.camping-saint-lary.com\/wp-content\/uploads\/altiservicesaintlary-1-256x171.jpg 256w, https:\/\/www.camping-saint-lary.com\/wp-content\/uploads\/altiservicesaintlary-1-24x16.jpg 24w, https:\/\/www.camping-saint-lary.com\/wp-content\/uploads\/altiservicesaintlary-1-36x24.jpg 36w, https:\/\/www.camping-saint-lary.com\/wp-content\/uploads\/altiservicesaintlary-1-48x32.jpg 48w, https:\/\/www.camping-saint-lary.com\/wp-content\/uploads\/altiservicesaintlary-1.jpg 1122w\" sizes=\"auto, (max-width: 1024px) 100vw, 1024px\" \/><\/div><\/a><\/div><\/div><\/div><\/div>\n                    \n<\/div>\n\n\n<div class=\"wp-block-group animation--top animation--init--once is-nowrap is-layout-flex wp-container-core-group-is-layout-6c531013 wp-block-group-is-layout-flex\">\n<div class=\"wp-block-group is-layout-constrained wp-block-group-is-layout-constrained\">\n<div class=\"wp-block-group is-nowrap is-layout-flex wp-container-core-group-is-layout-6c531013 wp-block-group-is-layout-flex\">\n<h3 class=\"wp-block-heading has-theme-pink-2-color has-text-color\" style=\"font-size:40px\">La estaci\u00f3n de esqu\u00ed de Saint Lary Soulan<\/h3>\n<\/div>\n\n\n\n<p>\u2744\ufe0f <strong>Esqu\u00ed y Panorama: Su Invierno en Grande Naturaleza en Saint-Lary Soulan<\/strong><\/p>\n\n\n\n<p>\u00bfSue\u00f1as con descender por las pistas sin el estr\u00e9s de los aparcamientos? Al alojarte en el Camping del Val d&#8217;Autun, disfrutas de un acceso privilegiado a uno de los mejores dominios esquiables de los Pirineos. Ya seas un apasionado del deslizamiento o un senderista contemplativo, la estaci\u00f3n de Saint-Lary Soulan te abre sus brazos.<\/p>\n\n\n\n<h4 class=\"wp-block-heading\">Un acceso privilegiado: La comodidad \u00abCero Coche\u00bb<\/h4>\n\n\n\n<p>La ubicaci\u00f3n de nuestro camping es ideal para tus vacaciones de invierno. La salida de los telecabinas se encuentra a solo 800 metros. Para facilitarte la vida, una lanzadera gratuita para cada 30 minutos se detiene justo frente al Camping del Val d&#8217;Autun. Te deja directamente al pie de los telecabinas del pueblo o del telef\u00e9rico. \u00a1En unos minutos, te ver\u00e1s en el coraz\u00f3n de la acci\u00f3n!<\/p>\n\n\n\n<h4 class=\"wp-block-heading\">100 km de pistas para todos los gustos<\/h4>\n\n\n\n<p>El dominio esquiable de Saint-Lary es una joya de diversidad. Extendiendo de 1650 a 2515 metros de altitud, ofrece m\u00e1s de 100 kil\u00f3metros de pistas que serpentean a trav\u00e9s de paisajes variados.<\/p>\n\n\n\n<h4 class=\"wp-block-heading\">Alta monta\u00f1a: Para descensos vertiginosos y panoramas impresionantes.<\/h4>\n\n\n\n<p>Bosques: Para un ambiente acogedor y un deslizamiento a resguardo del viento. Esta riqueza de exposici\u00f3n y altitud es una ventaja mayor: \u00a1garantiza condiciones de esqu\u00ed \u00f3ptimas durante toda la temporada, independientemente de la nieve!<\/p>\n\n\n\n<h4 class=\"wp-block-heading\">La experiencia peatonal: El dominio accesible para todos<\/h4>\n\n\n\n<p>El esqu\u00ed no es la \u00fanica opci\u00f3n para disfrutar de las cumbres. Los senderistas a pie no se quedan atr\u00e1s. Gracias a una red de remontes perfectamente pensada, puedes explorar las terrazas de altura sin esfuerzo. \u00a1Descubre el m\u00edtico lago de l&#8217;Oule, a las puertas del Parque Nacional de los Pirineos, y disfruta de un merecido descanso al sol frente a los picos nevados!<\/p>\n<\/div>\n<\/div>\n<\/div>\n\n\n\n<div class=\"wp-block-group background-right-green has-animation padding-container-mobile is-content-justification-center is-nowrap is-layout-flex wp-container-core-group-is-layout-7a84741e wp-block-group-is-layout-flex\" style=\"margin-top:var(--wp--preset--spacing--80);padding-top:var(--wp--preset--spacing--50);padding-bottom:var(--wp--preset--spacing--50)\">\n<div class=\"wp-block-group animation--top animation--init--once is-nowrap is-layout-flex wp-container-core-group-is-layout-6c531013 wp-block-group-is-layout-flex\">\n<div class=\"wp-block-group is-layout-constrained wp-block-group-is-layout-constrained\">\n<div class=\"wp-block-group is-nowrap is-layout-flex wp-container-core-group-is-layout-6c531013 wp-block-group-is-layout-flex\">\n<h3 class=\"wp-block-heading has-theme-green-light-color has-text-color\" style=\"font-size:40px\">La estaci\u00f3n de esqu\u00ed de Piau-Engaly<\/h3>\n<\/div>\n\n\n\n<p>\u2744\ufe0f <strong>Piau-Engaly: La Experiencia \u00abAlta Naturaleza\u00bb a un Paso del Camping<\/strong><\/p>\n\n\n\n<p>Si buscas una inmersi\u00f3n total en alta monta\u00f1a, la estaci\u00f3n de Piau-Engaly es tu destino imprescindible. Situada a menos de 30 minutos del Camping del Val d&#8217;Autun, ofrece un contraste sorprendente y una hospitalidad que quedar\u00e1 grabada en tus recuerdos de vacaciones.<\/p>\n\n\n\n<h4 class=\"wp-block-heading\">El dominio m\u00e1s alto de los Pirineos<\/h4>\n\n\n\n<p>Piau-Engaly no es una estaci\u00f3n como las dem\u00e1s. Es el destino de esqu\u00ed de los Pirineos para los amantes de la altitud. Con cumbres que superan los 3000 metros, se beneficia de un microclima \u00fanico que garantiza una nevada natural excepcional. Su exposici\u00f3n y alta altitud le permiten ofrecer una calidad de deslizamiento rara, incluso cuando la primavera asoma.<\/p>\n\n\n\n<h4 class=\"wp-block-heading\">Esquiar en el coraz\u00f3n de un santuario preservado<\/h4>\n\n\n\n<p>Ubicada en el coraz\u00f3n del Parque Nacional de los Pirineos y muy cerca de la Reserva Natural del N\u00e9ouvielle, Piau es una estaci\u00f3n \u00aba pie de pistas\u00bb perfectamente integrada en su entorno. Aqu\u00ed, el concepto de \u00abEstaci\u00f3n Alta Naturaleza\u00bb cobra todo su sentido:<\/p>\n\n\n\n<ul class=\"wp-block-list\">\n<li>Un entorno salvaje: \u00a1No te sorprendas si te cruzas con isardos en el camino de una pista!<\/li>\n\n\n\n<li>Una arquitectura integrada: Las infraestructuras respetan las curvas del paisaje para una inmersi\u00f3n total.<\/li>\n\n\n\n<li>Proximidad con Espa\u00f1a: Situada justo en la frontera, ofrece una puerta de entrada al parque nacional de Ordesa-Monte Perdido para una experiencia garantizada de cambio de aires.<\/li>\n<\/ul>\n\n\n\n<h4 class=\"wp-block-heading\">Una pausa de suavidad y deslizamiento<\/h4>\n\n\n\n<p>\u00bfDeseas escapar del bullicio por un d\u00eda diferente? Piau-Engaly propone un enfoque del deslizamiento suave. Es la ocasi\u00f3n ideal para descubrir panoramas grandiosos a tu propio ritmo, lejos de la multitud. Ya seas un esquiador experimentado o un amante de los paisajes contemplativos, esta estaci\u00f3n sin coches te asegura una tranquilidad absoluta.<\/p>\n\n\n\n<p>Despu\u00e9s de un d\u00eda intenso en las cumbres, \u00a1qu\u00e9 felicidad volver a la comodidad y calma del Val d&#8217;Autun para compartir tus emociones!<\/p>\n<\/div>\n<\/div>\n\n\n\n<div class=\"wp-image-slider border-green-gallery-full animation--top animation--init--once has-text-align-left aspect-ratio-1_1\">\n\n                                        \n                    <script>\n                        'use strict';\n\n                        document.addEventListener('DOMContentLoaded', function () {\n\n                            (function() {\n                                const blockSlide = new Splide( '#slide_754', {\n                                    type : 'loop',\n                                    perPage: 1,\n                                                                        \n                                    breakpoints: {\n                                        800: {\n                                            perPage: 1,\n                                                                                    },\n                                        450: {\n                                            perPage: 1,\n                                            \n                                        },\n                                    },\n                                    pagination: false,\n                                    arrows: true,\n                                    gap: 'var(--wp--style--block-gap)',\n                                    i18n: {\n                                        slideLabel: '0%s \/ 0%s',\n                                    }\n                                } );\n                                \n\n                                if (!document.querySelector('#slide_754').closest('.banner-slide')) {\n                                    const options = {\n                                        rootMargin: '0px',\n                                        threshold: 0.5\n                                    };\n\n                                    const observer = new IntersectionObserver(function (entries, observer) {\n                                        entries.forEach(entry => {\n                                            if (entry.isIntersecting) {\n                                                console.log('Slider is visible');\n                                                blockSlide.go('+' + entry.target.dataset.counter);\n                                                blockSlide.go('+${1}');\n                                                observer.unobserve(entry.target); \/\/ stop observing the target element\n                                            }\n                                        });\n                                    }, options);\n\n                                    observer.observe(document.querySelector('#slide_754'));\n                                }\n\n\n                                \n\/*                                 blockSlide.on( 'mounted', function () {\n                                    blockSlide.go('+${1}');\n                                } ); *\/\n\n                                blockSlide.mount();\n                                                                \n                                \n\n                            })();\n                        })\n                    <\/script>\n\n                    <div class=\"slider-container\"><div class=\"splide galeria-slider galeria-columnas-1\" id=\"slide_754\"><div class=\"splide__track\"><div class=\"splide__list\"><a href=\"https:\/\/www.camping-saint-lary.com\/wp-content\/uploads\/piau-engaly-station-ski-min.jpg\" id=\"thumb-10269\" class=\"splide__slide image-link\" data-gallery=\"slide_754\"  data-counter=\"01\/13\" alt=\" \" class=\"image-link\"><div class=\"image-wrapper\"><img loading=\"lazy\" decoding=\"async\" width=\"1024\" height=\"577\" src=\"https:\/\/www.camping-saint-lary.com\/wp-content\/uploads\/piau-engaly-station-ski-min-1024x577.jpg\" class=\"attachment-gallery-medium size-gallery-medium\" alt=\"\" srcset=\"https:\/\/www.camping-saint-lary.com\/wp-content\/uploads\/\/piau-engaly-station-ski-min-1024x577.jpg 1024w, https:\/\/www.camping-saint-lary.com\/wp-content\/uploads\/\/piau-engaly-station-ski-min-768x433.jpg 768w, https:\/\/www.camping-saint-lary.com\/wp-content\/uploads\/\/piau-engaly-station-ski-min-1536x866.jpg 1536w, https:\/\/www.camping-saint-lary.com\/wp-content\/uploads\/\/piau-engaly-station-ski-min-512x289.jpg 512w, https:\/\/www.camping-saint-lary.com\/wp-content\/uploads\/\/piau-engaly-station-ski-min-256x144.jpg 256w, https:\/\/www.camping-saint-lary.com\/wp-content\/uploads\/\/piau-engaly-station-ski-min-24x14.jpg 24w, https:\/\/www.camping-saint-lary.com\/wp-content\/uploads\/\/piau-engaly-station-ski-min-36x20.jpg 36w, https:\/\/www.camping-saint-lary.com\/wp-content\/uploads\/\/piau-engaly-station-ski-min-48x27.jpg 48w, https:\/\/www.camping-saint-lary.com\/wp-content\/uploads\/\/piau-engaly-station-ski-min.jpg 2048w\" sizes=\"auto, (max-width: 1024px) 100vw, 1024px\" \/><\/div><\/a><a href=\"https:\/\/www.camping-saint-lary.com\/wp-content\/uploads\/piau-engaly-station-ski-neige-1-min.jpg\" id=\"thumb-10270\" class=\"splide__slide image-link\" data-gallery=\"slide_754\"  data-counter=\"02\/13\" alt=\" \" class=\"image-link\"><div class=\"image-wrapper\"><img loading=\"lazy\" decoding=\"async\" width=\"1024\" height=\"768\" src=\"https:\/\/www.camping-saint-lary.com\/wp-content\/uploads\/piau-engaly-station-ski-neige-1-min-1024x768.jpg\" class=\"attachment-gallery-medium size-gallery-medium\" alt=\"\" srcset=\"https:\/\/www.camping-saint-lary.com\/wp-content\/uploads\/\/piau-engaly-station-ski-neige-1-min-1024x768.jpg 1024w, https:\/\/www.camping-saint-lary.com\/wp-content\/uploads\/\/piau-engaly-station-ski-neige-1-min-768x576.jpg 768w, https:\/\/www.camping-saint-lary.com\/wp-content\/uploads\/\/piau-engaly-station-ski-neige-1-min-1536x1152.jpg 1536w, https:\/\/www.camping-saint-lary.com\/wp-content\/uploads\/\/piau-engaly-station-ski-neige-1-min-512x384.jpg 512w, https:\/\/www.camping-saint-lary.com\/wp-content\/uploads\/\/piau-engaly-station-ski-neige-1-min-256x192.jpg 256w, https:\/\/www.camping-saint-lary.com\/wp-content\/uploads\/\/piau-engaly-station-ski-neige-1-min-24x18.jpg 24w, https:\/\/www.camping-saint-lary.com\/wp-content\/uploads\/\/piau-engaly-station-ski-neige-1-min-36x27.jpg 36w, https:\/\/www.camping-saint-lary.com\/wp-content\/uploads\/\/piau-engaly-station-ski-neige-1-min-48x36.jpg 48w, https:\/\/www.camping-saint-lary.com\/wp-content\/uploads\/\/piau-engaly-station-ski-neige-1-min.jpg 2048w\" sizes=\"auto, (max-width: 1024px) 100vw, 1024px\" \/><\/div><\/a><a href=\"https:\/\/www.camping-saint-lary.com\/wp-content\/uploads\/piau-engaly-station-ski-neige-2-min1.jpg\" id=\"thumb-10271\" class=\"splide__slide image-link\" data-gallery=\"slide_754\"  data-counter=\"03\/13\" alt=\" \" class=\"image-link\"><div class=\"image-wrapper\"><img loading=\"lazy\" decoding=\"async\" width=\"1024\" height=\"577\" src=\"https:\/\/www.camping-saint-lary.com\/wp-content\/uploads\/piau-engaly-station-ski-neige-2-min1-1024x577.jpg\" class=\"attachment-gallery-medium size-gallery-medium\" alt=\"\" srcset=\"https:\/\/www.camping-saint-lary.com\/wp-content\/uploads\/\/piau-engaly-station-ski-neige-2-min1-1024x577.jpg 1024w, https:\/\/www.camping-saint-lary.com\/wp-content\/uploads\/\/piau-engaly-station-ski-neige-2-min1-768x433.jpg 768w, https:\/\/www.camping-saint-lary.com\/wp-content\/uploads\/\/piau-engaly-station-ski-neige-2-min1-1536x866.jpg 1536w, https:\/\/www.camping-saint-lary.com\/wp-content\/uploads\/\/piau-engaly-station-ski-neige-2-min1-512x289.jpg 512w, https:\/\/www.camping-saint-lary.com\/wp-content\/uploads\/\/piau-engaly-station-ski-neige-2-min1-256x144.jpg 256w, https:\/\/www.camping-saint-lary.com\/wp-content\/uploads\/\/piau-engaly-station-ski-neige-2-min1-24x14.jpg 24w, https:\/\/www.camping-saint-lary.com\/wp-content\/uploads\/\/piau-engaly-station-ski-neige-2-min1-36x20.jpg 36w, https:\/\/www.camping-saint-lary.com\/wp-content\/uploads\/\/piau-engaly-station-ski-neige-2-min1-48x27.jpg 48w, https:\/\/www.camping-saint-lary.com\/wp-content\/uploads\/\/piau-engaly-station-ski-neige-2-min1.jpg 2048w\" sizes=\"auto, (max-width: 1024px) 100vw, 1024px\" \/><\/div><\/a><a href=\"https:\/\/www.camping-saint-lary.com\/wp-content\/uploads\/piau-engaly-station-ski-neige-3-min.jpg\" id=\"thumb-10272\" class=\"splide__slide image-link\" data-gallery=\"slide_754\"  data-counter=\"04\/13\" alt=\" \" class=\"image-link\"><div class=\"image-wrapper\"><img loading=\"lazy\" decoding=\"async\" width=\"1024\" height=\"577\" src=\"https:\/\/www.camping-saint-lary.com\/wp-content\/uploads\/piau-engaly-station-ski-neige-3-min-1024x577.jpg\" class=\"attachment-gallery-medium size-gallery-medium\" alt=\"\" srcset=\"https:\/\/www.camping-saint-lary.com\/wp-content\/uploads\/\/piau-engaly-station-ski-neige-3-min-1024x577.jpg 1024w, https:\/\/www.camping-saint-lary.com\/wp-content\/uploads\/\/piau-engaly-station-ski-neige-3-min-768x433.jpg 768w, https:\/\/www.camping-saint-lary.com\/wp-content\/uploads\/\/piau-engaly-station-ski-neige-3-min-1536x866.jpg 1536w, https:\/\/www.camping-saint-lary.com\/wp-content\/uploads\/\/piau-engaly-station-ski-neige-3-min-512x289.jpg 512w, https:\/\/www.camping-saint-lary.com\/wp-content\/uploads\/\/piau-engaly-station-ski-neige-3-min-256x144.jpg 256w, https:\/\/www.camping-saint-lary.com\/wp-content\/uploads\/\/piau-engaly-station-ski-neige-3-min-24x14.jpg 24w, https:\/\/www.camping-saint-lary.com\/wp-content\/uploads\/\/piau-engaly-station-ski-neige-3-min-36x20.jpg 36w, https:\/\/www.camping-saint-lary.com\/wp-content\/uploads\/\/piau-engaly-station-ski-neige-3-min-48x27.jpg 48w, https:\/\/www.camping-saint-lary.com\/wp-content\/uploads\/\/piau-engaly-station-ski-neige-3-min.jpg 2048w\" sizes=\"auto, (max-width: 1024px) 100vw, 1024px\" \/><\/div><\/a><a href=\"https:\/\/www.camping-saint-lary.com\/wp-content\/uploads\/piau-engaly-station-ski-neige-4-min.jpg\" id=\"thumb-10273\" class=\"splide__slide image-link\" data-gallery=\"slide_754\"  data-counter=\"05\/13\" alt=\" \" class=\"image-link\"><div class=\"image-wrapper\"><img loading=\"lazy\" decoding=\"async\" width=\"1024\" height=\"576\" src=\"https:\/\/www.camping-saint-lary.com\/wp-content\/uploads\/piau-engaly-station-ski-neige-4-min-1024x576.jpg\" class=\"attachment-gallery-medium size-gallery-medium\" alt=\"\" srcset=\"https:\/\/www.camping-saint-lary.com\/wp-content\/uploads\/\/piau-engaly-station-ski-neige-4-min-1024x576.jpg 1024w, https:\/\/www.camping-saint-lary.com\/wp-content\/uploads\/\/piau-engaly-station-ski-neige-4-min-768x432.jpg 768w, https:\/\/www.camping-saint-lary.com\/wp-content\/uploads\/\/piau-engaly-station-ski-neige-4-min-1536x864.jpg 1536w, https:\/\/www.camping-saint-lary.com\/wp-content\/uploads\/\/piau-engaly-station-ski-neige-4-min-512x288.jpg 512w, https:\/\/www.camping-saint-lary.com\/wp-content\/uploads\/\/piau-engaly-station-ski-neige-4-min-256x144.jpg 256w, https:\/\/www.camping-saint-lary.com\/wp-content\/uploads\/\/piau-engaly-station-ski-neige-4-min-24x14.jpg 24w, https:\/\/www.camping-saint-lary.com\/wp-content\/uploads\/\/piau-engaly-station-ski-neige-4-min-36x20.jpg 36w, https:\/\/www.camping-saint-lary.com\/wp-content\/uploads\/\/piau-engaly-station-ski-neige-4-min-48x27.jpg 48w, https:\/\/www.camping-saint-lary.com\/wp-content\/uploads\/\/piau-engaly-station-ski-neige-4-min.jpg 2048w\" sizes=\"auto, (max-width: 1024px) 100vw, 1024px\" \/><\/div><\/a><a href=\"https:\/\/www.camping-saint-lary.com\/wp-content\/uploads\/station-piau-engaly.jpg\" id=\"thumb-11189\" class=\"splide__slide image-link\" data-gallery=\"slide_754\"  data-counter=\"06\/13\" alt=\" \" class=\"image-link\"><div class=\"image-wrapper\"><img loading=\"lazy\" decoding=\"async\" width=\"1024\" height=\"785\" src=\"https:\/\/www.camping-saint-lary.com\/wp-content\/uploads\/station-piau-engaly-1024x785.jpg\" class=\"attachment-gallery-medium size-gallery-medium\" alt=\"\" srcset=\"https:\/\/www.camping-saint-lary.com\/wp-content\/uploads\/\/station-piau-engaly-1024x785.jpg 1024w, https:\/\/www.camping-saint-lary.com\/wp-content\/uploads\/\/station-piau-engaly-768x589.jpg 768w, https:\/\/www.camping-saint-lary.com\/wp-content\/uploads\/\/station-piau-engaly-512x392.jpg 512w, https:\/\/www.camping-saint-lary.com\/wp-content\/uploads\/\/station-piau-engaly-256x196.jpg 256w, https:\/\/www.camping-saint-lary.com\/wp-content\/uploads\/\/station-piau-engaly-24x18.jpg 24w, https:\/\/www.camping-saint-lary.com\/wp-content\/uploads\/\/station-piau-engaly-36x28.jpg 36w, https:\/\/www.camping-saint-lary.com\/wp-content\/uploads\/\/station-piau-engaly-48x37.jpg 48w, https:\/\/www.camping-saint-lary.com\/wp-content\/uploads\/\/station-piau-engaly.jpg 1478w\" sizes=\"auto, (max-width: 1024px) 100vw, 1024px\" \/><\/div><\/a><a href=\"https:\/\/www.camping-saint-lary.com\/wp-content\/uploads\/station-ski-proche-camping.jpeg\" id=\"thumb-11466\" class=\"splide__slide image-link\" data-gallery=\"slide_754\"  data-counter=\"07\/13\" alt=\" \" class=\"image-link\"><div class=\"image-wrapper\"><img loading=\"lazy\" decoding=\"async\" width=\"1024\" height=\"1024\" src=\"https:\/\/www.camping-saint-lary.com\/wp-content\/uploads\/station-ski-proche-camping-1024x1024.jpeg\" class=\"attachment-gallery-medium size-gallery-medium\" alt=\"\" srcset=\"https:\/\/www.camping-saint-lary.com\/wp-content\/uploads\/station-ski-proche-camping-1024x1024.jpeg 1024w, https:\/\/www.camping-saint-lary.com\/wp-content\/uploads\/station-ski-proche-camping-200x200.jpeg 200w, https:\/\/www.camping-saint-lary.com\/wp-content\/uploads\/station-ski-proche-camping-768x768.jpeg 768w, https:\/\/www.camping-saint-lary.com\/wp-content\/uploads\/station-ski-proche-camping-1536x1536.jpeg 1536w, https:\/\/www.camping-saint-lary.com\/wp-content\/uploads\/station-ski-proche-camping-512x512.jpeg 512w, https:\/\/www.camping-saint-lary.com\/wp-content\/uploads\/station-ski-proche-camping-256x256.jpeg 256w, https:\/\/www.camping-saint-lary.com\/wp-content\/uploads\/station-ski-proche-camping-24x24.jpeg 24w, https:\/\/www.camping-saint-lary.com\/wp-content\/uploads\/station-ski-proche-camping-36x36.jpeg 36w, https:\/\/www.camping-saint-lary.com\/wp-content\/uploads\/station-ski-proche-camping-48x48.jpeg 48w, https:\/\/www.camping-saint-lary.com\/wp-content\/uploads\/station-ski-proche-camping.jpeg 2048w\" sizes=\"auto, (max-width: 1024px) 100vw, 1024px\" \/><\/div><\/a><a href=\"https:\/\/www.camping-saint-lary.com\/wp-content\/uploads\/station-ski-piau-engaly-badet.jpeg\" id=\"thumb-11463\" class=\"splide__slide image-link\" data-gallery=\"slide_754\"  data-counter=\"08\/13\" alt=\" \" class=\"image-link\"><div class=\"image-wrapper\"><img loading=\"lazy\" decoding=\"async\" width=\"1024\" height=\"1024\" src=\"https:\/\/www.camping-saint-lary.com\/wp-content\/uploads\/station-ski-piau-engaly-badet-1024x1024.jpeg\" class=\"attachment-gallery-medium size-gallery-medium\" alt=\"\" srcset=\"https:\/\/www.camping-saint-lary.com\/wp-content\/uploads\/station-ski-piau-engaly-badet-1024x1024.jpeg 1024w, https:\/\/www.camping-saint-lary.com\/wp-content\/uploads\/station-ski-piau-engaly-badet-200x200.jpeg 200w, https:\/\/www.camping-saint-lary.com\/wp-content\/uploads\/station-ski-piau-engaly-badet-768x768.jpeg 768w, https:\/\/www.camping-saint-lary.com\/wp-content\/uploads\/station-ski-piau-engaly-badet-1536x1536.jpeg 1536w, https:\/\/www.camping-saint-lary.com\/wp-content\/uploads\/station-ski-piau-engaly-badet-512x512.jpeg 512w, https:\/\/www.camping-saint-lary.com\/wp-content\/uploads\/station-ski-piau-engaly-badet-256x256.jpeg 256w, https:\/\/www.camping-saint-lary.com\/wp-content\/uploads\/station-ski-piau-engaly-badet-24x24.jpeg 24w, https:\/\/www.camping-saint-lary.com\/wp-content\/uploads\/station-ski-piau-engaly-badet-36x36.jpeg 36w, https:\/\/www.camping-saint-lary.com\/wp-content\/uploads\/station-ski-piau-engaly-badet-48x48.jpeg 48w, https:\/\/www.camping-saint-lary.com\/wp-content\/uploads\/station-ski-piau-engaly-badet.jpeg 2048w\" sizes=\"auto, (max-width: 1024px) 100vw, 1024px\" \/><\/div><\/a><a href=\"https:\/\/www.camping-saint-lary.com\/wp-content\/uploads\/station-ski-piau-engaly.jpeg\" id=\"thumb-11460\" class=\"splide__slide image-link\" data-gallery=\"slide_754\"  data-counter=\"09\/13\" alt=\" \" class=\"image-link\"><div class=\"image-wrapper\"><img loading=\"lazy\" decoding=\"async\" width=\"1024\" height=\"1024\" src=\"https:\/\/www.camping-saint-lary.com\/wp-content\/uploads\/station-ski-piau-engaly-1024x1024.jpeg\" class=\"attachment-gallery-medium size-gallery-medium\" alt=\"\" srcset=\"https:\/\/www.camping-saint-lary.com\/wp-content\/uploads\/station-ski-piau-engaly-1024x1024.jpeg 1024w, https:\/\/www.camping-saint-lary.com\/wp-content\/uploads\/station-ski-piau-engaly-200x200.jpeg 200w, https:\/\/www.camping-saint-lary.com\/wp-content\/uploads\/station-ski-piau-engaly-768x768.jpeg 768w, https:\/\/www.camping-saint-lary.com\/wp-content\/uploads\/station-ski-piau-engaly-1536x1536.jpeg 1536w, https:\/\/www.camping-saint-lary.com\/wp-content\/uploads\/station-ski-piau-engaly-512x512.jpeg 512w, https:\/\/www.camping-saint-lary.com\/wp-content\/uploads\/station-ski-piau-engaly-256x256.jpeg 256w, https:\/\/www.camping-saint-lary.com\/wp-content\/uploads\/station-ski-piau-engaly-24x24.jpeg 24w, https:\/\/www.camping-saint-lary.com\/wp-content\/uploads\/station-ski-piau-engaly-36x36.jpeg 36w, https:\/\/www.camping-saint-lary.com\/wp-content\/uploads\/station-ski-piau-engaly-48x48.jpeg 48w, https:\/\/www.camping-saint-lary.com\/wp-content\/uploads\/station-ski-piau-engaly.jpeg 2048w\" sizes=\"auto, (max-width: 1024px) 100vw, 1024px\" \/><\/div><\/a><a href=\"https:\/\/www.camping-saint-lary.com\/wp-content\/uploads\/station-ski-hiver-convivial.jpeg\" id=\"thumb-11454\" class=\"splide__slide image-link\" data-gallery=\"slide_754\"  data-counter=\"10\/13\" alt=\" \" class=\"image-link\"><div class=\"image-wrapper\"><img loading=\"lazy\" decoding=\"async\" width=\"1024\" height=\"1024\" src=\"https:\/\/www.camping-saint-lary.com\/wp-content\/uploads\/station-ski-hiver-convivial-1024x1024.jpeg\" class=\"attachment-gallery-medium size-gallery-medium\" alt=\"\" srcset=\"https:\/\/www.camping-saint-lary.com\/wp-content\/uploads\/station-ski-hiver-convivial-1024x1024.jpeg 1024w, https:\/\/www.camping-saint-lary.com\/wp-content\/uploads\/station-ski-hiver-convivial-200x200.jpeg 200w, https:\/\/www.camping-saint-lary.com\/wp-content\/uploads\/station-ski-hiver-convivial-768x768.jpeg 768w, https:\/\/www.camping-saint-lary.com\/wp-content\/uploads\/station-ski-hiver-convivial-1536x1536.jpeg 1536w, https:\/\/www.camping-saint-lary.com\/wp-content\/uploads\/station-ski-hiver-convivial-512x512.jpeg 512w, https:\/\/www.camping-saint-lary.com\/wp-content\/uploads\/station-ski-hiver-convivial-256x256.jpeg 256w, https:\/\/www.camping-saint-lary.com\/wp-content\/uploads\/station-ski-hiver-convivial-24x24.jpeg 24w, https:\/\/www.camping-saint-lary.com\/wp-content\/uploads\/station-ski-hiver-convivial-36x36.jpeg 36w, https:\/\/www.camping-saint-lary.com\/wp-content\/uploads\/station-ski-hiver-convivial-48x48.jpeg 48w, https:\/\/www.camping-saint-lary.com\/wp-content\/uploads\/station-ski-hiver-convivial.jpeg 2048w\" sizes=\"auto, (max-width: 1024px) 100vw, 1024px\" \/><\/div><\/a><a href=\"https:\/\/www.camping-saint-lary.com\/wp-content\/uploads\/station-piau-engaly-vue-badet-parc-national.jpeg\" id=\"thumb-11451\" class=\"splide__slide image-link\" data-gallery=\"slide_754\"  data-counter=\"11\/13\" alt=\" \" class=\"image-link\"><div class=\"image-wrapper\"><img loading=\"lazy\" decoding=\"async\" width=\"1024\" height=\"1024\" src=\"https:\/\/www.camping-saint-lary.com\/wp-content\/uploads\/station-piau-engaly-vue-badet-parc-national-1024x1024.jpeg\" class=\"attachment-gallery-medium size-gallery-medium\" alt=\"\" srcset=\"https:\/\/www.camping-saint-lary.com\/wp-content\/uploads\/station-piau-engaly-vue-badet-parc-national-1024x1024.jpeg 1024w, https:\/\/www.camping-saint-lary.com\/wp-content\/uploads\/station-piau-engaly-vue-badet-parc-national-200x200.jpeg 200w, https:\/\/www.camping-saint-lary.com\/wp-content\/uploads\/station-piau-engaly-vue-badet-parc-national-768x768.jpeg 768w, https:\/\/www.camping-saint-lary.com\/wp-content\/uploads\/station-piau-engaly-vue-badet-parc-national-1536x1536.jpeg 1536w, https:\/\/www.camping-saint-lary.com\/wp-content\/uploads\/station-piau-engaly-vue-badet-parc-national-512x512.jpeg 512w, https:\/\/www.camping-saint-lary.com\/wp-content\/uploads\/station-piau-engaly-vue-badet-parc-national-256x256.jpeg 256w, https:\/\/www.camping-saint-lary.com\/wp-content\/uploads\/station-piau-engaly-vue-badet-parc-national-24x24.jpeg 24w, https:\/\/www.camping-saint-lary.com\/wp-content\/uploads\/station-piau-engaly-vue-badet-parc-national-36x36.jpeg 36w, https:\/\/www.camping-saint-lary.com\/wp-content\/uploads\/station-piau-engaly-vue-badet-parc-national-48x48.jpeg 48w, https:\/\/www.camping-saint-lary.com\/wp-content\/uploads\/station-piau-engaly-vue-badet-parc-national.jpeg 2048w\" sizes=\"auto, (max-width: 1024px) 100vw, 1024px\" \/><\/div><\/a><a href=\"https:\/\/www.camping-saint-lary.com\/wp-content\/uploads\/station-piau-engaly-transat.jpeg\" id=\"thumb-11448\" class=\"splide__slide image-link\" data-gallery=\"slide_754\"  data-counter=\"12\/13\" alt=\" \" class=\"image-link\"><div class=\"image-wrapper\"><img loading=\"lazy\" decoding=\"async\" width=\"1024\" height=\"925\" src=\"https:\/\/www.camping-saint-lary.com\/wp-content\/uploads\/station-piau-engaly-transat-1024x925.jpeg\" class=\"attachment-gallery-medium size-gallery-medium\" alt=\"\" srcset=\"https:\/\/www.camping-saint-lary.com\/wp-content\/uploads\/station-piau-engaly-transat-1024x925.jpeg 1024w, https:\/\/www.camping-saint-lary.com\/wp-content\/uploads\/station-piau-engaly-transat-768x694.jpeg 768w, https:\/\/www.camping-saint-lary.com\/wp-content\/uploads\/station-piau-engaly-transat-1536x1387.jpeg 1536w, https:\/\/www.camping-saint-lary.com\/wp-content\/uploads\/station-piau-engaly-transat-512x462.jpeg 512w, https:\/\/www.camping-saint-lary.com\/wp-content\/uploads\/station-piau-engaly-transat-256x231.jpeg 256w, https:\/\/www.camping-saint-lary.com\/wp-content\/uploads\/station-piau-engaly-transat-24x22.jpeg 24w, https:\/\/www.camping-saint-lary.com\/wp-content\/uploads\/station-piau-engaly-transat-36x33.jpeg 36w, https:\/\/www.camping-saint-lary.com\/wp-content\/uploads\/station-piau-engaly-transat-48x43.jpeg 48w, https:\/\/www.camping-saint-lary.com\/wp-content\/uploads\/station-piau-engaly-transat.jpeg 1629w\" sizes=\"auto, (max-width: 1024px) 100vw, 1024px\" \/><\/div><\/a><a href=\"https:\/\/www.camping-saint-lary.com\/wp-content\/uploads\/station-piau-engaly.jpeg\" id=\"thumb-11445\" class=\"splide__slide image-link\" data-gallery=\"slide_754\"  data-counter=\"13\/13\" alt=\" \" class=\"image-link\"><div class=\"image-wrapper\"><img loading=\"lazy\" decoding=\"async\" width=\"1024\" height=\"1024\" src=\"https:\/\/www.camping-saint-lary.com\/wp-content\/uploads\/station-piau-engaly-1024x1024.jpeg\" class=\"attachment-gallery-medium size-gallery-medium\" alt=\"\" srcset=\"https:\/\/www.camping-saint-lary.com\/wp-content\/uploads\/station-piau-engaly-1024x1024.jpeg 1024w, https:\/\/www.camping-saint-lary.com\/wp-content\/uploads\/station-piau-engaly-200x200.jpeg 200w, https:\/\/www.camping-saint-lary.com\/wp-content\/uploads\/station-piau-engaly-768x768.jpeg 768w, https:\/\/www.camping-saint-lary.com\/wp-content\/uploads\/station-piau-engaly-1536x1536.jpeg 1536w, https:\/\/www.camping-saint-lary.com\/wp-content\/uploads\/station-piau-engaly-512x512.jpeg 512w, https:\/\/www.camping-saint-lary.com\/wp-content\/uploads\/station-piau-engaly-256x256.jpeg 256w, https:\/\/www.camping-saint-lary.com\/wp-content\/uploads\/station-piau-engaly-24x24.jpeg 24w, https:\/\/www.camping-saint-lary.com\/wp-content\/uploads\/station-piau-engaly-36x36.jpeg 36w, https:\/\/www.camping-saint-lary.com\/wp-content\/uploads\/station-piau-engaly-48x48.jpeg 48w, https:\/\/www.camping-saint-lary.com\/wp-content\/uploads\/station-piau-engaly.jpeg 2048w\" sizes=\"auto, (max-width: 1024px) 100vw, 1024px\" \/><\/div><\/a><\/div><\/div><\/div><\/div>\n                    \n<\/div><\/div>\n\n\n\n<div class=\"wp-block-group background-left-pink has-animation padding-container-mobile is-content-justification-center is-nowrap is-layout-flex wp-container-core-group-is-layout-32c2087b wp-block-group-is-layout-flex\" style=\"margin-top:var(--wp--preset--spacing--80);padding-top:var(--wp--preset--spacing--50);padding-bottom:var(--wp--preset--spacing--50)\">\n<div class=\"wp-image-slider border-pink-gallery-full animation--top animation--init--once has-text-align-left aspect-ratio-1_1\">\n\n                                        \n                    <script>\n                        'use strict';\n\n                        document.addEventListener('DOMContentLoaded', function () {\n\n                            (function() {\n                                const blockSlide = new Splide( '#slide_38', {\n                                    type : 'loop',\n                                    perPage: 1,\n                                                                        \n                                    breakpoints: {\n                                        800: {\n                                            perPage: 1,\n                                                                                    },\n                                        450: {\n                                            perPage: 1,\n                                            \n                                        },\n                                    },\n                                    pagination: false,\n                                    arrows: true,\n                                    gap: 'var(--wp--style--block-gap)',\n                                    i18n: {\n                                        slideLabel: '0%s \/ 0%s',\n                                    }\n                                } );\n                                \n\n                                if (!document.querySelector('#slide_38').closest('.banner-slide')) {\n                                    const options = {\n                                        rootMargin: '0px',\n                                        threshold: 0.5\n                                    };\n\n                                    const observer = new IntersectionObserver(function (entries, observer) {\n                                        entries.forEach(entry => {\n                                            if (entry.isIntersecting) {\n                                                console.log('Slider is visible');\n                                                blockSlide.go('+' + entry.target.dataset.counter);\n                                                blockSlide.go('+${1}');\n                                                observer.unobserve(entry.target); \/\/ stop observing the target element\n                                            }\n                                        });\n                                    }, options);\n\n                                    observer.observe(document.querySelector('#slide_38'));\n                                }\n\n\n                                \n\/*                                 blockSlide.on( 'mounted', function () {\n                                    blockSlide.go('+${1}');\n                                } ); *\/\n\n                                blockSlide.mount();\n                                                                \n                                \n\n                            })();\n                        })\n                    <\/script>\n\n                    <div class=\"slider-container\"><div class=\"splide galeria-slider galeria-columnas-1\" id=\"slide_38\"><div class=\"splide__track\"><div class=\"splide__list\"><a href=\"https:\/\/www.camping-saint-lary.com\/wp-content\/uploads\/vallouron-vue.jpeg\" id=\"thumb-11475\" class=\"splide__slide image-link\" data-gallery=\"slide_38\"  data-counter=\"01\/04\" alt=\" \" class=\"image-link\"><div class=\"image-wrapper\"><img loading=\"lazy\" decoding=\"async\" width=\"1024\" height=\"1024\" src=\"https:\/\/www.camping-saint-lary.com\/wp-content\/uploads\/vallouron-vue-1024x1024.jpeg\" class=\"attachment-gallery-medium size-gallery-medium\" alt=\"\" srcset=\"https:\/\/www.camping-saint-lary.com\/wp-content\/uploads\/vallouron-vue-1024x1024.jpeg 1024w, https:\/\/www.camping-saint-lary.com\/wp-content\/uploads\/vallouron-vue-200x200.jpeg 200w, https:\/\/www.camping-saint-lary.com\/wp-content\/uploads\/vallouron-vue-768x768.jpeg 768w, https:\/\/www.camping-saint-lary.com\/wp-content\/uploads\/vallouron-vue-512x512.jpeg 512w, https:\/\/www.camping-saint-lary.com\/wp-content\/uploads\/vallouron-vue-256x256.jpeg 256w, https:\/\/www.camping-saint-lary.com\/wp-content\/uploads\/vallouron-vue-24x24.jpeg 24w, https:\/\/www.camping-saint-lary.com\/wp-content\/uploads\/vallouron-vue-36x36.jpeg 36w, https:\/\/www.camping-saint-lary.com\/wp-content\/uploads\/vallouron-vue-48x48.jpeg 48w, https:\/\/www.camping-saint-lary.com\/wp-content\/uploads\/vallouron-vue.jpeg 1440w\" sizes=\"auto, (max-width: 1024px) 100vw, 1024px\" \/><\/div><\/a><a href=\"https:\/\/www.camping-saint-lary.com\/wp-content\/uploads\/vallouron-vue-panoramique.jpeg\" id=\"thumb-11472\" class=\"splide__slide image-link\" data-gallery=\"slide_38\"  data-counter=\"02\/04\" alt=\" \" class=\"image-link\"><div class=\"image-wrapper\"><img loading=\"lazy\" decoding=\"async\" width=\"1024\" height=\"1024\" src=\"https:\/\/www.camping-saint-lary.com\/wp-content\/uploads\/vallouron-vue-panoramique-1024x1024.jpeg\" class=\"attachment-gallery-medium size-gallery-medium\" alt=\"\" srcset=\"https:\/\/www.camping-saint-lary.com\/wp-content\/uploads\/vallouron-vue-panoramique-1024x1024.jpeg 1024w, https:\/\/www.camping-saint-lary.com\/wp-content\/uploads\/vallouron-vue-panoramique-200x200.jpeg 200w, https:\/\/www.camping-saint-lary.com\/wp-content\/uploads\/vallouron-vue-panoramique-768x768.jpeg 768w, https:\/\/www.camping-saint-lary.com\/wp-content\/uploads\/vallouron-vue-panoramique-1536x1536.jpeg 1536w, https:\/\/www.camping-saint-lary.com\/wp-content\/uploads\/vallouron-vue-panoramique-512x512.jpeg 512w, https:\/\/www.camping-saint-lary.com\/wp-content\/uploads\/vallouron-vue-panoramique-256x256.jpeg 256w, https:\/\/www.camping-saint-lary.com\/wp-content\/uploads\/vallouron-vue-panoramique-24x24.jpeg 24w, https:\/\/www.camping-saint-lary.com\/wp-content\/uploads\/vallouron-vue-panoramique-36x36.jpeg 36w, https:\/\/www.camping-saint-lary.com\/wp-content\/uploads\/vallouron-vue-panoramique-48x48.jpeg 48w, https:\/\/www.camping-saint-lary.com\/wp-content\/uploads\/vallouron-vue-panoramique.jpeg 1600w\" sizes=\"auto, (max-width: 1024px) 100vw, 1024px\" \/><\/div><\/a><a href=\"https:\/\/www.camping-saint-lary.com\/wp-content\/uploads\/vallouron-valleedaure.jpeg\" id=\"thumb-11469\" class=\"splide__slide image-link\" data-gallery=\"slide_38\"  data-counter=\"03\/04\" alt=\" \" class=\"image-link\"><div class=\"image-wrapper\"><img loading=\"lazy\" decoding=\"async\" width=\"1024\" height=\"1024\" src=\"https:\/\/www.camping-saint-lary.com\/wp-content\/uploads\/vallouron-valleedaure-1024x1024.jpeg\" class=\"attachment-gallery-medium size-gallery-medium\" alt=\"\" srcset=\"https:\/\/www.camping-saint-lary.com\/wp-content\/uploads\/vallouron-valleedaure-1024x1024.jpeg 1024w, https:\/\/www.camping-saint-lary.com\/wp-content\/uploads\/vallouron-valleedaure-200x200.jpeg 200w, https:\/\/www.camping-saint-lary.com\/wp-content\/uploads\/vallouron-valleedaure-768x768.jpeg 768w, https:\/\/www.camping-saint-lary.com\/wp-content\/uploads\/vallouron-valleedaure-1536x1536.jpeg 1536w, https:\/\/www.camping-saint-lary.com\/wp-content\/uploads\/vallouron-valleedaure-512x512.jpeg 512w, https:\/\/www.camping-saint-lary.com\/wp-content\/uploads\/vallouron-valleedaure-256x256.jpeg 256w, https:\/\/www.camping-saint-lary.com\/wp-content\/uploads\/vallouron-valleedaure-24x24.jpeg 24w, https:\/\/www.camping-saint-lary.com\/wp-content\/uploads\/vallouron-valleedaure-36x36.jpeg 36w, https:\/\/www.camping-saint-lary.com\/wp-content\/uploads\/vallouron-valleedaure-48x48.jpeg 48w, https:\/\/www.camping-saint-lary.com\/wp-content\/uploads\/vallouron-valleedaure.jpeg 1600w\" sizes=\"auto, (max-width: 1024px) 100vw, 1024px\" \/><\/div><\/a><a href=\"https:\/\/www.camping-saint-lary.com\/wp-content\/uploads\/azet-paysage.jpeg\" id=\"thumb-11478\" class=\"splide__slide image-link\" data-gallery=\"slide_38\"  data-counter=\"04\/04\" alt=\" \" class=\"image-link\"><div class=\"image-wrapper\"><img loading=\"lazy\" decoding=\"async\" width=\"819\" height=\"1024\" src=\"https:\/\/www.camping-saint-lary.com\/wp-content\/uploads\/azet-paysage-819x1024.jpeg\" class=\"attachment-gallery-medium size-gallery-medium\" alt=\"\" srcset=\"https:\/\/www.camping-saint-lary.com\/wp-content\/uploads\/azet-paysage-819x1024.jpeg 819w, https:\/\/www.camping-saint-lary.com\/wp-content\/uploads\/azet-paysage-768x960.jpeg 768w, https:\/\/www.camping-saint-lary.com\/wp-content\/uploads\/azet-paysage-410x512.jpeg 410w, https:\/\/www.camping-saint-lary.com\/wp-content\/uploads\/azet-paysage-205x256.jpeg 205w, https:\/\/www.camping-saint-lary.com\/wp-content\/uploads\/azet-paysage-19x24.jpeg 19w, https:\/\/www.camping-saint-lary.com\/wp-content\/uploads\/azet-paysage-29x36.jpeg 29w, https:\/\/www.camping-saint-lary.com\/wp-content\/uploads\/azet-paysage-38x48.jpeg 38w, https:\/\/www.camping-saint-lary.com\/wp-content\/uploads\/azet-paysage.jpeg 1080w\" sizes=\"auto, (max-width: 819px) 100vw, 819px\" \/><\/div><\/a><\/div><\/div><\/div><\/div>\n                    \n<\/div>\n\n\n<div class=\"wp-block-group animation--top animation--init--once is-nowrap is-layout-flex wp-container-core-group-is-layout-6c531013 wp-block-group-is-layout-flex\">\n<div class=\"wp-block-group is-layout-constrained wp-block-group-is-layout-constrained\">\n<div class=\"wp-block-group is-nowrap is-layout-flex wp-container-core-group-is-layout-6c531013 wp-block-group-is-layout-flex\">\n<h3 class=\"wp-block-heading has-theme-pink-2-color has-text-color\" style=\"font-size:40px\">La estaci\u00f3n de esqu\u00ed de Val Louron<\/h3>\n<\/div>\n\n\n\n<p>\u2744\ufe0f <strong>Val Louron: El Para\u00edso de las Familias a 20 Minutos del Camping<\/strong><\/p>\n\n\n\n<p>A solo veinte minutos del Camping del Val d&#8217;Autun, descubre una estaci\u00f3n donde la convivialidad no es una palabra vac\u00eda. Dominando orgullosamente los valles de Aure y Louron, la estaci\u00f3n de Val Louron es el lugar ideal para quienes buscan tranquilidad, seguridad y autenticidad en su estancia en la monta\u00f1a.<\/p>\n\n\n\n<h4 class=\"wp-block-heading\">Uno de los mejores espacios para principiantes de los Pirineos<\/h4>\n\n\n\n<p>Val Louron es mundialmente reconocida por los padres por su excepcional espacio para principiantes. Imagina a tus hijos desliz\u00e1ndose por primera vez sobre una nieve suave, entre los abetos, en una zona completamente segura y dedicada al aprendizaje. Es el lugar perfecto para crear recuerdos inolvidables con total serenidad.<\/p>\n\n\n\n<h4 class=\"wp-block-heading\">Un panorama de 360\u00b0 para los amantes de las emociones<\/h4>\n\n\n\n<p>Mientras los m\u00e1s peque\u00f1os se inician, los esquiadores experimentados pueden escaparse por pistas panor\u00e1micas que ofrecen vistas impresionantes de 360\u00b0 sobre las monta\u00f1as circundantes. Ya sea en invierno para esquiar, hacer raquetas o trineo, o en verano para ciclismo de monta\u00f1a, tiro con arco y senderismo, Val Louron ofrece una rica y variada gama de actividades.<\/p>\n\n\n\n<h4 class=\"wp-block-heading\">La Estaci\u00f3n \u00abCero Estr\u00e9s\u00bb por Excelencia<\/h4>\n\n\n\n<p>El verdadero lujo de Val Louron radica en su dise\u00f1o: es una estaci\u00f3n sin coches. Aqu\u00ed, los desplazamientos son cortos, f\u00e1ciles y totalmente seguros. Dejas atr\u00e1s el bullicio diario para un entorno donde se toma el tiempo para vivir. Esta configuraci\u00f3n garantiza a las familias una estancia en total tranquilidad, donde los ni\u00f1os pueden moverse libremente.<\/p>\n\n\n\n<p>Ya sea que vengas por los deportes de deslizamiento invernales o por las caminatas estivales, Val Louron te cautivar\u00e1 con su c\u00e1lida acogida y sus paisajes de postal. Despu\u00e9s de un d\u00eda lleno de emociones, apreciar\u00e1s el regreso r\u00e1pido hacia la calma y el confort de tu alojamiento en el Val d&#8217;Autun.<\/p>\n<\/div>\n<\/div>\n<\/div>\n\n\n\n<div class=\"wp-block-group background-right-green has-animation padding-container-mobile is-content-justification-center is-nowrap is-layout-flex wp-container-core-group-is-layout-7a84741e wp-block-group-is-layout-flex\" style=\"margin-top:var(--wp--preset--spacing--80);padding-top:var(--wp--preset--spacing--50);padding-bottom:var(--wp--preset--spacing--50)\">\n<div class=\"wp-block-group animation--top animation--init--once is-nowrap is-layout-flex wp-container-core-group-is-layout-6c531013 wp-block-group-is-layout-flex\">\n<div class=\"wp-block-group is-layout-constrained wp-block-group-is-layout-constrained\">\n<div class=\"wp-block-group is-nowrap is-layout-flex wp-container-core-group-is-layout-6c531013 wp-block-group-is-layout-flex\">\n<h3 class=\"wp-block-heading has-theme-green-light-color has-text-color\" style=\"font-size:40px\">La estaci\u00f3n de esqu\u00ed de Peyragudes<\/h3>\n<\/div>\n\n\n\n<p>\u26f7\ufe0f <strong>Peyragudes: Esqu\u00ed de Alta Prestaci\u00f3n a 30 minutos del Camping<\/strong><\/p>\n\n\n\n<p>Para los amantes de los grandes espacios y de las instalaciones de \u00faltima generaci\u00f3n, la estaci\u00f3n de Peyragudes es una etapa imprescindible durante su estancia en el Camping del Val d&#8217;Autun. Situada a tan solo media hora de su alojamiento, esta estaci\u00f3n \u201cde nueva generaci\u00f3n\u201d combina confort, modernidad y el placer absoluto del esqu\u00ed.<\/p>\n\n\n\n<h4 class=\"wp-block-heading\">Un dominio amplio para todos los estilos<\/h4>\n\n\n\n<p>Peyragudes es, ante todo, un terreno de juego excepcional repartido en dos vertientes: Peyresourde y Agudes. Con 51 pistas perfectamente acondicionadas, esquiadores y snowboarders de todos los niveles encuentran aqu\u00ed su lugar ideal. Tanto si es amante de las amplias curvas en pistas azules como si busca fuertes emociones en las rojas y negras, la estaci\u00f3n garantiza una experiencia fluida y variada.<\/p>\n\n\n\n<h4 class=\"wp-block-heading\">Tecnolog\u00eda y rapidez: Esqu\u00ede m\u00e1s, espere menos<\/h4>\n\n\n\n<p>Lo que distingue a Peyragudes es el rendimiento de sus instalaciones. Gracias a sus 18 remontes ultrarr\u00e1pidos, alcanzar\u00e1 las cumbres en tiempo r\u00e9cord. Aqu\u00ed podr\u00e1 disfrutar sin l\u00edmites del placer de acumular kil\u00f3metros de descenso sin perder tiempo en colas.<\/p>\n\n\n\n<p>La gran novedad que facilita sus vacaciones es, sin duda, la telecabina Skyvall. Este moderno enlace conecta el encantador pueblo de Loudenvielle, en el valle del Louron, con el pie de pistas de Peyresourde. En solo unos minutos, pasar\u00e1 de la tranquilidad del valle a la efervescencia de la alta monta\u00f1a.<\/p>\n\n\n\n<h4 class=\"wp-block-heading\">M\u00e1s all\u00e1 del esqu\u00ed: Un mundo de actividades<\/h4>\n\n\n\n<p>Peyragudes no se limita al esqu\u00ed en pista. La estaci\u00f3n ofrece una amplia variedad de actividades para satisfacer todos los deseos de monta\u00f1a:<\/p>\n\n\n\n<ul class=\"wp-block-list\">\n<li>Rutas con raquetas de nieve para una inmersi\u00f3n silenciosa en la naturaleza salvaje.<\/li>\n\n\n\n<li>Bautismos de parapente para sobrevolar las cumbres nevadas y vivir un momento inolvidable.<\/li>\n\n\n\n<li>Servicios y comercios a pie de pista para disfrutar de una jornada con el m\u00e1ximo confort.<\/li>\n<\/ul>\n\n\n\n<p>Despu\u00e9s de un d\u00eda lleno de adrenalina en las pistas de Peyragudes, recupere la serenidad del Val d&#8217;Autun para disfrutar de una velada de descanso bien merecida en el coraz\u00f3n de los Pirineos.<\/p>\n<\/div>\n<\/div>\n\n\n\n<div class=\"wp-image-slider border-green-gallery-full animation--top animation--init--once has-text-align-left aspect-ratio-1_1\">\n\n                                        \n                    <script>\n                        'use strict';\n\n                        document.addEventListener('DOMContentLoaded', function () {\n\n                            (function() {\n                                const blockSlide = new Splide( '#slide_593', {\n                                    type : 'loop',\n                                    perPage: 1,\n                                                                        \n                                    breakpoints: {\n                                        800: {\n                                            perPage: 1,\n                                                                                    },\n                                        450: {\n                                            perPage: 1,\n                                            \n                                        },\n                                    },\n                                    pagination: false,\n                                    arrows: true,\n                                    gap: 'var(--wp--style--block-gap)',\n                                    i18n: {\n                                        slideLabel: '0%s \/ 0%s',\n                                    }\n                                } );\n                                \n\n                                if (!document.querySelector('#slide_593').closest('.banner-slide')) {\n                                    const options = {\n                                        rootMargin: '0px',\n                                        threshold: 0.5\n                                    };\n\n                                    const observer = new IntersectionObserver(function (entries, observer) {\n                                        entries.forEach(entry => {\n                                            if (entry.isIntersecting) {\n                                                console.log('Slider is visible');\n                                                blockSlide.go('+' + entry.target.dataset.counter);\n                                                blockSlide.go('+${1}');\n                                                observer.unobserve(entry.target); \/\/ stop observing the target element\n                                            }\n                                        });\n                                    }, options);\n\n                                    observer.observe(document.querySelector('#slide_593'));\n                                }\n\n\n                                \n\/*                                 blockSlide.on( 'mounted', function () {\n                                    blockSlide.go('+${1}');\n                                } ); *\/\n\n                                blockSlide.mount();\n                                                                \n                                \n\n                            })();\n                        })\n                    <\/script>\n\n                    <div class=\"slider-container\"><div class=\"splide galeria-slider galeria-columnas-1\" id=\"slide_593\"><div class=\"splide__track\"><div class=\"splide__list\"><a href=\"https:\/\/www.camping-saint-lary.com\/wp-content\/uploads\/station-peyragudes-vue-imprenablke.jpeg\" id=\"thumb-11442\" class=\"splide__slide image-link\" data-gallery=\"slide_593\"  data-counter=\"01\/04\" alt=\" \" class=\"image-link\"><div class=\"image-wrapper\"><img loading=\"lazy\" decoding=\"async\" width=\"1024\" height=\"851\" src=\"https:\/\/www.camping-saint-lary.com\/wp-content\/uploads\/station-peyragudes-vue-imprenablke-1024x851.jpeg\" class=\"attachment-gallery-medium size-gallery-medium\" alt=\"\" srcset=\"https:\/\/www.camping-saint-lary.com\/wp-content\/uploads\/station-peyragudes-vue-imprenablke-1024x851.jpeg 1024w, https:\/\/www.camping-saint-lary.com\/wp-content\/uploads\/station-peyragudes-vue-imprenablke-768x638.jpeg 768w, https:\/\/www.camping-saint-lary.com\/wp-content\/uploads\/station-peyragudes-vue-imprenablke-1536x1276.jpeg 1536w, https:\/\/www.camping-saint-lary.com\/wp-content\/uploads\/station-peyragudes-vue-imprenablke-512x425.jpeg 512w, https:\/\/www.camping-saint-lary.com\/wp-content\/uploads\/station-peyragudes-vue-imprenablke-256x213.jpeg 256w, https:\/\/www.camping-saint-lary.com\/wp-content\/uploads\/station-peyragudes-vue-imprenablke-24x20.jpeg 24w, https:\/\/www.camping-saint-lary.com\/wp-content\/uploads\/station-peyragudes-vue-imprenablke-36x30.jpeg 36w, https:\/\/www.camping-saint-lary.com\/wp-content\/uploads\/station-peyragudes-vue-imprenablke-48x40.jpeg 48w, https:\/\/www.camping-saint-lary.com\/wp-content\/uploads\/station-peyragudes-vue-imprenablke.jpeg 2048w\" sizes=\"auto, (max-width: 1024px) 100vw, 1024px\" \/><\/div><\/a><a href=\"https:\/\/www.camping-saint-lary.com\/wp-content\/uploads\/station-peyragudes-telecabine.jpeg\" id=\"thumb-11439\" class=\"splide__slide image-link\" data-gallery=\"slide_593\"  data-counter=\"02\/04\" alt=\" \" class=\"image-link\"><div class=\"image-wrapper\"><img loading=\"lazy\" decoding=\"async\" width=\"1024\" height=\"1024\" src=\"https:\/\/www.camping-saint-lary.com\/wp-content\/uploads\/station-peyragudes-telecabine-1024x1024.jpeg\" class=\"attachment-gallery-medium size-gallery-medium\" alt=\"\" srcset=\"https:\/\/www.camping-saint-lary.com\/wp-content\/uploads\/station-peyragudes-telecabine-1024x1024.jpeg 1024w, https:\/\/www.camping-saint-lary.com\/wp-content\/uploads\/station-peyragudes-telecabine-200x200.jpeg 200w, https:\/\/www.camping-saint-lary.com\/wp-content\/uploads\/station-peyragudes-telecabine-768x768.jpeg 768w, https:\/\/www.camping-saint-lary.com\/wp-content\/uploads\/station-peyragudes-telecabine-1536x1536.jpeg 1536w, https:\/\/www.camping-saint-lary.com\/wp-content\/uploads\/station-peyragudes-telecabine-512x512.jpeg 512w, https:\/\/www.camping-saint-lary.com\/wp-content\/uploads\/station-peyragudes-telecabine-256x256.jpeg 256w, https:\/\/www.camping-saint-lary.com\/wp-content\/uploads\/station-peyragudes-telecabine-24x24.jpeg 24w, https:\/\/www.camping-saint-lary.com\/wp-content\/uploads\/station-peyragudes-telecabine-36x36.jpeg 36w, https:\/\/www.camping-saint-lary.com\/wp-content\/uploads\/station-peyragudes-telecabine-48x48.jpeg 48w, https:\/\/www.camping-saint-lary.com\/wp-content\/uploads\/station-peyragudes-telecabine.jpeg 2048w\" sizes=\"auto, (max-width: 1024px) 100vw, 1024px\" \/><\/div><\/a><a href=\"https:\/\/www.camping-saint-lary.com\/wp-content\/uploads\/station-peyragudes-proche-camping.jpeg\" id=\"thumb-11436\" class=\"splide__slide image-link\" data-gallery=\"slide_593\"  data-counter=\"03\/04\" alt=\" \" class=\"image-link\"><div class=\"image-wrapper\"><img loading=\"lazy\" decoding=\"async\" width=\"1024\" height=\"1024\" src=\"https:\/\/www.camping-saint-lary.com\/wp-content\/uploads\/station-peyragudes-proche-camping-1024x1024.jpeg\" class=\"attachment-gallery-medium size-gallery-medium\" alt=\"\" srcset=\"https:\/\/www.camping-saint-lary.com\/wp-content\/uploads\/station-peyragudes-proche-camping-1024x1024.jpeg 1024w, https:\/\/www.camping-saint-lary.com\/wp-content\/uploads\/station-peyragudes-proche-camping-200x200.jpeg 200w, https:\/\/www.camping-saint-lary.com\/wp-content\/uploads\/station-peyragudes-proche-camping-768x768.jpeg 768w, https:\/\/www.camping-saint-lary.com\/wp-content\/uploads\/station-peyragudes-proche-camping-1536x1536.jpeg 1536w, https:\/\/www.camping-saint-lary.com\/wp-content\/uploads\/station-peyragudes-proche-camping-512x512.jpeg 512w, https:\/\/www.camping-saint-lary.com\/wp-content\/uploads\/station-peyragudes-proche-camping-256x256.jpeg 256w, https:\/\/www.camping-saint-lary.com\/wp-content\/uploads\/station-peyragudes-proche-camping-24x24.jpeg 24w, https:\/\/www.camping-saint-lary.com\/wp-content\/uploads\/station-peyragudes-proche-camping-36x36.jpeg 36w, https:\/\/www.camping-saint-lary.com\/wp-content\/uploads\/station-peyragudes-proche-camping-48x48.jpeg 48w, https:\/\/www.camping-saint-lary.com\/wp-content\/uploads\/station-peyragudes-proche-camping.jpeg 2048w\" sizes=\"auto, (max-width: 1024px) 100vw, 1024px\" \/><\/div><\/a><a href=\"https:\/\/www.camping-saint-lary.com\/wp-content\/uploads\/station-ski-peyragudes.jpeg\" id=\"thumb-11457\" class=\"splide__slide image-link\" data-gallery=\"slide_593\"  data-counter=\"04\/04\" alt=\" \" class=\"image-link\"><div class=\"image-wrapper\"><img loading=\"lazy\" decoding=\"async\" width=\"1024\" height=\"1024\" src=\"https:\/\/www.camping-saint-lary.com\/wp-content\/uploads\/station-ski-peyragudes-1024x1024.jpeg\" class=\"attachment-gallery-medium size-gallery-medium\" alt=\"\" srcset=\"https:\/\/www.camping-saint-lary.com\/wp-content\/uploads\/station-ski-peyragudes-1024x1024.jpeg 1024w, https:\/\/www.camping-saint-lary.com\/wp-content\/uploads\/station-ski-peyragudes-200x200.jpeg 200w, https:\/\/www.camping-saint-lary.com\/wp-content\/uploads\/station-ski-peyragudes-768x768.jpeg 768w, https:\/\/www.camping-saint-lary.com\/wp-content\/uploads\/station-ski-peyragudes-1536x1536.jpeg 1536w, https:\/\/www.camping-saint-lary.com\/wp-content\/uploads\/station-ski-peyragudes-512x512.jpeg 512w, https:\/\/www.camping-saint-lary.com\/wp-content\/uploads\/station-ski-peyragudes-256x256.jpeg 256w, https:\/\/www.camping-saint-lary.com\/wp-content\/uploads\/station-ski-peyragudes-24x24.jpeg 24w, https:\/\/www.camping-saint-lary.com\/wp-content\/uploads\/station-ski-peyragudes-36x36.jpeg 36w, https:\/\/www.camping-saint-lary.com\/wp-content\/uploads\/station-ski-peyragudes-48x48.jpeg 48w, https:\/\/www.camping-saint-lary.com\/wp-content\/uploads\/station-ski-peyragudes.jpeg 2048w\" sizes=\"auto, (max-width: 1024px) 100vw, 1024px\" \/><\/div><\/a><\/div><\/div><\/div><\/div>\n                    \n<\/div><\/div>\n\n\n\n<div class=\"wp-block-group background-left-pink has-animation padding-container-mobile is-content-justification-center is-nowrap is-layout-flex wp-container-core-group-is-layout-32c2087b wp-block-group-is-layout-flex\" style=\"margin-top:var(--wp--preset--spacing--80);padding-top:var(--wp--preset--spacing--50);padding-bottom:var(--wp--preset--spacing--50)\">\n<div class=\"wp-image-slider border-pink-gallery-full animation--top animation--init--once has-text-align-left aspect-ratio-1_1\">\n\n                                        \n                    <script>\n                        'use strict';\n\n                        document.addEventListener('DOMContentLoaded', function () {\n\n                            (function() {\n                                const blockSlide = new Splide( '#slide_505', {\n                                    type : 'loop',\n                                    perPage: 1,\n                                                                        \n                                    breakpoints: {\n                                        800: {\n                                            perPage: 1,\n                                                                                    },\n                                        450: {\n                                            perPage: 1,\n                                            \n                                        },\n                                    },\n                                    pagination: false,\n                                    arrows: true,\n                                    gap: 'var(--wp--style--block-gap)',\n                                    i18n: {\n                                        slideLabel: '0%s \/ 0%s',\n                                    }\n                                } );\n                                \n\n                                if (!document.querySelector('#slide_505').closest('.banner-slide')) {\n                                    const options = {\n                                        rootMargin: '0px',\n                                        threshold: 0.5\n                                    };\n\n                                    const observer = new IntersectionObserver(function (entries, observer) {\n                                        entries.forEach(entry => {\n                                            if (entry.isIntersecting) {\n                                                console.log('Slider is visible');\n                                                blockSlide.go('+' + entry.target.dataset.counter);\n                                                blockSlide.go('+${1}');\n                                                observer.unobserve(entry.target); \/\/ stop observing the target element\n                                            }\n                                        });\n                                    }, options);\n\n                                    observer.observe(document.querySelector('#slide_505'));\n                                }\n\n\n                                \n\/*                                 blockSlide.on( 'mounted', function () {\n                                    blockSlide.go('+${1}');\n                                } ); *\/\n\n                                blockSlide.mount();\n                                                                \n                                \n\n                            })();\n                        })\n                    <\/script>\n\n                    <div class=\"slider-container\"><div class=\"splide galeria-slider galeria-columnas-1\" id=\"slide_505\"><div class=\"splide__track\"><div class=\"splide__list\"><a href=\"https:\/\/www.camping-saint-lary.com\/wp-content\/uploads\/randonnee-hiver-1.jpg\" id=\"thumb-10238\" class=\"splide__slide image-link\" data-gallery=\"slide_505\"  data-counter=\"01\/02\" alt=\" \" class=\"image-link\"><div class=\"image-wrapper\"><img loading=\"lazy\" decoding=\"async\" width=\"631\" height=\"576\" src=\"https:\/\/www.camping-saint-lary.com\/wp-content\/uploads\/randonnee-hiver-1.jpg\" class=\"attachment-gallery-medium size-gallery-medium\" alt=\"\" srcset=\"https:\/\/www.camping-saint-lary.com\/wp-content\/uploads\/\/randonnee-hiver-1.jpg 631w, https:\/\/www.camping-saint-lary.com\/wp-content\/uploads\/\/randonnee-hiver-1-512x467.jpg 512w, https:\/\/www.camping-saint-lary.com\/wp-content\/uploads\/\/randonnee-hiver-1-256x234.jpg 256w, https:\/\/www.camping-saint-lary.com\/wp-content\/uploads\/\/randonnee-hiver-1-24x22.jpg 24w, https:\/\/www.camping-saint-lary.com\/wp-content\/uploads\/\/randonnee-hiver-1-36x33.jpg 36w, https:\/\/www.camping-saint-lary.com\/wp-content\/uploads\/\/randonnee-hiver-1-48x44.jpg 48w\" sizes=\"auto, (max-width: 631px) 100vw, 631px\" \/><\/div><\/a><a href=\"https:\/\/www.camping-saint-lary.com\/wp-content\/uploads\/nbirrien-randonnee-raquettes-granges-grascoueou-hiv21.jpg\" id=\"thumb-10268\" class=\"splide__slide image-link\" data-gallery=\"slide_505\"  data-counter=\"02\/02\" alt=\" \" class=\"image-link\"><div class=\"image-wrapper\"><img loading=\"lazy\" decoding=\"async\" width=\"1024\" height=\"817\" src=\"https:\/\/www.camping-saint-lary.com\/wp-content\/uploads\/nbirrien-randonnee-raquettes-granges-grascoueou-hiv21-1024x817.jpg\" class=\"attachment-gallery-medium size-gallery-medium\" alt=\"\" srcset=\"https:\/\/www.camping-saint-lary.com\/wp-content\/uploads\/\/nbirrien-randonnee-raquettes-granges-grascoueou-hiv21-1024x817.jpg 1024w, https:\/\/www.camping-saint-lary.com\/wp-content\/uploads\/\/nbirrien-randonnee-raquettes-granges-grascoueou-hiv21-768x613.jpg 768w, https:\/\/www.camping-saint-lary.com\/wp-content\/uploads\/\/nbirrien-randonnee-raquettes-granges-grascoueou-hiv21-1536x1226.jpg 1536w, https:\/\/www.camping-saint-lary.com\/wp-content\/uploads\/\/nbirrien-randonnee-raquettes-granges-grascoueou-hiv21-512x409.jpg 512w, https:\/\/www.camping-saint-lary.com\/wp-content\/uploads\/\/nbirrien-randonnee-raquettes-granges-grascoueou-hiv21-256x204.jpg 256w, https:\/\/www.camping-saint-lary.com\/wp-content\/uploads\/\/nbirrien-randonnee-raquettes-granges-grascoueou-hiv21-24x19.jpg 24w, https:\/\/www.camping-saint-lary.com\/wp-content\/uploads\/\/nbirrien-randonnee-raquettes-granges-grascoueou-hiv21-36x29.jpg 36w, https:\/\/www.camping-saint-lary.com\/wp-content\/uploads\/\/nbirrien-randonnee-raquettes-granges-grascoueou-hiv21-48x38.jpg 48w, https:\/\/www.camping-saint-lary.com\/wp-content\/uploads\/\/nbirrien-randonnee-raquettes-granges-grascoueou-hiv21.jpg 1588w\" sizes=\"auto, (max-width: 1024px) 100vw, 1024px\" \/><\/div><\/a><\/div><\/div><\/div><\/div>\n                    \n<\/div>\n\n\n<div class=\"wp-block-group animation--top animation--init--once is-nowrap is-layout-flex wp-container-core-group-is-layout-6c531013 wp-block-group-is-layout-flex\">\n<div class=\"wp-block-group is-layout-constrained wp-block-group-is-layout-constrained\">\n<div class=\"wp-block-group is-nowrap is-layout-flex wp-container-core-group-is-layout-6c531013 wp-block-group-is-layout-flex\">\n<h3 class=\"wp-block-heading has-theme-pink-2-color has-text-color\" style=\"font-size:40px\">Las raquetas de Nieve<\/h3>\n<\/div>\n\n\n\n<h4 class=\"wp-block-heading\">Raquetas de Nieve: Una Inmersi\u00f3n M\u00e1gica en la Alta Monta\u00f1a<\/h4>\n\n\n\n<p>\u00bfBusca una alternativa al esqu\u00ed para disfrutar de la nieve de otra manera? La ruta con raquetas es la actividad ideal para evadirse, respirar aire puro y descubrir la monta\u00f1a a su propio ritmo. Tanto si es contemplativo como si es un gran deportista, las raquetas se adaptan a todos sus deseos.<\/p>\n\n\n\n<h4 class=\"wp-block-heading\">Un itinerario para cada perfil<\/h4>\n\n\n\n<p>La gran ventaja de las raquetas es su accesibilidad. Seg\u00fan su condici\u00f3n f\u00edsica y sus ganas de aventura, adaptamos el recorrido:<\/p>\n\n\n\n<p><strong>Paseo zen:<\/strong> Una caminata tranquila en el coraz\u00f3n de los bosques de abetos nevados, para escuchar el silencio del invierno.<\/p>\n\n\n\n<p><strong>Desaf\u00edo deportivo:<\/strong> Una ascensi\u00f3n hacia un collado de altura para los amantes del desnivel, con una recompensa visual incomparable sobre las cumbres circundantes.<\/p>\n\n\n\n<h4 class=\"wp-block-heading\">La experiencia de un gu\u00eda de monta\u00f1a: mucho m\u00e1s que caminar<\/h4>\n\n\n\n<p>Salir con un gu\u00eda de monta\u00f1a titulado es acceder a los jardines secretos de los Pirineos. M\u00e1s all\u00e1 del aspecto t\u00e9cnico y de la seguridad, su gu\u00eda es un verdadero narrador de historias.<\/p>\n\n\n\n<p>Le iniciar\u00e1 en los secretos de la fauna local, en la historia de los macizos y en t\u00e9cnicas b\u00e1sicas de supervivencia. Aprender\u00e1, por ejemplo, a identificar huellas de animales en la nieve polvo o a comprender la formaci\u00f3n del manto nivoso.<\/p>\n\n\n\n<h4 class=\"wp-block-heading\">Una aventura humana y l\u00fadica<\/h4>\n\n\n\n<p>\u00bfLe apetece vivir una experiencia original en familia o con amigos? Nuestras salidas incluyen momentos inolvidables como la construcci\u00f3n de un igl\u00fa. Es la ocasi\u00f3n perfecta para compartir risas y crear recuerdos grabados en la nieve.<\/p>\n\n\n\n<p>Desde la caminata t\u00e9cnica hasta el descubrimiento naturalista, las raquetas de nieve ofrecen una experiencia aut\u00e9ntica y enriquecedora en plena monta\u00f1a.<\/p>\n<\/div>\n<\/div>\n<\/div>\n\n\n\n<div class=\"wp-block-group background-right-green has-animation padding-container-mobile is-content-justification-center is-nowrap is-layout-flex wp-container-core-group-is-layout-7a84741e wp-block-group-is-layout-flex\" style=\"margin-top:var(--wp--preset--spacing--80);padding-top:var(--wp--preset--spacing--50);padding-bottom:var(--wp--preset--spacing--50)\">\n<div class=\"wp-block-group animation--top animation--init--once is-nowrap is-layout-flex wp-container-core-group-is-layout-6c531013 wp-block-group-is-layout-flex\">\n<div class=\"wp-block-group is-layout-constrained wp-block-group-is-layout-constrained\">\n<div class=\"wp-block-group is-nowrap is-layout-flex wp-container-core-group-is-layout-6c531013 wp-block-group-is-layout-flex\">\n<h3 class=\"wp-block-heading has-theme-green-light-color has-text-color\" style=\"font-size:40px\">In\u00edciese en el esqu\u00ed de traves\u00eda<\/h3>\n<\/div>\n\n\n\n<h4 class=\"wp-block-heading\">Esqu\u00ed de Traves\u00eda: Libertad Absoluta y Cumbres V\u00edrgenes<\/h4>\n\n\n\n<p>Si sue\u00f1a con dejar atr\u00e1s las pistas pisadas para trazar su propio camino, el esqu\u00ed de traves\u00eda es su pr\u00f3ximo desaf\u00edo. Mucho m\u00e1s que un deporte, es una inmersi\u00f3n total que le permitir\u00e1 descubrir los paisajes incre\u00edbles de nuestros grandes espacios naturales, all\u00ed donde la monta\u00f1a permanece salvaje y aut\u00e9ntica.<\/p>\n\n\n\n<h4 class=\"wp-block-heading\">La emoci\u00f3n de la exploraci\u00f3n<\/h4>\n\n\n\n<p>En el esqu\u00ed de traves\u00eda, cada giro en la subida es una invitaci\u00f3n a la contemplaci\u00f3n. Al alejarse de los remontes mec\u00e1nicos, podr\u00e1 explorar lugares remotos e inaccesibles para el gran p\u00fablico. En ese silencio, interrumpido \u00fanicamente por el deslizamiento de sus esqu\u00eds sobre la nieve, se logra una conexi\u00f3n profunda con la naturaleza. Sentir\u00e1 una libertad y una emoci\u00f3n \u00fanicas, lejos del bullicio de las estaciones.<\/p>\n\n\n\n<h4 class=\"wp-block-heading\">La satisfacci\u00f3n de la cima<\/h4>\n\n\n\n<p>El esfuerzo de la ascensi\u00f3n da todo su sentido a la aventura. Nada se compara con la intensa sensaci\u00f3n de logro al alcanzar una cumbre \u00fanicamente con la fuerza de sus piernas. Desde lo m\u00e1s alto, disfrutar\u00e1 de:<\/p>\n\n\n\n<p>Paisajes impresionantes que se extienden hasta donde alcanza la vista.<\/p>\n\n\n\n<p>La pureza del aire fresco y la calma absoluta de la alta monta\u00f1a.<\/p>\n\n\n\n<p>Un descenso memorable sobre nieve virgen y ligera.<\/p>\n\n\n\n<h4 class=\"wp-block-heading\">Seguridad y acompa\u00f1amiento con un gu\u00eda<\/h4>\n\n\n\n<p>Practicar fuera de los dominios se\u00f1alizados requiere experiencia y conocimiento. Acompa\u00f1ado por un gu\u00eda de alta monta\u00f1a, aprender\u00e1 a interpretar el terreno, a utilizar el material de seguridad (ARVA, pala y sonda) y a elegir las mejores l\u00edneas de descenso. Tanto si es un principiante curioso como un esquiador experimentado, nuestros itinerarios se adaptan a su nivel para que el placer sea siempre total.<\/p>\n<\/div>\n<\/div>\n\n\n\n<div class=\"wp-image-slider border-green-gallery-full animation--top animation--init--once has-text-align-left aspect-ratio-1_1\">\n\n                                        \n                    <script>\n                        'use strict';\n\n                        document.addEventListener('DOMContentLoaded', function () {\n\n                            (function() {\n                                const blockSlide = new Splide( '#slide_885', {\n                                    type : 'loop',\n                                    perPage: 1,\n                                                                        \n                                    breakpoints: {\n                                        800: {\n                                            perPage: 1,\n                                                                                    },\n                                        450: {\n                                            perPage: 1,\n                                            \n                                        },\n                                    },\n                                    pagination: false,\n                                    arrows: true,\n                                    gap: 'var(--wp--style--block-gap)',\n                                    i18n: {\n                                        slideLabel: '0%s \/ 0%s',\n                                    }\n                                } );\n                                \n\n                                if (!document.querySelector('#slide_885').closest('.banner-slide')) {\n                                    const options = {\n                                        rootMargin: '0px',\n                                        threshold: 0.5\n                                    };\n\n                                    const observer = new IntersectionObserver(function (entries, observer) {\n                                        entries.forEach(entry => {\n                                            if (entry.isIntersecting) {\n                                                console.log('Slider is visible');\n                                                blockSlide.go('+' + entry.target.dataset.counter);\n                                                blockSlide.go('+${1}');\n                                                observer.unobserve(entry.target); \/\/ stop observing the target element\n                                            }\n                                        });\n                                    }, options);\n\n                                    observer.observe(document.querySelector('#slide_885'));\n                                }\n\n\n                                \n\/*                                 blockSlide.on( 'mounted', function () {\n                                    blockSlide.go('+${1}');\n                                } ); *\/\n\n                                blockSlide.mount();\n                                                                \n                                \n\n                            })();\n                        })\n                    <\/script>\n\n                    <div class=\"slider-container\"><div class=\"splide galeria-slider galeria-columnas-1\" id=\"slide_885\"><div class=\"splide__track\"><div class=\"splide__list\"><a href=\"https:\/\/www.camping-saint-lary.com\/wp-content\/uploads\/nbirrien-randonnee-ski-espiaube.jpg\" id=\"thumb-10267\" class=\"splide__slide image-link\" data-gallery=\"slide_885\"  data-counter=\"01\/02\" alt=\" \" class=\"image-link\"><div class=\"image-wrapper\"><img loading=\"lazy\" decoding=\"async\" width=\"1024\" height=\"678\" src=\"https:\/\/www.camping-saint-lary.com\/wp-content\/uploads\/nbirrien-randonnee-ski-espiaube-1024x678.jpg\" class=\"attachment-gallery-medium size-gallery-medium\" alt=\"\" srcset=\"https:\/\/www.camping-saint-lary.com\/wp-content\/uploads\/\/nbirrien-randonnee-ski-espiaube-1024x678.jpg 1024w, https:\/\/www.camping-saint-lary.com\/wp-content\/uploads\/\/nbirrien-randonnee-ski-espiaube-768x509.jpg 768w, https:\/\/www.camping-saint-lary.com\/wp-content\/uploads\/\/nbirrien-randonnee-ski-espiaube-1536x1017.jpg 1536w, https:\/\/www.camping-saint-lary.com\/wp-content\/uploads\/\/nbirrien-randonnee-ski-espiaube-512x339.jpg 512w, https:\/\/www.camping-saint-lary.com\/wp-content\/uploads\/\/nbirrien-randonnee-ski-espiaube-256x170.jpg 256w, https:\/\/www.camping-saint-lary.com\/wp-content\/uploads\/\/nbirrien-randonnee-ski-espiaube-24x16.jpg 24w, https:\/\/www.camping-saint-lary.com\/wp-content\/uploads\/\/nbirrien-randonnee-ski-espiaube-36x24.jpg 36w, https:\/\/www.camping-saint-lary.com\/wp-content\/uploads\/\/nbirrien-randonnee-ski-espiaube-48x32.jpg 48w, https:\/\/www.camping-saint-lary.com\/wp-content\/uploads\/\/nbirrien-randonnee-ski-espiaube.jpg 1738w\" sizes=\"auto, (max-width: 1024px) 100vw, 1024px\" \/><\/div><\/a><a href=\"https:\/\/www.camping-saint-lary.com\/wp-content\/uploads\/ski-sarrat-1.jpg\" id=\"thumb-10296\" class=\"splide__slide image-link\" data-gallery=\"slide_885\"  data-counter=\"02\/02\" alt=\" \" class=\"image-link\"><div class=\"image-wrapper\"><img loading=\"lazy\" decoding=\"async\" width=\"1024\" height=\"768\" src=\"https:\/\/www.camping-saint-lary.com\/wp-content\/uploads\/ski-sarrat-1-1024x768.jpg\" class=\"attachment-gallery-medium size-gallery-medium\" alt=\"\" srcset=\"https:\/\/www.camping-saint-lary.com\/wp-content\/uploads\/\/ski-sarrat-1-1024x768.jpg 1024w, https:\/\/www.camping-saint-lary.com\/wp-content\/uploads\/\/ski-sarrat-1-768x576.jpg 768w, https:\/\/www.camping-saint-lary.com\/wp-content\/uploads\/\/ski-sarrat-1-512x384.jpg 512w, https:\/\/www.camping-saint-lary.com\/wp-content\/uploads\/\/ski-sarrat-1-256x192.jpg 256w, https:\/\/www.camping-saint-lary.com\/wp-content\/uploads\/\/ski-sarrat-1-24x18.jpg 24w, https:\/\/www.camping-saint-lary.com\/wp-content\/uploads\/\/ski-sarrat-1-36x27.jpg 36w, https:\/\/www.camping-saint-lary.com\/wp-content\/uploads\/\/ski-sarrat-1-48x36.jpg 48w, https:\/\/www.camping-saint-lary.com\/wp-content\/uploads\/\/ski-sarrat-1.jpg 1280w\" sizes=\"auto, (max-width: 1024px) 100vw, 1024px\" \/><\/div><\/a><\/div><\/div><\/div><\/div>\n                    \n<\/div><\/div>\n\n\n\n<div class=\"wp-block-group background-left-pink has-animation padding-container-mobile is-content-justification-center is-nowrap is-layout-flex wp-container-core-group-is-layout-32c2087b wp-block-group-is-layout-flex\" style=\"margin-top:var(--wp--preset--spacing--80);padding-top:var(--wp--preset--spacing--50);padding-bottom:var(--wp--preset--spacing--50)\">\n<div class=\"wp-image-slider border-pink-gallery-full animation--top animation--init--once has-text-align-left aspect-ratio-1_1\">\n\n                                        \n                    <script>\n                        'use strict';\n\n                        document.addEventListener('DOMContentLoaded', function () {\n\n                            (function() {\n                                const blockSlide = new Splide( '#slide_20', {\n                                    type : 'loop',\n                                    perPage: 1,\n                                                                        \n                                    breakpoints: {\n                                        800: {\n                                            perPage: 1,\n                                                                                    },\n                                        450: {\n                                            perPage: 1,\n                                            \n                                        },\n                                    },\n                                    pagination: false,\n                                    arrows: true,\n                                    gap: 'var(--wp--style--block-gap)',\n                                    i18n: {\n                                        slideLabel: '0%s \/ 0%s',\n                                    }\n                                } );\n                                \n\n                                if (!document.querySelector('#slide_20').closest('.banner-slide')) {\n                                    const options = {\n                                        rootMargin: '0px',\n                                        threshold: 0.5\n                                    };\n\n                                    const observer = new IntersectionObserver(function (entries, observer) {\n                                        entries.forEach(entry => {\n                                            if (entry.isIntersecting) {\n                                                console.log('Slider is visible');\n                                                blockSlide.go('+' + entry.target.dataset.counter);\n                                                blockSlide.go('+${1}');\n                                                observer.unobserve(entry.target); \/\/ stop observing the target element\n                                            }\n                                        });\n                                    }, options);\n\n                                    observer.observe(document.querySelector('#slide_20'));\n                                }\n\n\n                                \n\/*                                 blockSlide.on( 'mounted', function () {\n                                    blockSlide.go('+${1}');\n                                } ); *\/\n\n                                blockSlide.mount();\n                                                                \n                                \n\n                            })();\n                        })\n                    <\/script>\n\n                    <div class=\"slider-container\"><div class=\"splide galeria-slider galeria-columnas-1\" id=\"slide_20\"><div class=\"splide__track\"><div class=\"splide__list\"><a href=\"https:\/\/www.camping-saint-lary.com\/wp-content\/uploads\/greg-terra-photo-thermalisme.jpg\" id=\"thumb-10258\" class=\"splide__slide image-link\" data-gallery=\"slide_20\"  data-counter=\"01\/03\" alt=\" \" class=\"image-link\"><div class=\"image-wrapper\"><img loading=\"lazy\" decoding=\"async\" width=\"680\" height=\"1024\" src=\"https:\/\/www.camping-saint-lary.com\/wp-content\/uploads\/greg-terra-photo-thermalisme-680x1024.jpg\" class=\"attachment-gallery-medium size-gallery-medium\" alt=\"\" srcset=\"https:\/\/www.camping-saint-lary.com\/wp-content\/uploads\/\/greg-terra-photo-thermalisme-680x1024.jpg 680w, https:\/\/www.camping-saint-lary.com\/wp-content\/uploads\/\/greg-terra-photo-thermalisme-768x1157.jpg 768w, https:\/\/www.camping-saint-lary.com\/wp-content\/uploads\/\/greg-terra-photo-thermalisme-1020x1536.jpg 1020w, https:\/\/www.camping-saint-lary.com\/wp-content\/uploads\/\/greg-terra-photo-thermalisme-340x512.jpg 340w, https:\/\/www.camping-saint-lary.com\/wp-content\/uploads\/\/greg-terra-photo-thermalisme-170x256.jpg 170w, https:\/\/www.camping-saint-lary.com\/wp-content\/uploads\/\/greg-terra-photo-thermalisme-16x24.jpg 16w, https:\/\/www.camping-saint-lary.com\/wp-content\/uploads\/\/greg-terra-photo-thermalisme-24x36.jpg 24w, https:\/\/www.camping-saint-lary.com\/wp-content\/uploads\/\/greg-terra-photo-thermalisme-32x48.jpg 32w, https:\/\/www.camping-saint-lary.com\/wp-content\/uploads\/\/greg-terra-photo-thermalisme.jpg 1126w\" sizes=\"auto, (max-width: 680px) 100vw, 680px\" \/><\/div><\/a><a href=\"https:\/\/www.camping-saint-lary.com\/wp-content\/uploads\/greg-terra-photo-thermalisme-sensoria.jpg\" id=\"thumb-10259\" class=\"splide__slide image-link\" data-gallery=\"slide_20\"  data-counter=\"02\/03\" alt=\" \" class=\"image-link\"><div class=\"image-wrapper\"><img loading=\"lazy\" decoding=\"async\" width=\"679\" height=\"1024\" src=\"https:\/\/www.camping-saint-lary.com\/wp-content\/uploads\/greg-terra-photo-thermalisme-sensoria-679x1024.jpg\" class=\"attachment-gallery-medium size-gallery-medium\" alt=\"\" srcset=\"https:\/\/www.camping-saint-lary.com\/wp-content\/uploads\/\/greg-terra-photo-thermalisme-sensoria-679x1024.jpg 679w, https:\/\/www.camping-saint-lary.com\/wp-content\/uploads\/\/greg-terra-photo-thermalisme-sensoria-768x1159.jpg 768w, https:\/\/www.camping-saint-lary.com\/wp-content\/uploads\/\/greg-terra-photo-thermalisme-sensoria-1018x1536.jpg 1018w, https:\/\/www.camping-saint-lary.com\/wp-content\/uploads\/\/greg-terra-photo-thermalisme-sensoria-339x512.jpg 339w, https:\/\/www.camping-saint-lary.com\/wp-content\/uploads\/\/greg-terra-photo-thermalisme-sensoria-170x256.jpg 170w, https:\/\/www.camping-saint-lary.com\/wp-content\/uploads\/\/greg-terra-photo-thermalisme-sensoria-16x24.jpg 16w, https:\/\/www.camping-saint-lary.com\/wp-content\/uploads\/\/greg-terra-photo-thermalisme-sensoria-24x36.jpg 24w, https:\/\/www.camping-saint-lary.com\/wp-content\/uploads\/\/greg-terra-photo-thermalisme-sensoria-32x48.jpg 32w, https:\/\/www.camping-saint-lary.com\/wp-content\/uploads\/\/greg-terra-photo-thermalisme-sensoria.jpg 1058w\" sizes=\"auto, (max-width: 679px) 100vw, 679px\" \/><\/div><\/a><a href=\"https:\/\/www.camping-saint-lary.com\/wp-content\/uploads\/nature.jpg\" id=\"thumb-9780\" class=\"splide__slide image-link\" data-gallery=\"slide_20\"  data-counter=\"03\/03\" alt=\" \" class=\"image-link\"><div class=\"image-wrapper\"><img loading=\"lazy\" decoding=\"async\" width=\"631\" height=\"576\" src=\"https:\/\/www.camping-saint-lary.com\/wp-content\/uploads\/nature.jpg\" class=\"attachment-gallery-medium size-gallery-medium\" alt=\"\" srcset=\"https:\/\/www.camping-saint-lary.com\/wp-content\/uploads\/\/nature.jpg 631w, https:\/\/www.camping-saint-lary.com\/wp-content\/uploads\/\/nature-512x467.jpg 512w, https:\/\/www.camping-saint-lary.com\/wp-content\/uploads\/\/nature-256x234.jpg 256w, https:\/\/www.camping-saint-lary.com\/wp-content\/uploads\/\/nature-24x22.jpg 24w, https:\/\/www.camping-saint-lary.com\/wp-content\/uploads\/\/nature-36x33.jpg 36w, https:\/\/www.camping-saint-lary.com\/wp-content\/uploads\/\/nature-48x44.jpg 48w\" sizes=\"auto, (max-width: 631px) 100vw, 631px\" \/><\/div><\/a><\/div><\/div><\/div><\/div>\n                    \n<\/div>\n\n\n<div class=\"wp-block-group animation--top animation--init--once is-nowrap is-layout-flex wp-container-core-group-is-layout-6c531013 wp-block-group-is-layout-flex\">\n<div class=\"wp-block-group is-layout-constrained wp-block-group-is-layout-constrained\">\n<div class=\"wp-block-group is-nowrap is-layout-flex wp-container-core-group-is-layout-6c531013 wp-block-group-is-layout-flex\">\n<h3 class=\"wp-block-heading has-theme-pink-2-color has-text-color\" style=\"font-size:40px\">Despu\u00e9s de un d\u00eda en la &#8216;naturaleza&#8217;<\/h3>\n<\/div>\n\n\n\n<p>Tras una jornada llena de emociones por los senderos de monta\u00f1a o las pistas de esqu\u00ed de Saint-Lary, \u00bfqu\u00e9 puede ser m\u00e1s reparador que un momento de relajaci\u00f3n absoluta? Nuestra regi\u00f3n es una aut\u00e9ntica tierra de agua y bienestar. Al alojarse con nosotros, se encontrar\u00e1 en una ubicaci\u00f3n ideal para descubrir dos de las joyas m\u00e1s bellas del termalismo pirenaico: Baln\u00e9a y Sensoria.<\/p>\n\n\n\n<h4 class=\"wp-block-heading\">Sensoria Rio: el spa en el coraz\u00f3n de Saint-Lary-Soulan<\/h4>\n\n\n\n<p>A solo unos pasos, el centro Sensoria le invita a vivir una experiencia sensorial \u00fanica. Dise\u00f1ado para recrear el lecho de un ca\u00f1\u00f3n, este espacio utiliza agua de manantial natural, famosa por su pureza legendaria. Imag\u00ednese flotando en un agua calentada a 32 \u00b0C, mientras los chorros masajeadores liberan todas sus tensiones. Entre cascadas, g\u00e9iseres y jacuzzis, cada miembro de la familia encontrar\u00e1 su momento de felicidad en este entorno excepcional, situado en pleno centro del pueblo.<\/p>\n\n\n\n<h4 class=\"wp-block-heading\">Baln\u00e9a: un viaje alrededor del mundo frente a las cumbres<\/h4>\n\n\n\n<p>A pocos minutos, en el valle de Louron, se alza Baln\u00e9a, el primer complejo de relajaci\u00f3n en aguas termales de los Pirineos franceses. Una aut\u00e9ntica invitaci\u00f3n al viaje:<\/p>\n\n\n\n<p>Los Ba\u00f1os Japoneses: rel\u00e1jese al aire libre en piscinas con una impresionante vista panor\u00e1mica de los picos nevados.<br>Los Ba\u00f1os Mayas e Incas: para una experiencia l\u00fadica y c\u00e1lida.<br>El Espacio Romano: un marco majestuoso para una calma absoluta.<\/p>\n\n\n\n<h4 class=\"wp-block-heading\">Un programa \u201cZen\u201d a medida<\/h4>\n\n\n\n<p>Para completar su jornada, d\u00e9jese tentar por un masaje con aceites esenciales o un tratamiento corporal. El contraste entre la frescura del aire de monta\u00f1a y el calor de las aguas naturales crea una sensaci\u00f3n de plenitud incomparable. Tanto si busca recuperaci\u00f3n deportiva como una escapada tranquila, estos centros termales transformar\u00e1n su estancia en una aut\u00e9ntica fuente de juventud.<\/p>\n\n\n\n<p>No olvide su ba\u00f1ador: la relajaci\u00f3n le espera para una pausa fuera del tiempo, a los pies de los Pirineos.<\/p>\n<\/div>\n<\/div>\n<\/div>\n\n\n\n<div class=\"wp-block-group background-right-green has-animation padding-container-mobile is-content-justification-center is-nowrap is-layout-flex wp-container-core-group-is-layout-7a84741e wp-block-group-is-layout-flex\" style=\"margin-top:var(--wp--preset--spacing--80);padding-top:var(--wp--preset--spacing--50);padding-bottom:var(--wp--preset--spacing--50)\">\n<div class=\"wp-block-group animation--top animation--init--once is-nowrap is-layout-flex wp-container-core-group-is-layout-6c531013 wp-block-group-is-layout-flex\">\n<div class=\"wp-block-group is-layout-constrained wp-block-group-is-layout-constrained\">\n<div class=\"wp-block-group is-nowrap is-layout-flex wp-container-core-group-is-layout-6c531013 wp-block-group-is-layout-flex\">\n<h3 class=\"wp-block-heading has-theme-green-light-color has-text-color\" style=\"font-size:40px\">Pour los descubrimientos<\/h3>\n<\/div>\n\n\n\n<p>\ud83d\udc10 <strong>Cultura y Territorio: El Coraz\u00f3n Palpitante del Valle de Aure<\/strong><\/p>\n\n\n\n<p>Mucho m\u00e1s que un destino deportivo, nuestra regi\u00f3n es una tierra de tradiciones vivas y de saberes ancestrales. Alojarse con nosotros es sumergirse en una aut\u00e9ntica cultura de monta\u00f1a, donde el ser humano, los animales y la naturaleza conviven en perfecta armon\u00eda.<\/p>\n\n\n\n<h4 class=\"wp-block-heading\">Encuentros con Animales y Tradiciones Pastoriles<\/h4>\n\n\n\n<p>La primavera y el oto\u00f1o est\u00e1n marcados por el gran acontecimiento de la vida pastoral: la trashumancia. Acompa\u00f1ar a los reba\u00f1os hacia los pastos de altura es una experiencia humana inolvidable. Para una inmersi\u00f3n cotidiana, haga una parada en la <strong>Queser\u00eda de Cabras de Gouaux<\/strong>. Verdadera instituci\u00f3n local, all\u00ed descubrir\u00e1 la pasi\u00f3n de los ganaderos, el cuidado que brindan a los animales y, por supuesto, la degustaci\u00f3n de sus sabrosos quesos de cabra.<\/p>\n\n\n\n<p>Para variar los placeres, no se pierda <strong>el Refugio de los Huskys<\/strong> para una aventura de aire n\u00f3rdico, ni el majestuoso espect\u00e1culo de <strong>las \u00c1guilas de Aure en Arreau<\/strong>, que pone de relieve la complicidad entre el ser humano y las aves rapaces. Para una visi\u00f3n m\u00e1s amplia de la fauna salvaje (osos, lobos, marmotas), el <strong>Parque Animal de los Pirineos<\/strong> en Argel\u00e8s-Gazost es una visita imprescindible que maravillar\u00e1 a los m\u00e1s peque\u00f1os.<\/p>\n\n\n\n<h4 class=\"wp-block-heading\">Un Viaje Gastron\u00f3mico en la Tierra del Cerdo Negro de Bigorre<\/h4>\n\n\n\n<p>El Valle de Aure se saborea tanto como se visita. Los mercados locales est\u00e1n repletos de tesoros: el c\u00e9lebre <strong>Cerdo Negro de Bigorre<\/strong>, quesos de oveja curados y chocolates artesanales. Para el postre, d\u00e9jese tentar por el <strong>G\u00e2teau \u00e0 la Broche<\/strong>, una especialidad local cocinada al fuego de le\u00f1a cuya preparaci\u00f3n es todo un espect\u00e1culo visual.<\/p>\n\n\n\n<h4 class=\"wp-block-heading\">Patrimonio Hist\u00f3rico y Misterios Subterr\u00e1neos<\/h4>\n\n\n\n<p>La historia de nuestros pueblos se lee en las fachadas de las iglesias rom\u00e1nicas y de las capillas escondidas en el fondo de los valles. \u00a1Pero el espect\u00e1culo tambi\u00e9n se encuentra bajo sus pies! La regi\u00f3n alberga joyas subterr\u00e1neas como las <strong>cuevas de Gargas, M\u00e9dous o B\u00e9tharram<\/strong>. Menci\u00f3n especial merece el <strong>Sima de Esparros<\/strong>, un aut\u00e9ntico jard\u00edn de cristal oculto en las entra\u00f1as de los Pirineos.<\/p>\n\n\n\n<p>Por \u00faltimo, para comprender todos los secretos de nuestro ecosistema, haga una parada en la <strong>Casa del Parque Nacional<\/strong> en Saint-Lary-Soulan: una aut\u00e9ntica mina de informaci\u00f3n para enriquecer su cultura pirenaica antes de continuar la exploraci\u00f3n.<\/p>\n<\/div>\n<\/div>\n\n\n\n<div class=\"wp-image-slider border-green-gallery-full animation--top animation--init--once has-text-align-left aspect-ratio-1_1\">\n\n                                        \n                    <script>\n                        'use strict';\n\n                        document.addEventListener('DOMContentLoaded', function () {\n\n                            (function() {\n                                const blockSlide = new Splide( '#slide_543', {\n                                    type : 'loop',\n                                    perPage: 1,\n                                                                        \n                                    breakpoints: {\n                                        800: {\n                                            perPage: 1,\n                                                                                    },\n                                        450: {\n                                            perPage: 1,\n                                            \n                                        },\n                                    },\n                                    pagination: false,\n                                    arrows: true,\n                                    gap: 'var(--wp--style--block-gap)',\n                                    i18n: {\n                                        slideLabel: '0%s \/ 0%s',\n                                    }\n                                } );\n                                \n\n                                if (!document.querySelector('#slide_543').closest('.banner-slide')) {\n                                    const options = {\n                                        rootMargin: '0px',\n                                        threshold: 0.5\n                                    };\n\n                                    const observer = new IntersectionObserver(function (entries, observer) {\n                                        entries.forEach(entry => {\n                                            if (entry.isIntersecting) {\n                                                console.log('Slider is visible');\n                                                blockSlide.go('+' + entry.target.dataset.counter);\n                                                blockSlide.go('+${1}');\n                                                observer.unobserve(entry.target); \/\/ stop observing the target element\n                                            }\n                                        });\n                                    }, options);\n\n                                    observer.observe(document.querySelector('#slide_543'));\n                                }\n\n\n                                \n\/*                                 blockSlide.on( 'mounted', function () {\n                                    blockSlide.go('+${1}');\n                                } ); *\/\n\n                                blockSlide.mount();\n                                                                \n                                \n\n                            })();\n                        })\n                    <\/script>\n\n                    <div class=\"slider-container\"><div class=\"splide galeria-slider galeria-columnas-1\" id=\"slide_543\"><div class=\"splide__track\"><div class=\"splide__list\"><a href=\"https:\/\/www.camping-saint-lary.com\/wp-content\/uploads\/isens-thumbphp.jpg\" id=\"thumb-10260\" class=\"splide__slide image-link\" data-gallery=\"slide_543\"  data-counter=\"01\/09\" alt=\" \" class=\"image-link\"><div class=\"image-wrapper\"><img loading=\"lazy\" decoding=\"async\" width=\"1024\" height=\"403\" src=\"https:\/\/www.camping-saint-lary.com\/wp-content\/uploads\/isens-thumbphp-1024x403.jpg\" class=\"attachment-gallery-medium size-gallery-medium\" alt=\"\" srcset=\"https:\/\/www.camping-saint-lary.com\/wp-content\/uploads\/\/isens-thumbphp-1024x403.jpg 1024w, https:\/\/www.camping-saint-lary.com\/wp-content\/uploads\/\/isens-thumbphp-768x303.jpg 768w, https:\/\/www.camping-saint-lary.com\/wp-content\/uploads\/\/isens-thumbphp-512x202.jpg 512w, https:\/\/www.camping-saint-lary.com\/wp-content\/uploads\/\/isens-thumbphp-256x101.jpg 256w, https:\/\/www.camping-saint-lary.com\/wp-content\/uploads\/\/isens-thumbphp-24x9.jpg 24w, https:\/\/www.camping-saint-lary.com\/wp-content\/uploads\/\/isens-thumbphp-36x14.jpg 36w, https:\/\/www.camping-saint-lary.com\/wp-content\/uploads\/\/isens-thumbphp-48x19.jpg 48w, https:\/\/www.camping-saint-lary.com\/wp-content\/uploads\/\/isens-thumbphp.jpg 1320w\" sizes=\"auto, (max-width: 1024px) 100vw, 1024px\" \/><\/div><\/a><a href=\"https:\/\/www.camping-saint-lary.com\/wp-content\/uploads\/3-13.jpg\" id=\"thumb-9817\" class=\"splide__slide image-link\" data-gallery=\"slide_543\"  data-counter=\"02\/09\" alt=\" \" class=\"image-link\"><div class=\"image-wrapper\"><img loading=\"lazy\" decoding=\"async\" width=\"1024\" height=\"576\" src=\"https:\/\/www.camping-saint-lary.com\/wp-content\/uploads\/3-13-1024x576.jpg\" class=\"attachment-gallery-medium size-gallery-medium\" alt=\"\" srcset=\"https:\/\/www.camping-saint-lary.com\/wp-content\/uploads\/\/3-13-1024x576.jpg 1024w, https:\/\/www.camping-saint-lary.com\/wp-content\/uploads\/\/3-13-768x432.jpg 768w, https:\/\/www.camping-saint-lary.com\/wp-content\/uploads\/\/3-13-1536x864.jpg 1536w, https:\/\/www.camping-saint-lary.com\/wp-content\/uploads\/\/3-13-512x288.jpg 512w, https:\/\/www.camping-saint-lary.com\/wp-content\/uploads\/\/3-13-256x144.jpg 256w, https:\/\/www.camping-saint-lary.com\/wp-content\/uploads\/\/3-13-24x14.jpg 24w, https:\/\/www.camping-saint-lary.com\/wp-content\/uploads\/\/3-13-36x20.jpg 36w, https:\/\/www.camping-saint-lary.com\/wp-content\/uploads\/\/3-13-48x27.jpg 48w, https:\/\/www.camping-saint-lary.com\/wp-content\/uploads\/\/3-13.jpg 1920w\" sizes=\"auto, (max-width: 1024px) 100vw, 1024px\" \/><\/div><\/a><a href=\"https:\/\/www.camping-saint-lary.com\/wp-content\/uploads\/cani-rando-montagne-2.jpg\" id=\"thumb-10331\" class=\"splide__slide image-link\" data-gallery=\"slide_543\"  data-counter=\"03\/09\" alt=\" \" class=\"image-link\"><div class=\"image-wrapper\"><img loading=\"lazy\" decoding=\"async\" width=\"942\" height=\"912\" src=\"https:\/\/www.camping-saint-lary.com\/wp-content\/uploads\/cani-rando-montagne-2.jpg\" class=\"attachment-gallery-medium size-gallery-medium\" alt=\"\" srcset=\"https:\/\/www.camping-saint-lary.com\/wp-content\/uploads\/\/cani-rando-montagne-2.jpg 942w, https:\/\/www.camping-saint-lary.com\/wp-content\/uploads\/\/cani-rando-montagne-2-768x744.jpg 768w, https:\/\/www.camping-saint-lary.com\/wp-content\/uploads\/\/cani-rando-montagne-2-512x496.jpg 512w, https:\/\/www.camping-saint-lary.com\/wp-content\/uploads\/\/cani-rando-montagne-2-256x248.jpg 256w, https:\/\/www.camping-saint-lary.com\/wp-content\/uploads\/\/cani-rando-montagne-2-24x24.jpg 24w, https:\/\/www.camping-saint-lary.com\/wp-content\/uploads\/\/cani-rando-montagne-2-36x36.jpg 36w, https:\/\/www.camping-saint-lary.com\/wp-content\/uploads\/\/cani-rando-montagne-2-48x46.jpg 48w\" sizes=\"auto, (max-width: 942px) 100vw, 942px\" \/><\/div><\/a><a href=\"https:\/\/www.camping-saint-lary.com\/wp-content\/uploads\/lynx.jpg\" id=\"thumb-10530\" class=\"splide__slide image-link\" data-gallery=\"slide_543\"  data-counter=\"04\/09\" alt=\" \" class=\"image-link\"><div class=\"image-wrapper\"><img loading=\"lazy\" decoding=\"async\" width=\"1024\" height=\"690\" src=\"https:\/\/www.camping-saint-lary.com\/wp-content\/uploads\/lynx-1024x690.jpg\" class=\"attachment-gallery-medium size-gallery-medium\" alt=\"\" srcset=\"https:\/\/www.camping-saint-lary.com\/wp-content\/uploads\/\/lynx-1024x690.jpg 1024w, https:\/\/www.camping-saint-lary.com\/wp-content\/uploads\/\/lynx-768x517.jpg 768w, https:\/\/www.camping-saint-lary.com\/wp-content\/uploads\/\/lynx-512x345.jpg 512w, https:\/\/www.camping-saint-lary.com\/wp-content\/uploads\/\/lynx-256x172.jpg 256w, https:\/\/www.camping-saint-lary.com\/wp-content\/uploads\/\/lynx-24x16.jpg 24w, https:\/\/www.camping-saint-lary.com\/wp-content\/uploads\/\/lynx-36x24.jpg 36w, https:\/\/www.camping-saint-lary.com\/wp-content\/uploads\/\/lynx-48x32.jpg 48w, https:\/\/www.camping-saint-lary.com\/wp-content\/uploads\/\/lynx.jpg 1309w\" sizes=\"auto, (max-width: 1024px) 100vw, 1024px\" \/><\/div><\/a><a href=\"https:\/\/www.camping-saint-lary.com\/wp-content\/uploads\/espace-prehistoire-labastide.jpg\" id=\"thumb-10524\" class=\"splide__slide image-link\" data-gallery=\"slide_543\"  data-counter=\"05\/09\" alt=\" \" class=\"image-link\"><div class=\"image-wrapper\"><img loading=\"lazy\" decoding=\"async\" width=\"1024\" height=\"688\" src=\"https:\/\/www.camping-saint-lary.com\/wp-content\/uploads\/espace-prehistoire-labastide-1024x688.jpg\" class=\"attachment-gallery-medium size-gallery-medium\" alt=\"\" srcset=\"https:\/\/www.camping-saint-lary.com\/wp-content\/uploads\/\/espace-prehistoire-labastide-1024x688.jpg 1024w, https:\/\/www.camping-saint-lary.com\/wp-content\/uploads\/\/espace-prehistoire-labastide-768x516.jpg 768w, https:\/\/www.camping-saint-lary.com\/wp-content\/uploads\/\/espace-prehistoire-labastide-512x344.jpg 512w, https:\/\/www.camping-saint-lary.com\/wp-content\/uploads\/\/espace-prehistoire-labastide-256x172.jpg 256w, https:\/\/www.camping-saint-lary.com\/wp-content\/uploads\/\/espace-prehistoire-labastide-24x16.jpg 24w, https:\/\/www.camping-saint-lary.com\/wp-content\/uploads\/\/espace-prehistoire-labastide-36x24.jpg 36w, https:\/\/www.camping-saint-lary.com\/wp-content\/uploads\/\/espace-prehistoire-labastide-48x32.jpg 48w, https:\/\/www.camping-saint-lary.com\/wp-content\/uploads\/\/espace-prehistoire-labastide.jpg 1134w\" sizes=\"auto, (max-width: 1024px) 100vw, 1024px\" \/><\/div><\/a><a href=\"https:\/\/www.camping-saint-lary.com\/wp-content\/uploads\/parc-animalier-ours-pyrenees.jpg\" id=\"thumb-10531\" class=\"splide__slide image-link\" data-gallery=\"slide_543\"  data-counter=\"06\/09\" alt=\" \" class=\"image-link\"><div class=\"image-wrapper\"><img loading=\"lazy\" decoding=\"async\" width=\"1024\" height=\"662\" src=\"https:\/\/www.camping-saint-lary.com\/wp-content\/uploads\/parc-animalier-ours-pyrenees-1024x662.jpg\" class=\"attachment-gallery-medium size-gallery-medium\" alt=\"\" srcset=\"https:\/\/www.camping-saint-lary.com\/wp-content\/uploads\/\/parc-animalier-ours-pyrenees-1024x662.jpg 1024w, https:\/\/www.camping-saint-lary.com\/wp-content\/uploads\/\/parc-animalier-ours-pyrenees-768x496.jpg 768w, https:\/\/www.camping-saint-lary.com\/wp-content\/uploads\/\/parc-animalier-ours-pyrenees-512x331.jpg 512w, https:\/\/www.camping-saint-lary.com\/wp-content\/uploads\/\/parc-animalier-ours-pyrenees-256x165.jpg 256w, https:\/\/www.camping-saint-lary.com\/wp-content\/uploads\/\/parc-animalier-ours-pyrenees-24x16.jpg 24w, https:\/\/www.camping-saint-lary.com\/wp-content\/uploads\/\/parc-animalier-ours-pyrenees-36x23.jpg 36w, https:\/\/www.camping-saint-lary.com\/wp-content\/uploads\/\/parc-animalier-ours-pyrenees-48x31.jpg 48w, https:\/\/www.camping-saint-lary.com\/wp-content\/uploads\/\/parc-animalier-ours-pyrenees.jpg 1136w\" sizes=\"auto, (max-width: 1024px) 100vw, 1024px\" \/><\/div><\/a><a href=\"https:\/\/www.camping-saint-lary.com\/wp-content\/uploads\/gouffre-esparros.jpg\" id=\"thumb-10525\" class=\"splide__slide image-link\" data-gallery=\"slide_543\"  data-counter=\"07\/09\" alt=\" \" class=\"image-link\"><div class=\"image-wrapper\"><img loading=\"lazy\" decoding=\"async\" width=\"1024\" height=\"533\" src=\"https:\/\/www.camping-saint-lary.com\/wp-content\/uploads\/gouffre-esparros-1024x533.jpg\" class=\"attachment-gallery-medium size-gallery-medium\" alt=\"\" srcset=\"https:\/\/www.camping-saint-lary.com\/wp-content\/uploads\/\/gouffre-esparros-1024x533.jpg 1024w, https:\/\/www.camping-saint-lary.com\/wp-content\/uploads\/\/gouffre-esparros-768x400.jpg 768w, https:\/\/www.camping-saint-lary.com\/wp-content\/uploads\/\/gouffre-esparros-512x267.jpg 512w, https:\/\/www.camping-saint-lary.com\/wp-content\/uploads\/\/gouffre-esparros-256x133.jpg 256w, https:\/\/www.camping-saint-lary.com\/wp-content\/uploads\/\/gouffre-esparros-24x13.jpg 24w, https:\/\/www.camping-saint-lary.com\/wp-content\/uploads\/\/gouffre-esparros-36x19.jpg 36w, https:\/\/www.camping-saint-lary.com\/wp-content\/uploads\/\/gouffre-esparros-48x25.jpg 48w, https:\/\/www.camping-saint-lary.com\/wp-content\/uploads\/\/gouffre-esparros.jpg 1296w\" sizes=\"auto, (max-width: 1024px) 100vw, 1024px\" \/><\/div><\/a><a href=\"https:\/\/www.camping-saint-lary.com\/wp-content\/uploads\/fromage-pyrenees-marche.jpg\" id=\"thumb-10537\" class=\"splide__slide image-link\" data-gallery=\"slide_543\"  data-counter=\"08\/09\" alt=\" \" class=\"image-link\"><div class=\"image-wrapper\"><img loading=\"lazy\" decoding=\"async\" width=\"1024\" height=\"685\" src=\"https:\/\/www.camping-saint-lary.com\/wp-content\/uploads\/fromage-pyrenees-marche-1024x685.jpg\" class=\"attachment-gallery-medium size-gallery-medium\" alt=\"\" srcset=\"https:\/\/www.camping-saint-lary.com\/wp-content\/uploads\/\/fromage-pyrenees-marche-1024x685.jpg 1024w, https:\/\/www.camping-saint-lary.com\/wp-content\/uploads\/\/fromage-pyrenees-marche-768x514.jpg 768w, https:\/\/www.camping-saint-lary.com\/wp-content\/uploads\/\/fromage-pyrenees-marche-512x342.jpg 512w, https:\/\/www.camping-saint-lary.com\/wp-content\/uploads\/\/fromage-pyrenees-marche-256x171.jpg 256w, https:\/\/www.camping-saint-lary.com\/wp-content\/uploads\/\/fromage-pyrenees-marche-24x16.jpg 24w, https:\/\/www.camping-saint-lary.com\/wp-content\/uploads\/\/fromage-pyrenees-marche-36x24.jpg 36w, https:\/\/www.camping-saint-lary.com\/wp-content\/uploads\/\/fromage-pyrenees-marche-48x32.jpg 48w, https:\/\/www.camping-saint-lary.com\/wp-content\/uploads\/\/fromage-pyrenees-marche.jpg 1310w\" sizes=\"auto, (max-width: 1024px) 100vw, 1024px\" \/><\/div><\/a><a href=\"https:\/\/www.camping-saint-lary.com\/wp-content\/uploads\/gypaete-faune-flore-pyrenees.jpg\" id=\"thumb-10528\" class=\"splide__slide image-link\" data-gallery=\"slide_543\"  data-counter=\"09\/09\" alt=\" \" class=\"image-link\"><div class=\"image-wrapper\"><img loading=\"lazy\" decoding=\"async\" width=\"1024\" height=\"847\" src=\"https:\/\/www.camping-saint-lary.com\/wp-content\/uploads\/gypaete-faune-flore-pyrenees-1024x847.jpg\" class=\"attachment-gallery-medium size-gallery-medium\" alt=\"\" srcset=\"https:\/\/www.camping-saint-lary.com\/wp-content\/uploads\/\/gypaete-faune-flore-pyrenees-1024x847.jpg 1024w, https:\/\/www.camping-saint-lary.com\/wp-content\/uploads\/\/gypaete-faune-flore-pyrenees-768x635.jpg 768w, https:\/\/www.camping-saint-lary.com\/wp-content\/uploads\/\/gypaete-faune-flore-pyrenees-1536x1270.jpg 1536w, https:\/\/www.camping-saint-lary.com\/wp-content\/uploads\/\/gypaete-faune-flore-pyrenees-512x423.jpg 512w, https:\/\/www.camping-saint-lary.com\/wp-content\/uploads\/\/gypaete-faune-flore-pyrenees-256x212.jpg 256w, https:\/\/www.camping-saint-lary.com\/wp-content\/uploads\/\/gypaete-faune-flore-pyrenees-24x20.jpg 24w, https:\/\/www.camping-saint-lary.com\/wp-content\/uploads\/\/gypaete-faune-flore-pyrenees-36x30.jpg 36w, https:\/\/www.camping-saint-lary.com\/wp-content\/uploads\/\/gypaete-faune-flore-pyrenees-48x40.jpg 48w, https:\/\/www.camping-saint-lary.com\/wp-content\/uploads\/\/gypaete-faune-flore-pyrenees.jpg 1654w\" sizes=\"auto, (max-width: 1024px) 100vw, 1024px\" \/><\/div><\/a><\/div><\/div><\/div><\/div>\n                    \n<\/div><\/div>\n\n\n\n<div class=\"wp-block-group background-left-pink has-animation padding-container-mobile is-content-justification-center is-nowrap is-layout-flex wp-container-core-group-is-layout-32c2087b wp-block-group-is-layout-flex\" style=\"margin-top:var(--wp--preset--spacing--80);padding-top:var(--wp--preset--spacing--50);padding-bottom:var(--wp--preset--spacing--50)\">\n<div class=\"wp-image-slider border-pink-gallery-full animation--top animation--init--once has-text-align-left aspect-ratio-1_1\">\n\n                                        \n                    <script>\n                        'use strict';\n\n                        document.addEventListener('DOMContentLoaded', function () {\n\n                            (function() {\n                                const blockSlide = new Splide( '#slide_230', {\n                                    type : 'loop',\n                                    perPage: 1,\n                                                                        \n                                    breakpoints: {\n                                        800: {\n                                            perPage: 1,\n                                                                                    },\n                                        450: {\n                                            perPage: 1,\n                                            \n                                        },\n                                    },\n                                    pagination: false,\n                                    arrows: true,\n                                    gap: 'var(--wp--style--block-gap)',\n                                    i18n: {\n                                        slideLabel: '0%s \/ 0%s',\n                                    }\n                                } );\n                                \n\n                                if (!document.querySelector('#slide_230').closest('.banner-slide')) {\n                                    const options = {\n                                        rootMargin: '0px',\n                                        threshold: 0.5\n                                    };\n\n                                    const observer = new IntersectionObserver(function (entries, observer) {\n                                        entries.forEach(entry => {\n                                            if (entry.isIntersecting) {\n                                                console.log('Slider is visible');\n                                                blockSlide.go('+' + entry.target.dataset.counter);\n                                                blockSlide.go('+${1}');\n                                                observer.unobserve(entry.target); \/\/ stop observing the target element\n                                            }\n                                        });\n                                    }, options);\n\n                                    observer.observe(document.querySelector('#slide_230'));\n                                }\n\n\n                                \n\/*                                 blockSlide.on( 'mounted', function () {\n                                    blockSlide.go('+${1}');\n                                } ); *\/\n\n                                blockSlide.mount();\n                                                                \n                                \n\n                            })();\n                        })\n                    <\/script>\n\n                    <div class=\"slider-container\"><div class=\"splide galeria-slider galeria-columnas-1\" id=\"slide_230\"><div class=\"splide__track\"><div class=\"splide__list\"><a href=\"https:\/\/www.camping-saint-lary.com\/wp-content\/uploads\/peche-1.jpg\" id=\"thumb-10242\" class=\"splide__slide image-link\" data-gallery=\"slide_230\"  data-counter=\"01\/06\" alt=\" \" class=\"image-link\"><div class=\"image-wrapper\"><img loading=\"lazy\" decoding=\"async\" width=\"631\" height=\"576\" src=\"https:\/\/www.camping-saint-lary.com\/wp-content\/uploads\/peche-1.jpg\" class=\"attachment-gallery-medium size-gallery-medium\" alt=\"\" srcset=\"https:\/\/www.camping-saint-lary.com\/wp-content\/uploads\/\/peche-1.jpg 631w, https:\/\/www.camping-saint-lary.com\/wp-content\/uploads\/\/peche-1-512x467.jpg 512w, https:\/\/www.camping-saint-lary.com\/wp-content\/uploads\/\/peche-1-256x234.jpg 256w, https:\/\/www.camping-saint-lary.com\/wp-content\/uploads\/\/peche-1-24x22.jpg 24w, https:\/\/www.camping-saint-lary.com\/wp-content\/uploads\/\/peche-1-36x33.jpg 36w, https:\/\/www.camping-saint-lary.com\/wp-content\/uploads\/\/peche-1-48x44.jpg 48w\" sizes=\"auto, (max-width: 631px) 100vw, 631px\" \/><\/div><\/a><a href=\"https:\/\/www.camping-saint-lary.com\/wp-content\/uploads\/img-20220818-wa0000.jpg\" id=\"thumb-10287\" class=\"splide__slide image-link\" data-gallery=\"slide_230\"  data-counter=\"02\/06\" alt=\" \" class=\"image-link\"><div class=\"image-wrapper\"><img loading=\"lazy\" decoding=\"async\" width=\"1024\" height=\"576\" src=\"https:\/\/www.camping-saint-lary.com\/wp-content\/uploads\/img-20220818-wa0000-1024x576.jpg\" class=\"attachment-gallery-medium size-gallery-medium\" alt=\"\" srcset=\"https:\/\/www.camping-saint-lary.com\/wp-content\/uploads\/\/img-20220818-wa0000-1024x576.jpg 1024w, https:\/\/www.camping-saint-lary.com\/wp-content\/uploads\/\/img-20220818-wa0000-768x432.jpg 768w, https:\/\/www.camping-saint-lary.com\/wp-content\/uploads\/\/img-20220818-wa0000-1536x864.jpg 1536w, https:\/\/www.camping-saint-lary.com\/wp-content\/uploads\/\/img-20220818-wa0000-512x288.jpg 512w, https:\/\/www.camping-saint-lary.com\/wp-content\/uploads\/\/img-20220818-wa0000-256x144.jpg 256w, https:\/\/www.camping-saint-lary.com\/wp-content\/uploads\/\/img-20220818-wa0000-24x14.jpg 24w, https:\/\/www.camping-saint-lary.com\/wp-content\/uploads\/\/img-20220818-wa0000-36x20.jpg 36w, https:\/\/www.camping-saint-lary.com\/wp-content\/uploads\/\/img-20220818-wa0000-48x27.jpg 48w, https:\/\/www.camping-saint-lary.com\/wp-content\/uploads\/\/img-20220818-wa0000.jpg 1600w\" sizes=\"auto, (max-width: 1024px) 100vw, 1024px\" \/><\/div><\/a><a href=\"https:\/\/www.camping-saint-lary.com\/wp-content\/uploads\/agos-loisirs-camping-autun-1.jpg\" id=\"thumb-10301\" class=\"splide__slide image-link\" data-gallery=\"slide_230\"  data-counter=\"03\/06\" alt=\" \" class=\"image-link\"><div class=\"image-wrapper\"><img loading=\"lazy\" decoding=\"async\" width=\"1024\" height=\"763\" src=\"https:\/\/www.camping-saint-lary.com\/wp-content\/uploads\/agos-loisirs-camping-autun-1-1024x763.jpg\" class=\"attachment-gallery-medium size-gallery-medium\" alt=\"\" srcset=\"https:\/\/www.camping-saint-lary.com\/wp-content\/uploads\/\/agos-loisirs-camping-autun-1-1024x763.jpg 1024w, https:\/\/www.camping-saint-lary.com\/wp-content\/uploads\/\/agos-loisirs-camping-autun-1-768x572.jpg 768w, https:\/\/www.camping-saint-lary.com\/wp-content\/uploads\/\/agos-loisirs-camping-autun-1-512x381.jpg 512w, https:\/\/www.camping-saint-lary.com\/wp-content\/uploads\/\/agos-loisirs-camping-autun-1-256x191.jpg 256w, https:\/\/www.camping-saint-lary.com\/wp-content\/uploads\/\/agos-loisirs-camping-autun-1-24x18.jpg 24w, https:\/\/www.camping-saint-lary.com\/wp-content\/uploads\/\/agos-loisirs-camping-autun-1-36x27.jpg 36w, https:\/\/www.camping-saint-lary.com\/wp-content\/uploads\/\/agos-loisirs-camping-autun-1-48x36.jpg 48w, https:\/\/www.camping-saint-lary.com\/wp-content\/uploads\/\/agos-loisirs-camping-autun-1.jpg 1122w\" sizes=\"auto, (max-width: 1024px) 100vw, 1024px\" \/><\/div><\/a><a href=\"https:\/\/www.camping-saint-lary.com\/wp-content\/uploads\/agos-loisirs-saint-lary-soulan-2.jpg\" id=\"thumb-10304\" class=\"splide__slide image-link\" data-gallery=\"slide_230\"  data-counter=\"04\/06\" alt=\" \" class=\"image-link\"><div class=\"image-wrapper\"><img loading=\"lazy\" decoding=\"async\" width=\"1024\" height=\"763\" src=\"https:\/\/www.camping-saint-lary.com\/wp-content\/uploads\/agos-loisirs-saint-lary-soulan-2-1024x763.jpg\" class=\"attachment-gallery-medium size-gallery-medium\" alt=\"\" srcset=\"https:\/\/www.camping-saint-lary.com\/wp-content\/uploads\/\/agos-loisirs-saint-lary-soulan-2-1024x763.jpg 1024w, https:\/\/www.camping-saint-lary.com\/wp-content\/uploads\/\/agos-loisirs-saint-lary-soulan-2-768x572.jpg 768w, https:\/\/www.camping-saint-lary.com\/wp-content\/uploads\/\/agos-loisirs-saint-lary-soulan-2-512x381.jpg 512w, https:\/\/www.camping-saint-lary.com\/wp-content\/uploads\/\/agos-loisirs-saint-lary-soulan-2-256x191.jpg 256w, https:\/\/www.camping-saint-lary.com\/wp-content\/uploads\/\/agos-loisirs-saint-lary-soulan-2-24x18.jpg 24w, https:\/\/www.camping-saint-lary.com\/wp-content\/uploads\/\/agos-loisirs-saint-lary-soulan-2-36x27.jpg 36w, https:\/\/www.camping-saint-lary.com\/wp-content\/uploads\/\/agos-loisirs-saint-lary-soulan-2-48x36.jpg 48w, https:\/\/www.camping-saint-lary.com\/wp-content\/uploads\/\/agos-loisirs-saint-lary-soulan-2.jpg 1122w\" sizes=\"auto, (max-width: 1024px) 100vw, 1024px\" \/><\/div><\/a><a href=\"https:\/\/www.camping-saint-lary.com\/wp-content\/uploads\/saint-lary-soulan-hiver-fontaine.jpg\" id=\"thumb-9872\" class=\"splide__slide image-link\" data-gallery=\"slide_230\"  data-counter=\"05\/06\" alt=\" \" class=\"image-link\"><div class=\"image-wrapper\"><img loading=\"lazy\" decoding=\"async\" width=\"1024\" height=\"770\" src=\"https:\/\/www.camping-saint-lary.com\/wp-content\/uploads\/saint-lary-soulan-hiver-fontaine-1024x770.jpg\" class=\"attachment-gallery-medium size-gallery-medium\" alt=\"\" srcset=\"https:\/\/www.camping-saint-lary.com\/wp-content\/uploads\/\/saint-lary-soulan-hiver-fontaine-1024x770.jpg 1024w, https:\/\/www.camping-saint-lary.com\/wp-content\/uploads\/\/saint-lary-soulan-hiver-fontaine-768x578.jpg 768w, https:\/\/www.camping-saint-lary.com\/wp-content\/uploads\/\/saint-lary-soulan-hiver-fontaine-512x385.jpg 512w, https:\/\/www.camping-saint-lary.com\/wp-content\/uploads\/\/saint-lary-soulan-hiver-fontaine-256x193.jpg 256w, https:\/\/www.camping-saint-lary.com\/wp-content\/uploads\/\/saint-lary-soulan-hiver-fontaine-24x18.jpg 24w, https:\/\/www.camping-saint-lary.com\/wp-content\/uploads\/\/saint-lary-soulan-hiver-fontaine-36x27.jpg 36w, https:\/\/www.camping-saint-lary.com\/wp-content\/uploads\/\/saint-lary-soulan-hiver-fontaine-48x36.jpg 48w, https:\/\/www.camping-saint-lary.com\/wp-content\/uploads\/\/saint-lary-soulan-hiver-fontaine.jpg 1400w\" sizes=\"auto, (max-width: 1024px) 100vw, 1024px\" \/><\/div><\/a><a href=\"https:\/\/www.camping-saint-lary.com\/wp-content\/uploads\/hiver-3.jpg\" id=\"thumb-9769\" class=\"splide__slide image-link\" data-gallery=\"slide_230\"  data-counter=\"06\/06\" alt=\" \" class=\"image-link\"><div class=\"image-wrapper\"><img loading=\"lazy\" decoding=\"async\" width=\"631\" height=\"576\" src=\"https:\/\/www.camping-saint-lary.com\/wp-content\/uploads\/hiver-3.jpg\" class=\"attachment-gallery-medium size-gallery-medium\" alt=\"\" srcset=\"https:\/\/www.camping-saint-lary.com\/wp-content\/uploads\/\/hiver-3.jpg 631w, https:\/\/www.camping-saint-lary.com\/wp-content\/uploads\/\/hiver-3-512x467.jpg 512w, https:\/\/www.camping-saint-lary.com\/wp-content\/uploads\/\/hiver-3-256x234.jpg 256w, https:\/\/www.camping-saint-lary.com\/wp-content\/uploads\/\/hiver-3-24x22.jpg 24w, https:\/\/www.camping-saint-lary.com\/wp-content\/uploads\/\/hiver-3-36x33.jpg 36w, https:\/\/www.camping-saint-lary.com\/wp-content\/uploads\/\/hiver-3-48x44.jpg 48w\" sizes=\"auto, (max-width: 631px) 100vw, 631px\" \/><\/div><\/a><\/div><\/div><\/div><\/div>\n                    \n<\/div>\n\n\n<div class=\"wp-block-group animation--top animation--init--once is-nowrap is-layout-flex wp-container-core-group-is-layout-6c531013 wp-block-group-is-layout-flex\">\n<div class=\"wp-block-group is-layout-constrained wp-block-group-is-layout-constrained\">\n<div class=\"wp-block-group is-nowrap is-layout-flex wp-container-core-group-is-layout-6c531013 wp-block-group-is-layout-flex\">\n<h3 class=\"wp-block-heading has-theme-pink-2-color has-text-color\" style=\"font-size:40px\">Para los peque\u00f1os paseos<\/h3>\n<\/div>\n\n\n\n<p>\ud83d\udeb6\u200d\u2642\ufe0f <strong>Escapadas a Pie desde el Camping: la Base de Agos y los Tesoros del Val d\u2019Autun<\/strong><\/p>\n\n\n\n<p>Uno de los mayores atractivos del <strong>Camping del Val d\u2019Autun<\/strong> es, sin duda, su ubicaci\u00f3n geogr\u00e1fica privilegiada. Aqu\u00ed, \u00a1olv\u00eddese del coche! La naturaleza y el ocio est\u00e1n a su alcance desde la salida misma de su parcela. Tanto si es amante de una caminata matinal en\u00e9rgica como de un paseo contemplativo en familia, los alrededores inmediatos est\u00e1n repletos de senderos accesibles para todos.<\/p>\n\n\n\n<h4 class=\"wp-block-heading\">La Base de Ocio de Agos<\/h4>\n\n\n\n<p>Desde el camping, llegar\u00e1 en tan solo <strong>20 minutos a pie<\/strong> a la Base de Ocio de Agos. Verdadero oasis de descanso para peque\u00f1os y mayores, este espacio multi-actividades es una cita imprescindible de sus vacaciones:<\/p>\n\n\n\n<ul class=\"wp-block-list\">\n<li><strong>Para los deportistas:<\/strong> aproveche el circuito de salud para su sesi\u00f3n de jogging o enfr\u00e9ntese a los desniveles del mini bike-park.<\/li>\n\n\n\n<li><strong>Para las familias:<\/strong> modernas zonas de juegos esperan a los ni\u00f1os mientras usted prepara el almuerzo en las \u00e1reas de picnic a la sombra.<\/li>\n\n\n\n<li><strong>Para los pescadores:<\/strong> el lugar cuenta con dos plataformas de pesca especialmente acondicionadas y accesibles para personas con movilidad reducida (PMR), garantizando un momento de calma junto al agua para todos.<\/li>\n<\/ul>\n\n\n\n<h4 class=\"wp-block-heading\">Paseos Cortos alrededor del Camping (menos de 5 km)<\/h4>\n\n\n\n<p>Si desea variar los placeres sin adentrarse en la alta monta\u00f1a, varios recorridos f\u00e1ciles rodean el camping:<\/p>\n\n\n\n<ul class=\"wp-block-list\">\n<li><strong>El Sendero de las Orillas del Neste:<\/strong> un paseo llano y refrescante que sigue el curso del r\u00edo. Es el camino ideal para observar aves y disfrutar del murmullo del agua.<\/li>\n\n\n\n<li><strong>La Ruta Circular del Pueblo de Vignec:<\/strong> a menos de <strong>3 km<\/strong>, descubra este pueblo t\u00edpico con sus casas de piedra y antiguas fuentes. Un paseo sin grandes desniveles, perfecto para una salida al final del d\u00eda.<\/li>\n\n\n\n<li><strong>El Camino de las Granjas:<\/strong> en direcci\u00f3n a la entrada del valle, este sendero ofrece vistas despejadas de las cumbres circundantes sin exigir un gran esfuerzo f\u00edsico. Permite admirar la arquitectura pastoral local a su propio ritmo.<\/li>\n<\/ul>\n\n\n\n<p>Ya sea que busque deporte, pesca o simplemente un buen libro a orillas <\/p>\n<\/div>\n<\/div>\n<\/div>\n\n\n\n<div class=\"wp-block-group background-right-green has-animation padding-container-mobile is-content-justification-center is-nowrap is-layout-flex wp-container-core-group-is-layout-7a84741e wp-block-group-is-layout-flex\" style=\"margin-top:var(--wp--preset--spacing--80);padding-top:var(--wp--preset--spacing--50);padding-bottom:var(--wp--preset--spacing--50)\">\n<div class=\"wp-block-group animation--top animation--init--once is-nowrap is-layout-flex wp-container-core-group-is-layout-6c531013 wp-block-group-is-layout-flex\">\n<div class=\"wp-block-group is-layout-constrained wp-block-group-is-layout-constrained\">\n<div class=\"wp-block-group is-nowrap is-layout-flex wp-container-core-group-is-layout-6c531013 wp-block-group-is-layout-flex\">\n<h3 class=\"wp-block-heading has-theme-green-light-color has-text-color\" style=\"font-size:40px\">Para los grandes paseos<\/h3>\n<\/div>\n\n\n\n<p>\u2744\ufe0f <strong>Senderismo Invernal: Adaptarse a la Monta\u00f1a y Descubrir sus Tesoros<\/strong><\/p>\n\n\n\n<p>El invierno en altitud impone su propio ritmo. En los Pirineos, y especialmente alrededor de Saint-Lary, la naturaleza recupera sus derechos: algunas carreteras de alta monta\u00f1a se cierran para dar paso al dominio esquiable o para garantizar la seguridad frente al riesgo de avalanchas. Si el acceso a ciertos sectores es limitado, la monta\u00f1a ofrece alternativas m\u00e1gicas para quienes saben d\u00f3nde mirar.<\/p>\n\n\n\n<h4 class=\"wp-block-heading\">Accesibilidad en invierno: Lo que hay que saber<\/h4>\n\n\n\n<p>Durante el per\u00edodo invernal, las carreteras que conducen a los valles altos (como el alto N\u00e9ouvielle o ciertas pistas forestales) est\u00e1n cerradas al tr\u00e1fico. Pero lejos de ser un obst\u00e1culo, este cierre preserva el silencio y la pureza de los paisajes. Aqu\u00ed es donde comienza la aventura, utilizando las infraestructuras de la estaci\u00f3n o eligiendo valles que permanecen naturalmente abiertos.<\/p>\n\n\n\n<h4 class=\"wp-block-heading\">Nuestros imprescindibles accesibles<\/h4>\n\n\n\n<p>El Lago de l\u2019Oule en remontes mec\u00e1nicos: Es la experiencia imprescindible para los peatones desde Saint-Lary. Gracias al telef\u00e9rico y a los telesillas accesibles, se llega sin esfuerzo a la presa de l\u2019Oule. Una vez arriba, le espera un paseo llano y m\u00e1gico junto al lago helado, al pie de los acantilados de la reserva natural. Un momento fuera del tiempo, accesible para toda la familia.<\/p>\n\n\n\n<p>El Pic du Midi de Bigorre: Accesible desde La Mongie, este \u201cnav\u00edo de las estrellas\u201d ofrece una vista de 360\u00b0 sobre toda la cordillera. Su plataforma panor\u00e1mica y su pasarela suspendida en el vac\u00edo son experiencias que hay que vivir al menos una vez.<\/p>\n\n\n\n<p>Espa\u00f1a por el T\u00fanel de Aragnouet-Bielsa: \u00a1En pocos minutos, cambie de vertiente! Arag\u00f3n le ofrece paisajes m\u00e1s \u00e1ridos, ca\u00f1ones salvajes y el encanto total de pueblos como Bielsa o la ciudad medieval de A\u00ednsa.<\/p>\n\n\n\n<p>Lourdes: A menos de una hora, la ciudad mariana es una etapa espiritual e hist\u00f3rica de gran importancia.<\/p>\n\n\n\n<h4 class=\"wp-block-heading\">La importancia vital de un gu\u00eda<\/h4>\n\n\n\n<p>Incluso en senderos que parecen familiares, la nieve lo cambia todo. Salir con un gu\u00eda de monta\u00f1a es esencial por varias razones:<\/p>\n\n\n\n<p>Seguridad nivol\u00f3gica: El gu\u00eda analiza la estabilidad del manto nivoso para evitar las zonas de riesgo.<\/p>\n\n\n\n<p>Lectura del paisaje: Conoce los pasos seguros cuando la carretera est\u00e1 cubierta o la se\u00f1alizaci\u00f3n es invisible.<\/p>\n\n\n\n<p>Material: A menudo le proporciona raquetas y le inicia en el uso del equipo de seguridad (ARVA, pala y sonda).<\/p>\n\n\n\n<p>El Vallon du Badet (Piau-Engaly): Desde la estaci\u00f3n de Piau, este valle es una aut\u00e9ntica joya accesible. Es una excursi\u00f3n suave y soleada, ideal para observar rebecos. El sendero asciende junto al arroyo hasta los pies de majestuosas cumbres que rozan los 3.000 metros. \u00a1Un paisaje de alta monta\u00f1a sin dificultades t\u00e9cnicas!<\/p>\n\n\n\n<p>No deje que las carreteras cerradas frenen sus ganas de evasi\u00f3n. Con los remontes mec\u00e1nicos y la experiencia de un gu\u00eda, las cumbres nunca han estado tan cerca.<\/p>\n<\/div>\n<\/div>\n\n\n\n<div class=\"wp-image-slider border-green-gallery-full animation--top animation--init--once has-text-align-left aspect-ratio-1_1\">\n\n                                        \n                    <script>\n                        'use strict';\n\n                        document.addEventListener('DOMContentLoaded', function () {\n\n                            (function() {\n                                const blockSlide = new Splide( '#slide_314', {\n                                    type : 'loop',\n                                    perPage: 1,\n                                                                        \n                                    breakpoints: {\n                                        800: {\n                                            perPage: 1,\n                                                                                    },\n                                        450: {\n                                            perPage: 1,\n                                            \n                                        },\n                                    },\n                                    pagination: false,\n                                    arrows: true,\n                                    gap: 'var(--wp--style--block-gap)',\n                                    i18n: {\n                                        slideLabel: '0%s \/ 0%s',\n                                    }\n                                } );\n                                \n\n                                if (!document.querySelector('#slide_314').closest('.banner-slide')) {\n                                    const options = {\n                                        rootMargin: '0px',\n                                        threshold: 0.5\n                                    };\n\n                                    const observer = new IntersectionObserver(function (entries, observer) {\n                                        entries.forEach(entry => {\n                                            if (entry.isIntersecting) {\n                                                console.log('Slider is visible');\n                                                blockSlide.go('+' + entry.target.dataset.counter);\n                                                blockSlide.go('+${1}');\n                                                observer.unobserve(entry.target); \/\/ stop observing the target element\n                                            }\n                                        });\n                                    }, options);\n\n                                    observer.observe(document.querySelector('#slide_314'));\n                                }\n\n\n                                \n\/*                                 blockSlide.on( 'mounted', function () {\n                                    blockSlide.go('+${1}');\n                                } ); *\/\n\n                                blockSlide.mount();\n                                                                \n                                \n\n                            })();\n                        })\n                    <\/script>\n\n                    <div class=\"slider-container\"><div class=\"splide galeria-slider galeria-columnas-1\" id=\"slide_314\"><div class=\"splide__track\"><div class=\"splide__list\"><a href=\"https:\/\/www.camping-saint-lary.com\/wp-content\/uploads\/camping-autun-station-hiver-1.jpg\" id=\"thumb-10293\" class=\"splide__slide image-link\" data-gallery=\"slide_314\"  data-counter=\"01\/07\" alt=\" \" class=\"image-link\"><div class=\"image-wrapper\"><img loading=\"lazy\" decoding=\"async\" width=\"739\" height=\"1024\" src=\"https:\/\/www.camping-saint-lary.com\/wp-content\/uploads\/camping-autun-station-hiver-1-739x1024.jpg\" class=\"attachment-gallery-medium size-gallery-medium\" alt=\"\" srcset=\"https:\/\/www.camping-saint-lary.com\/wp-content\/uploads\/\/camping-autun-station-hiver-1-739x1024.jpg 739w, https:\/\/www.camping-saint-lary.com\/wp-content\/uploads\/\/camping-autun-station-hiver-1-768x1064.jpg 768w, https:\/\/www.camping-saint-lary.com\/wp-content\/uploads\/\/camping-autun-station-hiver-1-370x512.jpg 370w, https:\/\/www.camping-saint-lary.com\/wp-content\/uploads\/\/camping-autun-station-hiver-1-185x256.jpg 185w, https:\/\/www.camping-saint-lary.com\/wp-content\/uploads\/\/camping-autun-station-hiver-1-17x24.jpg 17w, https:\/\/www.camping-saint-lary.com\/wp-content\/uploads\/\/camping-autun-station-hiver-1-26x36.jpg 26w, https:\/\/www.camping-saint-lary.com\/wp-content\/uploads\/\/camping-autun-station-hiver-1-35x48.jpg 35w, https:\/\/www.camping-saint-lary.com\/wp-content\/uploads\/\/camping-autun-station-hiver-1.jpg 992w\" sizes=\"auto, (max-width: 739px) 100vw, 739px\" \/><\/div><\/a><a href=\"https:\/\/www.camping-saint-lary.com\/wp-content\/uploads\/nbirrien-randonnee-raquettes-granges-grascoueou-hiv21.jpg\" id=\"thumb-10268\" class=\"splide__slide image-link\" data-gallery=\"slide_314\"  data-counter=\"02\/07\" alt=\" \" class=\"image-link\"><div class=\"image-wrapper\"><img loading=\"lazy\" decoding=\"async\" width=\"1024\" height=\"817\" src=\"https:\/\/www.camping-saint-lary.com\/wp-content\/uploads\/nbirrien-randonnee-raquettes-granges-grascoueou-hiv21-1024x817.jpg\" class=\"attachment-gallery-medium size-gallery-medium\" alt=\"\" srcset=\"https:\/\/www.camping-saint-lary.com\/wp-content\/uploads\/\/nbirrien-randonnee-raquettes-granges-grascoueou-hiv21-1024x817.jpg 1024w, https:\/\/www.camping-saint-lary.com\/wp-content\/uploads\/\/nbirrien-randonnee-raquettes-granges-grascoueou-hiv21-768x613.jpg 768w, https:\/\/www.camping-saint-lary.com\/wp-content\/uploads\/\/nbirrien-randonnee-raquettes-granges-grascoueou-hiv21-1536x1226.jpg 1536w, https:\/\/www.camping-saint-lary.com\/wp-content\/uploads\/\/nbirrien-randonnee-raquettes-granges-grascoueou-hiv21-512x409.jpg 512w, https:\/\/www.camping-saint-lary.com\/wp-content\/uploads\/\/nbirrien-randonnee-raquettes-granges-grascoueou-hiv21-256x204.jpg 256w, https:\/\/www.camping-saint-lary.com\/wp-content\/uploads\/\/nbirrien-randonnee-raquettes-granges-grascoueou-hiv21-24x19.jpg 24w, https:\/\/www.camping-saint-lary.com\/wp-content\/uploads\/\/nbirrien-randonnee-raquettes-granges-grascoueou-hiv21-36x29.jpg 36w, https:\/\/www.camping-saint-lary.com\/wp-content\/uploads\/\/nbirrien-randonnee-raquettes-granges-grascoueou-hiv21-48x38.jpg 48w, https:\/\/www.camping-saint-lary.com\/wp-content\/uploads\/\/nbirrien-randonnee-raquettes-granges-grascoueou-hiv21.jpg 1588w\" sizes=\"auto, (max-width: 1024px) 100vw, 1024px\" \/><\/div><\/a><a href=\"https:\/\/www.camping-saint-lary.com\/wp-content\/uploads\/raquettes-camping-hiver.jpg\" id=\"thumb-9869\" class=\"splide__slide image-link\" data-gallery=\"slide_314\"  data-counter=\"03\/07\" alt=\" \" class=\"image-link\"><div class=\"image-wrapper\"><img loading=\"lazy\" decoding=\"async\" width=\"1024\" height=\"682\" src=\"https:\/\/www.camping-saint-lary.com\/wp-content\/uploads\/raquettes-camping-hiver-1024x682.jpg\" class=\"attachment-gallery-medium size-gallery-medium\" alt=\"\" srcset=\"https:\/\/www.camping-saint-lary.com\/wp-content\/uploads\/\/raquettes-camping-hiver-1024x682.jpg 1024w, https:\/\/www.camping-saint-lary.com\/wp-content\/uploads\/\/raquettes-camping-hiver-768x512.jpg 768w, https:\/\/www.camping-saint-lary.com\/wp-content\/uploads\/\/raquettes-camping-hiver-512x341.jpg 512w, https:\/\/www.camping-saint-lary.com\/wp-content\/uploads\/\/raquettes-camping-hiver-256x171.jpg 256w, https:\/\/www.camping-saint-lary.com\/wp-content\/uploads\/\/raquettes-camping-hiver-24x16.jpg 24w, https:\/\/www.camping-saint-lary.com\/wp-content\/uploads\/\/raquettes-camping-hiver-36x24.jpg 36w, https:\/\/www.camping-saint-lary.com\/wp-content\/uploads\/\/raquettes-camping-hiver-48x32.jpg 48w, https:\/\/www.camping-saint-lary.com\/wp-content\/uploads\/\/raquettes-camping-hiver.jpg 1400w\" sizes=\"auto, (max-width: 1024px) 100vw, 1024px\" \/><\/div><\/a><a href=\"https:\/\/www.camping-saint-lary.com\/wp-content\/uploads\/2-18.jpg\" id=\"thumb-9827\" class=\"splide__slide image-link\" data-gallery=\"slide_314\"  data-counter=\"04\/07\" alt=\" \" class=\"image-link\"><div class=\"image-wrapper\"><img loading=\"lazy\" decoding=\"async\" width=\"631\" height=\"576\" src=\"https:\/\/www.camping-saint-lary.com\/wp-content\/uploads\/2-18.jpg\" class=\"attachment-gallery-medium size-gallery-medium\" alt=\"\" srcset=\"https:\/\/www.camping-saint-lary.com\/wp-content\/uploads\/\/2-18.jpg 631w, https:\/\/www.camping-saint-lary.com\/wp-content\/uploads\/\/2-18-512x467.jpg 512w, https:\/\/www.camping-saint-lary.com\/wp-content\/uploads\/\/2-18-256x234.jpg 256w, https:\/\/www.camping-saint-lary.com\/wp-content\/uploads\/\/2-18-24x22.jpg 24w, https:\/\/www.camping-saint-lary.com\/wp-content\/uploads\/\/2-18-36x33.jpg 36w, https:\/\/www.camping-saint-lary.com\/wp-content\/uploads\/\/2-18-48x44.jpg 48w\" sizes=\"auto, (max-width: 631px) 100vw, 631px\" \/><\/div><\/a><a href=\"https:\/\/www.camping-saint-lary.com\/wp-content\/uploads\/1-21.jpg\" id=\"thumb-9809\" class=\"splide__slide image-link\" data-gallery=\"slide_314\"  data-counter=\"05\/07\" alt=\" \" class=\"image-link\"><div class=\"image-wrapper\"><img loading=\"lazy\" decoding=\"async\" width=\"1024\" height=\"576\" src=\"https:\/\/www.camping-saint-lary.com\/wp-content\/uploads\/1-21-1024x576.jpg\" class=\"attachment-gallery-medium size-gallery-medium\" alt=\"\" srcset=\"https:\/\/www.camping-saint-lary.com\/wp-content\/uploads\/\/1-21-1024x576.jpg 1024w, https:\/\/www.camping-saint-lary.com\/wp-content\/uploads\/\/1-21-768x432.jpg 768w, https:\/\/www.camping-saint-lary.com\/wp-content\/uploads\/\/1-21-1536x864.jpg 1536w, https:\/\/www.camping-saint-lary.com\/wp-content\/uploads\/\/1-21-512x288.jpg 512w, https:\/\/www.camping-saint-lary.com\/wp-content\/uploads\/\/1-21-256x144.jpg 256w, https:\/\/www.camping-saint-lary.com\/wp-content\/uploads\/\/1-21-24x14.jpg 24w, https:\/\/www.camping-saint-lary.com\/wp-content\/uploads\/\/1-21-36x20.jpg 36w, https:\/\/www.camping-saint-lary.com\/wp-content\/uploads\/\/1-21-48x27.jpg 48w, https:\/\/www.camping-saint-lary.com\/wp-content\/uploads\/\/1-21.jpg 1920w\" sizes=\"auto, (max-width: 1024px) 100vw, 1024px\" \/><\/div><\/a><a href=\"https:\/\/www.camping-saint-lary.com\/wp-content\/uploads\/pic-midi-bigorre.jpg\" id=\"thumb-10532\" class=\"splide__slide image-link\" data-gallery=\"slide_314\"  data-counter=\"06\/07\" alt=\" \" class=\"image-link\"><div class=\"image-wrapper\"><img loading=\"lazy\" decoding=\"async\" width=\"1024\" height=\"722\" src=\"https:\/\/www.camping-saint-lary.com\/wp-content\/uploads\/pic-midi-bigorre-1024x722.jpg\" class=\"attachment-gallery-medium size-gallery-medium\" alt=\"\" srcset=\"https:\/\/www.camping-saint-lary.com\/wp-content\/uploads\/\/pic-midi-bigorre-1024x722.jpg 1024w, https:\/\/www.camping-saint-lary.com\/wp-content\/uploads\/\/pic-midi-bigorre-768x542.jpg 768w, https:\/\/www.camping-saint-lary.com\/wp-content\/uploads\/\/pic-midi-bigorre-512x361.jpg 512w, https:\/\/www.camping-saint-lary.com\/wp-content\/uploads\/\/pic-midi-bigorre-256x181.jpg 256w, https:\/\/www.camping-saint-lary.com\/wp-content\/uploads\/\/pic-midi-bigorre-24x17.jpg 24w, https:\/\/www.camping-saint-lary.com\/wp-content\/uploads\/\/pic-midi-bigorre-36x25.jpg 36w, https:\/\/www.camping-saint-lary.com\/wp-content\/uploads\/\/pic-midi-bigorre-48x34.jpg 48w, https:\/\/www.camping-saint-lary.com\/wp-content\/uploads\/\/pic-midi-bigorre.jpg 1310w\" sizes=\"auto, (max-width: 1024px) 100vw, 1024px\" \/><\/div><\/a><a href=\"https:\/\/www.camping-saint-lary.com\/wp-content\/uploads\/lourdes-sanctuaire.jpg\" id=\"thumb-10522\" class=\"splide__slide image-link\" data-gallery=\"slide_314\"  data-counter=\"07\/07\" alt=\" \" class=\"image-link\"><div class=\"image-wrapper\"><img loading=\"lazy\" decoding=\"async\" width=\"1024\" height=\"682\" src=\"https:\/\/www.camping-saint-lary.com\/wp-content\/uploads\/lourdes-sanctuaire-1024x682.jpg\" class=\"attachment-gallery-medium size-gallery-medium\" alt=\"\" srcset=\"https:\/\/www.camping-saint-lary.com\/wp-content\/uploads\/\/lourdes-sanctuaire-1024x682.jpg 1024w, https:\/\/www.camping-saint-lary.com\/wp-content\/uploads\/\/lourdes-sanctuaire-768x512.jpg 768w, https:\/\/www.camping-saint-lary.com\/wp-content\/uploads\/\/lourdes-sanctuaire-512x341.jpg 512w, https:\/\/www.camping-saint-lary.com\/wp-content\/uploads\/\/lourdes-sanctuaire-256x171.jpg 256w, https:\/\/www.camping-saint-lary.com\/wp-content\/uploads\/\/lourdes-sanctuaire-24x16.jpg 24w, https:\/\/www.camping-saint-lary.com\/wp-content\/uploads\/\/lourdes-sanctuaire-36x24.jpg 36w, https:\/\/www.camping-saint-lary.com\/wp-content\/uploads\/\/lourdes-sanctuaire-48x32.jpg 48w, https:\/\/www.camping-saint-lary.com\/wp-content\/uploads\/\/lourdes-sanctuaire.jpg 1138w\" sizes=\"auto, (max-width: 1024px) 100vw, 1024px\" \/><\/div><\/a><\/div><\/div><\/div><\/div>\n                    \n<\/div><\/div>\n\n\n\n<div class=\"wp-block-group background-left-pink has-animation padding-container-mobile is-content-justification-center is-nowrap is-layout-flex wp-container-core-group-is-layout-32c2087b wp-block-group-is-layout-flex\" style=\"margin-top:var(--wp--preset--spacing--80);padding-top:var(--wp--preset--spacing--50);padding-bottom:var(--wp--preset--spacing--50)\">\n<div class=\"wp-image-slider border-pink-gallery-full animation--top animation--init--once has-text-align-left aspect-ratio-1_1\">\n\n                                        \n                    <script>\n                        'use strict';\n\n                        document.addEventListener('DOMContentLoaded', function () {\n\n                            (function() {\n                                const blockSlide = new Splide( '#slide_535', {\n                                    type : 'loop',\n                                    perPage: 1,\n                                                                        \n                                    breakpoints: {\n                                        800: {\n                                            perPage: 1,\n                                                                                    },\n                                        450: {\n                                            perPage: 1,\n                                            \n                                        },\n                                    },\n                                    pagination: false,\n                                    arrows: true,\n                                    gap: 'var(--wp--style--block-gap)',\n                                    i18n: {\n                                        slideLabel: '0%s \/ 0%s',\n                                    }\n                                } );\n                                \n\n                                if (!document.querySelector('#slide_535').closest('.banner-slide')) {\n                                    const options = {\n                                        rootMargin: '0px',\n                                        threshold: 0.5\n                                    };\n\n                                    const observer = new IntersectionObserver(function (entries, observer) {\n                                        entries.forEach(entry => {\n                                            if (entry.isIntersecting) {\n                                                console.log('Slider is visible');\n                                                blockSlide.go('+' + entry.target.dataset.counter);\n                                                blockSlide.go('+${1}');\n                                                observer.unobserve(entry.target); \/\/ stop observing the target element\n                                            }\n                                        });\n                                    }, options);\n\n                                    observer.observe(document.querySelector('#slide_535'));\n                                }\n\n\n                                \n\/*                                 blockSlide.on( 'mounted', function () {\n                                    blockSlide.go('+${1}');\n                                } ); *\/\n\n                                blockSlide.mount();\n                                                                \n                                \n\n                            })();\n                        })\n                    <\/script>\n\n                    <div class=\"slider-container\"><div class=\"splide galeria-slider galeria-columnas-1\" id=\"slide_535\"><div class=\"splide__track\"><div class=\"splide__list\"><a href=\"https:\/\/www.camping-saint-lary.com\/wp-content\/uploads\/ski-sarrat-1.jpg\" id=\"thumb-10296\" class=\"splide__slide image-link\" data-gallery=\"slide_535\"  data-counter=\"01\/02\" alt=\" \" class=\"image-link\"><div class=\"image-wrapper\"><img loading=\"lazy\" decoding=\"async\" width=\"1024\" height=\"768\" src=\"https:\/\/www.camping-saint-lary.com\/wp-content\/uploads\/ski-sarrat-1-1024x768.jpg\" class=\"attachment-gallery-medium size-gallery-medium\" alt=\"\" srcset=\"https:\/\/www.camping-saint-lary.com\/wp-content\/uploads\/\/ski-sarrat-1-1024x768.jpg 1024w, https:\/\/www.camping-saint-lary.com\/wp-content\/uploads\/\/ski-sarrat-1-768x576.jpg 768w, https:\/\/www.camping-saint-lary.com\/wp-content\/uploads\/\/ski-sarrat-1-512x384.jpg 512w, https:\/\/www.camping-saint-lary.com\/wp-content\/uploads\/\/ski-sarrat-1-256x192.jpg 256w, https:\/\/www.camping-saint-lary.com\/wp-content\/uploads\/\/ski-sarrat-1-24x18.jpg 24w, https:\/\/www.camping-saint-lary.com\/wp-content\/uploads\/\/ski-sarrat-1-36x27.jpg 36w, https:\/\/www.camping-saint-lary.com\/wp-content\/uploads\/\/ski-sarrat-1-48x36.jpg 48w, https:\/\/www.camping-saint-lary.com\/wp-content\/uploads\/\/ski-sarrat-1.jpg 1280w\" sizes=\"auto, (max-width: 1024px) 100vw, 1024px\" \/><\/div><\/a><a href=\"https:\/\/www.camping-saint-lary.com\/wp-content\/uploads\/randonnee-hiver-1.jpg\" id=\"thumb-10238\" class=\"splide__slide image-link\" data-gallery=\"slide_535\"  data-counter=\"02\/02\" alt=\" \" class=\"image-link\"><div class=\"image-wrapper\"><img loading=\"lazy\" decoding=\"async\" width=\"631\" height=\"576\" src=\"https:\/\/www.camping-saint-lary.com\/wp-content\/uploads\/randonnee-hiver-1.jpg\" class=\"attachment-gallery-medium size-gallery-medium\" alt=\"\" srcset=\"https:\/\/www.camping-saint-lary.com\/wp-content\/uploads\/\/randonnee-hiver-1.jpg 631w, https:\/\/www.camping-saint-lary.com\/wp-content\/uploads\/\/randonnee-hiver-1-512x467.jpg 512w, https:\/\/www.camping-saint-lary.com\/wp-content\/uploads\/\/randonnee-hiver-1-256x234.jpg 256w, https:\/\/www.camping-saint-lary.com\/wp-content\/uploads\/\/randonnee-hiver-1-24x22.jpg 24w, https:\/\/www.camping-saint-lary.com\/wp-content\/uploads\/\/randonnee-hiver-1-36x33.jpg 36w, https:\/\/www.camping-saint-lary.com\/wp-content\/uploads\/\/randonnee-hiver-1-48x44.jpg 48w\" sizes=\"auto, (max-width: 631px) 100vw, 631px\" \/><\/div><\/a><\/div><\/div><\/div><\/div>\n                    \n<\/div>\n\n\n<div class=\"wp-block-group animation--top animation--init--once is-nowrap is-layout-flex wp-container-core-group-is-layout-6c531013 wp-block-group-is-layout-flex\">\n<div class=\"wp-block-group is-layout-constrained wp-block-group-is-layout-constrained\">\n<div class=\"wp-block-group is-nowrap is-layout-flex wp-container-core-group-is-layout-6c531013 wp-block-group-is-layout-flex\">\n<h3 class=\"wp-block-heading has-theme-pink-2-color has-text-color\" style=\"font-size:40px\">\u00bfGanas de escapar? \u00a1No lo dude!!<\/h3>\n<\/div>\n\n\n\n<p><strong>\u00a1Nuestro socio preferido est\u00e1 a su disposici\u00f3n para ofrecerle las mejores actividades a los mejores precios!<\/strong><\/p>\n\n\n\n<p>\u00bfSe aloja con nosotros para disfrutar del aire puro de los Pirineos? Tenemos una excelente noticia para usted. Para hacer de sus vacaciones una experiencia inolvidable sin aumentar su presupuesto, hemos establecido una colaboraci\u00f3n privilegiada con <strong>Sarrat \u00c9vasion<\/strong>, el experto imprescindible en actividades de monta\u00f1a en <strong>Saint-Lary-Soulan<\/strong>.<\/p>\n\n\n\n<h4 class=\"wp-block-heading\">Un concentrado de sensaciones a dos pasos de su parcela<\/h4>\n\n\n\n<p>Situado a solo <strong>300 metros del camping<\/strong>, en <strong>1 route d\u2019Autun<\/strong>, Sarrat \u00c9vasion es el aliado ideal para sus salidas en familia o con amigos. No es necesario coger el coche: en pocos minutos a pie, acceder\u00e1 a un universo de ocio a medida.<\/p>\n\n\n\n<h4 class=\"wp-block-heading\">Invierno y verano: equipamiento y experiencia<\/h4>\n\n\n\n<p>Tanto si viene a disfrutar de la nieve polvo en invierno como de los senderos verdes en verano, nuestro socio responde a todos sus deseos:<\/p>\n\n\n\n<p><strong>Deportes de invierno:<\/strong><br>Disfrute de una amplia gama de alquiler de esqu\u00eds y snowboards, cuidadosamente mantenidos para un deslizamiento perfecto en las pistas de Saint-Lary.<\/p>\n\n\n\n<p><strong>Movilidad sostenible:<\/strong><br>S\u00fabase a una bicicleta de monta\u00f1a o pruebe los patinetes todoterreno para descender las pendientes con la m\u00e1xima diversi\u00f3n.<\/p>\n\n\n\n<p><strong>Actividades en plena naturaleza:<\/strong><br>\u00bfLe apetece ganar altura o refrescarse? Sarrat \u00c9vasion organiza salidas de parapente, barranquismo, v\u00eda ferrata y deportes de aguas bravas.<\/p>\n\n\n\n<p><strong>Relax y precisi\u00f3n:<\/strong><br>Para una tarde m\u00e1s tranquila pero igual de agradable, d\u00e9jese tentar por una sesi\u00f3n de tiro con arco o una excursi\u00f3n guiada a pie para descubrir los secretos del valle.<\/p>\n\n\n\n<h4 class=\"wp-block-heading\">\u00bfPor qu\u00e9 elegir a nuestro socio?<\/h4>\n\n\n\n<p>Al reservar con <strong>Sarrat \u00c9vasion<\/strong> a trav\u00e9s de nuestra recomendaci\u00f3n, se beneficiar\u00e1 de <strong>tarifas preferenciales<\/strong>, negociadas especialmente para nuestros campistas. Es la garant\u00eda de material de calidad y de un acompa\u00f1amiento profesional por apasionados de la regi\u00f3n.<\/p>\n\n\n\n<h4 class=\"wp-block-heading\">Informaci\u00f3n pr\u00e1ctica<\/h4>\n\n\n\n<p>\ud83d\udccd <strong>1, route d\u2019Autun, 65170 Saint-Lary-Soulan<\/strong><br>\ud83d\udcde <strong>05 62 40 03 00<\/strong> para reservar su material o actividad.<\/p>\n\n\n\n<p>\u00a1No espere m\u00e1s para planificar sus aventuras en los Pirineos!<\/p>\n<\/div>\n<\/div>\n<\/div>\n\n\n\n<div class=\"wp-block-group background-right-green has-animation padding-container-mobile is-content-justification-center is-nowrap is-layout-flex wp-container-core-group-is-layout-7a84741e wp-block-group-is-layout-flex\" style=\"margin-top:var(--wp--preset--spacing--80);padding-top:var(--wp--preset--spacing--50);padding-bottom:var(--wp--preset--spacing--50)\">\n<div class=\"wp-block-group animation--top animation--init--once is-nowrap is-layout-flex wp-container-core-group-is-layout-6c531013 wp-block-group-is-layout-flex\">\n<div class=\"wp-block-group is-layout-constrained wp-block-group-is-layout-constrained\">\n<div class=\"wp-block-group is-nowrap is-layout-flex wp-container-core-group-is-layout-6c531013 wp-block-group-is-layout-flex\">\n<h3 class=\"wp-block-heading has-theme-green-light-color has-text-color\" style=\"font-size:40px\">Informaci\u00f3n esencial<\/h3>\n<\/div>\n\n\n\n<p><strong>100 m:<\/strong> 2 panader\u00edas-pasteler\u00edas.<br><strong>500 m:<\/strong> Supermercado Carrefour Montagne.<br><strong>500 m:<\/strong> Mercado de Saint-Lary-Soulan (s\u00e1bado por la ma\u00f1ana).<br><strong>500 m:<\/strong> Mercado de Vielle-Aure (martes por la ma\u00f1ana).<br><strong>7 km:<\/strong> Mercado de Arreau (jueves por la ma\u00f1ana).<br><strong>500 m:<\/strong> Salida del <strong>Grand Raid des Pyr\u00e9n\u00e9es<\/strong> y del sendero <strong>GR10<\/strong>.<br><strong>500 m:<\/strong> Centro de Saint-Lary-Soulan con sus comercios, su centro termal y su estaci\u00f3n de esqu\u00ed.<br><strong>2 km:<\/strong> Salida de la base de rafting, parque de aventura en los \u00e1rboles y todas las actividades deportivas de monta\u00f1a.<br><strong>20 km:<\/strong> Reserva Natural de <strong>N\u00e9ouvielle<\/strong> y Reserva de <strong>Aulon<\/strong>.<\/p>\n\n\n\n<p>Los lagos majestuosos y los paisajes inolvidables del <strong>Parque Nacional de los Pirineos<\/strong>.<\/p>\n\n\n\n<p><strong>30 km:<\/strong> T\u00fanel de <strong>Aragnouet-Bielsa<\/strong> para cruzar la frontera en direcci\u00f3n a Espa\u00f1a.<br><strong>2 centros termol\u00fadicos:<\/strong> <em>Sensoria Rio<\/em> a <strong>700 m<\/strong> en Saint-Lary-Soulan y <em>Baln\u00e9a<\/em> a <strong>20 km<\/strong> en Loudenvielle.<\/p>\n\n\n\n<p>Podr\u00e1 acceder a la <strong>v\u00eda ciclista<\/strong> y a la <strong>base de ocio de Agos<\/strong> (20 minutos a pie). <strong>Val d\u2019Autun<\/strong> es el punto de partida so\u00f1ado para una <strong>desconexi\u00f3n total, con toda suavidad<\/strong>.<\/p>\n<\/div>\n<\/div>\n\n\n\n<div class=\"wp-image-slider border-green-gallery-full animation--top animation--init--once has-text-align-left aspect-ratio-1_1\">\n\n                                        \n                    <script>\n                        'use strict';\n\n                        document.addEventListener('DOMContentLoaded', function () {\n\n                            (function() {\n                                const blockSlide = new Splide( '#slide_755', {\n                                    type : 'loop',\n                                    perPage: 1,\n                                                                        \n                                    breakpoints: {\n                                        800: {\n                                            perPage: 1,\n                                                                                    },\n                                        450: {\n                                            perPage: 1,\n                                            \n                                        },\n                                    },\n                                    pagination: false,\n                                    arrows: true,\n                                    gap: 'var(--wp--style--block-gap)',\n                                    i18n: {\n                                        slideLabel: '0%s \/ 0%s',\n                                    }\n                                } );\n                                \n\n                                if (!document.querySelector('#slide_755').closest('.banner-slide')) {\n                                    const options = {\n                                        rootMargin: '0px',\n                                        threshold: 0.5\n                                    };\n\n                                    const observer = new IntersectionObserver(function (entries, observer) {\n                                        entries.forEach(entry => {\n                                            if (entry.isIntersecting) {\n                                                console.log('Slider is visible');\n                                                blockSlide.go('+' + entry.target.dataset.counter);\n                                                blockSlide.go('+${1}');\n                                                observer.unobserve(entry.target); \/\/ stop observing the target element\n                                            }\n                                        });\n                                    }, options);\n\n                                    observer.observe(document.querySelector('#slide_755'));\n                                }\n\n\n                                \n\/*                                 blockSlide.on( 'mounted', function () {\n                                    blockSlide.go('+${1}');\n                                } ); *\/\n\n                                blockSlide.mount();\n                                                                \n                                \n\n                            })();\n                        })\n                    <\/script>\n\n                    <div class=\"slider-container\"><div class=\"splide galeria-slider galeria-columnas-1\" id=\"slide_755\"><div class=\"splide__track\"><div class=\"splide__list\"><a href=\"https:\/\/www.camping-saint-lary.com\/wp-content\/uploads\/marche-pays.jpg\" id=\"thumb-10244\" class=\"splide__slide image-link\" data-gallery=\"slide_755\"  data-counter=\"01\/03\" alt=\" \" class=\"image-link\"><div class=\"image-wrapper\"><img loading=\"lazy\" decoding=\"async\" width=\"512\" height=\"467\" src=\"https:\/\/www.camping-saint-lary.com\/wp-content\/uploads\/marche-pays-512x467.jpg\" class=\"attachment-gallery-small size-gallery-small\" alt=\"\" srcset=\"https:\/\/www.camping-saint-lary.com\/wp-content\/uploads\/\/marche-pays-512x467.jpg 512w, https:\/\/www.camping-saint-lary.com\/wp-content\/uploads\/\/marche-pays-256x234.jpg 256w, https:\/\/www.camping-saint-lary.com\/wp-content\/uploads\/\/marche-pays-24x22.jpg 24w, https:\/\/www.camping-saint-lary.com\/wp-content\/uploads\/\/marche-pays-36x33.jpg 36w, https:\/\/www.camping-saint-lary.com\/wp-content\/uploads\/\/marche-pays-48x44.jpg 48w, https:\/\/www.camping-saint-lary.com\/wp-content\/uploads\/\/marche-pays.jpg 631w\" sizes=\"auto, (max-width: 512px) 100vw, 512px\" \/><\/div><\/a><a href=\"https:\/\/www.camping-saint-lary.com\/wp-content\/uploads\/saint-lary-soulan-hiver-fontaine.jpg\" id=\"thumb-9872\" class=\"splide__slide image-link\" data-gallery=\"slide_755\"  data-counter=\"02\/03\" alt=\" \" class=\"image-link\"><div class=\"image-wrapper\"><img loading=\"lazy\" decoding=\"async\" width=\"512\" height=\"385\" src=\"https:\/\/www.camping-saint-lary.com\/wp-content\/uploads\/saint-lary-soulan-hiver-fontaine-512x385.jpg\" class=\"attachment-gallery-small size-gallery-small\" alt=\"\" srcset=\"https:\/\/www.camping-saint-lary.com\/wp-content\/uploads\/\/saint-lary-soulan-hiver-fontaine-512x385.jpg 512w, https:\/\/www.camping-saint-lary.com\/wp-content\/uploads\/\/saint-lary-soulan-hiver-fontaine-1024x770.jpg 1024w, https:\/\/www.camping-saint-lary.com\/wp-content\/uploads\/\/saint-lary-soulan-hiver-fontaine-768x578.jpg 768w, https:\/\/www.camping-saint-lary.com\/wp-content\/uploads\/\/saint-lary-soulan-hiver-fontaine-256x193.jpg 256w, https:\/\/www.camping-saint-lary.com\/wp-content\/uploads\/\/saint-lary-soulan-hiver-fontaine-24x18.jpg 24w, https:\/\/www.camping-saint-lary.com\/wp-content\/uploads\/\/saint-lary-soulan-hiver-fontaine-36x27.jpg 36w, https:\/\/www.camping-saint-lary.com\/wp-content\/uploads\/\/saint-lary-soulan-hiver-fontaine-48x36.jpg 48w, https:\/\/www.camping-saint-lary.com\/wp-content\/uploads\/\/saint-lary-soulan-hiver-fontaine.jpg 1400w\" sizes=\"auto, (max-width: 512px) 100vw, 512px\" \/><\/div><\/a><a href=\"https:\/\/www.camping-saint-lary.com\/wp-content\/uploads\/1-21.jpg\" id=\"thumb-9809\" class=\"splide__slide image-link\" data-gallery=\"slide_755\"  data-counter=\"03\/03\" alt=\" \" class=\"image-link\"><div class=\"image-wrapper\"><img loading=\"lazy\" decoding=\"async\" width=\"512\" height=\"288\" src=\"https:\/\/www.camping-saint-lary.com\/wp-content\/uploads\/1-21-512x288.jpg\" class=\"attachment-gallery-small size-gallery-small\" alt=\"\" srcset=\"https:\/\/www.camping-saint-lary.com\/wp-content\/uploads\/\/1-21-512x288.jpg 512w, https:\/\/www.camping-saint-lary.com\/wp-content\/uploads\/\/1-21-1024x576.jpg 1024w, https:\/\/www.camping-saint-lary.com\/wp-content\/uploads\/\/1-21-768x432.jpg 768w, https:\/\/www.camping-saint-lary.com\/wp-content\/uploads\/\/1-21-1536x864.jpg 1536w, https:\/\/www.camping-saint-lary.com\/wp-content\/uploads\/\/1-21-256x144.jpg 256w, https:\/\/www.camping-saint-lary.com\/wp-content\/uploads\/\/1-21-24x14.jpg 24w, https:\/\/www.camping-saint-lary.com\/wp-content\/uploads\/\/1-21-36x20.jpg 36w, https:\/\/www.camping-saint-lary.com\/wp-content\/uploads\/\/1-21-48x27.jpg 48w, https:\/\/www.camping-saint-lary.com\/wp-content\/uploads\/\/1-21.jpg 1920w\" sizes=\"auto, (max-width: 512px) 100vw, 512px\" \/><\/div><\/a><\/div><\/div><\/div><\/div>\n                    \n<\/div><\/div>\n<\/div>\n\n\n\n<div class=\"wp-block-group alignfull has-theme-brown-black-background-color has-background is-layout-flow wp-block-group-is-layout-flow\" style=\"margin-top:0;margin-bottom:0;padding-top:0;padding-right:0;padding-bottom:0;padding-left:0\">\n<div class=\"wp-block-cover\"><span aria-hidden=\"true\" class=\"wp-block-cover__background has-background-dim\"><\/span><img decoding=\"async\" class=\"wp-block-cover__image-background wp-image-1700\" alt=\"\" src=\"https:\/\/www.camping-saint-lary.com\/wp-content\/uploads\/formas-fondos-1.svg\" data-object-fit=\"cover\"\/><div class=\"wp-block-cover__inner-container is-layout-flow wp-block-cover-is-layout-flow\">\n<div class=\"wp-block-auto-tabs autres-locations padding-bottom-footer-autres\" data-selector=\"h3\">\n  <div class=\"acf-innerblocks-container\">\n\n<div class=\"wp-block-group auto-tabs-wrapper has-animation is-layout-flow wp-block-group-is-layout-flow\">\n<p class=\"has-text-align-center  animation--left animation--init--once\"><strong>Aqu\u00ed se mostrar\u00e1n las pesta\u00f1as.<\/strong><br> El primer <strong>h3<\/strong> de cada contenido se usar\u00e1 como t\u00edtulo de su pesta\u00f1a. Puedes cambiarlo por otro tag o una clase en el panel lateral<\/p>\n<\/div>\n\n\n\n<div class=\"wp-block-group alignfull auto-content-wrapper is-layout-flow wp-block-group-is-layout-flow\">\n<div class=\"wp-block-group has-animation is-layout-flow wp-block-group-is-layout-flow\">\n<h2 class=\"wp-block-heading has-text-align-center has-theme-pink-2-color has-text-color\">Au camping Val d&#8217;Autun<br><sub><mark style=\"background-color:rgba(0, 0, 0, 0)\" class=\"has-inline-color has-theme-green-light-color\">D\u00e9couvrez \u00e9galement <\/mark><\/sub><\/h2>\n\n\n<script>var object = [];<\/script>\n<div class=\"wp-block-activites\">\n\n\n<div id=\"\" class=\"wp-block-activites\" style=\"\">\n\n  \n                                                            <div class=\"slider-container slider-autres-activites has-animation\"><div class=\"splide galeria-autres-activites-block_slide_4978\"><div class=\"splide__track\"><div class=\"splide__list\">\n                  \n                                                        <div class=\"splide__slide r\">\n\n                        \n                    <div class=\"columns-container nos-locations-2 animation--top animation--init--once\">\n\n                    <a class=\"\" href=\"https:\/\/www.camping-saint-lary.com\/es\/actividades-en-la-zona\/en-primavera\/\">\n                    \n                    <div class=\"column-image\">\n                    <img loading=\"lazy\" decoding=\"async\" width=\"1024\" height=\"581\" src=\"https:\/\/www.camping-saint-lary.com\/wp-content\/uploads\/activite-montagne-randonne-1024x581.jpg\" class=\"attachment-gallery-medium size-gallery-medium wp-post-image\" alt=\"\" srcset=\"https:\/\/www.camping-saint-lary.com\/wp-content\/uploads\/\/activite-montagne-randonne-1024x581.jpg 1024w, https:\/\/www.camping-saint-lary.com\/wp-content\/uploads\/\/activite-montagne-randonne-768x436.jpg 768w, https:\/\/www.camping-saint-lary.com\/wp-content\/uploads\/\/activite-montagne-randonne-512x291.jpg 512w, https:\/\/www.camping-saint-lary.com\/wp-content\/uploads\/\/activite-montagne-randonne-256x145.jpg 256w, https:\/\/www.camping-saint-lary.com\/wp-content\/uploads\/\/activite-montagne-randonne-24x14.jpg 24w, https:\/\/www.camping-saint-lary.com\/wp-content\/uploads\/\/activite-montagne-randonne-36x20.jpg 36w, https:\/\/www.camping-saint-lary.com\/wp-content\/uploads\/\/activite-montagne-randonne-48x27.jpg 48w, https:\/\/www.camping-saint-lary.com\/wp-content\/uploads\/\/activite-montagne-randonne.jpg 1138w\" sizes=\"auto, (max-width: 1024px) 100vw, 1024px\" \/>\n                                            <div class=\"column-text autres-back-1\">\n\n                                            <div class=\"autres-heber-content-contenu features-autres\">\n                                            <h3 class=\"\">En primavera<\/h3>\n                                            <!-- <h3 class=\"animation--top animation--init\"><\/h3> -->\n                                                                                                \n                                                                    <\/div>\n\n                    <\/div>\n\n                    <\/div>\n\n                    <\/a>\n\n                    <\/div>\n\n                        \n                                    <\/a>\n\n                                    <\/div>\n\n                    \n                                                        <div class=\"splide__slide r\">\n\n                        \n                    <div class=\"columns-container nos-locations-2 animation--top animation--init--once\">\n\n                    <a class=\"\" href=\"https:\/\/www.camping-saint-lary.com\/es\/actividades-en-la-zona\/en-verano\/\">\n                    \n                    <div class=\"column-image\">\n                    <img loading=\"lazy\" decoding=\"async\" width=\"631\" height=\"576\" src=\"https:\/\/www.camping-saint-lary.com\/wp-content\/uploads\/rafting-activite-camping.jpg\" class=\"attachment-gallery-medium size-gallery-medium wp-post-image\" alt=\"\" srcset=\"https:\/\/www.camping-saint-lary.com\/wp-content\/uploads\/\/rafting-activite-camping.jpg 631w, https:\/\/www.camping-saint-lary.com\/wp-content\/uploads\/\/rafting-activite-camping-512x467.jpg 512w, https:\/\/www.camping-saint-lary.com\/wp-content\/uploads\/\/rafting-activite-camping-256x234.jpg 256w, https:\/\/www.camping-saint-lary.com\/wp-content\/uploads\/\/rafting-activite-camping-24x22.jpg 24w, https:\/\/www.camping-saint-lary.com\/wp-content\/uploads\/\/rafting-activite-camping-36x33.jpg 36w, https:\/\/www.camping-saint-lary.com\/wp-content\/uploads\/\/rafting-activite-camping-48x44.jpg 48w\" sizes=\"auto, (max-width: 631px) 100vw, 631px\" \/>\n                                            <div class=\"column-text autres-back-1\">\n\n                                            <div class=\"autres-heber-content-contenu features-autres\">\n                                            <h3 class=\"\">En verano<\/h3>\n                                            <!-- <h3 class=\"animation--top animation--init\"><\/h3> -->\n                                                                                                \n                                                                    <\/div>\n\n                    <\/div>\n\n                    <\/div>\n\n                    <\/a>\n\n                    <\/div>\n\n                        \n                                    <\/a>\n\n                                    <\/div>\n\n                    \n                                                        <div class=\"splide__slide r\">\n\n                        \n                    <div class=\"columns-container nos-locations-2 animation--top animation--init--once\">\n\n                    <a class=\"\" href=\"https:\/\/www.camping-saint-lary.com\/es\/actividades-en-la-zona\/espana\/\">\n                    \n                    <div class=\"column-image\">\n                    <img loading=\"lazy\" decoding=\"async\" width=\"631\" height=\"576\" src=\"https:\/\/www.camping-saint-lary.com\/wp-content\/uploads\/espagne.jpg\" class=\"attachment-gallery-medium size-gallery-medium wp-post-image\" alt=\"\" srcset=\"https:\/\/www.camping-saint-lary.com\/wp-content\/uploads\/\/espagne.jpg 631w, https:\/\/www.camping-saint-lary.com\/wp-content\/uploads\/\/espagne-512x467.jpg 512w, https:\/\/www.camping-saint-lary.com\/wp-content\/uploads\/\/espagne-256x234.jpg 256w, https:\/\/www.camping-saint-lary.com\/wp-content\/uploads\/\/espagne-24x22.jpg 24w, https:\/\/www.camping-saint-lary.com\/wp-content\/uploads\/\/espagne-36x33.jpg 36w, https:\/\/www.camping-saint-lary.com\/wp-content\/uploads\/\/espagne-48x44.jpg 48w\" sizes=\"auto, (max-width: 631px) 100vw, 631px\" \/>\n                                            <div class=\"column-text autres-back-1\">\n\n                                            <div class=\"autres-heber-content-contenu features-autres\">\n                                            <h3 class=\"\">Espa\u00f1a<\/h3>\n                                            <!-- <h3 class=\"animation--top animation--init\"><\/h3> -->\n                                                                                                \n                                                                    <\/div>\n\n                    <\/div>\n\n                    <\/div>\n\n                    <\/a>\n\n                    <\/div>\n\n                        \n                                    <\/a>\n\n                                    <\/div>\n\n                    \n                \n            <\/div><\/div><\/div>            \n                <\/div>\n                        \n    \n\n<\/div>\n<\/div>\n\n\n<script>\n    new Splide( '.galeria-autres-activites-block_slide_4978', \n        {\n            perMove: 1,\n            perPage: 3,\n            autoplay: false,\n            type: 'loop',\n            gap: '30px',\n            pagination: false,\n            arrows: true,\n            breakpoints: {\n                1300: {\n                    perPage: 2,\n                },\n                950: {\n                    perPage: 1,\n                },\n            }   \n        } \n        ).mount();\n<\/script>\n<\/div>\n<\/div>\n\n<\/div><\/div><\/div><\/div>\n<\/div>\n\n\n\n<div class=\"wp-block-group alignfull has-animation has-theme-brown-black-background-color has-background is-layout-flow wp-block-group-is-layout-flow\" style=\"margin-top:0;margin-bottom:0;padding-top:0;padding-right:0;padding-bottom:0;padding-left:0\">\n<div class=\"wp-block-cover padding-bottom-footer-1 is-style-no-margin\" style=\"padding-top:var(--wp--preset--spacing--70);padding-bottom:var(--wp--preset--spacing--70)\"><span aria-hidden=\"true\" class=\"wp-block-cover__background has-theme-brown-black-background-color has-background-dim-100 has-background-dim\"><\/span><img decoding=\"async\" class=\"wp-block-cover__image-background wp-image-1700\" alt=\"\" src=\"https:\/\/www.camping-saint-lary.com\/wp-content\/uploads\/formas-fondos-1.svg\" data-object-fit=\"cover\"\/><div class=\"wp-block-cover__inner-container is-layout-flow wp-block-cover-is-layout-flow\">\n<div class=\"wp-block-group alignwide horizontal-logos is-layout-flow wp-block-group-is-layout-flow\">        <div class=\"wp-block-custom-grid has-text-align-center block-grid-responsive\" style=\" --wp--style--block-desktop-column:5;--wp--style--block-tablet-column:3;--wp--style--block-mobile-column:2;\">\n\n                <div class=\"acf-innerblocks-container\">\n\n<figure class=\"wp-block-image size-full\"><a href=\"https:\/\/www.piau-engaly.com\/fr\/domaine\" target=\"_blank\" rel=\"noreferrer noopener\"><img loading=\"lazy\" decoding=\"async\" width=\"174\" height=\"150\" src=\"https:\/\/www.camping-saint-lary.com\/wp-content\/uploads\/piau.png\" alt=\"\" class=\"wp-image-3735\" srcset=\"https:\/\/www.camping-saint-lary.com\/wp-content\/uploads\/\/piau.png 174w, https:\/\/www.camping-saint-lary.com\/wp-content\/uploads\/\/piau-24x21.png 24w, https:\/\/www.camping-saint-lary.com\/wp-content\/uploads\/\/piau-36x31.png 36w, https:\/\/www.camping-saint-lary.com\/wp-content\/uploads\/\/piau-48x41.png 48w\" sizes=\"auto, (max-width: 174px) 100vw, 174px\" \/><\/a><\/figure>\n\n\n\n<figure class=\"wp-block-image size-full\"><a href=\"https:\/\/www.altiservice.com\/\" target=\"_blank\" rel=\"noreferrer noopener\"><img loading=\"lazy\" decoding=\"async\" width=\"174\" height=\"150\" src=\"https:\/\/www.camping-saint-lary.com\/wp-content\/uploads\/alti.png\" alt=\"\" class=\"wp-image-3733\" srcset=\"https:\/\/www.camping-saint-lary.com\/wp-content\/uploads\/\/alti.png 174w, https:\/\/www.camping-saint-lary.com\/wp-content\/uploads\/\/alti-24x21.png 24w, https:\/\/www.camping-saint-lary.com\/wp-content\/uploads\/\/alti-36x31.png 36w, https:\/\/www.camping-saint-lary.com\/wp-content\/uploads\/\/alti-48x41.png 48w\" sizes=\"auto, (max-width: 174px) 100vw, 174px\" \/><\/a><\/figure>\n\n\n\n<figure class=\"wp-block-image size-full\"><a href=\"https:\/\/peyragudes.com\/fr\" target=\"_blank\" rel=\"noreferrer noopener\"><img loading=\"lazy\" decoding=\"async\" width=\"174\" height=\"150\" src=\"https:\/\/www.camping-saint-lary.com\/wp-content\/uploads\/peyragudes.png\" alt=\"\" class=\"wp-image-3734\" srcset=\"https:\/\/www.camping-saint-lary.com\/wp-content\/uploads\/\/peyragudes.png 174w, https:\/\/www.camping-saint-lary.com\/wp-content\/uploads\/\/peyragudes-24x21.png 24w, https:\/\/www.camping-saint-lary.com\/wp-content\/uploads\/\/peyragudes-36x31.png 36w, https:\/\/www.camping-saint-lary.com\/wp-content\/uploads\/\/peyragudes-48x41.png 48w\" sizes=\"auto, (max-width: 174px) 100vw, 174px\" \/><\/a><\/figure>\n\n\n\n<figure class=\"wp-block-image size-full\"><a href=\"https:\/\/www.station-vallouron.fr\/\" target=\"_blank\" rel=\"noreferrer noopener\"><img loading=\"lazy\" decoding=\"async\" width=\"174\" height=\"150\" src=\"https:\/\/www.camping-saint-lary.com\/wp-content\/uploads\/val-louron.png\" alt=\"\" class=\"wp-image-3736\" srcset=\"https:\/\/www.camping-saint-lary.com\/wp-content\/uploads\/\/val-louron.png 174w, https:\/\/www.camping-saint-lary.com\/wp-content\/uploads\/\/val-louron-24x21.png 24w, https:\/\/www.camping-saint-lary.com\/wp-content\/uploads\/\/val-louron-36x31.png 36w, https:\/\/www.camping-saint-lary.com\/wp-content\/uploads\/\/val-louron-48x41.png 48w\" sizes=\"auto, (max-width: 174px) 100vw, 174px\" \/><\/a><\/figure>\n\n\n\n<figure class=\"wp-block-image size-full\"><a href=\"https:\/\/www.sarratevasion.com\/\" target=\"_blank\" rel=\"noreferrer noopener\"><img loading=\"lazy\" decoding=\"async\" width=\"174\" height=\"150\" src=\"https:\/\/www.camping-saint-lary.com\/wp-content\/uploads\/sarrat-evasion.png\" alt=\"\" class=\"wp-image-8196\" srcset=\"https:\/\/www.camping-saint-lary.com\/wp-content\/uploads\/\/sarrat-evasion.png 174w, https:\/\/www.camping-saint-lary.com\/wp-content\/uploads\/\/sarrat-evasion-24x21.png 24w, https:\/\/www.camping-saint-lary.com\/wp-content\/uploads\/\/sarrat-evasion-36x31.png 36w, https:\/\/www.camping-saint-lary.com\/wp-content\/uploads\/\/sarrat-evasion-48x41.png 48w\" sizes=\"auto, (max-width: 174px) 100vw, 174px\" \/><\/a><\/figure>\n\n<\/div>\n<\/div><\/div>\n\n\n\n<div class=\"wp-block-group alignwide horizontal-logos is-layout-flow wp-block-group-is-layout-flow\">        <div class=\"wp-block-custom-grid has-text-align-center block-grid-responsive\" style=\" --wp--style--block-desktop-column:4;--wp--style--block-tablet-column:3;--wp--style--block-mobile-column:2;\">\n\n                <div class=\"acf-innerblocks-container\">\n\n<figure class=\"wp-block-image size-full\"><img loading=\"lazy\" decoding=\"async\" width=\"174\" height=\"150\" src=\"https:\/\/www.camping-saint-lary.com\/wp-content\/uploads\/canyoning.png\" alt=\"\" class=\"wp-image-9805\" srcset=\"https:\/\/www.camping-saint-lary.com\/wp-content\/uploads\/\/canyoning.png 174w, https:\/\/www.camping-saint-lary.com\/wp-content\/uploads\/\/canyoning-24x21.png 24w, https:\/\/www.camping-saint-lary.com\/wp-content\/uploads\/\/canyoning-36x31.png 36w, https:\/\/www.camping-saint-lary.com\/wp-content\/uploads\/\/canyoning-48x41.png 48w\" sizes=\"auto, (max-width: 174px) 100vw, 174px\" \/><\/figure>\n\n\n\n<figure class=\"wp-block-image size-full\"><img loading=\"lazy\" decoding=\"async\" width=\"174\" height=\"150\" src=\"https:\/\/www.camping-saint-lary.com\/wp-content\/uploads\/panaurama.png\" alt=\"\" class=\"wp-image-9808\" srcset=\"https:\/\/www.camping-saint-lary.com\/wp-content\/uploads\/\/panaurama.png 174w, https:\/\/www.camping-saint-lary.com\/wp-content\/uploads\/\/panaurama-24x21.png 24w, https:\/\/www.camping-saint-lary.com\/wp-content\/uploads\/\/panaurama-36x31.png 36w, https:\/\/www.camping-saint-lary.com\/wp-content\/uploads\/\/panaurama-48x41.png 48w\" sizes=\"auto, (max-width: 174px) 100vw, 174px\" \/><\/figure>\n\n\n\n<figure class=\"wp-block-image size-full\"><img loading=\"lazy\" decoding=\"async\" width=\"174\" height=\"150\" src=\"https:\/\/www.camping-saint-lary.com\/wp-content\/uploads\/daniel-guilly.png\" alt=\"\" class=\"wp-image-9806\" srcset=\"https:\/\/www.camping-saint-lary.com\/wp-content\/uploads\/\/daniel-guilly.png 174w, https:\/\/www.camping-saint-lary.com\/wp-content\/uploads\/\/daniel-guilly-24x21.png 24w, https:\/\/www.camping-saint-lary.com\/wp-content\/uploads\/\/daniel-guilly-36x31.png 36w, https:\/\/www.camping-saint-lary.com\/wp-content\/uploads\/\/daniel-guilly-48x41.png 48w\" sizes=\"auto, (max-width: 174px) 100vw, 174px\" \/><\/figure>\n\n\n\n<figure class=\"wp-block-image size-full\"><img loading=\"lazy\" decoding=\"async\" width=\"174\" height=\"150\" src=\"https:\/\/www.camping-saint-lary.com\/wp-content\/uploads\/office-des-sports.png\" alt=\"\" class=\"wp-image-9807\" srcset=\"https:\/\/www.camping-saint-lary.com\/wp-content\/uploads\/\/office-des-sports.png 174w, https:\/\/www.camping-saint-lary.com\/wp-content\/uploads\/\/office-des-sports-24x21.png 24w, https:\/\/www.camping-saint-lary.com\/wp-content\/uploads\/\/office-des-sports-36x31.png 36w, https:\/\/www.camping-saint-lary.com\/wp-content\/uploads\/\/office-des-sports-48x41.png 48w\" sizes=\"auto, (max-width: 174px) 100vw, 174px\" \/><\/figure>\n\n<\/div>\n<\/div><\/div>\n<\/div><\/div>\n<\/div>\n","protected":false},"excerpt":{"rendered":"<p>Lorem ipsum dolor sit amet, consectetur adipiscing elit. Vestibulum elementum mi tellus, ut fermentum quam facilisis vel. Mauris mauris eros, luctus a nisi in, vestibulum viverra enim. Fusce eu pharetra nunc, ac facilisis nulla. Donec ultricies, magna ac pharetra lobortis, tellus enim fringilla odio, vitae eleifend sem nibh et ex. Donec consequat condimentum volutpat. Etiam dignissim enim at ligula ornare, vel euismod arcu bibendum. Duis egestas semper ullamcorper. Nam sed nisl quis nibh dictum ullamcorper. Maecenas consectetur, orci a interdum fringilla, elit orci placerat odio, ut dignissim nisl est ut diam. Maecenas cursus quam id turpis auctor egestas. Nulla facilisi. Nulla auctor lobortis interdum. Quisque lobortis, tortor nec blandit dictum, orci nisl ullamcorper eros, in fermentum ipsum elit non eros. Proin a fringilla tellus, eu consectetur erat.<\/p>\n","protected":false},"author":5,"featured_media":10238,"parent":10656,"menu_order":2,"comment_status":"closed","ping_status":"closed","template":"","meta":{"_acf_changed":false,"inline_featured_image":false,"footnotes":""},"class_list":["post-10664","page","type-page","status-publish","has-post-thumbnail","hentry"],"acf":[],"yoast_head":"<!-- This site is optimized with the Yoast SEO plugin v27.4 - https:\/\/yoast.com\/product\/yoast-seo-wordpress\/ -->\n<title>Las actividades de invierno en los alrededores del camping<\/title>\n<meta name=\"description\" content=\"Esqu\u00ed, raquetas de nieve, paseos\u2026 venga a recargarse en las monta\u00f1as en el camping Val d\u2019Autun, en el coraz\u00f3n de los Pirineos\" \/>\n<meta name=\"robots\" content=\"index, follow, max-snippet:-1, max-image-preview:large, max-video-preview:-1\" \/>\n<link rel=\"canonical\" href=\"https:\/\/www.camping-saint-lary.com\/es\/actividades-en-la-zona\/en-invierno\/\" \/>\n<meta property=\"og:locale\" content=\"es_ES\" \/>\n<meta property=\"og:type\" content=\"article\" \/>\n<meta property=\"og:title\" content=\"Las actividades de invierno en los alrededores del camping\" \/>\n<meta property=\"og:description\" content=\"Esqu\u00ed, raquetas de nieve, paseos\u2026 venga a recargarse en las monta\u00f1as en el camping Val d\u2019Autun, en el coraz\u00f3n de los Pirineos\" \/>\n<meta property=\"og:url\" content=\"https:\/\/www.camping-saint-lary.com\/es\/actividades-en-la-zona\/en-invierno\/\" \/>\n<meta property=\"og:site_name\" content=\"Camping Val d&#039;Autun\" \/>\n<meta property=\"article:modified_time\" content=\"2026-03-12T16:12:19+00:00\" \/>\n<meta property=\"og:image\" content=\"https:\/\/www.camping-saint-lary.com\/wp-content\/uploads\/randonnee-hiver-1.jpg\" \/>\n\t<meta property=\"og:image:width\" content=\"631\" \/>\n\t<meta property=\"og:image:height\" content=\"576\" \/>\n\t<meta property=\"og:image:type\" content=\"image\/jpeg\" \/>\n<meta name=\"twitter:card\" content=\"summary_large_image\" \/>\n<meta name=\"twitter:label1\" content=\"Tiempo de lectura\" \/>\n\t<meta name=\"twitter:data1\" content=\"46 minutos\" \/>\n<script type=\"application\/ld+json\" class=\"yoast-schema-graph\">{\"@context\":\"https:\\\/\\\/schema.org\",\"@graph\":[{\"@type\":\"WebPage\",\"@id\":\"https:\\\/\\\/www.camping-saint-lary.com\\\/es\\\/actividades-en-la-zona\\\/en-invierno\\\/\",\"url\":\"https:\\\/\\\/www.camping-saint-lary.com\\\/es\\\/actividades-en-la-zona\\\/en-invierno\\\/\",\"name\":\"Las actividades de invierno en los alrededores del camping\",\"isPartOf\":{\"@id\":\"https:\\\/\\\/www.camping-saint-lary.com\\\/es\\\/#website\"},\"primaryImageOfPage\":{\"@id\":\"https:\\\/\\\/www.camping-saint-lary.com\\\/es\\\/actividades-en-la-zona\\\/en-invierno\\\/#primaryimage\"},\"image\":{\"@id\":\"https:\\\/\\\/www.camping-saint-lary.com\\\/es\\\/actividades-en-la-zona\\\/en-invierno\\\/#primaryimage\"},\"thumbnailUrl\":\"https:\\\/\\\/www.camping-saint-lary.com\\\/wp-content\\\/uploads\\\/randonnee-hiver-1.jpg\",\"datePublished\":\"2023-07-06T09:39:50+00:00\",\"dateModified\":\"2026-03-12T16:12:19+00:00\",\"description\":\"Esqu\u00ed, raquetas de nieve, paseos\u2026 venga a recargarse en las monta\u00f1as en el camping Val d\u2019Autun, en el coraz\u00f3n de los Pirineos\",\"breadcrumb\":{\"@id\":\"https:\\\/\\\/www.camping-saint-lary.com\\\/es\\\/actividades-en-la-zona\\\/en-invierno\\\/#breadcrumb\"},\"inLanguage\":\"es\",\"potentialAction\":[{\"@type\":\"ReadAction\",\"target\":[\"https:\\\/\\\/www.camping-saint-lary.com\\\/es\\\/actividades-en-la-zona\\\/en-invierno\\\/\"]}]},{\"@type\":\"ImageObject\",\"inLanguage\":\"es\",\"@id\":\"https:\\\/\\\/www.camping-saint-lary.com\\\/es\\\/actividades-en-la-zona\\\/en-invierno\\\/#primaryimage\",\"url\":\"https:\\\/\\\/www.camping-saint-lary.com\\\/wp-content\\\/uploads\\\/randonnee-hiver-1.jpg\",\"contentUrl\":\"https:\\\/\\\/www.camping-saint-lary.com\\\/wp-content\\\/uploads\\\/randonnee-hiver-1.jpg\",\"width\":631,\"height\":576},{\"@type\":\"BreadcrumbList\",\"@id\":\"https:\\\/\\\/www.camping-saint-lary.com\\\/es\\\/actividades-en-la-zona\\\/en-invierno\\\/#breadcrumb\",\"itemListElement\":[{\"@type\":\"ListItem\",\"position\":1,\"name\":\"Inicio\",\"item\":\"https:\\\/\\\/www.camping-saint-lary.com\\\/es\\\/\"},{\"@type\":\"ListItem\",\"position\":2,\"name\":\"Actividades en la zona\",\"item\":\"https:\\\/\\\/www.camping-saint-lary.com\\\/es\\\/actividades-en-la-zona\\\/\"},{\"@type\":\"ListItem\",\"position\":3,\"name\":\"En invierno\"}]},{\"@type\":\"WebSite\",\"@id\":\"https:\\\/\\\/www.camping-saint-lary.com\\\/es\\\/#website\",\"url\":\"https:\\\/\\\/www.camping-saint-lary.com\\\/es\\\/\",\"name\":\"Camping Val d'Autun\",\"description\":\"Camping Val d&#039;Autun 3 \u00e9toiles en Vall\u00e9e d&#039;Aure dans les Pyr\u00e9n\u00e9es\",\"publisher\":{\"@id\":\"https:\\\/\\\/www.camping-saint-lary.com\\\/es\\\/#organization\"},\"potentialAction\":[{\"@type\":\"SearchAction\",\"target\":{\"@type\":\"EntryPoint\",\"urlTemplate\":\"https:\\\/\\\/www.camping-saint-lary.com\\\/es\\\/?s={search_term_string}\"},\"query-input\":{\"@type\":\"PropertyValueSpecification\",\"valueRequired\":true,\"valueName\":\"search_term_string\"}}],\"inLanguage\":\"es\"},{\"@type\":\"Organization\",\"@id\":\"https:\\\/\\\/www.camping-saint-lary.com\\\/es\\\/#organization\",\"name\":\"Camping Val d'Autun\",\"url\":\"https:\\\/\\\/www.camping-saint-lary.com\\\/es\\\/\",\"logo\":{\"@type\":\"ImageObject\",\"inLanguage\":\"es\",\"@id\":\"https:\\\/\\\/www.camping-saint-lary.com\\\/es\\\/#\\\/schema\\\/logo\\\/image\\\/\",\"url\":\"https:\\\/\\\/www.camping-saint-lary.com\\\/wp-content\\\/uploads\\\/cropped-logo-valdautun-lr300.png\",\"contentUrl\":\"https:\\\/\\\/www.camping-saint-lary.com\\\/wp-content\\\/uploads\\\/cropped-logo-valdautun-lr300.png\",\"width\":300,\"height\":182,\"caption\":\"Camping Val d'Autun\"},\"image\":{\"@id\":\"https:\\\/\\\/www.camping-saint-lary.com\\\/es\\\/#\\\/schema\\\/logo\\\/image\\\/\"}}]}<\/script>\n<!-- \/ Yoast SEO plugin. -->","yoast_head_json":{"title":"Las actividades de invierno en los alrededores del camping","description":"Esqu\u00ed, raquetas de nieve, paseos\u2026 venga a recargarse en las monta\u00f1as en el camping Val d\u2019Autun, en el coraz\u00f3n de los Pirineos","robots":{"index":"index","follow":"follow","max-snippet":"max-snippet:-1","max-image-preview":"max-image-preview:large","max-video-preview":"max-video-preview:-1"},"canonical":"https:\/\/www.camping-saint-lary.com\/es\/actividades-en-la-zona\/en-invierno\/","og_locale":"es_ES","og_type":"article","og_title":"Las actividades de invierno en los alrededores del camping","og_description":"Esqu\u00ed, raquetas de nieve, paseos\u2026 venga a recargarse en las monta\u00f1as en el camping Val d\u2019Autun, en el coraz\u00f3n de los Pirineos","og_url":"https:\/\/www.camping-saint-lary.com\/es\/actividades-en-la-zona\/en-invierno\/","og_site_name":"Camping Val d&#039;Autun","article_modified_time":"2026-03-12T16:12:19+00:00","og_image":[{"width":631,"height":576,"url":"https:\/\/www.camping-saint-lary.com\/wp-content\/uploads\/randonnee-hiver-1.jpg","type":"image\/jpeg"}],"twitter_card":"summary_large_image","twitter_misc":{"Tiempo de lectura":"46 minutos"},"schema":{"@context":"https:\/\/schema.org","@graph":[{"@type":"WebPage","@id":"https:\/\/www.camping-saint-lary.com\/es\/actividades-en-la-zona\/en-invierno\/","url":"https:\/\/www.camping-saint-lary.com\/es\/actividades-en-la-zona\/en-invierno\/","name":"Las actividades de invierno en los alrededores del camping","isPartOf":{"@id":"https:\/\/www.camping-saint-lary.com\/es\/#website"},"primaryImageOfPage":{"@id":"https:\/\/www.camping-saint-lary.com\/es\/actividades-en-la-zona\/en-invierno\/#primaryimage"},"image":{"@id":"https:\/\/www.camping-saint-lary.com\/es\/actividades-en-la-zona\/en-invierno\/#primaryimage"},"thumbnailUrl":"https:\/\/www.camping-saint-lary.com\/wp-content\/uploads\/randonnee-hiver-1.jpg","datePublished":"2023-07-06T09:39:50+00:00","dateModified":"2026-03-12T16:12:19+00:00","description":"Esqu\u00ed, raquetas de nieve, paseos\u2026 venga a recargarse en las monta\u00f1as en el camping Val d\u2019Autun, en el coraz\u00f3n de los Pirineos","breadcrumb":{"@id":"https:\/\/www.camping-saint-lary.com\/es\/actividades-en-la-zona\/en-invierno\/#breadcrumb"},"inLanguage":"es","potentialAction":[{"@type":"ReadAction","target":["https:\/\/www.camping-saint-lary.com\/es\/actividades-en-la-zona\/en-invierno\/"]}]},{"@type":"ImageObject","inLanguage":"es","@id":"https:\/\/www.camping-saint-lary.com\/es\/actividades-en-la-zona\/en-invierno\/#primaryimage","url":"https:\/\/www.camping-saint-lary.com\/wp-content\/uploads\/randonnee-hiver-1.jpg","contentUrl":"https:\/\/www.camping-saint-lary.com\/wp-content\/uploads\/randonnee-hiver-1.jpg","width":631,"height":576},{"@type":"BreadcrumbList","@id":"https:\/\/www.camping-saint-lary.com\/es\/actividades-en-la-zona\/en-invierno\/#breadcrumb","itemListElement":[{"@type":"ListItem","position":1,"name":"Inicio","item":"https:\/\/www.camping-saint-lary.com\/es\/"},{"@type":"ListItem","position":2,"name":"Actividades en la zona","item":"https:\/\/www.camping-saint-lary.com\/es\/actividades-en-la-zona\/"},{"@type":"ListItem","position":3,"name":"En invierno"}]},{"@type":"WebSite","@id":"https:\/\/www.camping-saint-lary.com\/es\/#website","url":"https:\/\/www.camping-saint-lary.com\/es\/","name":"Camping Val d'Autun","description":"Camping Val d&#039;Autun 3 \u00e9toiles en Vall\u00e9e d&#039;Aure dans les Pyr\u00e9n\u00e9es","publisher":{"@id":"https:\/\/www.camping-saint-lary.com\/es\/#organization"},"potentialAction":[{"@type":"SearchAction","target":{"@type":"EntryPoint","urlTemplate":"https:\/\/www.camping-saint-lary.com\/es\/?s={search_term_string}"},"query-input":{"@type":"PropertyValueSpecification","valueRequired":true,"valueName":"search_term_string"}}],"inLanguage":"es"},{"@type":"Organization","@id":"https:\/\/www.camping-saint-lary.com\/es\/#organization","name":"Camping Val d'Autun","url":"https:\/\/www.camping-saint-lary.com\/es\/","logo":{"@type":"ImageObject","inLanguage":"es","@id":"https:\/\/www.camping-saint-lary.com\/es\/#\/schema\/logo\/image\/","url":"https:\/\/www.camping-saint-lary.com\/wp-content\/uploads\/cropped-logo-valdautun-lr300.png","contentUrl":"https:\/\/www.camping-saint-lary.com\/wp-content\/uploads\/cropped-logo-valdautun-lr300.png","width":300,"height":182,"caption":"Camping Val d'Autun"},"image":{"@id":"https:\/\/www.camping-saint-lary.com\/es\/#\/schema\/logo\/image\/"}}]}},"_links":{"self":[{"href":"https:\/\/www.camping-saint-lary.com\/es\/wp-json\/wp\/v2\/pages\/10664","targetHints":{"allow":["GET"]}}],"collection":[{"href":"https:\/\/www.camping-saint-lary.com\/es\/wp-json\/wp\/v2\/pages"}],"about":[{"href":"https:\/\/www.camping-saint-lary.com\/es\/wp-json\/wp\/v2\/types\/page"}],"author":[{"embeddable":true,"href":"https:\/\/www.camping-saint-lary.com\/es\/wp-json\/wp\/v2\/users\/5"}],"replies":[{"embeddable":true,"href":"https:\/\/www.camping-saint-lary.com\/es\/wp-json\/wp\/v2\/comments?post=10664"}],"version-history":[{"count":34,"href":"https:\/\/www.camping-saint-lary.com\/es\/wp-json\/wp\/v2\/pages\/10664\/revisions"}],"predecessor-version":[{"id":14450,"href":"https:\/\/www.camping-saint-lary.com\/es\/wp-json\/wp\/v2\/pages\/10664\/revisions\/14450"}],"up":[{"embeddable":true,"href":"https:\/\/www.camping-saint-lary.com\/es\/wp-json\/wp\/v2\/pages\/10656"}],"wp:featuredmedia":[{"embeddable":true,"href":"https:\/\/www.camping-saint-lary.com\/es\/wp-json\/wp\/v2\/media\/10238"}],"wp:attachment":[{"href":"https:\/\/www.camping-saint-lary.com\/es\/wp-json\/wp\/v2\/media?parent=10664"}],"curies":[{"name":"wp","href":"https:\/\/api.w.org\/{rel}","templated":true}]}}