{"id":10670,"date":"2023-07-06T11:41:49","date_gmt":"2023-07-06T09:41:49","guid":{"rendered":"http:\/\/www.camping-saint-lary.com\/la-region-2\/les-visites"},"modified":"2026-03-12T17:17:57","modified_gmt":"2026-03-12T16:17:57","slug":"visitas","status":"publish","type":"page","link":"https:\/\/www.camping-saint-lary.com\/es\/la-region\/visitas\/","title":{"rendered":"Visitas"},"content":{"rendered":"\n<div class=\"wp-block-group alignfull non-relative is-layout-constrained wp-block-group-is-layout-constrained\" style=\"margin-top:0px;margin-bottom:0px\"><button class=\"fmb-expand-formulaire\" onclick=\"jQuery('#formulario-motor-busqueda').toggleClass('fmb-visible');\">Reservar<\/button>\n<div id=\"formulario-motor-busqueda\" class=\"formulario-motor-busqueda\">\n    <div class=\"fmb-container\">\n        <div class=\"fmb-bloque fmb-fecha-de-llegada\">\n            <div class=\"fmb-label\">Fecha de llegada<\/div>\n            <input type=\"text\" id=\"fmb-fecha-de-llegada\" \/>\n        <\/div><!-- .fmb-bloque -->\n        <div class=\"fmb-bloque fmb-fecha-de-salida\">\n            <div class=\"fmb-label\">Fecha de salida<\/div>\n            <input type=\"text\" id=\"fmb-fecha-de-salida\" \/>\n        <\/div><!-- .fmb-bloque -->\n        <div class=\"fmb-bloque fmb-tipo-de-alojamiento\">\n            <div class=\"fmb-label\">Alojamiento<\/div>\n            <select  id=\"fmb-tipo-de-alojamiento\">\n                <option value=\"1\">Parcela<\/option>\n                <option value=\"2\">Alojamiento<\/option>\n            <\/select>\n        <\/div><!-- .fmb-bloque -->\n        <div class=\"fmb-bloque fmb-numero-de-personas\">\n            <div class=\"fmb-label\">Capacidad<\/div>\n            <select  id=\"fmb-numero-de-personas\">\n                <option value=\"1\">1<\/option>\n                <option value=\"2\">2<\/option>\n                <option value=\"3\">3<\/option>\n                <option value=\"4\">4<\/option>\n                <option value=\"5\">5<\/option>\n                <option value=\"6\">6<\/option>\n                <option value=\"7\">7<\/option>\n                <option value=\"8\">8<\/option>\n                <option value=\"9\">+8<\/option>\n            <\/select>\n        <\/div><!-- .fmb-bloque -->\n        <div class=\"fmb-bloque fmb-submit-button\">\n            <input \n                name=\"submit-button\" \n                id=\"submit-button\" \n                class=\"fmb-button\" \n                type=\"button\" \n                onclick=\"window.open(\n                    'https:\/\/naxiresa.inaxel.com\/etape2-sejours.php?arrivalDate='+jQuery('#fmb-fecha-de-llegada').val()+'&departureDate='+jQuery('#fmb-fecha-de-salida').val()+'&pt='+jQuery('#fmb-tipo-de-alojamiento').val()+'&compte=valautun&lang=5&nb='+jQuery('#fmb-numero-de-personas').val()+'', \n                    '_blank'\n                );\" \n                value=\"Buscar\" \n            \/>\n        <\/div><!-- .fmb-bloque -->\n        <div class=\"fmb-bloque fmb-submit-button-2\">\n            <input \n                name=\"submit-button-2\" \n                id=\"submit-button-2\" \n                class=\"fmb-button\" \n                type=\"button\" \n                onclick=\"window.open('https:\/\/valautun.my-user-account.com', '_blank');\" \n                value=\"Mi reserva\" \n            \/>\n        <\/div><!-- .fmb-bloque -->\n    <\/div><!-- .fmb-container -->\n<\/div><!-- .formulario-motor-busqueda -->\n\n\n<script src=\"https:\/\/code.jquery.com\/ui\/1.13.2\/jquery-ui.js\"><\/script>\n\n<link  href=\"\/\/code.jquery.com\/ui\/1.11.4\/themes\/smoothness\/jquery-ui.css\" rel=\"stylesheet\" \/>\n<script>\nvar top_menu_header = jQuery('#formulario-motor-busqueda').offset().top - 100;\njQuery(window).on('scroll', function(){\n\n    jQuery(\".ui-datepicker-current-day\").trigger(\"click\");\n    jQuery('#fmb-fecha-de-salida').blur();\n    jQuery('#fmb-fecha-de-llegada').blur();\n\n\n    if(jQuery(window).scrollTop() > top_menu_header){\n        jQuery('#formulario-motor-busqueda').addClass('fmb-is-fixed-top');\n    } else {\n        jQuery('#formulario-motor-busqueda').removeClass('fmb-is-fixed-top');\n    }\n});\n\n\njQuery(function () {\n    jQuery('#fmb-fecha-de-llegada').datepicker({\n        onSelect: function(dateText, element) {\n            jQuery(this).attr('date', dateText);\n            \/* 01-09-2021 into 2021-09-01 *\/\n            var year = dateText.substring(6, 10);\n            var month = dateText.substring(3, 5);\n            var day = dateText.substring(0, 2);\n            var dateString = year + '-' + month + '-' + day;\n            var date1 = new Date(dateString);\n            var date = new Date(dateString);\n            date.setDate(date.getDate() + 1);\n            jQuery('#fmb-fecha-de-salida').datepicker('setDate', date);\n            jQuery('#fmb-fecha-de-salida').datepicker('option', {\n                minDate: date\n            });\n        },\n        dateFormat: \"dd\/mm\/yy\",\n    \tfirstDay: 1, \/\/ Start with Monday\n        changeMonth: true,\n        changeYear: true,\n        minDate: new Date(),\n    });\n});\n\nvar dateObject = new Date();\ndateObject.setDate(dateObject.getDate());\njQuery('#fmb-fecha-de-llegada').val(\n    dateObject.getDate()\n    +'\/'+\n    ((dateObject.getMonth() * 1) + 1)\n    +'\/'+\n    dateObject.getFullYear()\n);\n\ndateObject.setDate(dateObject.getDate() + 1);\njQuery('#fmb-fecha-de-salida').val(\n    dateObject.getDate()\n    +'\/'+\n    ((dateObject.getMonth() * 1) + 1)\n    +'\/'+\n    dateObject.getFullYear()\n);\njQuery('#fmb-fecha-de-salida').datepicker('setDate', dateObject);\njQuery('#fmb-fecha-de-salida').datepicker('option', {\n    minDate: dateObject\n});\n\njQuery(function () {\n    jQuery( \"#fmb-fecha-de-salida\" ).datepicker({\n        dateFormat: \"dd\/mm\/yy\",\n    \tfirstDay: 1, \/\/ Start with Monday\n        changeMonth: true,\n        changeYear: true,\n        minDate: new Date(),\n    });\n});\n\njQuery.datepicker.regional['fr'] = {clearText: 'Effacer', clearStatus: '',\n    closeText: 'Fermer', closeStatus: 'Fermer sans modifier',\n    prevText: '<Pr\u00e9c', prevStatus: 'Voir le mois pr\u00e9c\u00e9dent',\n    nextText: 'Suiv>', nextStatus: 'Voir le mois suivant',\n    currentText: 'Courant', currentStatus: 'Voir le mois courant',\n    monthNames: ['Janvier','F\u00e9vrier','Mars','Avril','Mai','Juin',\n    'Juillet','Ao\u00fbt','Septembre','Octobre','Novembre','D\u00e9cembre'],\n    monthNamesShort: ['Jan','F\u00e9v','Mar','Avr','Mai','Jun',\n    'Jul','Ao\u00fb','Sep','Oct','Nov','D\u00e9c'],\n    monthStatus: 'Voir un autre mois', yearStatus: 'Voir un autre ann\u00e9e',\n    weekHeader: 'Sm', weekStatus: '',\n    dayNames: ['Dimanche','Lundi','Mardi','Mercredi','Jeudi','Vendredi','Samedi'],\n    dayNamesShort: ['Dim','Lun','Mar','Mer','Jeu','Ven','Sam'],\n    dayNamesMin: ['Di','Lu','Ma','Me','Je','Ve','Sa'],\n    dayStatus: 'Utiliser DD comme premier jour de la semaine', dateStatus: 'Choisir le DD, MM d',\n    dateFormat: 'dd\/mm\/yy', firstDay: 0, \n    initStatus: 'Choisir la date', isRTL: false};\njQuery.datepicker.setDefaults(jQuery.datepicker.regional['fr']);\n\n\n<\/script>\n\n<\/div>\n\n\n\n<div class=\"wp-block-cover alignfull banner has-animation\" style=\"margin-top:0;margin-bottom:0;min-height:100vh;aspect-ratio:unset;\"><span aria-hidden=\"true\" class=\"wp-block-cover__background has-background-dim-40 has-background-dim wp-block-cover__gradient-background has-background-gradient\" style=\"background:linear-gradient(180deg,rgb(0,0,0) 0%,rgba(0,0,0,0) 47%)\"><\/span><img loading=\"lazy\" decoding=\"async\" width=\"1920\" height=\"1080\" class=\"wp-block-cover__image-background wp-image-3767\" alt=\"\" src=\"https:\/\/www.camping-saint-lary.com\/wp-content\/uploads\/1-22.jpg\" style=\"object-position:51% 100%\" data-object-fit=\"cover\" data-object-position=\"51% 100%\" srcset=\"https:\/\/www.camping-saint-lary.com\/wp-content\/uploads\/\/1-22.jpg 1920w, https:\/\/www.camping-saint-lary.com\/wp-content\/uploads\/\/1-22-1024x576.jpg 1024w, https:\/\/www.camping-saint-lary.com\/wp-content\/uploads\/\/1-22-768x432.jpg 768w, https:\/\/www.camping-saint-lary.com\/wp-content\/uploads\/\/1-22-1536x864.jpg 1536w, https:\/\/www.camping-saint-lary.com\/wp-content\/uploads\/\/1-22-512x288.jpg 512w, https:\/\/www.camping-saint-lary.com\/wp-content\/uploads\/\/1-22-256x144.jpg 256w, https:\/\/www.camping-saint-lary.com\/wp-content\/uploads\/\/1-22-24x14.jpg 24w, https:\/\/www.camping-saint-lary.com\/wp-content\/uploads\/\/1-22-36x20.jpg 36w, https:\/\/www.camping-saint-lary.com\/wp-content\/uploads\/\/1-22-48x27.jpg 48w\" sizes=\"auto, (max-width: 1920px) 100vw, 1920px\" \/><div class=\"wp-block-cover__inner-container is-layout-flow wp-block-cover-is-layout-flow\">\n<p class=\"has-text-align-center titre-vivant animation--bottom animation--init--once has-large-font-size\">Las visitas<\/p>\n\n\n<div class=\"yoast-breadcrumbs breadcrumb animation--top animation--init--once\"><span><span><a href=\"https:\/\/www.camping-saint-lary.com\/es\/\">Inicio<\/a><\/span> \/ <span><a href=\"https:\/\/www.camping-saint-lary.com\/es\/la-region\/\">La regi\u00f3n<\/a><\/span> \/ <span class=\"breadcrumb_last\" aria-current=\"page\">Visitas<\/span><\/span><\/div><\/div><\/div>\n\n\n\n<div class=\"wp-block-group alignfull has-animation intro-2 relative is-layout-constrained wp-block-group-is-layout-constrained\" style=\"padding-top:var(--wp--preset--spacing--80);padding-bottom:var(--wp--preset--spacing--60)\">\n<p class=\"titre-lateral-pink\">A descubrir<\/p>\n\n\n\n<div class=\"wp-block-group alignwide padd-titre-lateral is-layout-flow wp-block-group-is-layout-flow\">\n<h1 class=\"wp-block-heading has-text-align-center animation--top animation--init--once has-theme-pink-2-color has-text-color\" style=\"padding-top:0;padding-bottom:0\">Nuestra regi\u00f3n y sus visitas en el coraz\u00f3n de los Pirineos<br><sub><mark style=\"background-color:rgba(0, 0, 0, 0)\" class=\"has-inline-color has-theme-green-color\">Vive el Instante y Descubre&#8230;<\/mark><\/sub><\/h1>\n<\/div>\n<\/div>\n\n\n\n<div class=\"wp-block-group alignfull is-layout-flow wp-block-group-is-layout-flow\" style=\"margin-bottom:var(--wp--preset--spacing--80);padding-top:var(--wp--preset--spacing--60);padding-right:0;padding-bottom:var(--wp--preset--spacing--80);padding-left:0\">\n<div class=\"wp-block-group background-left-pink has-animation padding-container-mobile is-content-justification-center is-nowrap is-layout-flex wp-container-core-group-is-layout-32c2087b wp-block-group-is-layout-flex\" style=\"margin-top:var(--wp--preset--spacing--80);padding-top:var(--wp--preset--spacing--50);padding-bottom:var(--wp--preset--spacing--50)\">\n<div class=\"wp-image-slider border-pink-gallery-full animation--top animation--init--once has-text-align-left aspect-ratio-1_1\">\n\n                                        \n                    <script>\n                        'use strict';\n\n                        document.addEventListener('DOMContentLoaded', function () {\n\n                            (function() {\n                                const blockSlide = new Splide( '#slide_668', {\n                                    type : 'loop',\n                                    perPage: 1,\n                                                                        \n                                    breakpoints: {\n                                        800: {\n                                            perPage: 1,\n                                                                                    },\n                                        450: {\n                                            perPage: 1,\n                                            \n                                        },\n                                    },\n                                    pagination: false,\n                                    arrows: true,\n                                    gap: 'var(--wp--style--block-gap)',\n                                    i18n: {\n                                        slideLabel: '0%s \/ 0%s',\n                                    }\n                                } );\n                                \n\n                                if (!document.querySelector('#slide_668').closest('.banner-slide')) {\n                                    const options = {\n                                        rootMargin: '0px',\n                                        threshold: 0.5\n                                    };\n\n                                    const observer = new IntersectionObserver(function (entries, observer) {\n                                        entries.forEach(entry => {\n                                            if (entry.isIntersecting) {\n                                                console.log('Slider is visible');\n                                                blockSlide.go('+' + entry.target.dataset.counter);\n                                                blockSlide.go('+${1}');\n                                                observer.unobserve(entry.target); \/\/ stop observing the target element\n                                            }\n                                        });\n                                    }, options);\n\n                                    observer.observe(document.querySelector('#slide_668'));\n                                }\n\n\n                                \n\/*                                 blockSlide.on( 'mounted', function () {\n                                    blockSlide.go('+${1}');\n                                } ); *\/\n\n                                blockSlide.mount();\n                                                                \n                                \n\n                            })();\n                        })\n                    <\/script>\n\n                    <div class=\"slider-container\"><div class=\"splide galeria-slider galeria-columnas-1\" id=\"slide_668\"><div class=\"splide__track\"><div class=\"splide__list\"><a href=\"https:\/\/www.camping-saint-lary.com\/wp-content\/uploads\/1-23.jpg\" id=\"thumb-9818\" class=\"splide__slide image-link\" data-gallery=\"slide_668\"  data-counter=\"01\/06\" alt=\" \" class=\"image-link\"><div class=\"image-wrapper\"><img loading=\"lazy\" decoding=\"async\" width=\"631\" height=\"576\" src=\"https:\/\/www.camping-saint-lary.com\/wp-content\/uploads\/1-23.jpg\" class=\"attachment-gallery-medium size-gallery-medium\" alt=\"\" srcset=\"https:\/\/www.camping-saint-lary.com\/wp-content\/uploads\/\/1-23.jpg 631w, https:\/\/www.camping-saint-lary.com\/wp-content\/uploads\/\/1-23-512x467.jpg 512w, https:\/\/www.camping-saint-lary.com\/wp-content\/uploads\/\/1-23-256x234.jpg 256w, https:\/\/www.camping-saint-lary.com\/wp-content\/uploads\/\/1-23-24x22.jpg 24w, https:\/\/www.camping-saint-lary.com\/wp-content\/uploads\/\/1-23-36x33.jpg 36w, https:\/\/www.camping-saint-lary.com\/wp-content\/uploads\/\/1-23-48x44.jpg 48w\" sizes=\"auto, (max-width: 631px) 100vw, 631px\" \/><\/div><\/a><a href=\"https:\/\/www.camping-saint-lary.com\/wp-content\/uploads\/promo.jpg\" id=\"thumb-10147\" class=\"splide__slide image-link\" data-gallery=\"slide_668\"  data-counter=\"02\/06\" alt=\" \" class=\"image-link\"><div class=\"image-wrapper\"><img loading=\"lazy\" decoding=\"async\" width=\"1024\" height=\"822\" src=\"https:\/\/www.camping-saint-lary.com\/wp-content\/uploads\/promo-1024x822.jpg\" class=\"attachment-gallery-medium size-gallery-medium\" alt=\"\" srcset=\"https:\/\/www.camping-saint-lary.com\/wp-content\/uploads\/\/promo-1024x822.jpg 1024w, https:\/\/www.camping-saint-lary.com\/wp-content\/uploads\/\/promo-768x617.jpg 768w, https:\/\/www.camping-saint-lary.com\/wp-content\/uploads\/\/promo-512x411.jpg 512w, https:\/\/www.camping-saint-lary.com\/wp-content\/uploads\/\/promo-256x206.jpg 256w, https:\/\/www.camping-saint-lary.com\/wp-content\/uploads\/\/promo-24x19.jpg 24w, https:\/\/www.camping-saint-lary.com\/wp-content\/uploads\/\/promo-36x29.jpg 36w, https:\/\/www.camping-saint-lary.com\/wp-content\/uploads\/\/promo-48x39.jpg 48w, https:\/\/www.camping-saint-lary.com\/wp-content\/uploads\/\/promo.jpg 1440w\" sizes=\"auto, (max-width: 1024px) 100vw, 1024px\" \/><\/div><\/a><a href=\"https:\/\/www.camping-saint-lary.com\/wp-content\/uploads\/gateaux-broche-1.jpg\" id=\"thumb-10306\" class=\"splide__slide image-link\" data-gallery=\"slide_668\"  data-counter=\"03\/06\" alt=\" \" class=\"image-link\"><div class=\"image-wrapper\"><img loading=\"lazy\" decoding=\"async\" width=\"1024\" height=\"680\" src=\"https:\/\/www.camping-saint-lary.com\/wp-content\/uploads\/gateaux-broche-1-1024x680.jpg\" class=\"attachment-gallery-medium size-gallery-medium\" alt=\"\" srcset=\"https:\/\/www.camping-saint-lary.com\/wp-content\/uploads\/\/gateaux-broche-1-1024x680.jpg 1024w, https:\/\/www.camping-saint-lary.com\/wp-content\/uploads\/\/gateaux-broche-1-768x510.jpg 768w, https:\/\/www.camping-saint-lary.com\/wp-content\/uploads\/\/gateaux-broche-1-1536x1021.jpg 1536w, https:\/\/www.camping-saint-lary.com\/wp-content\/uploads\/\/gateaux-broche-1-512x340.jpg 512w, https:\/\/www.camping-saint-lary.com\/wp-content\/uploads\/\/gateaux-broche-1-256x170.jpg 256w, https:\/\/www.camping-saint-lary.com\/wp-content\/uploads\/\/gateaux-broche-1-24x16.jpg 24w, https:\/\/www.camping-saint-lary.com\/wp-content\/uploads\/\/gateaux-broche-1-36x24.jpg 36w, https:\/\/www.camping-saint-lary.com\/wp-content\/uploads\/\/gateaux-broche-1-48x32.jpg 48w, https:\/\/www.camping-saint-lary.com\/wp-content\/uploads\/\/gateaux-broche-1.jpg 1732w\" sizes=\"auto, (max-width: 1024px) 100vw, 1024px\" \/><\/div><\/a><a href=\"https:\/\/www.camping-saint-lary.com\/wp-content\/uploads\/marche-pays.jpg\" id=\"thumb-10244\" class=\"splide__slide image-link\" data-gallery=\"slide_668\"  data-counter=\"04\/06\" alt=\" \" class=\"image-link\"><div class=\"image-wrapper\"><img loading=\"lazy\" decoding=\"async\" width=\"631\" height=\"576\" src=\"https:\/\/www.camping-saint-lary.com\/wp-content\/uploads\/marche-pays.jpg\" class=\"attachment-gallery-medium size-gallery-medium\" alt=\"\" srcset=\"https:\/\/www.camping-saint-lary.com\/wp-content\/uploads\/\/marche-pays.jpg 631w, https:\/\/www.camping-saint-lary.com\/wp-content\/uploads\/\/marche-pays-512x467.jpg 512w, https:\/\/www.camping-saint-lary.com\/wp-content\/uploads\/\/marche-pays-256x234.jpg 256w, https:\/\/www.camping-saint-lary.com\/wp-content\/uploads\/\/marche-pays-24x22.jpg 24w, https:\/\/www.camping-saint-lary.com\/wp-content\/uploads\/\/marche-pays-36x33.jpg 36w, https:\/\/www.camping-saint-lary.com\/wp-content\/uploads\/\/marche-pays-48x44.jpg 48w\" sizes=\"auto, (max-width: 631px) 100vw, 631px\" \/><\/div><\/a><a href=\"https:\/\/www.camping-saint-lary.com\/wp-content\/uploads\/fromage-pyrenees-marche.jpg\" id=\"thumb-10537\" class=\"splide__slide image-link\" data-gallery=\"slide_668\"  data-counter=\"05\/06\" alt=\" \" class=\"image-link\"><div class=\"image-wrapper\"><img loading=\"lazy\" decoding=\"async\" width=\"1024\" height=\"685\" src=\"https:\/\/www.camping-saint-lary.com\/wp-content\/uploads\/fromage-pyrenees-marche-1024x685.jpg\" class=\"attachment-gallery-medium size-gallery-medium\" alt=\"\" srcset=\"https:\/\/www.camping-saint-lary.com\/wp-content\/uploads\/\/fromage-pyrenees-marche-1024x685.jpg 1024w, https:\/\/www.camping-saint-lary.com\/wp-content\/uploads\/\/fromage-pyrenees-marche-768x514.jpg 768w, https:\/\/www.camping-saint-lary.com\/wp-content\/uploads\/\/fromage-pyrenees-marche-512x342.jpg 512w, https:\/\/www.camping-saint-lary.com\/wp-content\/uploads\/\/fromage-pyrenees-marche-256x171.jpg 256w, https:\/\/www.camping-saint-lary.com\/wp-content\/uploads\/\/fromage-pyrenees-marche-24x16.jpg 24w, https:\/\/www.camping-saint-lary.com\/wp-content\/uploads\/\/fromage-pyrenees-marche-36x24.jpg 36w, https:\/\/www.camping-saint-lary.com\/wp-content\/uploads\/\/fromage-pyrenees-marche-48x32.jpg 48w, https:\/\/www.camping-saint-lary.com\/wp-content\/uploads\/\/fromage-pyrenees-marche.jpg 1310w\" sizes=\"auto, (max-width: 1024px) 100vw, 1024px\" \/><\/div><\/a><a href=\"https:\/\/www.camping-saint-lary.com\/wp-content\/uploads\/gateaux-broche-pyrennees-gastronomie.jpg\" id=\"thumb-10544\" class=\"splide__slide image-link\" data-gallery=\"slide_668\"  data-counter=\"06\/06\" alt=\" \" class=\"image-link\"><div class=\"image-wrapper\"><img loading=\"lazy\" decoding=\"async\" width=\"1024\" height=\"646\" src=\"https:\/\/www.camping-saint-lary.com\/wp-content\/uploads\/gateaux-broche-pyrennees-gastronomie-1024x646.jpg\" class=\"attachment-gallery-medium size-gallery-medium\" alt=\"\" srcset=\"https:\/\/www.camping-saint-lary.com\/wp-content\/uploads\/\/gateaux-broche-pyrennees-gastronomie-1024x646.jpg 1024w, https:\/\/www.camping-saint-lary.com\/wp-content\/uploads\/\/gateaux-broche-pyrennees-gastronomie-768x485.jpg 768w, https:\/\/www.camping-saint-lary.com\/wp-content\/uploads\/\/gateaux-broche-pyrennees-gastronomie-512x323.jpg 512w, https:\/\/www.camping-saint-lary.com\/wp-content\/uploads\/\/gateaux-broche-pyrennees-gastronomie-256x162.jpg 256w, https:\/\/www.camping-saint-lary.com\/wp-content\/uploads\/\/gateaux-broche-pyrennees-gastronomie-24x15.jpg 24w, https:\/\/www.camping-saint-lary.com\/wp-content\/uploads\/\/gateaux-broche-pyrennees-gastronomie-36x23.jpg 36w, https:\/\/www.camping-saint-lary.com\/wp-content\/uploads\/\/gateaux-broche-pyrennees-gastronomie-48x30.jpg 48w, https:\/\/www.camping-saint-lary.com\/wp-content\/uploads\/\/gateaux-broche-pyrennees-gastronomie.jpg 1309w\" sizes=\"auto, (max-width: 1024px) 100vw, 1024px\" \/><\/div><\/a><\/div><\/div><\/div><\/div>\n                    \n<\/div>\n\n\n<div class=\"wp-block-group animation--top animation--init--once is-nowrap is-layout-flex wp-container-core-group-is-layout-6c531013 wp-block-group-is-layout-flex\">\n<div class=\"wp-block-group is-layout-constrained wp-block-group-is-layout-constrained\">\n<div class=\"wp-block-group is-nowrap is-layout-flex wp-container-core-group-is-layout-6c531013 wp-block-group-is-layout-flex\">\n<h3 class=\"wp-block-heading has-theme-pink-2-color has-text-color\" style=\"font-size:40px\">Las visitas son numerosas y encantar\u00e1n a grandes y peque\u00f1os<\/h3>\n<\/div>\n\n\n\n<p>\ud83c\udfd4\ufe0f <strong>Saint-Lary-Soulan : Un Pueblo con Car\u00e1cter y Mil Rostros<\/strong><\/p>\n\n\n\n<p>Alojarse en el Camping du Val d\u2019Autun es regalarse un acceso privilegiado a una de las joyas de los Pirineos: <strong>Saint-Lary-Soulan<\/strong>. Tanto si eres amante de la cultura, apasionado de las compras o buscas bienestar, el centro del pueblo sabr\u00e1 conquistar a grandes y peque\u00f1os gracias a su vitalidad y a su patrimonio preservado.<\/p>\n\n\n\n<h4 class=\"wp-block-heading\">Un Patrimonio Cultural y Natural en el Coraz\u00f3n del Pueblo<\/h4>\n\n\n\n<p>Saint-Lary no es solo una estaci\u00f3n de esqu\u00ed de renombre internacional; es un lugar lleno de historia. T\u00f3mate el tiempo de pasear por sus animadas calles comerciales antes de cruzar las puertas de:<\/p>\n\n\n\n<p><strong>La Maison du Patrimoine<\/strong>: Para comprender el alma del Valle de Aure y sus tradiciones centenarias.<\/p>\n\n\n\n<p><strong>La Maison du Parc National<\/strong>: Un espacio pedag\u00f3gico imprescindible para descubrir la fauna y la flora de nuestros macizos antes de tus rutas de senderismo.<\/p>\n\n\n\n<p><strong>El Centro Termal y Sensoria<\/strong>: Para una pausa de relax m\u00e1s que merecida en aguas c\u00e1lidas despu\u00e9s de un d\u00eda al aire libre.<\/p>\n\n\n\n<h4 class=\"wp-block-heading\">Un Viaje Culinario: Los Sabores del Valle<\/h4>\n\n\n\n<p>Aqu\u00ed la gastronom\u00eda es un verdadero arte de vivir. No te marches sin probar las especialidades que son el orgullo de nuestra tierra:<\/p>\n\n\n\n<p><strong>El Pastel a la Broche (G\u00e2teau \u00e0 la Broche)<\/strong>: Verdadero rey de las fiestas locales, cocinado pacientemente al fuego de le\u00f1a.<\/p>\n\n\n\n<p><strong>Los Quesos del Pa\u00eds<\/strong>: De vaca, oveja o cabra, procedentes de los pastos de monta\u00f1a de los alrededores.<\/p>\n\n\n\n<p><strong>La Garbure Tradicional<\/strong>: Esta generosa sopa campesina que reconforta cuerpo y alma.<\/p>\n\n\n\n<h4 class=\"wp-block-heading\">Los Mercados Locales: La Cita de los Gourmets<\/h4>\n\n\n\n<p>Para llevarte un pedacito de los Pirineos en tu maleta y compartir tu viaje, nada mejor que los mercados locales. Verdaderos lugares de vida y de intercambio, se celebran regularmente cerca del camping:<\/p>\n\n\n\n<p><strong>El s\u00e1bado por la ma\u00f1ana<\/strong>: En Saint-Lary-Soulan (el m\u00e1s cercano).<\/p>\n\n\n\n<p><strong>El martes por la ma\u00f1ana<\/strong>: En Vielle-Aure.<\/p>\n\n\n\n<p><strong>El jueves por la ma\u00f1ana<\/strong>: En Arreau, con un ambiente pintoresco a los pies de los soportales.<\/p>\n\n\n\n<p>Es la ocasi\u00f3n ideal para conocer a nuestros productores y saborear manjares delicados en un ambiente acogedor y aut\u00e9ntico.<\/p>\n<\/div>\n<\/div>\n<\/div>\n\n\n\n<div class=\"wp-block-group background-right-green has-animation padding-container-mobile is-content-justification-center is-nowrap is-layout-flex wp-container-core-group-is-layout-7a84741e wp-block-group-is-layout-flex\" style=\"margin-top:var(--wp--preset--spacing--80);padding-top:var(--wp--preset--spacing--50);padding-bottom:var(--wp--preset--spacing--50)\">\n<div class=\"wp-block-group animation--top animation--init--once is-nowrap is-layout-flex wp-container-core-group-is-layout-6c531013 wp-block-group-is-layout-flex\">\n<div class=\"wp-block-group is-layout-constrained wp-block-group-is-layout-constrained\">\n<div class=\"wp-block-group is-nowrap is-layout-flex wp-container-core-group-is-layout-6c531013 wp-block-group-is-layout-flex\">\n<h3 class=\"wp-block-heading has-theme-green-light-color has-text-color\" style=\"font-size:40px\">\u00bfDesea sumergirse en el bienestar?<\/h3>\n<\/div>\n\n\n\n<p>\ud83e\uddd6\u200d\u2640\ufe0f <strong>Bienestar en los Pirineos: Reg\u00e1late un Par\u00e9ntesis Encantado en Baln\u00e9a y Sensoria<\/strong><\/p>\n\n\n\n<p>Despu\u00e9s de un d\u00eda lleno de emociones en los senderos de monta\u00f1a o en las pistas de esqu\u00ed de Saint-Lary, \u00bfqu\u00e9 puede ser m\u00e1s reconfortante que un momento de relajaci\u00f3n absoluta? Nuestra regi\u00f3n es tierra de agua y de renovaci\u00f3n. Al alojarte con nosotros, estar\u00e1s idealmente situado para descubrir dos de las joyas m\u00e1s hermosas del termalismo pirenaico: <strong>Baln\u00e9a<\/strong> y <strong>Sensoria<\/strong>.<\/p>\n\n\n\n<h4 class=\"wp-block-heading\">Sensoria Rio: El Spa en el coraz\u00f3n de Saint-Lary-Soulan<\/h4>\n\n\n\n<p>A solo unos pasos, el centro Sensoria te invita a vivir una experiencia sensorial \u00fanica. Dise\u00f1ado para imitar el lecho de un ca\u00f1\u00f3n, este espacio utiliza agua de manantial natural cuya pureza es legendaria. Imag\u00ednate flotando en un agua climatizada a 32\u00b0C mientras los chorros de masaje liberan tus tensiones. Entre cascadas, g\u00e9iseres y jacuzzis, cada miembro de la familia encontrar\u00e1 su momento de felicidad en este entorno excepcional situado en pleno centro del pueblo.<\/p>\n\n\n\n<h4 class=\"wp-block-heading\">Baln\u00e9a: Un viaje alrededor del mundo frente a las cumbres<\/h4>\n\n\n\n<p>A pocos minutos de all\u00ed, en el valle del Louron, se alza Baln\u00e9a, el primer complejo de relajaci\u00f3n con agua termal de los Pirineos franceses. Es una aut\u00e9ntica invitaci\u00f3n al viaje:<\/p>\n\n\n\n<p><strong>Los Ba\u00f1os Japoneses<\/strong>: Rel\u00e1jate al aire libre en piscinas hasta 36\u00b0C con una vista panor\u00e1mica impresionante de las cumbres nevadas.<\/p>\n\n\n\n<p><strong>Los Ba\u00f1os Mayas e Incas<\/strong>: Para una inmersi\u00f3n l\u00fadica y c\u00e1lida.<\/p>\n\n\n\n<p><strong>El Espacio Romano<\/strong>: Un entorno majestuoso para disfrutar de una calma ol\u00edmpica.<\/p>\n\n\n\n<h4 class=\"wp-block-heading\">Un programa \u201cZen\u201d a medida<\/h4>\n\n\n\n<p>Para completar tu jornada, d\u00e9jate tentar por un masaje con aceites esenciales o un tratamiento corporal. El contraste entre la frescura del aire de monta\u00f1a y el calor de las aguas naturales crea una sensaci\u00f3n de plenitud incomparable. Ya sea que busques recuperaci\u00f3n deportiva o un retiro tranquilo, estos centros termales transformar\u00e1n tu estancia en una aut\u00e9ntica cura de juventud.<\/p>\n\n\n\n<p>\u00a1No olvides tu ba\u00f1ador! La relajaci\u00f3n te espera para una experiencia inolvidable.<\/p>\n<\/div>\n<\/div>\n\n\n\n<div class=\"wp-image-slider border-green-gallery-full animation--top animation--init--once has-text-align-left aspect-ratio-1_1\">\n\n                                        \n                    <script>\n                        'use strict';\n\n                        document.addEventListener('DOMContentLoaded', function () {\n\n                            (function() {\n                                const blockSlide = new Splide( '#slide_711', {\n                                    type : 'loop',\n                                    perPage: 1,\n                                                                        \n                                    breakpoints: {\n                                        800: {\n                                            perPage: 1,\n                                                                                    },\n                                        450: {\n                                            perPage: 1,\n                                            \n                                        },\n                                    },\n                                    pagination: false,\n                                    arrows: true,\n                                    gap: 'var(--wp--style--block-gap)',\n                                    i18n: {\n                                        slideLabel: '0%s \/ 0%s',\n                                    }\n                                } );\n                                \n\n                                if (!document.querySelector('#slide_711').closest('.banner-slide')) {\n                                    const options = {\n                                        rootMargin: '0px',\n                                        threshold: 0.5\n                                    };\n\n                                    const observer = new IntersectionObserver(function (entries, observer) {\n                                        entries.forEach(entry => {\n                                            if (entry.isIntersecting) {\n                                                console.log('Slider is visible');\n                                                blockSlide.go('+' + entry.target.dataset.counter);\n                                                blockSlide.go('+${1}');\n                                                observer.unobserve(entry.target); \/\/ stop observing the target element\n                                            }\n                                        });\n                                    }, options);\n\n                                    observer.observe(document.querySelector('#slide_711'));\n                                }\n\n\n                                \n\/*                                 blockSlide.on( 'mounted', function () {\n                                    blockSlide.go('+${1}');\n                                } ); *\/\n\n                                blockSlide.mount();\n                                                                \n                                \n\n                            })();\n                        })\n                    <\/script>\n\n                    <div class=\"slider-container\"><div class=\"splide galeria-slider galeria-columnas-1\" id=\"slide_711\"><div class=\"splide__track\"><div class=\"splide__list\"><a href=\"https:\/\/www.camping-saint-lary.com\/wp-content\/uploads\/2-16.jpg\" id=\"thumb-9819\" class=\"splide__slide image-link\" data-gallery=\"slide_711\"  data-counter=\"01\/02\" alt=\" \" class=\"image-link\"><div class=\"image-wrapper\"><img loading=\"lazy\" decoding=\"async\" width=\"631\" height=\"576\" src=\"https:\/\/www.camping-saint-lary.com\/wp-content\/uploads\/2-16.jpg\" class=\"attachment-gallery-medium size-gallery-medium\" alt=\"\" srcset=\"https:\/\/www.camping-saint-lary.com\/wp-content\/uploads\/\/2-16.jpg 631w, https:\/\/www.camping-saint-lary.com\/wp-content\/uploads\/\/2-16-512x467.jpg 512w, https:\/\/www.camping-saint-lary.com\/wp-content\/uploads\/\/2-16-256x234.jpg 256w, https:\/\/www.camping-saint-lary.com\/wp-content\/uploads\/\/2-16-24x22.jpg 24w, https:\/\/www.camping-saint-lary.com\/wp-content\/uploads\/\/2-16-36x33.jpg 36w, https:\/\/www.camping-saint-lary.com\/wp-content\/uploads\/\/2-16-48x44.jpg 48w\" sizes=\"auto, (max-width: 631px) 100vw, 631px\" \/><\/div><\/a><a href=\"https:\/\/www.camping-saint-lary.com\/wp-content\/uploads\/1-15.jpg\" id=\"thumb-9773\" class=\"splide__slide image-link\" data-gallery=\"slide_711\"  data-counter=\"02\/02\" alt=\" \" class=\"image-link\"><div class=\"image-wrapper\"><img loading=\"lazy\" decoding=\"async\" width=\"1024\" height=\"576\" src=\"https:\/\/www.camping-saint-lary.com\/wp-content\/uploads\/1-15-1024x576.jpg\" class=\"attachment-gallery-medium size-gallery-medium\" alt=\"\" srcset=\"https:\/\/www.camping-saint-lary.com\/wp-content\/uploads\/\/1-15-1024x576.jpg 1024w, https:\/\/www.camping-saint-lary.com\/wp-content\/uploads\/\/1-15-768x432.jpg 768w, https:\/\/www.camping-saint-lary.com\/wp-content\/uploads\/\/1-15-1536x864.jpg 1536w, https:\/\/www.camping-saint-lary.com\/wp-content\/uploads\/\/1-15-512x288.jpg 512w, https:\/\/www.camping-saint-lary.com\/wp-content\/uploads\/\/1-15-256x144.jpg 256w, https:\/\/www.camping-saint-lary.com\/wp-content\/uploads\/\/1-15-24x14.jpg 24w, https:\/\/www.camping-saint-lary.com\/wp-content\/uploads\/\/1-15-36x20.jpg 36w, https:\/\/www.camping-saint-lary.com\/wp-content\/uploads\/\/1-15-48x27.jpg 48w, https:\/\/www.camping-saint-lary.com\/wp-content\/uploads\/\/1-15.jpg 1920w\" sizes=\"auto, (max-width: 1024px) 100vw, 1024px\" \/><\/div><\/a><\/div><\/div><\/div><\/div>\n                    \n<\/div><\/div>\n\n\n\n<div class=\"wp-block-group background-left-pink has-animation padding-container-mobile is-content-justification-center is-nowrap is-layout-flex wp-container-core-group-is-layout-32c2087b wp-block-group-is-layout-flex\" style=\"margin-top:var(--wp--preset--spacing--80);padding-top:var(--wp--preset--spacing--50);padding-bottom:var(--wp--preset--spacing--50)\">\n<div class=\"wp-image-slider border-pink-gallery-full animation--top animation--init--once has-text-align-left aspect-ratio-1_1\">\n\n                                        \n                    <script>\n                        'use strict';\n\n                        document.addEventListener('DOMContentLoaded', function () {\n\n                            (function() {\n                                const blockSlide = new Splide( '#slide_669', {\n                                    type : 'loop',\n                                    perPage: 1,\n                                                                        \n                                    breakpoints: {\n                                        800: {\n                                            perPage: 1,\n                                                                                    },\n                                        450: {\n                                            perPage: 1,\n                                            \n                                        },\n                                    },\n                                    pagination: false,\n                                    arrows: true,\n                                    gap: 'var(--wp--style--block-gap)',\n                                    i18n: {\n                                        slideLabel: '0%s \/ 0%s',\n                                    }\n                                } );\n                                \n\n                                if (!document.querySelector('#slide_669').closest('.banner-slide')) {\n                                    const options = {\n                                        rootMargin: '0px',\n                                        threshold: 0.5\n                                    };\n\n                                    const observer = new IntersectionObserver(function (entries, observer) {\n                                        entries.forEach(entry => {\n                                            if (entry.isIntersecting) {\n                                                console.log('Slider is visible');\n                                                blockSlide.go('+' + entry.target.dataset.counter);\n                                                blockSlide.go('+${1}');\n                                                observer.unobserve(entry.target); \/\/ stop observing the target element\n                                            }\n                                        });\n                                    }, options);\n\n                                    observer.observe(document.querySelector('#slide_669'));\n                                }\n\n\n                                \n\/*                                 blockSlide.on( 'mounted', function () {\n                                    blockSlide.go('+${1}');\n                                } ); *\/\n\n                                blockSlide.mount();\n                                                                \n                                \n\n                            })();\n                        })\n                    <\/script>\n\n                    <div class=\"slider-container\"><div class=\"splide galeria-slider galeria-columnas-1\" id=\"slide_669\"><div class=\"splide__track\"><div class=\"splide__list\"><a href=\"https:\/\/www.camping-saint-lary.com\/wp-content\/uploads\/3-14.jpg\" id=\"thumb-9820\" class=\"splide__slide image-link\" data-gallery=\"slide_669\"  data-counter=\"01\/13\" alt=\" \" class=\"image-link\"><div class=\"image-wrapper\"><img loading=\"lazy\" decoding=\"async\" width=\"631\" height=\"576\" src=\"https:\/\/www.camping-saint-lary.com\/wp-content\/uploads\/3-14.jpg\" class=\"attachment-gallery-medium size-gallery-medium\" alt=\"\" srcset=\"https:\/\/www.camping-saint-lary.com\/wp-content\/uploads\/\/3-14.jpg 631w, https:\/\/www.camping-saint-lary.com\/wp-content\/uploads\/\/3-14-512x467.jpg 512w, https:\/\/www.camping-saint-lary.com\/wp-content\/uploads\/\/3-14-256x234.jpg 256w, https:\/\/www.camping-saint-lary.com\/wp-content\/uploads\/\/3-14-24x22.jpg 24w, https:\/\/www.camping-saint-lary.com\/wp-content\/uploads\/\/3-14-36x33.jpg 36w, https:\/\/www.camping-saint-lary.com\/wp-content\/uploads\/\/3-14-48x44.jpg 48w\" sizes=\"auto, (max-width: 631px) 100vw, 631px\" \/><\/div><\/a><a href=\"https:\/\/www.camping-saint-lary.com\/wp-content\/uploads\/isens-thumbphp.jpg\" id=\"thumb-10260\" class=\"splide__slide image-link\" data-gallery=\"slide_669\"  data-counter=\"02\/13\" alt=\" \" class=\"image-link\"><div class=\"image-wrapper\"><img loading=\"lazy\" decoding=\"async\" width=\"1024\" height=\"403\" src=\"https:\/\/www.camping-saint-lary.com\/wp-content\/uploads\/isens-thumbphp-1024x403.jpg\" class=\"attachment-gallery-medium size-gallery-medium\" alt=\"\" srcset=\"https:\/\/www.camping-saint-lary.com\/wp-content\/uploads\/\/isens-thumbphp-1024x403.jpg 1024w, https:\/\/www.camping-saint-lary.com\/wp-content\/uploads\/\/isens-thumbphp-768x303.jpg 768w, https:\/\/www.camping-saint-lary.com\/wp-content\/uploads\/\/isens-thumbphp-512x202.jpg 512w, https:\/\/www.camping-saint-lary.com\/wp-content\/uploads\/\/isens-thumbphp-256x101.jpg 256w, https:\/\/www.camping-saint-lary.com\/wp-content\/uploads\/\/isens-thumbphp-24x9.jpg 24w, https:\/\/www.camping-saint-lary.com\/wp-content\/uploads\/\/isens-thumbphp-36x14.jpg 36w, https:\/\/www.camping-saint-lary.com\/wp-content\/uploads\/\/isens-thumbphp-48x19.jpg 48w, https:\/\/www.camping-saint-lary.com\/wp-content\/uploads\/\/isens-thumbphp.jpg 1320w\" sizes=\"auto, (max-width: 1024px) 100vw, 1024px\" \/><\/div><\/a><a href=\"https:\/\/www.camping-saint-lary.com\/wp-content\/uploads\/printemps-3.jpg\" id=\"thumb-10241\" class=\"splide__slide image-link\" data-gallery=\"slide_669\"  data-counter=\"03\/13\" alt=\" \" class=\"image-link\"><div class=\"image-wrapper\"><img loading=\"lazy\" decoding=\"async\" width=\"631\" height=\"576\" src=\"https:\/\/www.camping-saint-lary.com\/wp-content\/uploads\/printemps-3.jpg\" class=\"attachment-gallery-medium size-gallery-medium\" alt=\"\" srcset=\"https:\/\/www.camping-saint-lary.com\/wp-content\/uploads\/\/printemps-3.jpg 631w, https:\/\/www.camping-saint-lary.com\/wp-content\/uploads\/\/printemps-3-512x467.jpg 512w, https:\/\/www.camping-saint-lary.com\/wp-content\/uploads\/\/printemps-3-256x234.jpg 256w, https:\/\/www.camping-saint-lary.com\/wp-content\/uploads\/\/printemps-3-24x22.jpg 24w, https:\/\/www.camping-saint-lary.com\/wp-content\/uploads\/\/printemps-3-36x33.jpg 36w, https:\/\/www.camping-saint-lary.com\/wp-content\/uploads\/\/printemps-3-48x44.jpg 48w\" sizes=\"auto, (max-width: 631px) 100vw, 631px\" \/><\/div><\/a><a href=\"https:\/\/www.camping-saint-lary.com\/wp-content\/uploads\/parc-animalier-ours-pyrenees.jpg\" id=\"thumb-10531\" class=\"splide__slide image-link\" data-gallery=\"slide_669\"  data-counter=\"04\/13\" alt=\" \" class=\"image-link\"><div class=\"image-wrapper\"><img loading=\"lazy\" decoding=\"async\" width=\"1024\" height=\"662\" src=\"https:\/\/www.camping-saint-lary.com\/wp-content\/uploads\/parc-animalier-ours-pyrenees-1024x662.jpg\" class=\"attachment-gallery-medium size-gallery-medium\" alt=\"\" srcset=\"https:\/\/www.camping-saint-lary.com\/wp-content\/uploads\/\/parc-animalier-ours-pyrenees-1024x662.jpg 1024w, https:\/\/www.camping-saint-lary.com\/wp-content\/uploads\/\/parc-animalier-ours-pyrenees-768x496.jpg 768w, https:\/\/www.camping-saint-lary.com\/wp-content\/uploads\/\/parc-animalier-ours-pyrenees-512x331.jpg 512w, https:\/\/www.camping-saint-lary.com\/wp-content\/uploads\/\/parc-animalier-ours-pyrenees-256x165.jpg 256w, https:\/\/www.camping-saint-lary.com\/wp-content\/uploads\/\/parc-animalier-ours-pyrenees-24x16.jpg 24w, https:\/\/www.camping-saint-lary.com\/wp-content\/uploads\/\/parc-animalier-ours-pyrenees-36x23.jpg 36w, https:\/\/www.camping-saint-lary.com\/wp-content\/uploads\/\/parc-animalier-ours-pyrenees-48x31.jpg 48w, https:\/\/www.camping-saint-lary.com\/wp-content\/uploads\/\/parc-animalier-ours-pyrenees.jpg 1136w\" sizes=\"auto, (max-width: 1024px) 100vw, 1024px\" \/><\/div><\/a><a href=\"https:\/\/www.camping-saint-lary.com\/wp-content\/uploads\/lynx.jpg\" id=\"thumb-10530\" class=\"splide__slide image-link\" data-gallery=\"slide_669\"  data-counter=\"05\/13\" alt=\" \" class=\"image-link\"><div class=\"image-wrapper\"><img loading=\"lazy\" decoding=\"async\" width=\"1024\" height=\"690\" src=\"https:\/\/www.camping-saint-lary.com\/wp-content\/uploads\/lynx-1024x690.jpg\" class=\"attachment-gallery-medium size-gallery-medium\" alt=\"\" srcset=\"https:\/\/www.camping-saint-lary.com\/wp-content\/uploads\/\/lynx-1024x690.jpg 1024w, https:\/\/www.camping-saint-lary.com\/wp-content\/uploads\/\/lynx-768x517.jpg 768w, https:\/\/www.camping-saint-lary.com\/wp-content\/uploads\/\/lynx-512x345.jpg 512w, https:\/\/www.camping-saint-lary.com\/wp-content\/uploads\/\/lynx-256x172.jpg 256w, https:\/\/www.camping-saint-lary.com\/wp-content\/uploads\/\/lynx-24x16.jpg 24w, https:\/\/www.camping-saint-lary.com\/wp-content\/uploads\/\/lynx-36x24.jpg 36w, https:\/\/www.camping-saint-lary.com\/wp-content\/uploads\/\/lynx-48x32.jpg 48w, https:\/\/www.camping-saint-lary.com\/wp-content\/uploads\/\/lynx.jpg 1309w\" sizes=\"auto, (max-width: 1024px) 100vw, 1024px\" \/><\/div><\/a><a href=\"https:\/\/www.camping-saint-lary.com\/wp-content\/uploads\/gypaete-faune-flore-pyrenees.jpg\" id=\"thumb-10528\" class=\"splide__slide image-link\" data-gallery=\"slide_669\"  data-counter=\"06\/13\" alt=\" \" class=\"image-link\"><div class=\"image-wrapper\"><img loading=\"lazy\" decoding=\"async\" width=\"1024\" height=\"847\" src=\"https:\/\/www.camping-saint-lary.com\/wp-content\/uploads\/gypaete-faune-flore-pyrenees-1024x847.jpg\" class=\"attachment-gallery-medium size-gallery-medium\" alt=\"\" srcset=\"https:\/\/www.camping-saint-lary.com\/wp-content\/uploads\/\/gypaete-faune-flore-pyrenees-1024x847.jpg 1024w, https:\/\/www.camping-saint-lary.com\/wp-content\/uploads\/\/gypaete-faune-flore-pyrenees-768x635.jpg 768w, https:\/\/www.camping-saint-lary.com\/wp-content\/uploads\/\/gypaete-faune-flore-pyrenees-1536x1270.jpg 1536w, https:\/\/www.camping-saint-lary.com\/wp-content\/uploads\/\/gypaete-faune-flore-pyrenees-512x423.jpg 512w, https:\/\/www.camping-saint-lary.com\/wp-content\/uploads\/\/gypaete-faune-flore-pyrenees-256x212.jpg 256w, https:\/\/www.camping-saint-lary.com\/wp-content\/uploads\/\/gypaete-faune-flore-pyrenees-24x20.jpg 24w, https:\/\/www.camping-saint-lary.com\/wp-content\/uploads\/\/gypaete-faune-flore-pyrenees-36x30.jpg 36w, https:\/\/www.camping-saint-lary.com\/wp-content\/uploads\/\/gypaete-faune-flore-pyrenees-48x40.jpg 48w, https:\/\/www.camping-saint-lary.com\/wp-content\/uploads\/\/gypaete-faune-flore-pyrenees.jpg 1654w\" sizes=\"auto, (max-width: 1024px) 100vw, 1024px\" \/><\/div><\/a><a href=\"https:\/\/www.camping-saint-lary.com\/wp-content\/uploads\/grotte-visite-gargas.jpg\" id=\"thumb-10527\" class=\"splide__slide image-link\" data-gallery=\"slide_669\"  data-counter=\"07\/13\" alt=\" \" class=\"image-link\"><div class=\"image-wrapper\"><img loading=\"lazy\" decoding=\"async\" width=\"1024\" height=\"781\" src=\"https:\/\/www.camping-saint-lary.com\/wp-content\/uploads\/grotte-visite-gargas-1024x781.jpg\" class=\"attachment-gallery-medium size-gallery-medium\" alt=\"\" srcset=\"https:\/\/www.camping-saint-lary.com\/wp-content\/uploads\/\/grotte-visite-gargas-1024x781.jpg 1024w, https:\/\/www.camping-saint-lary.com\/wp-content\/uploads\/\/grotte-visite-gargas-768x586.jpg 768w, https:\/\/www.camping-saint-lary.com\/wp-content\/uploads\/\/grotte-visite-gargas-512x391.jpg 512w, https:\/\/www.camping-saint-lary.com\/wp-content\/uploads\/\/grotte-visite-gargas-256x195.jpg 256w, https:\/\/www.camping-saint-lary.com\/wp-content\/uploads\/\/grotte-visite-gargas-24x18.jpg 24w, https:\/\/www.camping-saint-lary.com\/wp-content\/uploads\/\/grotte-visite-gargas-36x27.jpg 36w, https:\/\/www.camping-saint-lary.com\/wp-content\/uploads\/\/grotte-visite-gargas-48x37.jpg 48w, https:\/\/www.camping-saint-lary.com\/wp-content\/uploads\/\/grotte-visite-gargas.jpg 1480w\" sizes=\"auto, (max-width: 1024px) 100vw, 1024px\" \/><\/div><\/a><a href=\"https:\/\/www.camping-saint-lary.com\/wp-content\/uploads\/gouffre-esparros-aragonite.jpg\" id=\"thumb-10526\" class=\"splide__slide image-link\" data-gallery=\"slide_669\"  data-counter=\"08\/13\" alt=\" \" class=\"image-link\"><div class=\"image-wrapper\"><img loading=\"lazy\" decoding=\"async\" width=\"774\" height=\"508\" src=\"https:\/\/www.camping-saint-lary.com\/wp-content\/uploads\/gouffre-esparros-aragonite.jpg\" class=\"attachment-gallery-medium size-gallery-medium\" alt=\"\" srcset=\"https:\/\/www.camping-saint-lary.com\/wp-content\/uploads\/\/gouffre-esparros-aragonite.jpg 774w, https:\/\/www.camping-saint-lary.com\/wp-content\/uploads\/\/gouffre-esparros-aragonite-768x504.jpg 768w, https:\/\/www.camping-saint-lary.com\/wp-content\/uploads\/\/gouffre-esparros-aragonite-512x336.jpg 512w, https:\/\/www.camping-saint-lary.com\/wp-content\/uploads\/\/gouffre-esparros-aragonite-256x168.jpg 256w, https:\/\/www.camping-saint-lary.com\/wp-content\/uploads\/\/gouffre-esparros-aragonite-24x16.jpg 24w, https:\/\/www.camping-saint-lary.com\/wp-content\/uploads\/\/gouffre-esparros-aragonite-36x24.jpg 36w, https:\/\/www.camping-saint-lary.com\/wp-content\/uploads\/\/gouffre-esparros-aragonite-48x32.jpg 48w\" sizes=\"auto, (max-width: 774px) 100vw, 774px\" \/><\/div><\/a><a href=\"https:\/\/www.camping-saint-lary.com\/wp-content\/uploads\/gouffre-esparros.jpg\" id=\"thumb-10525\" class=\"splide__slide image-link\" data-gallery=\"slide_669\"  data-counter=\"09\/13\" alt=\" \" class=\"image-link\"><div class=\"image-wrapper\"><img loading=\"lazy\" decoding=\"async\" width=\"1024\" height=\"533\" src=\"https:\/\/www.camping-saint-lary.com\/wp-content\/uploads\/gouffre-esparros-1024x533.jpg\" class=\"attachment-gallery-medium size-gallery-medium\" alt=\"\" srcset=\"https:\/\/www.camping-saint-lary.com\/wp-content\/uploads\/\/gouffre-esparros-1024x533.jpg 1024w, https:\/\/www.camping-saint-lary.com\/wp-content\/uploads\/\/gouffre-esparros-768x400.jpg 768w, https:\/\/www.camping-saint-lary.com\/wp-content\/uploads\/\/gouffre-esparros-512x267.jpg 512w, https:\/\/www.camping-saint-lary.com\/wp-content\/uploads\/\/gouffre-esparros-256x133.jpg 256w, https:\/\/www.camping-saint-lary.com\/wp-content\/uploads\/\/gouffre-esparros-24x13.jpg 24w, https:\/\/www.camping-saint-lary.com\/wp-content\/uploads\/\/gouffre-esparros-36x19.jpg 36w, https:\/\/www.camping-saint-lary.com\/wp-content\/uploads\/\/gouffre-esparros-48x25.jpg 48w, https:\/\/www.camping-saint-lary.com\/wp-content\/uploads\/\/gouffre-esparros.jpg 1296w\" sizes=\"auto, (max-width: 1024px) 100vw, 1024px\" \/><\/div><\/a><a href=\"https:\/\/www.camping-saint-lary.com\/wp-content\/uploads\/espace-prehistoire-labastide.jpg\" id=\"thumb-10524\" class=\"splide__slide image-link\" data-gallery=\"slide_669\"  data-counter=\"10\/13\" alt=\" \" class=\"image-link\"><div class=\"image-wrapper\"><img loading=\"lazy\" decoding=\"async\" width=\"1024\" height=\"688\" src=\"https:\/\/www.camping-saint-lary.com\/wp-content\/uploads\/espace-prehistoire-labastide-1024x688.jpg\" class=\"attachment-gallery-medium size-gallery-medium\" alt=\"\" srcset=\"https:\/\/www.camping-saint-lary.com\/wp-content\/uploads\/\/espace-prehistoire-labastide-1024x688.jpg 1024w, https:\/\/www.camping-saint-lary.com\/wp-content\/uploads\/\/espace-prehistoire-labastide-768x516.jpg 768w, https:\/\/www.camping-saint-lary.com\/wp-content\/uploads\/\/espace-prehistoire-labastide-512x344.jpg 512w, https:\/\/www.camping-saint-lary.com\/wp-content\/uploads\/\/espace-prehistoire-labastide-256x172.jpg 256w, https:\/\/www.camping-saint-lary.com\/wp-content\/uploads\/\/espace-prehistoire-labastide-24x16.jpg 24w, https:\/\/www.camping-saint-lary.com\/wp-content\/uploads\/\/espace-prehistoire-labastide-36x24.jpg 36w, https:\/\/www.camping-saint-lary.com\/wp-content\/uploads\/\/espace-prehistoire-labastide-48x32.jpg 48w, https:\/\/www.camping-saint-lary.com\/wp-content\/uploads\/\/espace-prehistoire-labastide.jpg 1134w\" sizes=\"auto, (max-width: 1024px) 100vw, 1024px\" \/><\/div><\/a><a href=\"https:\/\/www.camping-saint-lary.com\/wp-content\/uploads\/huskys-traineau.jpg\" id=\"thumb-10326\" class=\"splide__slide image-link\" data-gallery=\"slide_669\"  data-counter=\"11\/13\" alt=\" \" class=\"image-link\"><div class=\"image-wrapper\"><img loading=\"lazy\" decoding=\"async\" width=\"952\" height=\"922\" src=\"https:\/\/www.camping-saint-lary.com\/wp-content\/uploads\/huskys-traineau.jpg\" class=\"attachment-gallery-medium size-gallery-medium\" alt=\"\" srcset=\"https:\/\/www.camping-saint-lary.com\/wp-content\/uploads\/\/huskys-traineau.jpg 952w, https:\/\/www.camping-saint-lary.com\/wp-content\/uploads\/\/huskys-traineau-768x744.jpg 768w, https:\/\/www.camping-saint-lary.com\/wp-content\/uploads\/\/huskys-traineau-512x496.jpg 512w, https:\/\/www.camping-saint-lary.com\/wp-content\/uploads\/\/huskys-traineau-256x248.jpg 256w, https:\/\/www.camping-saint-lary.com\/wp-content\/uploads\/\/huskys-traineau-24x24.jpg 24w, https:\/\/www.camping-saint-lary.com\/wp-content\/uploads\/\/huskys-traineau-36x36.jpg 36w, https:\/\/www.camping-saint-lary.com\/wp-content\/uploads\/\/huskys-traineau-48x46.jpg 48w\" sizes=\"auto, (max-width: 952px) 100vw, 952px\" \/><\/div><\/a><a href=\"https:\/\/www.camping-saint-lary.com\/wp-content\/uploads\/chien-traineaux-saint-lary-soulan.jpg\" id=\"thumb-10334\" class=\"splide__slide image-link\" data-gallery=\"slide_669\"  data-counter=\"12\/13\" alt=\" \" class=\"image-link\"><div class=\"image-wrapper\"><img loading=\"lazy\" decoding=\"async\" width=\"1024\" height=\"821\" src=\"https:\/\/www.camping-saint-lary.com\/wp-content\/uploads\/chien-traineaux-saint-lary-soulan-1024x821.jpg\" class=\"attachment-gallery-medium size-gallery-medium\" alt=\"\" srcset=\"https:\/\/www.camping-saint-lary.com\/wp-content\/uploads\/\/chien-traineaux-saint-lary-soulan-1024x821.jpg 1024w, https:\/\/www.camping-saint-lary.com\/wp-content\/uploads\/\/chien-traineaux-saint-lary-soulan-768x616.jpg 768w, https:\/\/www.camping-saint-lary.com\/wp-content\/uploads\/\/chien-traineaux-saint-lary-soulan-512x411.jpg 512w, https:\/\/www.camping-saint-lary.com\/wp-content\/uploads\/\/chien-traineaux-saint-lary-soulan-256x205.jpg 256w, https:\/\/www.camping-saint-lary.com\/wp-content\/uploads\/\/chien-traineaux-saint-lary-soulan-24x19.jpg 24w, https:\/\/www.camping-saint-lary.com\/wp-content\/uploads\/\/chien-traineaux-saint-lary-soulan-36x29.jpg 36w, https:\/\/www.camping-saint-lary.com\/wp-content\/uploads\/\/chien-traineaux-saint-lary-soulan-48x38.jpg 48w, https:\/\/www.camping-saint-lary.com\/wp-content\/uploads\/\/chien-traineaux-saint-lary-soulan.jpg 1116w\" sizes=\"auto, (max-width: 1024px) 100vw, 1024px\" \/><\/div><\/a><a href=\"https:\/\/www.camping-saint-lary.com\/wp-content\/uploads\/chiens-traineaux-pyrennees.jpg\" id=\"thumb-10335\" class=\"splide__slide image-link\" data-gallery=\"slide_669\"  data-counter=\"13\/13\" alt=\" \" class=\"image-link\"><div class=\"image-wrapper\"><img loading=\"lazy\" decoding=\"async\" width=\"1024\" height=\"761\" src=\"https:\/\/www.camping-saint-lary.com\/wp-content\/uploads\/chiens-traineaux-pyrennees-1024x761.jpg\" class=\"attachment-gallery-medium size-gallery-medium\" alt=\"\" srcset=\"https:\/\/www.camping-saint-lary.com\/wp-content\/uploads\/\/chiens-traineaux-pyrennees-1024x761.jpg 1024w, https:\/\/www.camping-saint-lary.com\/wp-content\/uploads\/\/chiens-traineaux-pyrennees-768x570.jpg 768w, https:\/\/www.camping-saint-lary.com\/wp-content\/uploads\/\/chiens-traineaux-pyrennees-512x380.jpg 512w, https:\/\/www.camping-saint-lary.com\/wp-content\/uploads\/\/chiens-traineaux-pyrennees-256x190.jpg 256w, https:\/\/www.camping-saint-lary.com\/wp-content\/uploads\/\/chiens-traineaux-pyrennees-24x18.jpg 24w, https:\/\/www.camping-saint-lary.com\/wp-content\/uploads\/\/chiens-traineaux-pyrennees-36x27.jpg 36w, https:\/\/www.camping-saint-lary.com\/wp-content\/uploads\/\/chiens-traineaux-pyrennees-48x36.jpg 48w, https:\/\/www.camping-saint-lary.com\/wp-content\/uploads\/\/chiens-traineaux-pyrennees.jpg 1116w\" sizes=\"auto, (max-width: 1024px) 100vw, 1024px\" \/><\/div><\/a><\/div><\/div><\/div><\/div>\n                    \n<\/div>\n\n\n<div class=\"wp-block-group animation--top animation--init--once is-nowrap is-layout-flex wp-container-core-group-is-layout-6c531013 wp-block-group-is-layout-flex\">\n<div class=\"wp-block-group is-layout-constrained wp-block-group-is-layout-constrained\">\n<div class=\"wp-block-group is-nowrap is-layout-flex wp-container-core-group-is-layout-6c531013 wp-block-group-is-layout-flex\">\n<h3 class=\"wp-block-heading has-theme-pink-2-color has-text-color\" style=\"font-size:40px\">Descubrir y explorar los Pirineos\u2026<\/h3>\n<\/div>\n\n\n\n<p>\ud83d\udc68\u200d\ud83d\udc69\u200d\ud83d\udc67\u200d\ud83d\udc66 <strong>Vacaciones en Familia: Entre Descubrimientos Animales y Tesoros Escondidos<\/strong><\/p>\n\n\n\n<p>El Camping du Val d&#8217;Autun es el punto de partida ideal para maravillar a tus hijos y despertar tu curiosidad. Desde las cumbres hasta las entra\u00f1as de la tierra, nuestra regi\u00f3n ofrece un espect\u00e1culo permanente donde la naturaleza y el saber hacer de las personas se unen para crear recuerdos inolvidables.<\/p>\n\n\n\n<h4 class=\"wp-block-heading\">Un Encuentro M\u00e1gico con la Fauna Pirenaica<\/h4>\n\n\n\n<p>Para los m\u00e1s peque\u00f1os, la aventura comienza con una inmersi\u00f3n en el coraz\u00f3n del mundo animal. No te pierdas el Parque Animal de los Pirineos en Argel\u00e8s-Gazost, donde podr\u00e1s cruzar miradas con lobos, osos y divertidas marmotas. M\u00e1s cerca de nosotros, d\u00e9jate sorprender por el trabajo espectacular de las \u00c1guilas de Aure o por el encanto n\u00f3rdico del Repaire des Huskys.<\/p>\n\n\n\n<p>Para una experiencia m\u00e1s suave y pedag\u00f3gica, cruza las puertas de la Queser\u00eda de Gouaux o la de Aulon. Los ganaderos te recibir\u00e1n para descubrir la vida en la granja y, por supuesto, sus deliciosos quesos. En plena monta\u00f1a, mantente atento: el silbido de una marmota o el vuelo majestuoso de un \u00e1guila sobre los reba\u00f1os de vacas y ovejas son se\u00f1ales de una naturaleza que sigue siendo salvaje.<\/p>\n\n\n\n<h4 class=\"wp-block-heading\">Viaje en el Tiempo y Artesan\u00eda Local<\/h4>\n\n\n\n<p>\u00a1La aventura contin\u00faa bajo tierra! Explora las profundidades subterr\u00e1neas de los Pirineos visitando el Gouffre d\u2019Esparros, un aut\u00e9ntico jard\u00edn de cristal, o las famosas cuevas de B\u00e9tharram, M\u00e9dous y Gargas.<\/p>\n\n\n\n<p>De regreso a la superficie, el patrimonio de nuestros pueblos te espera. Entre dos plazas de mercado, descubre los secretos de nuestra gastronom\u00eda y de nuestra artesan\u00eda:<\/p>\n\n\n\n<p><strong>La Ferme Vign\u00e9coise<\/strong>: Una parada imprescindible para conocer la cr\u00eda del famoso Cerdo Negro de Bigorre.<\/p>\n\n\n\n<p><strong>La Filature de Sarrancolin<\/strong>: Visita el taller de lana para comprender la transformaci\u00f3n de esta noble materia, emblem\u00e1tica de nuestras monta\u00f1as.<\/p>\n\n\n\n<h4 class=\"wp-block-heading\">La Dulzura de Vivir en el Camping<\/h4>\n\n\n\n<p>Y si, por casualidad, te dejas llevar por las ganas de no hacer nada\u2026 Las vacaciones tambi\u00e9n son el arte de tomarse el tiempo. Re\u00fanete con tus amigos para una partida de petanca o disfruta de un momento de puro descanso junto a la piscina del camping.<\/p>\n\n\n\n<p>Todo nuestro equipo os desea unas muy felices vacaciones entre nosotros.<\/p>\n<\/div>\n<\/div>\n<\/div>\n<\/div>\n\n\n\n<div class=\"wp-block-group alignfull has-theme-brown-black-background-color has-background is-layout-flow wp-block-group-is-layout-flow\" style=\"margin-top:0;margin-bottom:0;padding-top:0;padding-right:0;padding-bottom:0;padding-left:0\">\n<div class=\"wp-block-cover\"><span aria-hidden=\"true\" class=\"wp-block-cover__background has-background-dim\"><\/span><img decoding=\"async\" class=\"wp-block-cover__image-background wp-image-1700\" alt=\"\" src=\"https:\/\/www.camping-saint-lary.com\/wp-content\/uploads\/formas-fondos-1.svg\" data-object-fit=\"cover\"\/><div class=\"wp-block-cover__inner-container is-layout-flow wp-block-cover-is-layout-flow\">\n<div class=\"wp-block-auto-tabs autres-locations padding-bottom-footer-autres\" data-selector=\"h3\">\n  <div class=\"acf-innerblocks-container\">\n\n<div class=\"wp-block-group auto-tabs-wrapper has-animation is-layout-flow wp-block-group-is-layout-flow\">\n<p class=\"has-text-align-center  animation--left animation--init--once\"><strong>Aqu\u00ed se mostrar\u00e1n las pesta\u00f1as.<\/strong><br> El primer <strong>h3<\/strong> de cada contenido se usar\u00e1 como t\u00edtulo de su pesta\u00f1a. Puedes cambiarlo por otro tag o una clase en el panel lateral<\/p>\n<\/div>\n\n\n\n<div class=\"wp-block-group alignfull auto-content-wrapper is-layout-flow wp-block-group-is-layout-flow\">\n<div class=\"wp-block-group has-animation is-layout-flow wp-block-group-is-layout-flow\">\n<h2 class=\"wp-block-heading has-text-align-center has-theme-pink-2-color has-text-color\">Au camping Val d&#8217;Autun<br><sub><mark style=\"background-color:rgba(0, 0, 0, 0)\" class=\"has-inline-color has-theme-green-light-color\">D\u00e9couvrez \u00e9galement <\/mark><\/sub><\/h2>\n\n\n<script>var object = [];<\/script>\n<div class=\"wp-block-activites\">\n\n\n<div id=\"\" class=\"wp-block-activites\" style=\"\">\n\n  \n                                                            <div class=\"slider-container slider-autres-activites has-animation\"><div class=\"splide galeria-autres-activites-block_slide_7701\"><div class=\"splide__track\"><div class=\"splide__list\">\n                  \n                                                        <div class=\"splide__slide r\">\n\n                        \n                    <div class=\"columns-container nos-locations-2 animation--top animation--init--once\">\n\n                    <a class=\"\" href=\"https:\/\/www.camping-saint-lary.com\/es\/la-region\/deportes\/\">\n                    \n                    <div class=\"column-image\">\n                    <img loading=\"lazy\" decoding=\"async\" width=\"1024\" height=\"680\" src=\"https:\/\/www.camping-saint-lary.com\/wp-content\/uploads\/triathlon-1-1024x680.jpg\" class=\"attachment-gallery-medium size-gallery-medium wp-post-image\" alt=\"\" srcset=\"https:\/\/www.camping-saint-lary.com\/wp-content\/uploads\/\/triathlon-1-1024x680.jpg 1024w, https:\/\/www.camping-saint-lary.com\/wp-content\/uploads\/\/triathlon-1-768x510.jpg 768w, https:\/\/www.camping-saint-lary.com\/wp-content\/uploads\/\/triathlon-1-512x340.jpg 512w, https:\/\/www.camping-saint-lary.com\/wp-content\/uploads\/\/triathlon-1-256x170.jpg 256w, https:\/\/www.camping-saint-lary.com\/wp-content\/uploads\/\/triathlon-1-24x16.jpg 24w, https:\/\/www.camping-saint-lary.com\/wp-content\/uploads\/\/triathlon-1-36x24.jpg 36w, https:\/\/www.camping-saint-lary.com\/wp-content\/uploads\/\/triathlon-1-48x32.jpg 48w, https:\/\/www.camping-saint-lary.com\/wp-content\/uploads\/\/triathlon-1.jpg 1133w\" sizes=\"auto, (max-width: 1024px) 100vw, 1024px\" \/>\n                                            <div class=\"column-text autres-back-1\">\n\n                                            <div class=\"autres-heber-content-contenu features-autres\">\n                                            <h3 class=\"\">Deportes<\/h3>\n                                            <!-- <h3 class=\"animation--top animation--init\"><\/h3> -->\n                                                                                                \n                                                                    <\/div>\n\n                    <\/div>\n\n                    <\/div>\n\n                    <\/a>\n\n                    <\/div>\n\n                        \n                                    <\/a>\n\n                                    <\/div>\n\n                    \n                                                        <div class=\"splide__slide r\">\n\n                        \n                    <div class=\"columns-container nos-locations-2 animation--top animation--init--once\">\n\n                    <a class=\"\" href=\"https:\/\/www.camping-saint-lary.com\/es\/la-region\/lugares-excepcionales\/\">\n                    \n                    <div class=\"column-image\">\n                    <img loading=\"lazy\" decoding=\"async\" width=\"1024\" height=\"1024\" src=\"https:\/\/www.camping-saint-lary.com\/wp-content\/uploads\/la-reserve-du-neouvielle-pyrenees-1024x1024.jpg\" class=\"attachment-gallery-medium size-gallery-medium wp-post-image\" alt=\"\" srcset=\"https:\/\/www.camping-saint-lary.com\/wp-content\/uploads\/\/la-reserve-du-neouvielle-pyrenees-1024x1024.jpg 1024w, https:\/\/www.camping-saint-lary.com\/wp-content\/uploads\/\/la-reserve-du-neouvielle-pyrenees-200x200.jpg 200w, https:\/\/www.camping-saint-lary.com\/wp-content\/uploads\/\/la-reserve-du-neouvielle-pyrenees-768x768.jpg 768w, https:\/\/www.camping-saint-lary.com\/wp-content\/uploads\/\/la-reserve-du-neouvielle-pyrenees-512x512.jpg 512w, https:\/\/www.camping-saint-lary.com\/wp-content\/uploads\/\/la-reserve-du-neouvielle-pyrenees-256x256.jpg 256w, https:\/\/www.camping-saint-lary.com\/wp-content\/uploads\/\/la-reserve-du-neouvielle-pyrenees-24x24.jpg 24w, https:\/\/www.camping-saint-lary.com\/wp-content\/uploads\/\/la-reserve-du-neouvielle-pyrenees-36x36.jpg 36w, https:\/\/www.camping-saint-lary.com\/wp-content\/uploads\/\/la-reserve-du-neouvielle-pyrenees-48x48.jpg 48w, https:\/\/www.camping-saint-lary.com\/wp-content\/uploads\/\/la-reserve-du-neouvielle-pyrenees.jpg 1080w\" sizes=\"auto, (max-width: 1024px) 100vw, 1024px\" \/>\n                                            <div class=\"column-text autres-back-1\">\n\n                                            <div class=\"autres-heber-content-contenu features-autres\">\n                                            <h3 class=\"\">Lugares excepcionales<\/h3>\n                                            <!-- <h3 class=\"animation--top animation--init\"><\/h3> -->\n                                                                                                \n                                                                    <\/div>\n\n                    <\/div>\n\n                    <\/div>\n\n                    <\/a>\n\n                    <\/div>\n\n                        \n                                    <\/a>\n\n                                    <\/div>\n\n                    \n                                                        <div class=\"splide__slide r\">\n\n                        \n                    <div class=\"columns-container nos-locations-2 animation--top animation--init--once\">\n\n                    <a class=\"\" href=\"https:\/\/www.camping-saint-lary.com\/es\/la-region\/productos-locales\/\">\n                    \n                    <div class=\"column-image\">\n                    <img loading=\"lazy\" decoding=\"async\" width=\"1024\" height=\"575\" src=\"https:\/\/www.camping-saint-lary.com\/wp-content\/uploads\/gastronomie-fromage-pyrenees-1024x575.jpg\" class=\"attachment-gallery-medium size-gallery-medium wp-post-image\" alt=\"\" srcset=\"https:\/\/www.camping-saint-lary.com\/wp-content\/uploads\/\/gastronomie-fromage-pyrenees-1024x575.jpg 1024w, https:\/\/www.camping-saint-lary.com\/wp-content\/uploads\/\/gastronomie-fromage-pyrenees-768x431.jpg 768w, https:\/\/www.camping-saint-lary.com\/wp-content\/uploads\/\/gastronomie-fromage-pyrenees-512x288.jpg 512w, https:\/\/www.camping-saint-lary.com\/wp-content\/uploads\/\/gastronomie-fromage-pyrenees-256x144.jpg 256w, https:\/\/www.camping-saint-lary.com\/wp-content\/uploads\/\/gastronomie-fromage-pyrenees-24x13.jpg 24w, https:\/\/www.camping-saint-lary.com\/wp-content\/uploads\/\/gastronomie-fromage-pyrenees-36x20.jpg 36w, https:\/\/www.camping-saint-lary.com\/wp-content\/uploads\/\/gastronomie-fromage-pyrenees-48x27.jpg 48w, https:\/\/www.camping-saint-lary.com\/wp-content\/uploads\/\/gastronomie-fromage-pyrenees.jpg 1136w\" sizes=\"auto, (max-width: 1024px) 100vw, 1024px\" \/>\n                                            <div class=\"column-text autres-back-1\">\n\n                                            <div class=\"autres-heber-content-contenu features-autres\">\n                                            <h3 class=\"\">Productos locales<\/h3>\n                                            <!-- <h3 class=\"animation--top animation--init\"><\/h3> -->\n                                                                                                \n                                                                    <\/div>\n\n                    <\/div>\n\n                    <\/div>\n\n                    <\/a>\n\n                    <\/div>\n\n                        \n                                    <\/a>\n\n                                    <\/div>\n\n                    \n                \n            <\/div><\/div><\/div>            \n                <\/div>\n                        \n    \n\n<\/div>\n<\/div>\n\n\n<script>\n    new Splide( '.galeria-autres-activites-block_slide_7701', \n        {\n            perMove: 1,\n            perPage: 3,\n            autoplay: false,\n            type: 'loop',\n            gap: '30px',\n            pagination: false,\n            arrows: true,\n            breakpoints: {\n                1300: {\n                    perPage: 2,\n                },\n                950: {\n                    perPage: 1,\n                },\n            }   \n        } \n        ).mount();\n<\/script>\n<\/div>\n<\/div>\n\n<\/div><\/div><\/div><\/div>\n<\/div>\n","protected":false},"excerpt":{"rendered":"<p>Lorem ipsum dolor sit amet, consectetur adipiscing elit. Vestibulum elementum mi tellus, ut fermentum quam facilisis vel. Mauris mauris eros, luctus a nisi in, vestibulum viverra enim. Fusce eu pharetra nunc, ac facilisis nulla. Donec ultricies, magna ac pharetra lobortis, tellus enim fringilla odio, vitae eleifend sem nibh et ex. Donec consequat condimentum volutpat. Etiam dignissim enim at ligula ornare, vel euismod arcu bibendum. Duis egestas semper ullamcorper. Nam sed nisl quis nibh dictum ullamcorper. Maecenas consectetur, orci a interdum fringilla, elit orci placerat odio, ut dignissim nisl est ut diam. Maecenas cursus quam id turpis auctor egestas. Nulla facilisi. Nulla auctor lobortis interdum. Quisque lobortis, tortor nec blandit dictum, orci nisl ullamcorper eros, in fermentum ipsum elit non eros. Proin a fringilla tellus, eu consectetur erat.<\/p>\n","protected":false},"author":5,"featured_media":10528,"parent":10668,"menu_order":0,"comment_status":"closed","ping_status":"closed","template":"","meta":{"_acf_changed":false,"inline_featured_image":false,"footnotes":""},"class_list":["post-10670","page","type-page","status-publish","has-post-thumbnail","hentry"],"acf":[],"yoast_head":"<!-- This site is optimized with the Yoast SEO plugin v27.4 - https:\/\/yoast.com\/product\/yoast-seo-wordpress\/ -->\n<title>Las visitas imprescindibles alrededor del camping Val d\u2019Autun.<\/title>\n<meta name=\"description\" content=\"D\u00e9jese guiar por numerosas visitas en Saint-Lary-Soulan y en los alrededores del camping Val d\u2019Autun en los Pirineos.\" \/>\n<meta name=\"robots\" content=\"index, follow, max-snippet:-1, max-image-preview:large, max-video-preview:-1\" \/>\n<link rel=\"canonical\" href=\"https:\/\/www.camping-saint-lary.com\/es\/la-region\/visitas\/\" \/>\n<meta property=\"og:locale\" content=\"es_ES\" \/>\n<meta property=\"og:type\" content=\"article\" \/>\n<meta property=\"og:title\" content=\"Las visitas imprescindibles alrededor del camping Val d\u2019Autun.\" \/>\n<meta property=\"og:description\" content=\"D\u00e9jese guiar por numerosas visitas en Saint-Lary-Soulan y en los alrededores del camping Val d\u2019Autun en los Pirineos.\" \/>\n<meta property=\"og:url\" content=\"https:\/\/www.camping-saint-lary.com\/es\/la-region\/visitas\/\" \/>\n<meta property=\"og:site_name\" content=\"Camping Val d&#039;Autun\" \/>\n<meta property=\"article:modified_time\" content=\"2026-03-12T16:17:57+00:00\" \/>\n<meta property=\"og:image\" content=\"https:\/\/www.camping-saint-lary.com\/wp-content\/uploads\/gypaete-faune-flore-pyrenees.jpg\" \/>\n\t<meta property=\"og:image:width\" content=\"1654\" \/>\n\t<meta property=\"og:image:height\" content=\"1368\" \/>\n\t<meta property=\"og:image:type\" content=\"image\/jpeg\" \/>\n<meta name=\"twitter:card\" content=\"summary_large_image\" \/>\n<meta name=\"twitter:label1\" content=\"Tiempo de lectura\" \/>\n\t<meta name=\"twitter:data1\" content=\"13 minutos\" \/>\n<script type=\"application\/ld+json\" class=\"yoast-schema-graph\">{\"@context\":\"https:\\\/\\\/schema.org\",\"@graph\":[{\"@type\":\"WebPage\",\"@id\":\"https:\\\/\\\/www.camping-saint-lary.com\\\/es\\\/la-region\\\/visitas\\\/\",\"url\":\"https:\\\/\\\/www.camping-saint-lary.com\\\/es\\\/la-region\\\/visitas\\\/\",\"name\":\"Las visitas imprescindibles alrededor del camping Val d\u2019Autun.\",\"isPartOf\":{\"@id\":\"https:\\\/\\\/www.camping-saint-lary.com\\\/es\\\/#website\"},\"primaryImageOfPage\":{\"@id\":\"https:\\\/\\\/www.camping-saint-lary.com\\\/es\\\/la-region\\\/visitas\\\/#primaryimage\"},\"image\":{\"@id\":\"https:\\\/\\\/www.camping-saint-lary.com\\\/es\\\/la-region\\\/visitas\\\/#primaryimage\"},\"thumbnailUrl\":\"https:\\\/\\\/www.camping-saint-lary.com\\\/wp-content\\\/uploads\\\/gypaete-faune-flore-pyrenees.jpg\",\"datePublished\":\"2023-07-06T09:41:49+00:00\",\"dateModified\":\"2026-03-12T16:17:57+00:00\",\"description\":\"D\u00e9jese guiar por numerosas visitas en Saint-Lary-Soulan y en los alrededores del camping Val d\u2019Autun en los Pirineos.\",\"breadcrumb\":{\"@id\":\"https:\\\/\\\/www.camping-saint-lary.com\\\/es\\\/la-region\\\/visitas\\\/#breadcrumb\"},\"inLanguage\":\"es\",\"potentialAction\":[{\"@type\":\"ReadAction\",\"target\":[\"https:\\\/\\\/www.camping-saint-lary.com\\\/es\\\/la-region\\\/visitas\\\/\"]}]},{\"@type\":\"ImageObject\",\"inLanguage\":\"es\",\"@id\":\"https:\\\/\\\/www.camping-saint-lary.com\\\/es\\\/la-region\\\/visitas\\\/#primaryimage\",\"url\":\"https:\\\/\\\/www.camping-saint-lary.com\\\/wp-content\\\/uploads\\\/gypaete-faune-flore-pyrenees.jpg\",\"contentUrl\":\"https:\\\/\\\/www.camping-saint-lary.com\\\/wp-content\\\/uploads\\\/gypaete-faune-flore-pyrenees.jpg\",\"width\":1654,\"height\":1368},{\"@type\":\"BreadcrumbList\",\"@id\":\"https:\\\/\\\/www.camping-saint-lary.com\\\/es\\\/la-region\\\/visitas\\\/#breadcrumb\",\"itemListElement\":[{\"@type\":\"ListItem\",\"position\":1,\"name\":\"Inicio\",\"item\":\"https:\\\/\\\/www.camping-saint-lary.com\\\/es\\\/\"},{\"@type\":\"ListItem\",\"position\":2,\"name\":\"La regi\u00f3n\",\"item\":\"https:\\\/\\\/www.camping-saint-lary.com\\\/es\\\/la-region\\\/\"},{\"@type\":\"ListItem\",\"position\":3,\"name\":\"Visitas\"}]},{\"@type\":\"WebSite\",\"@id\":\"https:\\\/\\\/www.camping-saint-lary.com\\\/es\\\/#website\",\"url\":\"https:\\\/\\\/www.camping-saint-lary.com\\\/es\\\/\",\"name\":\"Camping Val d'Autun\",\"description\":\"Camping Val d&#039;Autun 3 \u00e9toiles en Vall\u00e9e d&#039;Aure dans les Pyr\u00e9n\u00e9es\",\"publisher\":{\"@id\":\"https:\\\/\\\/www.camping-saint-lary.com\\\/es\\\/#organization\"},\"potentialAction\":[{\"@type\":\"SearchAction\",\"target\":{\"@type\":\"EntryPoint\",\"urlTemplate\":\"https:\\\/\\\/www.camping-saint-lary.com\\\/es\\\/?s={search_term_string}\"},\"query-input\":{\"@type\":\"PropertyValueSpecification\",\"valueRequired\":true,\"valueName\":\"search_term_string\"}}],\"inLanguage\":\"es\"},{\"@type\":\"Organization\",\"@id\":\"https:\\\/\\\/www.camping-saint-lary.com\\\/es\\\/#organization\",\"name\":\"Camping Val d'Autun\",\"url\":\"https:\\\/\\\/www.camping-saint-lary.com\\\/es\\\/\",\"logo\":{\"@type\":\"ImageObject\",\"inLanguage\":\"es\",\"@id\":\"https:\\\/\\\/www.camping-saint-lary.com\\\/es\\\/#\\\/schema\\\/logo\\\/image\\\/\",\"url\":\"https:\\\/\\\/www.camping-saint-lary.com\\\/wp-content\\\/uploads\\\/cropped-logo-valdautun-lr300.png\",\"contentUrl\":\"https:\\\/\\\/www.camping-saint-lary.com\\\/wp-content\\\/uploads\\\/cropped-logo-valdautun-lr300.png\",\"width\":300,\"height\":182,\"caption\":\"Camping Val d'Autun\"},\"image\":{\"@id\":\"https:\\\/\\\/www.camping-saint-lary.com\\\/es\\\/#\\\/schema\\\/logo\\\/image\\\/\"}}]}<\/script>\n<!-- \/ Yoast SEO plugin. -->","yoast_head_json":{"title":"Las visitas imprescindibles alrededor del camping Val d\u2019Autun.","description":"D\u00e9jese guiar por numerosas visitas en Saint-Lary-Soulan y en los alrededores del camping Val d\u2019Autun en los Pirineos.","robots":{"index":"index","follow":"follow","max-snippet":"max-snippet:-1","max-image-preview":"max-image-preview:large","max-video-preview":"max-video-preview:-1"},"canonical":"https:\/\/www.camping-saint-lary.com\/es\/la-region\/visitas\/","og_locale":"es_ES","og_type":"article","og_title":"Las visitas imprescindibles alrededor del camping Val d\u2019Autun.","og_description":"D\u00e9jese guiar por numerosas visitas en Saint-Lary-Soulan y en los alrededores del camping Val d\u2019Autun en los Pirineos.","og_url":"https:\/\/www.camping-saint-lary.com\/es\/la-region\/visitas\/","og_site_name":"Camping Val d&#039;Autun","article_modified_time":"2026-03-12T16:17:57+00:00","og_image":[{"width":1654,"height":1368,"url":"https:\/\/www.camping-saint-lary.com\/wp-content\/uploads\/gypaete-faune-flore-pyrenees.jpg","type":"image\/jpeg"}],"twitter_card":"summary_large_image","twitter_misc":{"Tiempo de lectura":"13 minutos"},"schema":{"@context":"https:\/\/schema.org","@graph":[{"@type":"WebPage","@id":"https:\/\/www.camping-saint-lary.com\/es\/la-region\/visitas\/","url":"https:\/\/www.camping-saint-lary.com\/es\/la-region\/visitas\/","name":"Las visitas imprescindibles alrededor del camping Val d\u2019Autun.","isPartOf":{"@id":"https:\/\/www.camping-saint-lary.com\/es\/#website"},"primaryImageOfPage":{"@id":"https:\/\/www.camping-saint-lary.com\/es\/la-region\/visitas\/#primaryimage"},"image":{"@id":"https:\/\/www.camping-saint-lary.com\/es\/la-region\/visitas\/#primaryimage"},"thumbnailUrl":"https:\/\/www.camping-saint-lary.com\/wp-content\/uploads\/gypaete-faune-flore-pyrenees.jpg","datePublished":"2023-07-06T09:41:49+00:00","dateModified":"2026-03-12T16:17:57+00:00","description":"D\u00e9jese guiar por numerosas visitas en Saint-Lary-Soulan y en los alrededores del camping Val d\u2019Autun en los Pirineos.","breadcrumb":{"@id":"https:\/\/www.camping-saint-lary.com\/es\/la-region\/visitas\/#breadcrumb"},"inLanguage":"es","potentialAction":[{"@type":"ReadAction","target":["https:\/\/www.camping-saint-lary.com\/es\/la-region\/visitas\/"]}]},{"@type":"ImageObject","inLanguage":"es","@id":"https:\/\/www.camping-saint-lary.com\/es\/la-region\/visitas\/#primaryimage","url":"https:\/\/www.camping-saint-lary.com\/wp-content\/uploads\/gypaete-faune-flore-pyrenees.jpg","contentUrl":"https:\/\/www.camping-saint-lary.com\/wp-content\/uploads\/gypaete-faune-flore-pyrenees.jpg","width":1654,"height":1368},{"@type":"BreadcrumbList","@id":"https:\/\/www.camping-saint-lary.com\/es\/la-region\/visitas\/#breadcrumb","itemListElement":[{"@type":"ListItem","position":1,"name":"Inicio","item":"https:\/\/www.camping-saint-lary.com\/es\/"},{"@type":"ListItem","position":2,"name":"La regi\u00f3n","item":"https:\/\/www.camping-saint-lary.com\/es\/la-region\/"},{"@type":"ListItem","position":3,"name":"Visitas"}]},{"@type":"WebSite","@id":"https:\/\/www.camping-saint-lary.com\/es\/#website","url":"https:\/\/www.camping-saint-lary.com\/es\/","name":"Camping Val d'Autun","description":"Camping Val d&#039;Autun 3 \u00e9toiles en Vall\u00e9e d&#039;Aure dans les Pyr\u00e9n\u00e9es","publisher":{"@id":"https:\/\/www.camping-saint-lary.com\/es\/#organization"},"potentialAction":[{"@type":"SearchAction","target":{"@type":"EntryPoint","urlTemplate":"https:\/\/www.camping-saint-lary.com\/es\/?s={search_term_string}"},"query-input":{"@type":"PropertyValueSpecification","valueRequired":true,"valueName":"search_term_string"}}],"inLanguage":"es"},{"@type":"Organization","@id":"https:\/\/www.camping-saint-lary.com\/es\/#organization","name":"Camping Val d'Autun","url":"https:\/\/www.camping-saint-lary.com\/es\/","logo":{"@type":"ImageObject","inLanguage":"es","@id":"https:\/\/www.camping-saint-lary.com\/es\/#\/schema\/logo\/image\/","url":"https:\/\/www.camping-saint-lary.com\/wp-content\/uploads\/cropped-logo-valdautun-lr300.png","contentUrl":"https:\/\/www.camping-saint-lary.com\/wp-content\/uploads\/cropped-logo-valdautun-lr300.png","width":300,"height":182,"caption":"Camping Val d'Autun"},"image":{"@id":"https:\/\/www.camping-saint-lary.com\/es\/#\/schema\/logo\/image\/"}}]}},"_links":{"self":[{"href":"https:\/\/www.camping-saint-lary.com\/es\/wp-json\/wp\/v2\/pages\/10670","targetHints":{"allow":["GET"]}}],"collection":[{"href":"https:\/\/www.camping-saint-lary.com\/es\/wp-json\/wp\/v2\/pages"}],"about":[{"href":"https:\/\/www.camping-saint-lary.com\/es\/wp-json\/wp\/v2\/types\/page"}],"author":[{"embeddable":true,"href":"https:\/\/www.camping-saint-lary.com\/es\/wp-json\/wp\/v2\/users\/5"}],"replies":[{"embeddable":true,"href":"https:\/\/www.camping-saint-lary.com\/es\/wp-json\/wp\/v2\/comments?post=10670"}],"version-history":[{"count":8,"href":"https:\/\/www.camping-saint-lary.com\/es\/wp-json\/wp\/v2\/pages\/10670\/revisions"}],"predecessor-version":[{"id":14455,"href":"https:\/\/www.camping-saint-lary.com\/es\/wp-json\/wp\/v2\/pages\/10670\/revisions\/14455"}],"up":[{"embeddable":true,"href":"https:\/\/www.camping-saint-lary.com\/es\/wp-json\/wp\/v2\/pages\/10668"}],"wp:featuredmedia":[{"embeddable":true,"href":"https:\/\/www.camping-saint-lary.com\/es\/wp-json\/wp\/v2\/media\/10528"}],"wp:attachment":[{"href":"https:\/\/www.camping-saint-lary.com\/es\/wp-json\/wp\/v2\/media?parent=10670"}],"curies":[{"name":"wp","href":"https:\/\/api.w.org\/{rel}","templated":true}]}}