{"id":10672,"date":"2023-07-06T11:42:16","date_gmt":"2023-07-06T09:42:16","guid":{"rendered":"http:\/\/www.camping-saint-lary.com\/la-region-2\/le-sport"},"modified":"2026-03-12T17:19:28","modified_gmt":"2026-03-12T16:19:28","slug":"deportes","status":"publish","type":"page","link":"https:\/\/www.camping-saint-lary.com\/es\/la-region\/deportes\/","title":{"rendered":"Deportes"},"content":{"rendered":"\n<div class=\"wp-block-group alignfull non-relative is-layout-constrained wp-block-group-is-layout-constrained\" style=\"margin-top:0px;margin-bottom:0px\"><button class=\"fmb-expand-formulaire\" onclick=\"jQuery('#formulario-motor-busqueda').toggleClass('fmb-visible');\">Reservar<\/button>\n<div id=\"formulario-motor-busqueda\" class=\"formulario-motor-busqueda\">\n    <div class=\"fmb-container\">\n        <div class=\"fmb-bloque fmb-fecha-de-llegada\">\n            <div class=\"fmb-label\">Fecha de llegada<\/div>\n            <input type=\"text\" id=\"fmb-fecha-de-llegada\" \/>\n        <\/div><!-- .fmb-bloque -->\n        <div class=\"fmb-bloque fmb-fecha-de-salida\">\n            <div class=\"fmb-label\">Fecha de salida<\/div>\n            <input type=\"text\" id=\"fmb-fecha-de-salida\" \/>\n        <\/div><!-- .fmb-bloque -->\n        <div class=\"fmb-bloque fmb-tipo-de-alojamiento\">\n            <div class=\"fmb-label\">Alojamiento<\/div>\n            <select  id=\"fmb-tipo-de-alojamiento\">\n                <option value=\"1\">Parcela<\/option>\n                <option value=\"2\">Alojamiento<\/option>\n            <\/select>\n        <\/div><!-- .fmb-bloque -->\n        <div class=\"fmb-bloque fmb-numero-de-personas\">\n            <div class=\"fmb-label\">Capacidad<\/div>\n            <select  id=\"fmb-numero-de-personas\">\n                <option value=\"1\">1<\/option>\n                <option value=\"2\">2<\/option>\n                <option value=\"3\">3<\/option>\n                <option value=\"4\">4<\/option>\n                <option value=\"5\">5<\/option>\n                <option value=\"6\">6<\/option>\n                <option value=\"7\">7<\/option>\n                <option value=\"8\">8<\/option>\n                <option value=\"9\">+8<\/option>\n            <\/select>\n        <\/div><!-- .fmb-bloque -->\n        <div class=\"fmb-bloque fmb-submit-button\">\n            <input \n                name=\"submit-button\" \n                id=\"submit-button\" \n                class=\"fmb-button\" \n                type=\"button\" \n                onclick=\"window.open(\n                    'https:\/\/naxiresa.inaxel.com\/etape2-sejours.php?arrivalDate='+jQuery('#fmb-fecha-de-llegada').val()+'&departureDate='+jQuery('#fmb-fecha-de-salida').val()+'&pt='+jQuery('#fmb-tipo-de-alojamiento').val()+'&compte=valautun&lang=5&nb='+jQuery('#fmb-numero-de-personas').val()+'', \n                    '_blank'\n                );\" \n                value=\"Buscar\" \n            \/>\n        <\/div><!-- .fmb-bloque -->\n        <div class=\"fmb-bloque fmb-submit-button-2\">\n            <input \n                name=\"submit-button-2\" \n                id=\"submit-button-2\" \n                class=\"fmb-button\" \n                type=\"button\" \n                onclick=\"window.open('https:\/\/valautun.my-user-account.com', '_blank');\" \n                value=\"Mi reserva\" \n            \/>\n        <\/div><!-- .fmb-bloque -->\n    <\/div><!-- .fmb-container -->\n<\/div><!-- .formulario-motor-busqueda -->\n\n\n<script src=\"https:\/\/code.jquery.com\/ui\/1.13.2\/jquery-ui.js\"><\/script>\n\n<link  href=\"\/\/code.jquery.com\/ui\/1.11.4\/themes\/smoothness\/jquery-ui.css\" rel=\"stylesheet\" \/>\n<script>\nvar top_menu_header = jQuery('#formulario-motor-busqueda').offset().top - 100;\njQuery(window).on('scroll', function(){\n\n    jQuery(\".ui-datepicker-current-day\").trigger(\"click\");\n    jQuery('#fmb-fecha-de-salida').blur();\n    jQuery('#fmb-fecha-de-llegada').blur();\n\n\n    if(jQuery(window).scrollTop() > top_menu_header){\n        jQuery('#formulario-motor-busqueda').addClass('fmb-is-fixed-top');\n    } else {\n        jQuery('#formulario-motor-busqueda').removeClass('fmb-is-fixed-top');\n    }\n});\n\n\njQuery(function () {\n    jQuery('#fmb-fecha-de-llegada').datepicker({\n        onSelect: function(dateText, element) {\n            jQuery(this).attr('date', dateText);\n            \/* 01-09-2021 into 2021-09-01 *\/\n            var year = dateText.substring(6, 10);\n            var month = dateText.substring(3, 5);\n            var day = dateText.substring(0, 2);\n            var dateString = year + '-' + month + '-' + day;\n            var date1 = new Date(dateString);\n            var date = new Date(dateString);\n            date.setDate(date.getDate() + 1);\n            jQuery('#fmb-fecha-de-salida').datepicker('setDate', date);\n            jQuery('#fmb-fecha-de-salida').datepicker('option', {\n                minDate: date\n            });\n        },\n        dateFormat: \"dd\/mm\/yy\",\n    \tfirstDay: 1, \/\/ Start with Monday\n        changeMonth: true,\n        changeYear: true,\n        minDate: new Date(),\n    });\n});\n\nvar dateObject = new Date();\ndateObject.setDate(dateObject.getDate());\njQuery('#fmb-fecha-de-llegada').val(\n    dateObject.getDate()\n    +'\/'+\n    ((dateObject.getMonth() * 1) + 1)\n    +'\/'+\n    dateObject.getFullYear()\n);\n\ndateObject.setDate(dateObject.getDate() + 1);\njQuery('#fmb-fecha-de-salida').val(\n    dateObject.getDate()\n    +'\/'+\n    ((dateObject.getMonth() * 1) + 1)\n    +'\/'+\n    dateObject.getFullYear()\n);\njQuery('#fmb-fecha-de-salida').datepicker('setDate', dateObject);\njQuery('#fmb-fecha-de-salida').datepicker('option', {\n    minDate: dateObject\n});\n\njQuery(function () {\n    jQuery( \"#fmb-fecha-de-salida\" ).datepicker({\n        dateFormat: \"dd\/mm\/yy\",\n    \tfirstDay: 1, \/\/ Start with Monday\n        changeMonth: true,\n        changeYear: true,\n        minDate: new Date(),\n    });\n});\n\njQuery.datepicker.regional['fr'] = {clearText: 'Effacer', clearStatus: '',\n    closeText: 'Fermer', closeStatus: 'Fermer sans modifier',\n    prevText: '<Pr\u00e9c', prevStatus: 'Voir le mois pr\u00e9c\u00e9dent',\n    nextText: 'Suiv>', nextStatus: 'Voir le mois suivant',\n    currentText: 'Courant', currentStatus: 'Voir le mois courant',\n    monthNames: ['Janvier','F\u00e9vrier','Mars','Avril','Mai','Juin',\n    'Juillet','Ao\u00fbt','Septembre','Octobre','Novembre','D\u00e9cembre'],\n    monthNamesShort: ['Jan','F\u00e9v','Mar','Avr','Mai','Jun',\n    'Jul','Ao\u00fb','Sep','Oct','Nov','D\u00e9c'],\n    monthStatus: 'Voir un autre mois', yearStatus: 'Voir un autre ann\u00e9e',\n    weekHeader: 'Sm', weekStatus: '',\n    dayNames: ['Dimanche','Lundi','Mardi','Mercredi','Jeudi','Vendredi','Samedi'],\n    dayNamesShort: ['Dim','Lun','Mar','Mer','Jeu','Ven','Sam'],\n    dayNamesMin: ['Di','Lu','Ma','Me','Je','Ve','Sa'],\n    dayStatus: 'Utiliser DD comme premier jour de la semaine', dateStatus: 'Choisir le DD, MM d',\n    dateFormat: 'dd\/mm\/yy', firstDay: 0, \n    initStatus: 'Choisir la date', isRTL: false};\njQuery.datepicker.setDefaults(jQuery.datepicker.regional['fr']);\n\n\n<\/script>\n\n<\/div>\n\n\n\n<div class=\"wp-block-cover alignfull is-light banner has-animation\" style=\"margin-top:0;margin-bottom:0;min-height:100vh;aspect-ratio:unset;\"><span aria-hidden=\"true\" class=\"wp-block-cover__background has-background-dim-40 has-background-dim wp-block-cover__gradient-background has-background-gradient\" style=\"background:linear-gradient(180deg,rgb(0,0,0) 0%,rgba(0,0,0,0) 47%)\"><\/span><img loading=\"lazy\" decoding=\"async\" width=\"2048\" height=\"1354\" class=\"wp-block-cover__image-background wp-image-9291\" alt=\"\" src=\"https:\/\/www.camping-saint-lary.com\/wp-content\/uploads\/sport-velo-route-cols.jpg\" data-object-fit=\"cover\" srcset=\"https:\/\/www.camping-saint-lary.com\/wp-content\/uploads\/\/sport-velo-route-cols.jpg 2048w, https:\/\/www.camping-saint-lary.com\/wp-content\/uploads\/\/sport-velo-route-cols-1024x677.jpg 1024w, https:\/\/www.camping-saint-lary.com\/wp-content\/uploads\/\/sport-velo-route-cols-768x508.jpg 768w, https:\/\/www.camping-saint-lary.com\/wp-content\/uploads\/\/sport-velo-route-cols-1536x1016.jpg 1536w, https:\/\/www.camping-saint-lary.com\/wp-content\/uploads\/\/sport-velo-route-cols-512x339.jpg 512w, https:\/\/www.camping-saint-lary.com\/wp-content\/uploads\/\/sport-velo-route-cols-256x169.jpg 256w, https:\/\/www.camping-saint-lary.com\/wp-content\/uploads\/\/sport-velo-route-cols-24x16.jpg 24w, https:\/\/www.camping-saint-lary.com\/wp-content\/uploads\/\/sport-velo-route-cols-36x24.jpg 36w, https:\/\/www.camping-saint-lary.com\/wp-content\/uploads\/\/sport-velo-route-cols-48x32.jpg 48w\" sizes=\"auto, (max-width: 2048px) 100vw, 2048px\" \/><div class=\"wp-block-cover__inner-container is-layout-flow wp-block-cover-is-layout-flow\">\n<p class=\"has-text-align-center titre-vivant animation--bottom animation--init--once has-theme-white-color has-text-color has-large-font-size\">El deporte<\/p>\n\n\n<div class=\"yoast-breadcrumbs breadcrumb animation--top animation--init--once\"><span><span><a href=\"https:\/\/www.camping-saint-lary.com\/es\/\">Inicio<\/a><\/span> \/ <span><a href=\"https:\/\/www.camping-saint-lary.com\/es\/la-region\/\">La regi\u00f3n<\/a><\/span> \/ <span class=\"breadcrumb_last\" aria-current=\"page\">Deportes<\/span><\/span><\/div><\/div><\/div>\n\n\n\n<div class=\"wp-block-group alignfull has-animation intro-2 relative is-layout-constrained wp-block-group-is-layout-constrained\" style=\"padding-top:var(--wp--preset--spacing--80);padding-bottom:var(--wp--preset--spacing--60)\">\n<p class=\"titre-lateral-pink\">Deportes<\/p>\n\n\n\n<div class=\"wp-block-group alignwide padd-titre-lateral is-layout-flow wp-block-group-is-layout-flow\">\n<h1 class=\"wp-block-heading has-text-align-center animation--top animation--init--once has-theme-pink-2-color has-text-color\" style=\"padding-top:0;padding-bottom:0\">Nuestra regi\u00f3n y su deporte en el coraz\u00f3n de los Pirineos<br><sub><mark style=\"background-color:rgba(0, 0, 0, 0)\" class=\"has-inline-color has-theme-green-color\">Vive el Instante y Respira&#8230;<\/mark><\/sub><\/h1>\n<\/div>\n<\/div>\n\n\n\n<div class=\"wp-block-group alignfull is-layout-flow wp-block-group-is-layout-flow\" style=\"margin-bottom:var(--wp--preset--spacing--80);padding-top:var(--wp--preset--spacing--60);padding-right:0;padding-bottom:var(--wp--preset--spacing--80);padding-left:0\">\n<div class=\"wp-block-group background-left-pink has-animation padding-container-mobile is-content-justification-center is-nowrap is-layout-flex wp-container-core-group-is-layout-32c2087b wp-block-group-is-layout-flex\" style=\"margin-top:var(--wp--preset--spacing--80);padding-top:var(--wp--preset--spacing--50);padding-bottom:var(--wp--preset--spacing--50)\">\n<div class=\"wp-image-slider border-pink-gallery-full animation--top animation--init--once has-text-align-left aspect-ratio-1_1\">\n\n                                        \n                    <script>\n                        'use strict';\n\n                        document.addEventListener('DOMContentLoaded', function () {\n\n                            (function() {\n                                const blockSlide = new Splide( '#slide_49', {\n                                    type : 'loop',\n                                    perPage: 1,\n                                                                        \n                                    breakpoints: {\n                                        800: {\n                                            perPage: 1,\n                                                                                    },\n                                        450: {\n                                            perPage: 1,\n                                            \n                                        },\n                                    },\n                                    pagination: false,\n                                    arrows: true,\n                                    gap: 'var(--wp--style--block-gap)',\n                                    i18n: {\n                                        slideLabel: '0%s \/ 0%s',\n                                    }\n                                } );\n                                \n\n                                if (!document.querySelector('#slide_49').closest('.banner-slide')) {\n                                    const options = {\n                                        rootMargin: '0px',\n                                        threshold: 0.5\n                                    };\n\n                                    const observer = new IntersectionObserver(function (entries, observer) {\n                                        entries.forEach(entry => {\n                                            if (entry.isIntersecting) {\n                                                console.log('Slider is visible');\n                                                blockSlide.go('+' + entry.target.dataset.counter);\n                                                blockSlide.go('+${1}');\n                                                observer.unobserve(entry.target); \/\/ stop observing the target element\n                                            }\n                                        });\n                                    }, options);\n\n                                    observer.observe(document.querySelector('#slide_49'));\n                                }\n\n\n                                \n\/*                                 blockSlide.on( 'mounted', function () {\n                                    blockSlide.go('+${1}');\n                                } ); *\/\n\n                                blockSlide.mount();\n                                                                \n                                \n\n                            })();\n                        })\n                    <\/script>\n\n                    <div class=\"slider-container\"><div class=\"splide galeria-slider galeria-columnas-1\" id=\"slide_49\"><div class=\"splide__track\"><div class=\"splide__list\"><a href=\"https:\/\/www.camping-saint-lary.com\/wp-content\/uploads\/nbirrien-vtt-5.jpg\" id=\"thumb-10552\" class=\"splide__slide image-link\" data-gallery=\"slide_49\"  data-counter=\"01\/04\" alt=\" \" class=\"image-link\"><div class=\"image-wrapper\"><img loading=\"lazy\" decoding=\"async\" width=\"1024\" height=\"752\" src=\"https:\/\/www.camping-saint-lary.com\/wp-content\/uploads\/nbirrien-vtt-5-1024x752.jpg\" class=\"attachment-gallery-medium size-gallery-medium\" alt=\"\" srcset=\"https:\/\/www.camping-saint-lary.com\/wp-content\/uploads\/\/nbirrien-vtt-5-1024x752.jpg 1024w, https:\/\/www.camping-saint-lary.com\/wp-content\/uploads\/\/nbirrien-vtt-5-768x564.jpg 768w, https:\/\/www.camping-saint-lary.com\/wp-content\/uploads\/\/nbirrien-vtt-5-512x376.jpg 512w, https:\/\/www.camping-saint-lary.com\/wp-content\/uploads\/\/nbirrien-vtt-5-256x188.jpg 256w, https:\/\/www.camping-saint-lary.com\/wp-content\/uploads\/\/nbirrien-vtt-5-24x18.jpg 24w, https:\/\/www.camping-saint-lary.com\/wp-content\/uploads\/\/nbirrien-vtt-5-36x26.jpg 36w, https:\/\/www.camping-saint-lary.com\/wp-content\/uploads\/\/nbirrien-vtt-5-48x35.jpg 48w, https:\/\/www.camping-saint-lary.com\/wp-content\/uploads\/\/nbirrien-vtt-5.jpg 1122w\" sizes=\"auto, (max-width: 1024px) 100vw, 1024px\" \/><\/div><\/a><a href=\"https:\/\/www.camping-saint-lary.com\/wp-content\/uploads\/cyclisme-col.jpg\" id=\"thumb-9845\" class=\"splide__slide image-link\" data-gallery=\"slide_49\"  data-counter=\"02\/04\" alt=\" \" class=\"image-link\"><div class=\"image-wrapper\"><img loading=\"lazy\" decoding=\"async\" width=\"1024\" height=\"576\" src=\"https:\/\/www.camping-saint-lary.com\/wp-content\/uploads\/cyclisme-col-1024x576.jpg\" class=\"attachment-gallery-medium size-gallery-medium\" alt=\"\" srcset=\"https:\/\/www.camping-saint-lary.com\/wp-content\/uploads\/\/cyclisme-col-1024x576.jpg 1024w, https:\/\/www.camping-saint-lary.com\/wp-content\/uploads\/\/cyclisme-col-768x432.jpg 768w, https:\/\/www.camping-saint-lary.com\/wp-content\/uploads\/\/cyclisme-col-512x288.jpg 512w, https:\/\/www.camping-saint-lary.com\/wp-content\/uploads\/\/cyclisme-col-256x144.jpg 256w, https:\/\/www.camping-saint-lary.com\/wp-content\/uploads\/\/cyclisme-col-24x14.jpg 24w, https:\/\/www.camping-saint-lary.com\/wp-content\/uploads\/\/cyclisme-col-36x20.jpg 36w, https:\/\/www.camping-saint-lary.com\/wp-content\/uploads\/\/cyclisme-col-48x27.jpg 48w, https:\/\/www.camping-saint-lary.com\/wp-content\/uploads\/\/cyclisme-col.jpg 1440w\" sizes=\"auto, (max-width: 1024px) 100vw, 1024px\" \/><\/div><\/a><a href=\"https:\/\/www.camping-saint-lary.com\/wp-content\/uploads\/vtt-sarrat-evasion.jpeg\" id=\"thumb-10257\" class=\"splide__slide image-link\" data-gallery=\"slide_49\"  data-counter=\"03\/04\" alt=\" \" class=\"image-link\"><div class=\"image-wrapper\"><img loading=\"lazy\" decoding=\"async\" width=\"800\" height=\"599\" src=\"https:\/\/www.camping-saint-lary.com\/wp-content\/uploads\/vtt-sarrat-evasion.jpeg\" class=\"attachment-gallery-medium size-gallery-medium\" alt=\"\" srcset=\"https:\/\/www.camping-saint-lary.com\/wp-content\/uploads\/\/vtt-sarrat-evasion.jpeg 800w, https:\/\/www.camping-saint-lary.com\/wp-content\/uploads\/\/vtt-sarrat-evasion-768x575.jpeg 768w, https:\/\/www.camping-saint-lary.com\/wp-content\/uploads\/\/vtt-sarrat-evasion-512x383.jpeg 512w, https:\/\/www.camping-saint-lary.com\/wp-content\/uploads\/\/vtt-sarrat-evasion-256x192.jpeg 256w, https:\/\/www.camping-saint-lary.com\/wp-content\/uploads\/\/vtt-sarrat-evasion-24x18.jpeg 24w, https:\/\/www.camping-saint-lary.com\/wp-content\/uploads\/\/vtt-sarrat-evasion-36x27.jpeg 36w, https:\/\/www.camping-saint-lary.com\/wp-content\/uploads\/\/vtt-sarrat-evasion-48x36.jpeg 48w\" sizes=\"auto, (max-width: 800px) 100vw, 800px\" \/><\/div><\/a><a href=\"https:\/\/www.camping-saint-lary.com\/wp-content\/uploads\/randonnee-velo-saint-lary-soulan.jpg\" id=\"thumb-9868\" class=\"splide__slide image-link\" data-gallery=\"slide_49\"  data-counter=\"04\/04\" alt=\" \" class=\"image-link\"><div class=\"image-wrapper\"><img loading=\"lazy\" decoding=\"async\" width=\"1024\" height=\"576\" src=\"https:\/\/www.camping-saint-lary.com\/wp-content\/uploads\/randonnee-velo-saint-lary-soulan-1024x576.jpg\" class=\"attachment-gallery-medium size-gallery-medium\" alt=\"\" srcset=\"https:\/\/www.camping-saint-lary.com\/wp-content\/uploads\/\/randonnee-velo-saint-lary-soulan-1024x576.jpg 1024w, https:\/\/www.camping-saint-lary.com\/wp-content\/uploads\/\/randonnee-velo-saint-lary-soulan-768x432.jpg 768w, https:\/\/www.camping-saint-lary.com\/wp-content\/uploads\/\/randonnee-velo-saint-lary-soulan-512x288.jpg 512w, https:\/\/www.camping-saint-lary.com\/wp-content\/uploads\/\/randonnee-velo-saint-lary-soulan-256x144.jpg 256w, https:\/\/www.camping-saint-lary.com\/wp-content\/uploads\/\/randonnee-velo-saint-lary-soulan-24x13.jpg 24w, https:\/\/www.camping-saint-lary.com\/wp-content\/uploads\/\/randonnee-velo-saint-lary-soulan-36x20.jpg 36w, https:\/\/www.camping-saint-lary.com\/wp-content\/uploads\/\/randonnee-velo-saint-lary-soulan-48x27.jpg 48w, https:\/\/www.camping-saint-lary.com\/wp-content\/uploads\/\/randonnee-velo-saint-lary-soulan.jpg 1400w\" sizes=\"auto, (max-width: 1024px) 100vw, 1024px\" \/><\/div><\/a><\/div><\/div><\/div><\/div>\n                    \n<\/div>\n\n\n<div class=\"wp-block-group animation--top animation--init--once is-nowrap is-layout-flex wp-container-core-group-is-layout-6c531013 wp-block-group-is-layout-flex\">\n<div class=\"wp-block-group is-layout-constrained wp-block-group-is-layout-constrained\">\n<div class=\"wp-block-group is-nowrap is-layout-flex wp-container-core-group-is-layout-6c531013 wp-block-group-is-layout-flex\">\n<h3 class=\"wp-block-heading has-theme-pink-2-color has-text-color\" style=\"font-size:40px\">BTT y Ciclismo<\/h3>\n<\/div>\n\n\n\n<p>\ud83d\udeb4\u200d\u2642\ufe0f <strong>Saint-Lary Soulan: El Para\u00edso del Ciclismo en el Coraz\u00f3n de los Pirineos<\/strong><\/p>\n\n\n\n<p>Situado al pie de gigantes de piedra, el pueblo de Saint-Lary Soulan se impone como el destino imprescindible para todos los apasionados de la bicicleta. Tanto si eres amante del asfalto, fan de los senderos escarpados o rider en busca de adrenalina, nuestro valle ofrece un terreno de juego natural verdaderamente excepcional.<\/p>\n\n\n\n<h4 class=\"wp-block-heading\">Tras las Huellas del Tour de Francia: Los Grandes Puertos<\/h4>\n\n\n\n<p>Saint-Lary es el punto de partida ideal para conquistar los puertos m\u00edticos de los Pirineos. Acepta el desaf\u00edo de las pendientes legendarias que han marcado la historia del ciclismo:<\/p>\n\n\n\n<p><strong>El Col d\u2019Aspin y el Col de Peyresourde<\/strong>: Cl\u00e1sicos imprescindibles que ofrecen panoramas impresionantes.<\/p>\n\n\n\n<p><strong>El Col d\u2019Azet<\/strong>: Una ascensi\u00f3n salvaje entre dos valles preservados.<\/p>\n\n\n\n<p><strong>El Col du Portet<\/strong>: Apodado el \u201cnuevo Tourmalet\u201d, te lleva hasta los 2.215 m de altitud para una sensaci\u00f3n de logro absoluto.<\/p>\n\n\n\n<h4 class=\"wp-block-heading\">BTT y Enduro: Del Bosque a las Cumbres<\/h4>\n\n\n\n<p>El valle no se limita a la carretera. Cuenta con infraestructuras de primer nivel para la BTT de descenso (DH), el Enduro y el Cross-country. Desde senderos t\u00e9cnicos en el bosque hasta crestas panor\u00e1micas, cada recorrido es una invitaci\u00f3n a conectar profundamente con la naturaleza salvaje de los Pirineos.<\/p>\n\n\n\n<h4 class=\"wp-block-heading\">Deslizamiento Urbano y Pr\u00e1cticas Alternativas<\/h4>\n\n\n\n<p>Para perfeccionar tu t\u00e9cnica o compartir un momento l\u00fadico en familia, disfruta de las modernas instalaciones del pueblo. La pumptrack de Saint-Lary Soulan es el lugar ideal para trabajar la agilidad y el equilibrio, tanto si eres principiante como experto.<\/p>\n\n\n\n<p>Al elegir Saint-Lary Soulan, optas por una aut\u00e9ntica tierra de ciclismo, donde cada pedalada se convierte en una experiencia inolvidable.<\/p>\n<\/div>\n<\/div>\n<\/div>\n\n\n\n<div class=\"wp-block-group background-right-green has-animation padding-container-mobile is-content-justification-center is-nowrap is-layout-flex wp-container-core-group-is-layout-7a84741e wp-block-group-is-layout-flex\" style=\"margin-top:var(--wp--preset--spacing--80);padding-top:var(--wp--preset--spacing--50);padding-bottom:var(--wp--preset--spacing--50)\">\n<div class=\"wp-block-group animation--top animation--init--once is-nowrap is-layout-flex wp-container-core-group-is-layout-6c531013 wp-block-group-is-layout-flex\">\n<div class=\"wp-block-group is-layout-constrained wp-block-group-is-layout-constrained\">\n<div class=\"wp-block-group is-nowrap is-layout-flex wp-container-core-group-is-layout-6c531013 wp-block-group-is-layout-flex\">\n<h3 class=\"wp-block-heading has-theme-green-light-color has-text-color\" style=\"font-size:40px\">Deportes de invierno<\/h3>\n<\/div>\n\n\n\n<p>\u2744\ufe0f <strong>Saint-Lary Soulan y las Joyas de Altura: Tu Ed\u00e9n de los Deportes de Invierno<\/strong><\/p>\n\n\n\n<p>Los deportes de invierno ofrecen una experiencia cautivadora, un par\u00e9ntesis encantado donde cada d\u00eda es una nueva aventura. Ya sea que te atraiga la adrenalina de las pistas nevadas, la serenidad de los paisajes inmaculados o el hielo brillante de las pistas de patinaje, el valle de Saint-Lary Soulan es tu terreno de juego ideal.<\/p>\n\n\n\n<h4 class=\"wp-block-heading\">Una Infinidad de Sensaciones y Descubrimientos<\/h4>\n\n\n\n<p>Aqu\u00ed, lo m\u00e1s dif\u00edcil es elegir, \u00a1porque hay tanto por hacer! Para garantizarte recuerdos inolvidables, la regi\u00f3n cuenta con dominios esquiables de renombre internacional:<\/p>\n\n\n\n<p><strong>Saint-Lary Soulan (Pla d\u2019Adet y Espiaube)<\/strong>: El punto de encuentro imprescindible para familias y esquiadores de todos los niveles, combinando tecnicidad y panoramas grandiosos.<\/p>\n\n\n\n<p><strong>Peyragudes &amp; Piau-Engaly<\/strong>: Estaciones de alta altitud que garantizan nieve de calidad y curvas perfectas, tanto si practicas esqu\u00ed alpino como snowboard.<\/p>\n\n\n\n<p><strong>Val Louron<\/strong>: La perla de las familias. Una estaci\u00f3n a escala humana, reconocida por su excepcional zona para principiantes y sus vistas impresionantes sobre el valle del Louron.<\/p>\n\n\n\n<h4 class=\"wp-block-heading\">M\u00e1s All\u00e1 del Esqu\u00ed: La Llamada Salvaje del N\u00e9ouvielle<\/h4>\n\n\n\n<p>Para quienes buscan una conexi\u00f3n profunda con la naturaleza, la aventura contin\u00faa fuera de las pistas se\u00f1alizadas. La Reserva Natural del N\u00e9ouvielle es el santuario ideal para practicar raquetas de nieve o esqu\u00ed de traves\u00eda. Entre lagos helados y pinos negros de monta\u00f1a, explorar\u00e1s paisajes de una pureza extraordinaria, lejos del bullicio de los remontes y accesibles desde la estaci\u00f3n de Saint-Lary Soulan.<\/p>\n\n\n\n<p>Disfruta del aire puro, de la calma de los grandes espacios nevados y de la magia del invierno pirenaico antes de regresar al confort acogedor de tu alojamiento.<\/p>\n<\/div>\n<\/div>\n\n\n\n<div class=\"wp-image-slider border-green-gallery-full animation--top animation--init--once has-text-align-left aspect-ratio-1_1\">\n\n                                        \n                    <script>\n                        'use strict';\n\n                        document.addEventListener('DOMContentLoaded', function () {\n\n                            (function() {\n                                const blockSlide = new Splide( '#slide_858', {\n                                    type : 'loop',\n                                    perPage: 1,\n                                                                        \n                                    breakpoints: {\n                                        800: {\n                                            perPage: 1,\n                                                                                    },\n                                        450: {\n                                            perPage: 1,\n                                            \n                                        },\n                                    },\n                                    pagination: false,\n                                    arrows: true,\n                                    gap: 'var(--wp--style--block-gap)',\n                                    i18n: {\n                                        slideLabel: '0%s \/ 0%s',\n                                    }\n                                } );\n                                \n\n                                if (!document.querySelector('#slide_858').closest('.banner-slide')) {\n                                    const options = {\n                                        rootMargin: '0px',\n                                        threshold: 0.5\n                                    };\n\n                                    const observer = new IntersectionObserver(function (entries, observer) {\n                                        entries.forEach(entry => {\n                                            if (entry.isIntersecting) {\n                                                console.log('Slider is visible');\n                                                blockSlide.go('+' + entry.target.dataset.counter);\n                                                blockSlide.go('+${1}');\n                                                observer.unobserve(entry.target); \/\/ stop observing the target element\n                                            }\n                                        });\n                                    }, options);\n\n                                    observer.observe(document.querySelector('#slide_858'));\n                                }\n\n\n                                \n\/*                                 blockSlide.on( 'mounted', function () {\n                                    blockSlide.go('+${1}');\n                                } ); *\/\n\n                                blockSlide.mount();\n                                                                \n                                \n\n                            })();\n                        })\n                    <\/script>\n\n                    <div class=\"slider-container\"><div class=\"splide galeria-slider galeria-columnas-1\" id=\"slide_858\"><div class=\"splide__track\"><div class=\"splide__list\"><a href=\"https:\/\/www.camping-saint-lary.com\/wp-content\/uploads\/2-18.jpg\" id=\"thumb-9827\" class=\"splide__slide image-link\" data-gallery=\"slide_858\"  data-counter=\"01\/03\" alt=\" \" class=\"image-link\"><div class=\"image-wrapper\"><img loading=\"lazy\" decoding=\"async\" width=\"631\" height=\"576\" src=\"https:\/\/www.camping-saint-lary.com\/wp-content\/uploads\/2-18.jpg\" class=\"attachment-gallery-medium size-gallery-medium\" alt=\"\" srcset=\"https:\/\/www.camping-saint-lary.com\/wp-content\/uploads\/\/2-18.jpg 631w, https:\/\/www.camping-saint-lary.com\/wp-content\/uploads\/\/2-18-512x467.jpg 512w, https:\/\/www.camping-saint-lary.com\/wp-content\/uploads\/\/2-18-256x234.jpg 256w, https:\/\/www.camping-saint-lary.com\/wp-content\/uploads\/\/2-18-24x22.jpg 24w, https:\/\/www.camping-saint-lary.com\/wp-content\/uploads\/\/2-18-36x33.jpg 36w, https:\/\/www.camping-saint-lary.com\/wp-content\/uploads\/\/2-18-48x44.jpg 48w\" sizes=\"auto, (max-width: 631px) 100vw, 631px\" \/><\/div><\/a><a href=\"https:\/\/www.camping-saint-lary.com\/wp-content\/uploads\/ski-sarrat-1.jpg\" id=\"thumb-10296\" class=\"splide__slide image-link\" data-gallery=\"slide_858\"  data-counter=\"02\/03\" alt=\" \" class=\"image-link\"><div class=\"image-wrapper\"><img loading=\"lazy\" decoding=\"async\" width=\"1024\" height=\"768\" src=\"https:\/\/www.camping-saint-lary.com\/wp-content\/uploads\/ski-sarrat-1-1024x768.jpg\" class=\"attachment-gallery-medium size-gallery-medium\" alt=\"\" srcset=\"https:\/\/www.camping-saint-lary.com\/wp-content\/uploads\/\/ski-sarrat-1-1024x768.jpg 1024w, https:\/\/www.camping-saint-lary.com\/wp-content\/uploads\/\/ski-sarrat-1-768x576.jpg 768w, https:\/\/www.camping-saint-lary.com\/wp-content\/uploads\/\/ski-sarrat-1-512x384.jpg 512w, https:\/\/www.camping-saint-lary.com\/wp-content\/uploads\/\/ski-sarrat-1-256x192.jpg 256w, https:\/\/www.camping-saint-lary.com\/wp-content\/uploads\/\/ski-sarrat-1-24x18.jpg 24w, https:\/\/www.camping-saint-lary.com\/wp-content\/uploads\/\/ski-sarrat-1-36x27.jpg 36w, https:\/\/www.camping-saint-lary.com\/wp-content\/uploads\/\/ski-sarrat-1-48x36.jpg 48w, https:\/\/www.camping-saint-lary.com\/wp-content\/uploads\/\/ski-sarrat-1.jpg 1280w\" sizes=\"auto, (max-width: 1024px) 100vw, 1024px\" \/><\/div><\/a><a href=\"https:\/\/www.camping-saint-lary.com\/wp-content\/uploads\/piau-engaly-station-ski-min.jpg\" id=\"thumb-10269\" class=\"splide__slide image-link\" data-gallery=\"slide_858\"  data-counter=\"03\/03\" alt=\" \" class=\"image-link\"><div class=\"image-wrapper\"><img loading=\"lazy\" decoding=\"async\" width=\"1024\" height=\"577\" src=\"https:\/\/www.camping-saint-lary.com\/wp-content\/uploads\/piau-engaly-station-ski-min-1024x577.jpg\" class=\"attachment-gallery-medium size-gallery-medium\" alt=\"\" srcset=\"https:\/\/www.camping-saint-lary.com\/wp-content\/uploads\/\/piau-engaly-station-ski-min-1024x577.jpg 1024w, https:\/\/www.camping-saint-lary.com\/wp-content\/uploads\/\/piau-engaly-station-ski-min-768x433.jpg 768w, https:\/\/www.camping-saint-lary.com\/wp-content\/uploads\/\/piau-engaly-station-ski-min-1536x866.jpg 1536w, https:\/\/www.camping-saint-lary.com\/wp-content\/uploads\/\/piau-engaly-station-ski-min-512x289.jpg 512w, https:\/\/www.camping-saint-lary.com\/wp-content\/uploads\/\/piau-engaly-station-ski-min-256x144.jpg 256w, https:\/\/www.camping-saint-lary.com\/wp-content\/uploads\/\/piau-engaly-station-ski-min-24x14.jpg 24w, https:\/\/www.camping-saint-lary.com\/wp-content\/uploads\/\/piau-engaly-station-ski-min-36x20.jpg 36w, https:\/\/www.camping-saint-lary.com\/wp-content\/uploads\/\/piau-engaly-station-ski-min-48x27.jpg 48w, https:\/\/www.camping-saint-lary.com\/wp-content\/uploads\/\/piau-engaly-station-ski-min.jpg 2048w\" sizes=\"auto, (max-width: 1024px) 100vw, 1024px\" \/><\/div><\/a><\/div><\/div><\/div><\/div>\n                    \n<\/div><\/div>\n\n\n\n<div class=\"wp-block-group background-left-pink has-animation padding-container-mobile is-content-justification-center is-nowrap is-layout-flex wp-container-core-group-is-layout-32c2087b wp-block-group-is-layout-flex\" style=\"margin-top:var(--wp--preset--spacing--80);padding-top:var(--wp--preset--spacing--50);padding-bottom:var(--wp--preset--spacing--50)\">\n<div class=\"wp-image-slider border-pink-gallery-full animation--top animation--init--once has-text-align-left aspect-ratio-1_1\">\n\n                                        \n                    <script>\n                        'use strict';\n\n                        document.addEventListener('DOMContentLoaded', function () {\n\n                            (function() {\n                                const blockSlide = new Splide( '#slide_780', {\n                                    type : 'loop',\n                                    perPage: 1,\n                                                                        \n                                    breakpoints: {\n                                        800: {\n                                            perPage: 1,\n                                                                                    },\n                                        450: {\n                                            perPage: 1,\n                                            \n                                        },\n                                    },\n                                    pagination: false,\n                                    arrows: true,\n                                    gap: 'var(--wp--style--block-gap)',\n                                    i18n: {\n                                        slideLabel: '0%s \/ 0%s',\n                                    }\n                                } );\n                                \n\n                                if (!document.querySelector('#slide_780').closest('.banner-slide')) {\n                                    const options = {\n                                        rootMargin: '0px',\n                                        threshold: 0.5\n                                    };\n\n                                    const observer = new IntersectionObserver(function (entries, observer) {\n                                        entries.forEach(entry => {\n                                            if (entry.isIntersecting) {\n                                                console.log('Slider is visible');\n                                                blockSlide.go('+' + entry.target.dataset.counter);\n                                                blockSlide.go('+${1}');\n                                                observer.unobserve(entry.target); \/\/ stop observing the target element\n                                            }\n                                        });\n                                    }, options);\n\n                                    observer.observe(document.querySelector('#slide_780'));\n                                }\n\n\n                                \n\/*                                 blockSlide.on( 'mounted', function () {\n                                    blockSlide.go('+${1}');\n                                } ); *\/\n\n                                blockSlide.mount();\n                                                                \n                                \n\n                            })();\n                        })\n                    <\/script>\n\n                    <div class=\"slider-container\"><div class=\"splide galeria-slider galeria-columnas-1\" id=\"slide_780\"><div class=\"splide__track\"><div class=\"splide__list\"><a href=\"https:\/\/www.camping-saint-lary.com\/wp-content\/uploads\/la-reserve-du-neouvielle-pyrenees.jpg\" id=\"thumb-10323\" class=\"splide__slide image-link\" data-gallery=\"slide_780\"  data-counter=\"01\/05\" alt=\" \" class=\"image-link\"><div class=\"image-wrapper\"><img loading=\"lazy\" decoding=\"async\" width=\"1024\" height=\"1024\" src=\"https:\/\/www.camping-saint-lary.com\/wp-content\/uploads\/la-reserve-du-neouvielle-pyrenees-1024x1024.jpg\" class=\"attachment-gallery-medium size-gallery-medium\" alt=\"\" srcset=\"https:\/\/www.camping-saint-lary.com\/wp-content\/uploads\/\/la-reserve-du-neouvielle-pyrenees-1024x1024.jpg 1024w, https:\/\/www.camping-saint-lary.com\/wp-content\/uploads\/\/la-reserve-du-neouvielle-pyrenees-200x200.jpg 200w, https:\/\/www.camping-saint-lary.com\/wp-content\/uploads\/\/la-reserve-du-neouvielle-pyrenees-768x768.jpg 768w, https:\/\/www.camping-saint-lary.com\/wp-content\/uploads\/\/la-reserve-du-neouvielle-pyrenees-512x512.jpg 512w, https:\/\/www.camping-saint-lary.com\/wp-content\/uploads\/\/la-reserve-du-neouvielle-pyrenees-256x256.jpg 256w, https:\/\/www.camping-saint-lary.com\/wp-content\/uploads\/\/la-reserve-du-neouvielle-pyrenees-24x24.jpg 24w, https:\/\/www.camping-saint-lary.com\/wp-content\/uploads\/\/la-reserve-du-neouvielle-pyrenees-36x36.jpg 36w, https:\/\/www.camping-saint-lary.com\/wp-content\/uploads\/\/la-reserve-du-neouvielle-pyrenees-48x48.jpg 48w, https:\/\/www.camping-saint-lary.com\/wp-content\/uploads\/\/la-reserve-du-neouvielle-pyrenees.jpg 1080w\" sizes=\"auto, (max-width: 1024px) 100vw, 1024px\" \/><\/div><\/a><a href=\"https:\/\/www.camping-saint-lary.com\/wp-content\/uploads\/hourquette.jpg\" id=\"thumb-10288\" class=\"splide__slide image-link\" data-gallery=\"slide_780\"  data-counter=\"02\/05\" alt=\" OLYMPUS DIGITAL CAMERA\" class=\"image-link\"><div class=\"image-wrapper\"><img loading=\"lazy\" decoding=\"async\" width=\"1024\" height=\"682\" src=\"https:\/\/www.camping-saint-lary.com\/wp-content\/uploads\/hourquette-1024x682.jpg\" class=\"attachment-gallery-medium size-gallery-medium\" alt=\"\" srcset=\"https:\/\/www.camping-saint-lary.com\/wp-content\/uploads\/\/hourquette-1024x682.jpg 1024w, https:\/\/www.camping-saint-lary.com\/wp-content\/uploads\/\/hourquette-768x512.jpg 768w, https:\/\/www.camping-saint-lary.com\/wp-content\/uploads\/\/hourquette-1536x1024.jpg 1536w, https:\/\/www.camping-saint-lary.com\/wp-content\/uploads\/\/hourquette-512x341.jpg 512w, https:\/\/www.camping-saint-lary.com\/wp-content\/uploads\/\/hourquette-256x171.jpg 256w, https:\/\/www.camping-saint-lary.com\/wp-content\/uploads\/\/hourquette-24x16.jpg 24w, https:\/\/www.camping-saint-lary.com\/wp-content\/uploads\/\/hourquette-36x24.jpg 36w, https:\/\/www.camping-saint-lary.com\/wp-content\/uploads\/\/hourquette-48x32.jpg 48w, https:\/\/www.camping-saint-lary.com\/wp-content\/uploads\/\/hourquette.jpg 1700w\" sizes=\"auto, (max-width: 1024px) 100vw, 1024px\" \/><\/div><\/a><a href=\"https:\/\/www.camping-saint-lary.com\/wp-content\/uploads\/offres-speciales-banner.jpg\" id=\"thumb-10141\" class=\"splide__slide image-link\" data-gallery=\"slide_780\"  data-counter=\"03\/05\" alt=\" \" class=\"image-link\"><div class=\"image-wrapper\"><img loading=\"lazy\" decoding=\"async\" width=\"1024\" height=\"576\" src=\"https:\/\/www.camping-saint-lary.com\/wp-content\/uploads\/offres-speciales-banner-1024x576.jpg\" class=\"attachment-gallery-medium size-gallery-medium\" alt=\"\" srcset=\"https:\/\/www.camping-saint-lary.com\/wp-content\/uploads\/\/offres-speciales-banner-1024x576.jpg 1024w, https:\/\/www.camping-saint-lary.com\/wp-content\/uploads\/\/offres-speciales-banner-768x432.jpg 768w, https:\/\/www.camping-saint-lary.com\/wp-content\/uploads\/\/offres-speciales-banner-1536x864.jpg 1536w, https:\/\/www.camping-saint-lary.com\/wp-content\/uploads\/\/offres-speciales-banner-512x288.jpg 512w, https:\/\/www.camping-saint-lary.com\/wp-content\/uploads\/\/offres-speciales-banner-256x144.jpg 256w, https:\/\/www.camping-saint-lary.com\/wp-content\/uploads\/\/offres-speciales-banner-24x14.jpg 24w, https:\/\/www.camping-saint-lary.com\/wp-content\/uploads\/\/offres-speciales-banner-36x20.jpg 36w, https:\/\/www.camping-saint-lary.com\/wp-content\/uploads\/\/offres-speciales-banner-48x27.jpg 48w, https:\/\/www.camping-saint-lary.com\/wp-content\/uploads\/\/offres-speciales-banner.jpg 1920w\" sizes=\"auto, (max-width: 1024px) 100vw, 1024px\" \/><\/div><\/a><a href=\"https:\/\/www.camping-saint-lary.com\/wp-content\/uploads\/sites-naturelles.jpg\" id=\"thumb-9739\" class=\"splide__slide image-link\" data-gallery=\"slide_780\"  data-counter=\"04\/05\" alt=\" \" class=\"image-link\"><div class=\"image-wrapper\"><img loading=\"lazy\" decoding=\"async\" width=\"630\" height=\"575\" src=\"https:\/\/www.camping-saint-lary.com\/wp-content\/uploads\/sites-naturelles.jpg\" class=\"attachment-gallery-medium size-gallery-medium\" alt=\"\" srcset=\"https:\/\/www.camping-saint-lary.com\/wp-content\/uploads\/\/sites-naturelles.jpg 630w, https:\/\/www.camping-saint-lary.com\/wp-content\/uploads\/\/sites-naturelles-512x467.jpg 512w, https:\/\/www.camping-saint-lary.com\/wp-content\/uploads\/\/sites-naturelles-256x234.jpg 256w, https:\/\/www.camping-saint-lary.com\/wp-content\/uploads\/\/sites-naturelles-24x22.jpg 24w, https:\/\/www.camping-saint-lary.com\/wp-content\/uploads\/\/sites-naturelles-36x33.jpg 36w, https:\/\/www.camping-saint-lary.com\/wp-content\/uploads\/\/sites-naturelles-48x44.jpg 48w\" sizes=\"auto, (max-width: 630px) 100vw, 630px\" \/><\/div><\/a><a href=\"https:\/\/www.camping-saint-lary.com\/wp-content\/uploads\/neouvielle-parc-national.jpg\" id=\"thumb-10324\" class=\"splide__slide image-link\" data-gallery=\"slide_780\"  data-counter=\"05\/05\" alt=\" \" class=\"image-link\"><div class=\"image-wrapper\"><img loading=\"lazy\" decoding=\"async\" width=\"1024\" height=\"611\" src=\"https:\/\/www.camping-saint-lary.com\/wp-content\/uploads\/neouvielle-parc-national-1024x611.jpg\" class=\"attachment-gallery-medium size-gallery-medium\" alt=\"\" srcset=\"https:\/\/www.camping-saint-lary.com\/wp-content\/uploads\/\/neouvielle-parc-national-1024x611.jpg 1024w, https:\/\/www.camping-saint-lary.com\/wp-content\/uploads\/\/neouvielle-parc-national-768x458.jpg 768w, https:\/\/www.camping-saint-lary.com\/wp-content\/uploads\/\/neouvielle-parc-national-1536x916.jpg 1536w, https:\/\/www.camping-saint-lary.com\/wp-content\/uploads\/\/neouvielle-parc-national-512x305.jpg 512w, https:\/\/www.camping-saint-lary.com\/wp-content\/uploads\/\/neouvielle-parc-national-256x153.jpg 256w, https:\/\/www.camping-saint-lary.com\/wp-content\/uploads\/\/neouvielle-parc-national-24x14.jpg 24w, https:\/\/www.camping-saint-lary.com\/wp-content\/uploads\/\/neouvielle-parc-national-36x21.jpg 36w, https:\/\/www.camping-saint-lary.com\/wp-content\/uploads\/\/neouvielle-parc-national-48x29.jpg 48w, https:\/\/www.camping-saint-lary.com\/wp-content\/uploads\/\/neouvielle-parc-national.jpg 2048w\" sizes=\"auto, (max-width: 1024px) 100vw, 1024px\" \/><\/div><\/a><\/div><\/div><\/div><\/div>\n                    \n<\/div>\n\n\n<div class=\"wp-block-group animation--top animation--init--once is-nowrap is-layout-flex wp-container-core-group-is-layout-6c531013 wp-block-group-is-layout-flex\">\n<div class=\"wp-block-group is-layout-constrained wp-block-group-is-layout-constrained\">\n<div class=\"wp-block-group is-nowrap is-layout-flex wp-container-core-group-is-layout-6c531013 wp-block-group-is-layout-flex\">\n<h3 class=\"wp-block-heading has-theme-pink-2-color has-text-color\" style=\"font-size:40px\">Los lagos de la reserva del Neouvielle : Una joya natural de los Pirineos<\/h3>\n<\/div>\n\n\n\n<p>\ud83c\udfd4\ufe0f <strong>La Reserva Natural del N\u00e9ouvielle: Un Santuario de Lagos de Alta Monta\u00f1a<\/strong><\/p>\n\n\n\n<p>Bienvenido a la Reserva Natural del N\u00e9ouvielle, un aut\u00e9ntico tesoro enclavado en el coraz\u00f3n de las majestuosas monta\u00f1as de los Pirineos. Este sitio excepcional alberga una colecci\u00f3n fascinante de lagos de altura, ofreciendo una experiencia natural impresionante tanto para peque\u00f1os como para grandes exploradores.<\/p>\n\n\n\n<p>\ud83d\udccc <strong>Informaci\u00f3n pr\u00e1ctica<\/strong>: Para preservar la magia del lugar y debido a la nieve, la famosa Ruta de los Lagos abre a partir del mes de mayo (seg\u00fan las condiciones clim\u00e1ticas). \u00a1Es la se\u00f1al del regreso de las rutas primaverales!<\/p>\n\n\n\n<h4 class=\"wp-block-heading\">La Ruta de los Lagos: Joyas al Alcance de la Mano<br><\/h4>\n\n\n\n<p>La Reserva se distingue por sus paisajes de granito y sus pinos negros centenarios. Estos son los imprescindibles de tu visita:<\/p>\n\n\n\n<p><strong>El Lago de Or\u00e9don<\/strong>: Verdadera perla de la reserva, este lago es una parada obligatoria para los amantes de la serenidad. Es el punto de partida ideal para sumergirse en el ambiente de alta monta\u00f1a desde el primer momento.<\/p>\n\n\n\n<p><strong>El Lago de Cap-de-Long<\/strong>: El lago m\u00e1s grande de la reserva. Rodeado de imponentes paredes rocosas, este majestuoso embalse es accesible en coche. Constituye una base estrat\u00e9gica para senderistas experimentados y escaladores.<\/p>\n\n\n\n<p><strong>El Lago de Aubert<\/strong>: Esta primera joya de altura seduce con sus aguas cristalinas que reflejan las cumbres circundantes. Un sendero f\u00e1cil y familiar conduce hasta \u00e9l para disfrutar de una contemplaci\u00f3n tranquila.<\/p>\n\n\n\n<p><strong>El Lago de Aumar<\/strong>: Situado muy cerca de Aubert, ofrece una vista espectacular de los Picos del N\u00e9ouvielle. Su belleza reside en los reflejos cambiantes de la roca sobre sus aguas calmadas.<\/p>\n\n\n\n<h4 class=\"wp-block-heading\">Una Inmersi\u00f3n entre Cielo y Agua<\/h4>\n\n\n\n<p>Tanto si eres un aventurero en busca de cumbres como un caminante que desea la calma de la monta\u00f1a, la Reserva del N\u00e9ouvielle te permitir\u00e1 conectar profundamente con los elementos. Aqu\u00ed, el aire puro, el silencio y la luz crean una sensaci\u00f3n de libertad absoluta.<\/p>\n\n\n\n<p>Un lugar suspendido entre cielo y agua, donde cada paso es una invitaci\u00f3n a maravillarse.<\/p>\n<\/div>\n<\/div>\n<\/div>\n\n\n\n<div class=\"wp-block-group background-right-green has-animation padding-container-mobile is-content-justification-center is-nowrap is-layout-flex wp-container-core-group-is-layout-7a84741e wp-block-group-is-layout-flex\" style=\"margin-top:var(--wp--preset--spacing--80);padding-top:var(--wp--preset--spacing--50);padding-bottom:var(--wp--preset--spacing--50)\">\n<div class=\"wp-block-group animation--top animation--init--once is-nowrap is-layout-flex wp-container-core-group-is-layout-6c531013 wp-block-group-is-layout-flex\">\n<div class=\"wp-block-group is-layout-constrained wp-block-group-is-layout-constrained\">\n<div class=\"wp-block-group is-nowrap is-layout-flex wp-container-core-group-is-layout-6c531013 wp-block-group-is-layout-flex\">\n<h3 class=\"wp-block-heading has-theme-green-light-color has-text-color\" style=\"font-size:40px\">Deportes de aguas bravas<\/h3>\n<\/div>\n\n\n\n<p>\ud83c\udf04 <strong>Sensaciones y Naturaleza: La Aventura a Gran Escala en Saint-Lary Soulan<\/strong><\/p>\n\n\n\n<p>Si la monta\u00f1a es un remanso de paz, tambi\u00e9n es el m\u00e1s extraordinario de los terrenos de juego para los amantes de la adrenalina y de la vida salvaje. En Saint-Lary Soulan, la aventura se vive en tierra, en el agua y en el aire.<\/p>\n\n\n\n<h4 class=\"wp-block-heading\">Aguas Bravas y Emoci\u00f3n: Domar los Torrentes<\/h4>\n\n\n\n<p>D\u00e9jate tentar por los deportes de aguas bravas. Ya sea en familia o con amigos, el valle ofrece recorridos memorables:<\/p>\n\n\n\n<p><strong>El Rafting<\/strong>: Una experiencia colectiva y divertida para superar los r\u00e1pidos en un ambiente lleno de energ\u00eda.<\/p>\n\n\n\n<p><strong>El Canyoning<\/strong>: Salta, desl\u00edzate y desciende en r\u00e1pel en el coraz\u00f3n de gargantas esculpidas por el tiempo. Una inmersi\u00f3n refrescante y espectacular.<\/p>\n\n\n\n<h4 class=\"wp-block-heading\">Toma Altura: El Parapente<\/h4>\n\n\n\n<p>Para quienes sue\u00f1an con sobrevolar las crestas, los deportes a\u00e9reos como el parapente ofrecen una perspectiva \u00fanica. Deslizarse en las corrientes de aire caliente, en silencio, con el valle a tus pies, proporciona una emoci\u00f3n y una sensaci\u00f3n de libertad incomparables.<\/p>\n\n\n\n<h4 class=\"wp-block-heading\">Una Naturaleza Viva y Preservada<\/h4>\n\n\n\n<p>M\u00e1s all\u00e1 de la acci\u00f3n, te seducir\u00e1 sin duda la riqueza de la fauna y la flora de nuestros macizos. En el camino podr\u00e1s encontrarte con:<\/p>\n\n\n\n<p><strong>Reba\u00f1os de vacas y ovejas en los pastos de altura<\/strong>, cuya tranquilidad apenas se ve alterada.<\/p>\n\n\n\n<p><strong>La silueta majestuosa de un \u00e1guila real<\/strong> planeando sobre los prados.<\/p>\n\n\n\n<p><strong>El silbido agudo de una marmota vigilante<\/strong>, aut\u00e9ntica centinela de nuestras monta\u00f1as.<\/p>\n\n\n\n<p>Cada salida es una oportunidad para reconectar profundamente con la naturaleza, respirar aire puro y vivir momentos intensos en un entorno grandioso.<\/p>\n<\/div>\n<\/div>\n\n\n\n<div class=\"wp-image-slider border-green-gallery-full animation--top animation--init--once has-text-align-left aspect-ratio-1_1\">\n\n                                        \n                    <script>\n                        'use strict';\n\n                        document.addEventListener('DOMContentLoaded', function () {\n\n                            (function() {\n                                const blockSlide = new Splide( '#slide_579', {\n                                    type : 'loop',\n                                    perPage: 1,\n                                                                        \n                                    breakpoints: {\n                                        800: {\n                                            perPage: 1,\n                                                                                    },\n                                        450: {\n                                            perPage: 1,\n                                            \n                                        },\n                                    },\n                                    pagination: false,\n                                    arrows: true,\n                                    gap: 'var(--wp--style--block-gap)',\n                                    i18n: {\n                                        slideLabel: '0%s \/ 0%s',\n                                    }\n                                } );\n                                \n\n                                if (!document.querySelector('#slide_579').closest('.banner-slide')) {\n                                    const options = {\n                                        rootMargin: '0px',\n                                        threshold: 0.5\n                                    };\n\n                                    const observer = new IntersectionObserver(function (entries, observer) {\n                                        entries.forEach(entry => {\n                                            if (entry.isIntersecting) {\n                                                console.log('Slider is visible');\n                                                blockSlide.go('+' + entry.target.dataset.counter);\n                                                blockSlide.go('+${1}');\n                                                observer.unobserve(entry.target); \/\/ stop observing the target element\n                                            }\n                                        });\n                                    }, options);\n\n                                    observer.observe(document.querySelector('#slide_579'));\n                                }\n\n\n                                \n\/*                                 blockSlide.on( 'mounted', function () {\n                                    blockSlide.go('+${1}');\n                                } ); *\/\n\n                                blockSlide.mount();\n                                                                \n                                \n\n                            })();\n                        })\n                    <\/script>\n\n                    <div class=\"slider-container\"><div class=\"splide galeria-slider galeria-columnas-1\" id=\"slide_579\"><div class=\"splide__track\"><div class=\"splide__list\"><a href=\"https:\/\/www.camping-saint-lary.com\/wp-content\/uploads\/canyoning-sarrat-evasion-2.jpeg\" id=\"thumb-10253\" class=\"splide__slide image-link\" data-gallery=\"slide_579\"  data-counter=\"01\/05\" alt=\" \" class=\"image-link\"><div class=\"image-wrapper\"><img loading=\"lazy\" decoding=\"async\" width=\"1024\" height=\"768\" src=\"https:\/\/www.camping-saint-lary.com\/wp-content\/uploads\/canyoning-sarrat-evasion-2-1024x768.jpeg\" class=\"attachment-gallery-medium size-gallery-medium\" alt=\"\" srcset=\"https:\/\/www.camping-saint-lary.com\/wp-content\/uploads\/\/canyoning-sarrat-evasion-2-1024x768.jpeg 1024w, https:\/\/www.camping-saint-lary.com\/wp-content\/uploads\/\/canyoning-sarrat-evasion-2-768x576.jpeg 768w, https:\/\/www.camping-saint-lary.com\/wp-content\/uploads\/\/canyoning-sarrat-evasion-2-1536x1152.jpeg 1536w, https:\/\/www.camping-saint-lary.com\/wp-content\/uploads\/\/canyoning-sarrat-evasion-2-512x384.jpeg 512w, https:\/\/www.camping-saint-lary.com\/wp-content\/uploads\/\/canyoning-sarrat-evasion-2-256x192.jpeg 256w, https:\/\/www.camping-saint-lary.com\/wp-content\/uploads\/\/canyoning-sarrat-evasion-2-24x18.jpeg 24w, https:\/\/www.camping-saint-lary.com\/wp-content\/uploads\/\/canyoning-sarrat-evasion-2-36x27.jpeg 36w, https:\/\/www.camping-saint-lary.com\/wp-content\/uploads\/\/canyoning-sarrat-evasion-2-48x36.jpeg 48w, https:\/\/www.camping-saint-lary.com\/wp-content\/uploads\/\/canyoning-sarrat-evasion-2.jpeg 2048w\" sizes=\"auto, (max-width: 1024px) 100vw, 1024px\" \/><\/div><\/a><a href=\"https:\/\/www.camping-saint-lary.com\/wp-content\/uploads\/canyoninig-sarrat.jpg\" id=\"thumb-10252\" class=\"splide__slide image-link\" data-gallery=\"slide_579\"  data-counter=\"02\/05\" alt=\" \" class=\"image-link\"><div class=\"image-wrapper\"><img loading=\"lazy\" decoding=\"async\" width=\"1024\" height=\"768\" src=\"https:\/\/www.camping-saint-lary.com\/wp-content\/uploads\/canyoninig-sarrat-1024x768.jpg\" class=\"attachment-gallery-medium size-gallery-medium\" alt=\"\" srcset=\"https:\/\/www.camping-saint-lary.com\/wp-content\/uploads\/\/canyoninig-sarrat-1024x768.jpg 1024w, https:\/\/www.camping-saint-lary.com\/wp-content\/uploads\/\/canyoninig-sarrat-768x576.jpg 768w, https:\/\/www.camping-saint-lary.com\/wp-content\/uploads\/\/canyoninig-sarrat-1536x1152.jpg 1536w, https:\/\/www.camping-saint-lary.com\/wp-content\/uploads\/\/canyoninig-sarrat-512x384.jpg 512w, https:\/\/www.camping-saint-lary.com\/wp-content\/uploads\/\/canyoninig-sarrat-256x192.jpg 256w, https:\/\/www.camping-saint-lary.com\/wp-content\/uploads\/\/canyoninig-sarrat-24x18.jpg 24w, https:\/\/www.camping-saint-lary.com\/wp-content\/uploads\/\/canyoninig-sarrat-36x27.jpg 36w, https:\/\/www.camping-saint-lary.com\/wp-content\/uploads\/\/canyoninig-sarrat-48x36.jpg 48w, https:\/\/www.camping-saint-lary.com\/wp-content\/uploads\/\/canyoninig-sarrat.jpg 2048w\" sizes=\"auto, (max-width: 1024px) 100vw, 1024px\" \/><\/div><\/a><a href=\"https:\/\/www.camping-saint-lary.com\/wp-content\/uploads\/rafting-activite-camping.jpg\" id=\"thumb-10239\" class=\"splide__slide image-link\" data-gallery=\"slide_579\"  data-counter=\"03\/05\" alt=\" \" class=\"image-link\"><div class=\"image-wrapper\"><img loading=\"lazy\" decoding=\"async\" width=\"631\" height=\"576\" src=\"https:\/\/www.camping-saint-lary.com\/wp-content\/uploads\/rafting-activite-camping.jpg\" class=\"attachment-gallery-medium size-gallery-medium\" alt=\"\" srcset=\"https:\/\/www.camping-saint-lary.com\/wp-content\/uploads\/\/rafting-activite-camping.jpg 631w, https:\/\/www.camping-saint-lary.com\/wp-content\/uploads\/\/rafting-activite-camping-512x467.jpg 512w, https:\/\/www.camping-saint-lary.com\/wp-content\/uploads\/\/rafting-activite-camping-256x234.jpg 256w, https:\/\/www.camping-saint-lary.com\/wp-content\/uploads\/\/rafting-activite-camping-24x22.jpg 24w, https:\/\/www.camping-saint-lary.com\/wp-content\/uploads\/\/rafting-activite-camping-36x33.jpg 36w, https:\/\/www.camping-saint-lary.com\/wp-content\/uploads\/\/rafting-activite-camping-48x44.jpg 48w\" sizes=\"auto, (max-width: 631px) 100vw, 631px\" \/><\/div><\/a><a href=\"https:\/\/www.camping-saint-lary.com\/wp-content\/uploads\/canyon-sport-1.jpg\" id=\"thumb-10548\" class=\"splide__slide image-link\" data-gallery=\"slide_579\"  data-counter=\"04\/05\" alt=\" \" class=\"image-link\"><div class=\"image-wrapper\"><img loading=\"lazy\" decoding=\"async\" width=\"796\" height=\"1024\" src=\"https:\/\/www.camping-saint-lary.com\/wp-content\/uploads\/canyon-sport-1-796x1024.jpg\" class=\"attachment-gallery-medium size-gallery-medium\" alt=\"\" srcset=\"https:\/\/www.camping-saint-lary.com\/wp-content\/uploads\/\/canyon-sport-1-796x1024.jpg 796w, https:\/\/www.camping-saint-lary.com\/wp-content\/uploads\/\/canyon-sport-1-768x988.jpg 768w, https:\/\/www.camping-saint-lary.com\/wp-content\/uploads\/\/canyon-sport-1-398x512.jpg 398w, https:\/\/www.camping-saint-lary.com\/wp-content\/uploads\/\/canyon-sport-1-199x256.jpg 199w, https:\/\/www.camping-saint-lary.com\/wp-content\/uploads\/\/canyon-sport-1-19x24.jpg 19w, https:\/\/www.camping-saint-lary.com\/wp-content\/uploads\/\/canyon-sport-1-28x36.jpg 28w, https:\/\/www.camping-saint-lary.com\/wp-content\/uploads\/\/canyon-sport-1-37x48.jpg 37w, https:\/\/www.camping-saint-lary.com\/wp-content\/uploads\/\/canyon-sport-1.jpg 1005w\" sizes=\"auto, (max-width: 796px) 100vw, 796px\" \/><\/div><\/a><a href=\"https:\/\/www.camping-saint-lary.com\/wp-content\/uploads\/canyon-sport-saint-lary-soulan.jpg\" id=\"thumb-10549\" class=\"splide__slide image-link\" data-gallery=\"slide_579\"  data-counter=\"05\/05\" alt=\" \" class=\"image-link\"><div class=\"image-wrapper\"><img loading=\"lazy\" decoding=\"async\" width=\"870\" height=\"575\" src=\"https:\/\/www.camping-saint-lary.com\/wp-content\/uploads\/canyon-sport-saint-lary-soulan.jpg\" class=\"attachment-gallery-medium size-gallery-medium\" alt=\"\" srcset=\"https:\/\/www.camping-saint-lary.com\/wp-content\/uploads\/\/canyon-sport-saint-lary-soulan.jpg 870w, https:\/\/www.camping-saint-lary.com\/wp-content\/uploads\/\/canyon-sport-saint-lary-soulan-768x508.jpg 768w, https:\/\/www.camping-saint-lary.com\/wp-content\/uploads\/\/canyon-sport-saint-lary-soulan-512x338.jpg 512w, https:\/\/www.camping-saint-lary.com\/wp-content\/uploads\/\/canyon-sport-saint-lary-soulan-256x169.jpg 256w, https:\/\/www.camping-saint-lary.com\/wp-content\/uploads\/\/canyon-sport-saint-lary-soulan-24x16.jpg 24w, https:\/\/www.camping-saint-lary.com\/wp-content\/uploads\/\/canyon-sport-saint-lary-soulan-36x24.jpg 36w, https:\/\/www.camping-saint-lary.com\/wp-content\/uploads\/\/canyon-sport-saint-lary-soulan-48x32.jpg 48w\" sizes=\"auto, (max-width: 870px) 100vw, 870px\" \/><\/div><\/a><\/div><\/div><\/div><\/div>\n                    \n<\/div><\/div>\n\n\n\n<div class=\"wp-block-group background-left-pink has-animation padding-container-mobile is-content-justification-center is-nowrap is-layout-flex wp-container-core-group-is-layout-32c2087b wp-block-group-is-layout-flex\" style=\"margin-top:var(--wp--preset--spacing--80);padding-top:var(--wp--preset--spacing--50);padding-bottom:var(--wp--preset--spacing--50)\">\n<div class=\"wp-image-slider border-pink-gallery-full animation--top animation--init--once has-text-align-left aspect-ratio-1_1\">\n\n                                        \n                    <script>\n                        'use strict';\n\n                        document.addEventListener('DOMContentLoaded', function () {\n\n                            (function() {\n                                const blockSlide = new Splide( '#slide_938', {\n                                    type : 'loop',\n                                    perPage: 1,\n                                                                        \n                                    breakpoints: {\n                                        800: {\n                                            perPage: 1,\n                                                                                    },\n                                        450: {\n                                            perPage: 1,\n                                            \n                                        },\n                                    },\n                                    pagination: false,\n                                    arrows: true,\n                                    gap: 'var(--wp--style--block-gap)',\n                                    i18n: {\n                                        slideLabel: '0%s \/ 0%s',\n                                    }\n                                } );\n                                \n\n                                if (!document.querySelector('#slide_938').closest('.banner-slide')) {\n                                    const options = {\n                                        rootMargin: '0px',\n                                        threshold: 0.5\n                                    };\n\n                                    const observer = new IntersectionObserver(function (entries, observer) {\n                                        entries.forEach(entry => {\n                                            if (entry.isIntersecting) {\n                                                console.log('Slider is visible');\n                                                blockSlide.go('+' + entry.target.dataset.counter);\n                                                blockSlide.go('+${1}');\n                                                observer.unobserve(entry.target); \/\/ stop observing the target element\n                                            }\n                                        });\n                                    }, options);\n\n                                    observer.observe(document.querySelector('#slide_938'));\n                                }\n\n\n                                \n\/*                                 blockSlide.on( 'mounted', function () {\n                                    blockSlide.go('+${1}');\n                                } ); *\/\n\n                                blockSlide.mount();\n                                                                \n                                \n\n                            })();\n                        })\n                    <\/script>\n\n                    <div class=\"slider-container\"><div class=\"splide galeria-slider galeria-columnas-1\" id=\"slide_938\"><div class=\"splide__track\"><div class=\"splide__list\"><a href=\"https:\/\/www.camping-saint-lary.com\/wp-content\/uploads\/img-20220818-wa0000.jpg\" id=\"thumb-10287\" class=\"splide__slide image-link\" data-gallery=\"slide_938\"  data-counter=\"01\/05\" alt=\" \" class=\"image-link\"><div class=\"image-wrapper\"><img loading=\"lazy\" decoding=\"async\" width=\"1024\" height=\"576\" src=\"https:\/\/www.camping-saint-lary.com\/wp-content\/uploads\/img-20220818-wa0000-1024x576.jpg\" class=\"attachment-gallery-medium size-gallery-medium\" alt=\"\" srcset=\"https:\/\/www.camping-saint-lary.com\/wp-content\/uploads\/\/img-20220818-wa0000-1024x576.jpg 1024w, https:\/\/www.camping-saint-lary.com\/wp-content\/uploads\/\/img-20220818-wa0000-768x432.jpg 768w, https:\/\/www.camping-saint-lary.com\/wp-content\/uploads\/\/img-20220818-wa0000-1536x864.jpg 1536w, https:\/\/www.camping-saint-lary.com\/wp-content\/uploads\/\/img-20220818-wa0000-512x288.jpg 512w, https:\/\/www.camping-saint-lary.com\/wp-content\/uploads\/\/img-20220818-wa0000-256x144.jpg 256w, https:\/\/www.camping-saint-lary.com\/wp-content\/uploads\/\/img-20220818-wa0000-24x14.jpg 24w, https:\/\/www.camping-saint-lary.com\/wp-content\/uploads\/\/img-20220818-wa0000-36x20.jpg 36w, https:\/\/www.camping-saint-lary.com\/wp-content\/uploads\/\/img-20220818-wa0000-48x27.jpg 48w, https:\/\/www.camping-saint-lary.com\/wp-content\/uploads\/\/img-20220818-wa0000.jpg 1600w\" sizes=\"auto, (max-width: 1024px) 100vw, 1024px\" \/><\/div><\/a><a href=\"https:\/\/www.camping-saint-lary.com\/wp-content\/uploads\/agos-loisirs-camping-autun-1.jpg\" id=\"thumb-10301\" class=\"splide__slide image-link\" data-gallery=\"slide_938\"  data-counter=\"02\/05\" alt=\" \" class=\"image-link\"><div class=\"image-wrapper\"><img loading=\"lazy\" decoding=\"async\" width=\"1024\" height=\"763\" src=\"https:\/\/www.camping-saint-lary.com\/wp-content\/uploads\/agos-loisirs-camping-autun-1-1024x763.jpg\" class=\"attachment-gallery-medium size-gallery-medium\" alt=\"\" srcset=\"https:\/\/www.camping-saint-lary.com\/wp-content\/uploads\/\/agos-loisirs-camping-autun-1-1024x763.jpg 1024w, https:\/\/www.camping-saint-lary.com\/wp-content\/uploads\/\/agos-loisirs-camping-autun-1-768x572.jpg 768w, https:\/\/www.camping-saint-lary.com\/wp-content\/uploads\/\/agos-loisirs-camping-autun-1-512x381.jpg 512w, https:\/\/www.camping-saint-lary.com\/wp-content\/uploads\/\/agos-loisirs-camping-autun-1-256x191.jpg 256w, https:\/\/www.camping-saint-lary.com\/wp-content\/uploads\/\/agos-loisirs-camping-autun-1-24x18.jpg 24w, https:\/\/www.camping-saint-lary.com\/wp-content\/uploads\/\/agos-loisirs-camping-autun-1-36x27.jpg 36w, https:\/\/www.camping-saint-lary.com\/wp-content\/uploads\/\/agos-loisirs-camping-autun-1-48x36.jpg 48w, https:\/\/www.camping-saint-lary.com\/wp-content\/uploads\/\/agos-loisirs-camping-autun-1.jpg 1122w\" sizes=\"auto, (max-width: 1024px) 100vw, 1024px\" \/><\/div><\/a><a href=\"https:\/\/www.camping-saint-lary.com\/wp-content\/uploads\/peche-neste-pyrenees.jpg\" id=\"thumb-10534\" class=\"splide__slide image-link\" data-gallery=\"slide_938\"  data-counter=\"03\/05\" alt=\" \" class=\"image-link\"><div class=\"image-wrapper\"><img loading=\"lazy\" decoding=\"async\" width=\"1016\" height=\"1024\" src=\"https:\/\/www.camping-saint-lary.com\/wp-content\/uploads\/peche-neste-pyrenees-1016x1024.jpg\" class=\"attachment-gallery-medium size-gallery-medium\" alt=\"\" srcset=\"https:\/\/www.camping-saint-lary.com\/wp-content\/uploads\/\/peche-neste-pyrenees-1016x1024.jpg 1016w, https:\/\/www.camping-saint-lary.com\/wp-content\/uploads\/\/peche-neste-pyrenees-768x774.jpg 768w, https:\/\/www.camping-saint-lary.com\/wp-content\/uploads\/\/peche-neste-pyrenees-508x512.jpg 508w, https:\/\/www.camping-saint-lary.com\/wp-content\/uploads\/\/peche-neste-pyrenees-254x256.jpg 254w, https:\/\/www.camping-saint-lary.com\/wp-content\/uploads\/\/peche-neste-pyrenees-24x24.jpg 24w, https:\/\/www.camping-saint-lary.com\/wp-content\/uploads\/\/peche-neste-pyrenees-36x36.jpg 36w, https:\/\/www.camping-saint-lary.com\/wp-content\/uploads\/\/peche-neste-pyrenees-48x48.jpg 48w, https:\/\/www.camping-saint-lary.com\/wp-content\/uploads\/\/peche-neste-pyrenees.jpg 1472w\" sizes=\"auto, (max-width: 1016px) 100vw, 1016px\" \/><\/div><\/a><a href=\"https:\/\/www.camping-saint-lary.com\/wp-content\/uploads\/la-reserve-du-neouvielle-pyrenees.jpg\" id=\"thumb-10323\" class=\"splide__slide image-link\" data-gallery=\"slide_938\"  data-counter=\"04\/05\" alt=\" \" class=\"image-link\"><div class=\"image-wrapper\"><img loading=\"lazy\" decoding=\"async\" width=\"1024\" height=\"1024\" src=\"https:\/\/www.camping-saint-lary.com\/wp-content\/uploads\/la-reserve-du-neouvielle-pyrenees-1024x1024.jpg\" class=\"attachment-gallery-medium size-gallery-medium\" alt=\"\" srcset=\"https:\/\/www.camping-saint-lary.com\/wp-content\/uploads\/\/la-reserve-du-neouvielle-pyrenees-1024x1024.jpg 1024w, https:\/\/www.camping-saint-lary.com\/wp-content\/uploads\/\/la-reserve-du-neouvielle-pyrenees-200x200.jpg 200w, https:\/\/www.camping-saint-lary.com\/wp-content\/uploads\/\/la-reserve-du-neouvielle-pyrenees-768x768.jpg 768w, https:\/\/www.camping-saint-lary.com\/wp-content\/uploads\/\/la-reserve-du-neouvielle-pyrenees-512x512.jpg 512w, https:\/\/www.camping-saint-lary.com\/wp-content\/uploads\/\/la-reserve-du-neouvielle-pyrenees-256x256.jpg 256w, https:\/\/www.camping-saint-lary.com\/wp-content\/uploads\/\/la-reserve-du-neouvielle-pyrenees-24x24.jpg 24w, https:\/\/www.camping-saint-lary.com\/wp-content\/uploads\/\/la-reserve-du-neouvielle-pyrenees-36x36.jpg 36w, https:\/\/www.camping-saint-lary.com\/wp-content\/uploads\/\/la-reserve-du-neouvielle-pyrenees-48x48.jpg 48w, https:\/\/www.camping-saint-lary.com\/wp-content\/uploads\/\/la-reserve-du-neouvielle-pyrenees.jpg 1080w\" sizes=\"auto, (max-width: 1024px) 100vw, 1024px\" \/><\/div><\/a><a href=\"https:\/\/www.camping-saint-lary.com\/wp-content\/uploads\/neouvielle-parc-national.jpg\" id=\"thumb-10324\" class=\"splide__slide image-link\" data-gallery=\"slide_938\"  data-counter=\"05\/05\" alt=\" \" class=\"image-link\"><div class=\"image-wrapper\"><img loading=\"lazy\" decoding=\"async\" width=\"1024\" height=\"611\" src=\"https:\/\/www.camping-saint-lary.com\/wp-content\/uploads\/neouvielle-parc-national-1024x611.jpg\" class=\"attachment-gallery-medium size-gallery-medium\" alt=\"\" srcset=\"https:\/\/www.camping-saint-lary.com\/wp-content\/uploads\/\/neouvielle-parc-national-1024x611.jpg 1024w, https:\/\/www.camping-saint-lary.com\/wp-content\/uploads\/\/neouvielle-parc-national-768x458.jpg 768w, https:\/\/www.camping-saint-lary.com\/wp-content\/uploads\/\/neouvielle-parc-national-1536x916.jpg 1536w, https:\/\/www.camping-saint-lary.com\/wp-content\/uploads\/\/neouvielle-parc-national-512x305.jpg 512w, https:\/\/www.camping-saint-lary.com\/wp-content\/uploads\/\/neouvielle-parc-national-256x153.jpg 256w, https:\/\/www.camping-saint-lary.com\/wp-content\/uploads\/\/neouvielle-parc-national-24x14.jpg 24w, https:\/\/www.camping-saint-lary.com\/wp-content\/uploads\/\/neouvielle-parc-national-36x21.jpg 36w, https:\/\/www.camping-saint-lary.com\/wp-content\/uploads\/\/neouvielle-parc-national-48x29.jpg 48w, https:\/\/www.camping-saint-lary.com\/wp-content\/uploads\/\/neouvielle-parc-national.jpg 2048w\" sizes=\"auto, (max-width: 1024px) 100vw, 1024px\" \/><\/div><\/a><\/div><\/div><\/div><\/div>\n                    \n<\/div>\n\n\n<div class=\"wp-block-group animation--top animation--init--once is-nowrap is-layout-flex wp-container-core-group-is-layout-6c531013 wp-block-group-is-layout-flex\">\n<div class=\"wp-block-group is-layout-constrained wp-block-group-is-layout-constrained\">\n<div class=\"wp-block-group is-nowrap is-layout-flex wp-container-core-group-is-layout-6c531013 wp-block-group-is-layout-flex\">\n<h3 class=\"wp-block-heading has-theme-pink-2-color has-text-color\" style=\"font-size:40px\">Base de ocio<\/h3>\n<\/div>\n\n\n\n<p><strong>Un Emplazamiento Privilegiado entre Relax y Rutas M\u00edticas<\/strong><\/p>\n\n\n\n<p>Elegir nuestro establecimiento es asegurarte una estancia donde todo est\u00e1 al alcance de la mano. Tanto si buscas actividades en familia como ascensiones deportivas, nuestra ubicaci\u00f3n en el coraz\u00f3n del valle es tu mejor aliado.<\/p>\n\n\n\n<h4 class=\"wp-block-heading\">La Base de Ocio de Agos: Un Ed\u00e9n Familiar a 20 min<\/h4>\n\n\n\n<p>\u00a1Olvida el coche durante un paseo! Podr\u00e1s acceder directamente al carril bici y llegar a la base de ocio de Agos en solo 20 minutos a pie. Es el lugar ideal para compartir momentos agradables gracias a sus m\u00faltiples instalaciones:<\/p>\n\n\n\n<p><strong>Actividades l\u00fadicas<\/strong>: Juegos infantiles, bike-park para j\u00f3venes riders y circuito de salud.<\/p>\n\n\n\n<p><strong>Relax y Naturaleza<\/strong>: Zonas de picnic a la sombra y espacios de pesca.<\/p>\n\n\n\n<p><strong>Accesibilidad<\/strong>: La base se enorgullece de ofrecer dos plataformas de pesca especialmente adaptadas para personas con movilidad reducida (PMR), garantizando a todos el acceso a los placeres junto al agua.<\/p>\n\n\n\n<h4 class=\"wp-block-heading\">A las Puertas de la Reserva del N\u00e9ouvielle<\/h4>\n\n\n\n<p>Senderistas y amantes de los Pirineos estar\u00e1n encantados: nuestro camping est\u00e1 idealmente situado para acceder a la famosa Ruta de los Lagos. Este recorrido legendario conduce a los parajes m\u00e1s prestigiosos de la Reserva Natural del N\u00e9ouvielle.<\/p>\n\n\n\n<p>En coche, podr\u00e1s llegar f\u00e1cilmente a los senderos que conducen a las joyas de alta monta\u00f1a: los lagos de Aubert, Aumar, Or\u00e9don, Cap-de-Long o el magn\u00edfico lago de l\u2019Oule. Tanto si buscas un paseo familiar alrededor de aguas cristalinas como una ruta alpina m\u00e1s exigente, la aventura comienza a pocos minutos de tu alojamiento.<\/p>\n<\/div>\n<\/div>\n<\/div>\n\n\n\n<div class=\"wp-block-group background-right-green has-animation padding-container-mobile is-content-justification-center is-nowrap is-layout-flex wp-container-core-group-is-layout-7a84741e wp-block-group-is-layout-flex\" style=\"margin-top:var(--wp--preset--spacing--80);padding-top:var(--wp--preset--spacing--50);padding-bottom:var(--wp--preset--spacing--50)\">\n<div class=\"wp-block-group animation--top animation--init--once is-nowrap is-layout-flex wp-container-core-group-is-layout-6c531013 wp-block-group-is-layout-flex\">\n<div class=\"wp-block-group is-layout-constrained wp-block-group-is-layout-constrained\">\n<div class=\"wp-block-group is-nowrap is-layout-flex wp-container-core-group-is-layout-6c531013 wp-block-group-is-layout-flex\">\n<h3 class=\"wp-block-heading has-theme-green-light-color has-text-color\" style=\"font-size:40px\">Se proponen numerosas actividades en el valle de Aure<\/h3>\n<\/div>\n\n\n\n<p>En Saint-Lary Soulan, cada d\u00eda es una nueva p\u00e1gina de aventura. Tanto si buscas superarte como compartir momentos inolvidables, nuestras monta\u00f1as se adaptan a todos tus deseos.<\/p>\n\n\n\n<h4 class=\"wp-block-heading\">Para los M\u00e1s Deportistas: Un Terreno de Juego Sin L\u00edmites<\/h4>\n\n\n\n<p>Amantes de las emociones fuertes, preparaos para vivir momentos intensos en el coraz\u00f3n de los Pirineos. El valle es un verdadero para\u00edso para las actividades al aire libre:<\/p>\n\n\n\n<p><strong>En el aire y entre los \u00e1rboles<\/strong>: Vuela en parapente o pon a prueba tu equilibrio en los parques de aventura en los \u00e1rboles.<\/p>\n\n\n\n<p><strong>En aguas bravas<\/strong>: Domina las corrientes practicando rafting o explora gargantas escondidas en una sesi\u00f3n de barranquismo.<\/p>\n\n\n\n<p><strong>En los senderos<\/strong>: Disfruta de una ruta a caballo, de salidas en bicicleta de carretera por los puertos m\u00edticos o de la emoci\u00f3n del BTT de descenso.<\/p>\n\n\n\n<p><strong>En invierno<\/strong>: Ponte las raquetas o sal a descubrir magn\u00edficas rutas de senderismo sobre la nieve.<\/p>\n\n\n\n<h4 class=\"wp-block-heading\">Para los Curiosos: Un Viaje al Coraz\u00f3n del Patrimonio<\/h4>\n\n\n\n<p>La monta\u00f1a tambi\u00e9n es cultura viva y tradiciones preservadas. D\u00e9jate seducir por experiencias aut\u00e9nticas:<\/p>\n\n\n\n<p><strong>Inmersi\u00f3n pastoral<\/strong>: Acompa\u00f1a a los reba\u00f1os durante la trashumancia o visita granjas caprinas para degustar quesos artesanales y descubrir el trabajo de la lana.<\/p>\n\n\n\n<p><strong>Gastronom\u00eda local<\/strong>: Despierta tus sentidos con nuestras especialidades: el famoso Cerdo Negro de Bigorre, el pastel a la broche, los chocolates artesanales y nuestros quesos de monta\u00f1a.<\/p>\n\n\n\n<p><strong>Lugares imprescindibles<\/strong>: Vibra con el paso del Tour de Francia, explora la biodiversidad en la Maison du Parc National o sum\u00e9rgete en la historia en el Gouffre d\u2019Esparros y en las Grottes de Gargas. Los m\u00e1s peque\u00f1os tambi\u00e9n disfrutar\u00e1n del encuentro en el Repaire des Huskys.<\/p>\n\n\n\n<p>Todo el equipo os espera para compartir estos tesoros. \u00a1Felices vacaciones con nosotros!<\/p>\n<\/div>\n<\/div>\n\n\n\n<div class=\"wp-image-slider border-green-gallery-full animation--top animation--init--once has-text-align-left aspect-ratio-1_1\">\n\n                                        \n                    <script>\n                        'use strict';\n\n                        document.addEventListener('DOMContentLoaded', function () {\n\n                            (function() {\n                                const blockSlide = new Splide( '#slide_171', {\n                                    type : 'loop',\n                                    perPage: 1,\n                                                                        \n                                    breakpoints: {\n                                        800: {\n                                            perPage: 1,\n                                                                                    },\n                                        450: {\n                                            perPage: 1,\n                                            \n                                        },\n                                    },\n                                    pagination: false,\n                                    arrows: true,\n                                    gap: 'var(--wp--style--block-gap)',\n                                    i18n: {\n                                        slideLabel: '0%s \/ 0%s',\n                                    }\n                                } );\n                                \n\n                                if (!document.querySelector('#slide_171').closest('.banner-slide')) {\n                                    const options = {\n                                        rootMargin: '0px',\n                                        threshold: 0.5\n                                    };\n\n                                    const observer = new IntersectionObserver(function (entries, observer) {\n                                        entries.forEach(entry => {\n                                            if (entry.isIntersecting) {\n                                                console.log('Slider is visible');\n                                                blockSlide.go('+' + entry.target.dataset.counter);\n                                                blockSlide.go('+${1}');\n                                                observer.unobserve(entry.target); \/\/ stop observing the target element\n                                            }\n                                        });\n                                    }, options);\n\n                                    observer.observe(document.querySelector('#slide_171'));\n                                }\n\n\n                                \n\/*                                 blockSlide.on( 'mounted', function () {\n                                    blockSlide.go('+${1}');\n                                } ); *\/\n\n                                blockSlide.mount();\n                                                                \n                                \n\n                            })();\n                        })\n                    <\/script>\n\n                    <div class=\"slider-container\"><div class=\"splide galeria-slider galeria-columnas-1\" id=\"slide_171\"><div class=\"splide__track\"><div class=\"splide__list\"><a href=\"https:\/\/www.camping-saint-lary.com\/wp-content\/uploads\/randonee.jpg\" id=\"thumb-9825\" class=\"splide__slide image-link\" data-gallery=\"slide_171\"  data-counter=\"01\/06\" alt=\" \" class=\"image-link\"><div class=\"image-wrapper\"><img loading=\"lazy\" decoding=\"async\" width=\"631\" height=\"576\" src=\"https:\/\/www.camping-saint-lary.com\/wp-content\/uploads\/randonee.jpg\" class=\"attachment-gallery-medium size-gallery-medium\" alt=\"\" srcset=\"https:\/\/www.camping-saint-lary.com\/wp-content\/uploads\/\/randonee.jpg 631w, https:\/\/www.camping-saint-lary.com\/wp-content\/uploads\/\/randonee-512x467.jpg 512w, https:\/\/www.camping-saint-lary.com\/wp-content\/uploads\/\/randonee-256x234.jpg 256w, https:\/\/www.camping-saint-lary.com\/wp-content\/uploads\/\/randonee-24x22.jpg 24w, https:\/\/www.camping-saint-lary.com\/wp-content\/uploads\/\/randonee-36x33.jpg 36w, https:\/\/www.camping-saint-lary.com\/wp-content\/uploads\/\/randonee-48x44.jpg 48w\" sizes=\"auto, (max-width: 631px) 100vw, 631px\" \/><\/div><\/a><a href=\"https:\/\/www.camping-saint-lary.com\/wp-content\/uploads\/1-18.jpg\" id=\"thumb-9789\" class=\"splide__slide image-link\" data-gallery=\"slide_171\"  data-counter=\"02\/06\" alt=\" \" class=\"image-link\"><div class=\"image-wrapper\"><img loading=\"lazy\" decoding=\"async\" width=\"631\" height=\"576\" src=\"https:\/\/www.camping-saint-lary.com\/wp-content\/uploads\/1-18.jpg\" class=\"attachment-gallery-medium size-gallery-medium\" alt=\"\" srcset=\"https:\/\/www.camping-saint-lary.com\/wp-content\/uploads\/\/1-18.jpg 631w, https:\/\/www.camping-saint-lary.com\/wp-content\/uploads\/\/1-18-512x467.jpg 512w, https:\/\/www.camping-saint-lary.com\/wp-content\/uploads\/\/1-18-256x234.jpg 256w, https:\/\/www.camping-saint-lary.com\/wp-content\/uploads\/\/1-18-24x22.jpg 24w, https:\/\/www.camping-saint-lary.com\/wp-content\/uploads\/\/1-18-36x33.jpg 36w, https:\/\/www.camping-saint-lary.com\/wp-content\/uploads\/\/1-18-48x44.jpg 48w\" sizes=\"auto, (max-width: 631px) 100vw, 631px\" \/><\/div><\/a><a href=\"https:\/\/www.camping-saint-lary.com\/wp-content\/uploads\/descente.jpg\" id=\"thumb-10245\" class=\"splide__slide image-link\" data-gallery=\"slide_171\"  data-counter=\"03\/06\" alt=\" \" class=\"image-link\"><div class=\"image-wrapper\"><img loading=\"lazy\" decoding=\"async\" width=\"631\" height=\"576\" src=\"https:\/\/www.camping-saint-lary.com\/wp-content\/uploads\/descente.jpg\" class=\"attachment-gallery-medium size-gallery-medium\" alt=\"\" srcset=\"https:\/\/www.camping-saint-lary.com\/wp-content\/uploads\/\/descente.jpg 631w, https:\/\/www.camping-saint-lary.com\/wp-content\/uploads\/\/descente-512x467.jpg 512w, https:\/\/www.camping-saint-lary.com\/wp-content\/uploads\/\/descente-256x234.jpg 256w, https:\/\/www.camping-saint-lary.com\/wp-content\/uploads\/\/descente-24x22.jpg 24w, https:\/\/www.camping-saint-lary.com\/wp-content\/uploads\/\/descente-36x33.jpg 36w, https:\/\/www.camping-saint-lary.com\/wp-content\/uploads\/\/descente-48x44.jpg 48w\" sizes=\"auto, (max-width: 631px) 100vw, 631px\" \/><\/div><\/a><a href=\"https:\/\/www.camping-saint-lary.com\/wp-content\/uploads\/canyoning-saint-lary.jpeg\" id=\"thumb-10261\" class=\"splide__slide image-link\" data-gallery=\"slide_171\"  data-counter=\"04\/06\" alt=\" \" class=\"image-link\"><div class=\"image-wrapper\"><img loading=\"lazy\" decoding=\"async\" width=\"819\" height=\"1024\" src=\"https:\/\/www.camping-saint-lary.com\/wp-content\/uploads\/canyoning-saint-lary-819x1024.jpeg\" class=\"attachment-gallery-medium size-gallery-medium\" alt=\"\" srcset=\"https:\/\/www.camping-saint-lary.com\/wp-content\/uploads\/\/canyoning-saint-lary-819x1024.jpeg 819w, https:\/\/www.camping-saint-lary.com\/wp-content\/uploads\/\/canyoning-saint-lary-768x960.jpeg 768w, https:\/\/www.camping-saint-lary.com\/wp-content\/uploads\/\/canyoning-saint-lary-1229x1536.jpeg 1229w, https:\/\/www.camping-saint-lary.com\/wp-content\/uploads\/\/canyoning-saint-lary-410x512.jpeg 410w, https:\/\/www.camping-saint-lary.com\/wp-content\/uploads\/\/canyoning-saint-lary-205x256.jpeg 205w, https:\/\/www.camping-saint-lary.com\/wp-content\/uploads\/\/canyoning-saint-lary-19x24.jpeg 19w, https:\/\/www.camping-saint-lary.com\/wp-content\/uploads\/\/canyoning-saint-lary-29x36.jpeg 29w, https:\/\/www.camping-saint-lary.com\/wp-content\/uploads\/\/canyoning-saint-lary-38x48.jpeg 38w, https:\/\/www.camping-saint-lary.com\/wp-content\/uploads\/\/canyoning-saint-lary.jpeg 1440w\" sizes=\"auto, (max-width: 819px) 100vw, 819px\" \/><\/div><\/a><a href=\"https:\/\/www.camping-saint-lary.com\/wp-content\/uploads\/rioumajou-randonnee.jpg\" id=\"thumb-9870\" class=\"splide__slide image-link\" data-gallery=\"slide_171\"  data-counter=\"05\/06\" alt=\" \" class=\"image-link\"><div class=\"image-wrapper\"><img loading=\"lazy\" decoding=\"async\" width=\"768\" height=\"1024\" src=\"https:\/\/www.camping-saint-lary.com\/wp-content\/uploads\/rioumajou-randonnee-768x1024.jpg\" class=\"attachment-gallery-medium size-gallery-medium\" alt=\"\" srcset=\"https:\/\/www.camping-saint-lary.com\/wp-content\/uploads\/\/rioumajou-randonnee-768x1024.jpg 768w, https:\/\/www.camping-saint-lary.com\/wp-content\/uploads\/\/rioumajou-randonnee-384x512.jpg 384w, https:\/\/www.camping-saint-lary.com\/wp-content\/uploads\/\/rioumajou-randonnee-192x256.jpg 192w, https:\/\/www.camping-saint-lary.com\/wp-content\/uploads\/\/rioumajou-randonnee-18x24.jpg 18w, https:\/\/www.camping-saint-lary.com\/wp-content\/uploads\/\/rioumajou-randonnee-27x36.jpg 27w, https:\/\/www.camping-saint-lary.com\/wp-content\/uploads\/\/rioumajou-randonnee-36x48.jpg 36w, https:\/\/www.camping-saint-lary.com\/wp-content\/uploads\/\/rioumajou-randonnee.jpg 800w\" sizes=\"auto, (max-width: 768px) 100vw, 768px\" \/><\/div><\/a><a href=\"https:\/\/www.camping-saint-lary.com\/wp-content\/uploads\/randonnee-velo-saint-lary-soulan.jpg\" id=\"thumb-9868\" class=\"splide__slide image-link\" data-gallery=\"slide_171\"  data-counter=\"06\/06\" alt=\" \" class=\"image-link\"><div class=\"image-wrapper\"><img loading=\"lazy\" decoding=\"async\" width=\"1024\" height=\"576\" src=\"https:\/\/www.camping-saint-lary.com\/wp-content\/uploads\/randonnee-velo-saint-lary-soulan-1024x576.jpg\" class=\"attachment-gallery-medium size-gallery-medium\" alt=\"\" srcset=\"https:\/\/www.camping-saint-lary.com\/wp-content\/uploads\/\/randonnee-velo-saint-lary-soulan-1024x576.jpg 1024w, https:\/\/www.camping-saint-lary.com\/wp-content\/uploads\/\/randonnee-velo-saint-lary-soulan-768x432.jpg 768w, https:\/\/www.camping-saint-lary.com\/wp-content\/uploads\/\/randonnee-velo-saint-lary-soulan-512x288.jpg 512w, https:\/\/www.camping-saint-lary.com\/wp-content\/uploads\/\/randonnee-velo-saint-lary-soulan-256x144.jpg 256w, https:\/\/www.camping-saint-lary.com\/wp-content\/uploads\/\/randonnee-velo-saint-lary-soulan-24x13.jpg 24w, https:\/\/www.camping-saint-lary.com\/wp-content\/uploads\/\/randonnee-velo-saint-lary-soulan-36x20.jpg 36w, https:\/\/www.camping-saint-lary.com\/wp-content\/uploads\/\/randonnee-velo-saint-lary-soulan-48x27.jpg 48w, https:\/\/www.camping-saint-lary.com\/wp-content\/uploads\/\/randonnee-velo-saint-lary-soulan.jpg 1400w\" sizes=\"auto, (max-width: 1024px) 100vw, 1024px\" \/><\/div><\/a><\/div><\/div><\/div><\/div>\n                    \n<\/div><\/div>\n<\/div>\n\n\n\n<div class=\"wp-block-group alignfull has-theme-brown-black-background-color has-background is-layout-flow wp-block-group-is-layout-flow\" style=\"margin-top:0;margin-bottom:0;padding-top:0;padding-right:0;padding-bottom:0;padding-left:0\">\n<div class=\"wp-block-cover\"><span aria-hidden=\"true\" class=\"wp-block-cover__background has-background-dim\"><\/span><img decoding=\"async\" class=\"wp-block-cover__image-background wp-image-1700\" alt=\"\" src=\"https:\/\/www.camping-saint-lary.com\/wp-content\/uploads\/formas-fondos-1.svg\" data-object-fit=\"cover\"\/><div class=\"wp-block-cover__inner-container is-layout-flow wp-block-cover-is-layout-flow\">\n<div class=\"wp-block-auto-tabs autres-locations padding-bottom-footer-autres\" data-selector=\"h3\">\n  <div class=\"acf-innerblocks-container\">\n\n<div class=\"wp-block-group auto-tabs-wrapper has-animation is-layout-flow wp-block-group-is-layout-flow\">\n<p class=\"has-text-align-center  animation--left animation--init--once\"><strong>Aqu\u00ed se mostrar\u00e1n las pesta\u00f1as.<\/strong><br> El primer <strong>h3<\/strong> de cada contenido se usar\u00e1 como t\u00edtulo de su pesta\u00f1a. Puedes cambiarlo por otro tag o una clase en el panel lateral<\/p>\n<\/div>\n\n\n\n<div class=\"wp-block-group alignfull auto-content-wrapper is-layout-flow wp-block-group-is-layout-flow\">\n<div class=\"wp-block-group has-animation is-layout-flow wp-block-group-is-layout-flow\">\n<h2 class=\"wp-block-heading has-text-align-center has-theme-pink-2-color has-text-color\">Au camping Val d&#8217;Autun<br><sub><mark style=\"background-color:rgba(0, 0, 0, 0)\" class=\"has-inline-color has-theme-green-light-color\">D\u00e9couvrez \u00e9galement <\/mark><\/sub><\/h2>\n\n\n<script>var object = [];<\/script>\n<div class=\"wp-block-activites\">\n\n\n<div id=\"\" class=\"wp-block-activites\" style=\"\">\n\n  \n                                                            <div class=\"slider-container slider-autres-activites has-animation\"><div class=\"splide galeria-autres-activites-block_slide_6803\"><div class=\"splide__track\"><div class=\"splide__list\">\n                  \n                                                        <div class=\"splide__slide r\">\n\n                        \n                    <div class=\"columns-container nos-locations-2 animation--top animation--init--once\">\n\n                    <a class=\"\" href=\"https:\/\/www.camping-saint-lary.com\/es\/la-region\/visitas\/\">\n                    \n                    <div class=\"column-image\">\n                    <img loading=\"lazy\" decoding=\"async\" width=\"1024\" height=\"847\" src=\"https:\/\/www.camping-saint-lary.com\/wp-content\/uploads\/gypaete-faune-flore-pyrenees-1024x847.jpg\" class=\"attachment-gallery-medium size-gallery-medium wp-post-image\" alt=\"\" srcset=\"https:\/\/www.camping-saint-lary.com\/wp-content\/uploads\/\/gypaete-faune-flore-pyrenees-1024x847.jpg 1024w, https:\/\/www.camping-saint-lary.com\/wp-content\/uploads\/\/gypaete-faune-flore-pyrenees-768x635.jpg 768w, https:\/\/www.camping-saint-lary.com\/wp-content\/uploads\/\/gypaete-faune-flore-pyrenees-1536x1270.jpg 1536w, https:\/\/www.camping-saint-lary.com\/wp-content\/uploads\/\/gypaete-faune-flore-pyrenees-512x423.jpg 512w, https:\/\/www.camping-saint-lary.com\/wp-content\/uploads\/\/gypaete-faune-flore-pyrenees-256x212.jpg 256w, https:\/\/www.camping-saint-lary.com\/wp-content\/uploads\/\/gypaete-faune-flore-pyrenees-24x20.jpg 24w, https:\/\/www.camping-saint-lary.com\/wp-content\/uploads\/\/gypaete-faune-flore-pyrenees-36x30.jpg 36w, https:\/\/www.camping-saint-lary.com\/wp-content\/uploads\/\/gypaete-faune-flore-pyrenees-48x40.jpg 48w, https:\/\/www.camping-saint-lary.com\/wp-content\/uploads\/\/gypaete-faune-flore-pyrenees.jpg 1654w\" sizes=\"auto, (max-width: 1024px) 100vw, 1024px\" \/>\n                                            <div class=\"column-text autres-back-1\">\n\n                                            <div class=\"autres-heber-content-contenu features-autres\">\n                                            <h3 class=\"\">Visitas<\/h3>\n                                            <!-- <h3 class=\"animation--top animation--init\"><\/h3> -->\n                                                                                                \n                                                                    <\/div>\n\n                    <\/div>\n\n                    <\/div>\n\n                    <\/a>\n\n                    <\/div>\n\n                        \n                                    <\/a>\n\n                                    <\/div>\n\n                    \n                                                        <div class=\"splide__slide r\">\n\n                        \n                    <div class=\"columns-container nos-locations-2 animation--top animation--init--once\">\n\n                    <a class=\"\" href=\"https:\/\/www.camping-saint-lary.com\/es\/la-region\/lugares-excepcionales\/\">\n                    \n                    <div class=\"column-image\">\n                    <img loading=\"lazy\" decoding=\"async\" width=\"1024\" height=\"1024\" src=\"https:\/\/www.camping-saint-lary.com\/wp-content\/uploads\/la-reserve-du-neouvielle-pyrenees-1024x1024.jpg\" class=\"attachment-gallery-medium size-gallery-medium wp-post-image\" alt=\"\" srcset=\"https:\/\/www.camping-saint-lary.com\/wp-content\/uploads\/\/la-reserve-du-neouvielle-pyrenees-1024x1024.jpg 1024w, https:\/\/www.camping-saint-lary.com\/wp-content\/uploads\/\/la-reserve-du-neouvielle-pyrenees-200x200.jpg 200w, https:\/\/www.camping-saint-lary.com\/wp-content\/uploads\/\/la-reserve-du-neouvielle-pyrenees-768x768.jpg 768w, https:\/\/www.camping-saint-lary.com\/wp-content\/uploads\/\/la-reserve-du-neouvielle-pyrenees-512x512.jpg 512w, https:\/\/www.camping-saint-lary.com\/wp-content\/uploads\/\/la-reserve-du-neouvielle-pyrenees-256x256.jpg 256w, https:\/\/www.camping-saint-lary.com\/wp-content\/uploads\/\/la-reserve-du-neouvielle-pyrenees-24x24.jpg 24w, https:\/\/www.camping-saint-lary.com\/wp-content\/uploads\/\/la-reserve-du-neouvielle-pyrenees-36x36.jpg 36w, https:\/\/www.camping-saint-lary.com\/wp-content\/uploads\/\/la-reserve-du-neouvielle-pyrenees-48x48.jpg 48w, https:\/\/www.camping-saint-lary.com\/wp-content\/uploads\/\/la-reserve-du-neouvielle-pyrenees.jpg 1080w\" sizes=\"auto, (max-width: 1024px) 100vw, 1024px\" \/>\n                                            <div class=\"column-text autres-back-1\">\n\n                                            <div class=\"autres-heber-content-contenu features-autres\">\n                                            <h3 class=\"\">Lugares excepcionales<\/h3>\n                                            <!-- <h3 class=\"animation--top animation--init\"><\/h3> -->\n                                                                                                \n                                                                    <\/div>\n\n                    <\/div>\n\n                    <\/div>\n\n                    <\/a>\n\n                    <\/div>\n\n                        \n                                    <\/a>\n\n                                    <\/div>\n\n                    \n                                                        <div class=\"splide__slide r\">\n\n                        \n                    <div class=\"columns-container nos-locations-2 animation--top animation--init--once\">\n\n                    <a class=\"\" href=\"https:\/\/www.camping-saint-lary.com\/es\/la-region\/productos-locales\/\">\n                    \n                    <div class=\"column-image\">\n                    <img loading=\"lazy\" decoding=\"async\" width=\"1024\" height=\"575\" src=\"https:\/\/www.camping-saint-lary.com\/wp-content\/uploads\/gastronomie-fromage-pyrenees-1024x575.jpg\" class=\"attachment-gallery-medium size-gallery-medium wp-post-image\" alt=\"\" srcset=\"https:\/\/www.camping-saint-lary.com\/wp-content\/uploads\/\/gastronomie-fromage-pyrenees-1024x575.jpg 1024w, https:\/\/www.camping-saint-lary.com\/wp-content\/uploads\/\/gastronomie-fromage-pyrenees-768x431.jpg 768w, https:\/\/www.camping-saint-lary.com\/wp-content\/uploads\/\/gastronomie-fromage-pyrenees-512x288.jpg 512w, https:\/\/www.camping-saint-lary.com\/wp-content\/uploads\/\/gastronomie-fromage-pyrenees-256x144.jpg 256w, https:\/\/www.camping-saint-lary.com\/wp-content\/uploads\/\/gastronomie-fromage-pyrenees-24x13.jpg 24w, https:\/\/www.camping-saint-lary.com\/wp-content\/uploads\/\/gastronomie-fromage-pyrenees-36x20.jpg 36w, https:\/\/www.camping-saint-lary.com\/wp-content\/uploads\/\/gastronomie-fromage-pyrenees-48x27.jpg 48w, https:\/\/www.camping-saint-lary.com\/wp-content\/uploads\/\/gastronomie-fromage-pyrenees.jpg 1136w\" sizes=\"auto, (max-width: 1024px) 100vw, 1024px\" \/>\n                                            <div class=\"column-text autres-back-1\">\n\n                                            <div class=\"autres-heber-content-contenu features-autres\">\n                                            <h3 class=\"\">Productos locales<\/h3>\n                                            <!-- <h3 class=\"animation--top animation--init\"><\/h3> -->\n                                                                                                \n                                                                    <\/div>\n\n                    <\/div>\n\n                    <\/div>\n\n                    <\/a>\n\n                    <\/div>\n\n                        \n                                    <\/a>\n\n                                    <\/div>\n\n                    \n                \n            <\/div><\/div><\/div>            \n                <\/div>\n                        \n    \n\n<\/div>\n<\/div>\n\n\n<script>\n    new Splide( '.galeria-autres-activites-block_slide_6803', \n        {\n            perMove: 1,\n            perPage: 3,\n            autoplay: false,\n            type: 'loop',\n            gap: '30px',\n            pagination: false,\n            arrows: true,\n            breakpoints: {\n                1300: {\n                    perPage: 2,\n                },\n                950: {\n                    perPage: 1,\n                },\n            }   \n        } \n        ).mount();\n<\/script>\n<\/div>\n<\/div>\n\n<\/div><\/div><\/div><\/div>\n<\/div>\n","protected":false},"excerpt":{"rendered":"<p>Lorem ipsum dolor sit amet, consectetur adipiscing elit. Vestibulum elementum mi tellus, ut fermentum quam facilisis vel. Mauris mauris eros, luctus a nisi in, vestibulum viverra enim. Fusce eu pharetra nunc, ac facilisis nulla. Donec ultricies, magna ac pharetra lobortis, tellus enim fringilla odio, vitae eleifend sem nibh et ex. Donec consequat condimentum volutpat. Etiam dignissim enim at ligula ornare, vel euismod arcu bibendum. Duis egestas semper ullamcorper. Nam sed nisl quis nibh dictum ullamcorper. Maecenas consectetur, orci a interdum fringilla, elit orci placerat odio, ut dignissim nisl est ut diam. Maecenas cursus quam id turpis auctor egestas. Nulla facilisi. Nulla auctor lobortis interdum. Quisque lobortis, tortor nec blandit dictum, orci nisl ullamcorper eros, in fermentum ipsum elit non eros. Proin a fringilla tellus, eu consectetur erat.<\/p>\n","protected":false},"author":5,"featured_media":10536,"parent":10668,"menu_order":1,"comment_status":"closed","ping_status":"closed","template":"","meta":{"_acf_changed":false,"inline_featured_image":false,"footnotes":""},"class_list":["post-10672","page","type-page","status-publish","has-post-thumbnail","hentry"],"acf":[],"yoast_head":"<!-- This site is optimized with the Yoast SEO plugin v27.4 - https:\/\/yoast.com\/product\/yoast-seo-wordpress\/ -->\n<title>Los deportes cerca del camping Val d\u2019Autun en los Pirineos.<\/title>\n<meta name=\"description\" content=\"Descubra la regi\u00f3n pirenaica y los deportes que ofrece cerca del camping Val d\u2019Autun en Saint-Lary-Soulan.\" \/>\n<meta name=\"robots\" content=\"index, follow, max-snippet:-1, max-image-preview:large, max-video-preview:-1\" \/>\n<link rel=\"canonical\" href=\"https:\/\/www.camping-saint-lary.com\/es\/la-region\/deportes\/\" \/>\n<meta property=\"og:locale\" content=\"es_ES\" \/>\n<meta property=\"og:type\" content=\"article\" \/>\n<meta property=\"og:title\" content=\"Los deportes cerca del camping Val d\u2019Autun en los Pirineos.\" \/>\n<meta property=\"og:description\" content=\"Descubra la regi\u00f3n pirenaica y los deportes que ofrece cerca del camping Val d\u2019Autun en Saint-Lary-Soulan.\" \/>\n<meta property=\"og:url\" content=\"https:\/\/www.camping-saint-lary.com\/es\/la-region\/deportes\/\" \/>\n<meta property=\"og:site_name\" content=\"Camping Val d&#039;Autun\" \/>\n<meta property=\"article:modified_time\" content=\"2026-03-12T16:19:28+00:00\" \/>\n<meta property=\"og:image\" content=\"https:\/\/www.camping-saint-lary.com\/wp-content\/uploads\/triathlon-1.jpg\" \/>\n\t<meta property=\"og:image:width\" content=\"1133\" \/>\n\t<meta property=\"og:image:height\" content=\"752\" \/>\n\t<meta property=\"og:image:type\" content=\"image\/jpeg\" \/>\n<meta name=\"twitter:card\" content=\"summary_large_image\" \/>\n<meta name=\"twitter:label1\" content=\"Tiempo de lectura\" \/>\n\t<meta name=\"twitter:data1\" content=\"20 minutos\" \/>\n<script type=\"application\/ld+json\" class=\"yoast-schema-graph\">{\"@context\":\"https:\\\/\\\/schema.org\",\"@graph\":[{\"@type\":\"WebPage\",\"@id\":\"https:\\\/\\\/www.camping-saint-lary.com\\\/es\\\/la-region\\\/deportes\\\/\",\"url\":\"https:\\\/\\\/www.camping-saint-lary.com\\\/es\\\/la-region\\\/deportes\\\/\",\"name\":\"Los deportes cerca del camping Val d\u2019Autun en los Pirineos.\",\"isPartOf\":{\"@id\":\"https:\\\/\\\/www.camping-saint-lary.com\\\/es\\\/#website\"},\"primaryImageOfPage\":{\"@id\":\"https:\\\/\\\/www.camping-saint-lary.com\\\/es\\\/la-region\\\/deportes\\\/#primaryimage\"},\"image\":{\"@id\":\"https:\\\/\\\/www.camping-saint-lary.com\\\/es\\\/la-region\\\/deportes\\\/#primaryimage\"},\"thumbnailUrl\":\"https:\\\/\\\/www.camping-saint-lary.com\\\/wp-content\\\/uploads\\\/triathlon-1.jpg\",\"datePublished\":\"2023-07-06T09:42:16+00:00\",\"dateModified\":\"2026-03-12T16:19:28+00:00\",\"description\":\"Descubra la regi\u00f3n pirenaica y los deportes que ofrece cerca del camping Val d\u2019Autun en Saint-Lary-Soulan.\",\"breadcrumb\":{\"@id\":\"https:\\\/\\\/www.camping-saint-lary.com\\\/es\\\/la-region\\\/deportes\\\/#breadcrumb\"},\"inLanguage\":\"es\",\"potentialAction\":[{\"@type\":\"ReadAction\",\"target\":[\"https:\\\/\\\/www.camping-saint-lary.com\\\/es\\\/la-region\\\/deportes\\\/\"]}]},{\"@type\":\"ImageObject\",\"inLanguage\":\"es\",\"@id\":\"https:\\\/\\\/www.camping-saint-lary.com\\\/es\\\/la-region\\\/deportes\\\/#primaryimage\",\"url\":\"https:\\\/\\\/www.camping-saint-lary.com\\\/wp-content\\\/uploads\\\/triathlon-1.jpg\",\"contentUrl\":\"https:\\\/\\\/www.camping-saint-lary.com\\\/wp-content\\\/uploads\\\/triathlon-1.jpg\",\"width\":1133,\"height\":752},{\"@type\":\"BreadcrumbList\",\"@id\":\"https:\\\/\\\/www.camping-saint-lary.com\\\/es\\\/la-region\\\/deportes\\\/#breadcrumb\",\"itemListElement\":[{\"@type\":\"ListItem\",\"position\":1,\"name\":\"Inicio\",\"item\":\"https:\\\/\\\/www.camping-saint-lary.com\\\/es\\\/\"},{\"@type\":\"ListItem\",\"position\":2,\"name\":\"La regi\u00f3n\",\"item\":\"https:\\\/\\\/www.camping-saint-lary.com\\\/es\\\/la-region\\\/\"},{\"@type\":\"ListItem\",\"position\":3,\"name\":\"Deportes\"}]},{\"@type\":\"WebSite\",\"@id\":\"https:\\\/\\\/www.camping-saint-lary.com\\\/es\\\/#website\",\"url\":\"https:\\\/\\\/www.camping-saint-lary.com\\\/es\\\/\",\"name\":\"Camping Val d'Autun\",\"description\":\"Camping Val d&#039;Autun 3 \u00e9toiles en Vall\u00e9e d&#039;Aure dans les Pyr\u00e9n\u00e9es\",\"publisher\":{\"@id\":\"https:\\\/\\\/www.camping-saint-lary.com\\\/es\\\/#organization\"},\"potentialAction\":[{\"@type\":\"SearchAction\",\"target\":{\"@type\":\"EntryPoint\",\"urlTemplate\":\"https:\\\/\\\/www.camping-saint-lary.com\\\/es\\\/?s={search_term_string}\"},\"query-input\":{\"@type\":\"PropertyValueSpecification\",\"valueRequired\":true,\"valueName\":\"search_term_string\"}}],\"inLanguage\":\"es\"},{\"@type\":\"Organization\",\"@id\":\"https:\\\/\\\/www.camping-saint-lary.com\\\/es\\\/#organization\",\"name\":\"Camping Val d'Autun\",\"url\":\"https:\\\/\\\/www.camping-saint-lary.com\\\/es\\\/\",\"logo\":{\"@type\":\"ImageObject\",\"inLanguage\":\"es\",\"@id\":\"https:\\\/\\\/www.camping-saint-lary.com\\\/es\\\/#\\\/schema\\\/logo\\\/image\\\/\",\"url\":\"https:\\\/\\\/www.camping-saint-lary.com\\\/wp-content\\\/uploads\\\/cropped-logo-valdautun-lr300.png\",\"contentUrl\":\"https:\\\/\\\/www.camping-saint-lary.com\\\/wp-content\\\/uploads\\\/cropped-logo-valdautun-lr300.png\",\"width\":300,\"height\":182,\"caption\":\"Camping Val d'Autun\"},\"image\":{\"@id\":\"https:\\\/\\\/www.camping-saint-lary.com\\\/es\\\/#\\\/schema\\\/logo\\\/image\\\/\"}}]}<\/script>\n<!-- \/ Yoast SEO plugin. -->","yoast_head_json":{"title":"Los deportes cerca del camping Val d\u2019Autun en los Pirineos.","description":"Descubra la regi\u00f3n pirenaica y los deportes que ofrece cerca del camping Val d\u2019Autun en Saint-Lary-Soulan.","robots":{"index":"index","follow":"follow","max-snippet":"max-snippet:-1","max-image-preview":"max-image-preview:large","max-video-preview":"max-video-preview:-1"},"canonical":"https:\/\/www.camping-saint-lary.com\/es\/la-region\/deportes\/","og_locale":"es_ES","og_type":"article","og_title":"Los deportes cerca del camping Val d\u2019Autun en los Pirineos.","og_description":"Descubra la regi\u00f3n pirenaica y los deportes que ofrece cerca del camping Val d\u2019Autun en Saint-Lary-Soulan.","og_url":"https:\/\/www.camping-saint-lary.com\/es\/la-region\/deportes\/","og_site_name":"Camping Val d&#039;Autun","article_modified_time":"2026-03-12T16:19:28+00:00","og_image":[{"width":1133,"height":752,"url":"https:\/\/www.camping-saint-lary.com\/wp-content\/uploads\/triathlon-1.jpg","type":"image\/jpeg"}],"twitter_card":"summary_large_image","twitter_misc":{"Tiempo de lectura":"20 minutos"},"schema":{"@context":"https:\/\/schema.org","@graph":[{"@type":"WebPage","@id":"https:\/\/www.camping-saint-lary.com\/es\/la-region\/deportes\/","url":"https:\/\/www.camping-saint-lary.com\/es\/la-region\/deportes\/","name":"Los deportes cerca del camping Val d\u2019Autun en los Pirineos.","isPartOf":{"@id":"https:\/\/www.camping-saint-lary.com\/es\/#website"},"primaryImageOfPage":{"@id":"https:\/\/www.camping-saint-lary.com\/es\/la-region\/deportes\/#primaryimage"},"image":{"@id":"https:\/\/www.camping-saint-lary.com\/es\/la-region\/deportes\/#primaryimage"},"thumbnailUrl":"https:\/\/www.camping-saint-lary.com\/wp-content\/uploads\/triathlon-1.jpg","datePublished":"2023-07-06T09:42:16+00:00","dateModified":"2026-03-12T16:19:28+00:00","description":"Descubra la regi\u00f3n pirenaica y los deportes que ofrece cerca del camping Val d\u2019Autun en Saint-Lary-Soulan.","breadcrumb":{"@id":"https:\/\/www.camping-saint-lary.com\/es\/la-region\/deportes\/#breadcrumb"},"inLanguage":"es","potentialAction":[{"@type":"ReadAction","target":["https:\/\/www.camping-saint-lary.com\/es\/la-region\/deportes\/"]}]},{"@type":"ImageObject","inLanguage":"es","@id":"https:\/\/www.camping-saint-lary.com\/es\/la-region\/deportes\/#primaryimage","url":"https:\/\/www.camping-saint-lary.com\/wp-content\/uploads\/triathlon-1.jpg","contentUrl":"https:\/\/www.camping-saint-lary.com\/wp-content\/uploads\/triathlon-1.jpg","width":1133,"height":752},{"@type":"BreadcrumbList","@id":"https:\/\/www.camping-saint-lary.com\/es\/la-region\/deportes\/#breadcrumb","itemListElement":[{"@type":"ListItem","position":1,"name":"Inicio","item":"https:\/\/www.camping-saint-lary.com\/es\/"},{"@type":"ListItem","position":2,"name":"La regi\u00f3n","item":"https:\/\/www.camping-saint-lary.com\/es\/la-region\/"},{"@type":"ListItem","position":3,"name":"Deportes"}]},{"@type":"WebSite","@id":"https:\/\/www.camping-saint-lary.com\/es\/#website","url":"https:\/\/www.camping-saint-lary.com\/es\/","name":"Camping Val d'Autun","description":"Camping Val d&#039;Autun 3 \u00e9toiles en Vall\u00e9e d&#039;Aure dans les Pyr\u00e9n\u00e9es","publisher":{"@id":"https:\/\/www.camping-saint-lary.com\/es\/#organization"},"potentialAction":[{"@type":"SearchAction","target":{"@type":"EntryPoint","urlTemplate":"https:\/\/www.camping-saint-lary.com\/es\/?s={search_term_string}"},"query-input":{"@type":"PropertyValueSpecification","valueRequired":true,"valueName":"search_term_string"}}],"inLanguage":"es"},{"@type":"Organization","@id":"https:\/\/www.camping-saint-lary.com\/es\/#organization","name":"Camping Val d'Autun","url":"https:\/\/www.camping-saint-lary.com\/es\/","logo":{"@type":"ImageObject","inLanguage":"es","@id":"https:\/\/www.camping-saint-lary.com\/es\/#\/schema\/logo\/image\/","url":"https:\/\/www.camping-saint-lary.com\/wp-content\/uploads\/cropped-logo-valdautun-lr300.png","contentUrl":"https:\/\/www.camping-saint-lary.com\/wp-content\/uploads\/cropped-logo-valdautun-lr300.png","width":300,"height":182,"caption":"Camping Val d'Autun"},"image":{"@id":"https:\/\/www.camping-saint-lary.com\/es\/#\/schema\/logo\/image\/"}}]}},"_links":{"self":[{"href":"https:\/\/www.camping-saint-lary.com\/es\/wp-json\/wp\/v2\/pages\/10672","targetHints":{"allow":["GET"]}}],"collection":[{"href":"https:\/\/www.camping-saint-lary.com\/es\/wp-json\/wp\/v2\/pages"}],"about":[{"href":"https:\/\/www.camping-saint-lary.com\/es\/wp-json\/wp\/v2\/types\/page"}],"author":[{"embeddable":true,"href":"https:\/\/www.camping-saint-lary.com\/es\/wp-json\/wp\/v2\/users\/5"}],"replies":[{"embeddable":true,"href":"https:\/\/www.camping-saint-lary.com\/es\/wp-json\/wp\/v2\/comments?post=10672"}],"version-history":[{"count":8,"href":"https:\/\/www.camping-saint-lary.com\/es\/wp-json\/wp\/v2\/pages\/10672\/revisions"}],"predecessor-version":[{"id":14430,"href":"https:\/\/www.camping-saint-lary.com\/es\/wp-json\/wp\/v2\/pages\/10672\/revisions\/14430"}],"up":[{"embeddable":true,"href":"https:\/\/www.camping-saint-lary.com\/es\/wp-json\/wp\/v2\/pages\/10668"}],"wp:featuredmedia":[{"embeddable":true,"href":"https:\/\/www.camping-saint-lary.com\/es\/wp-json\/wp\/v2\/media\/10536"}],"wp:attachment":[{"href":"https:\/\/www.camping-saint-lary.com\/es\/wp-json\/wp\/v2\/media?parent=10672"}],"curies":[{"name":"wp","href":"https:\/\/api.w.org\/{rel}","templated":true}]}}