{"id":10674,"date":"2023-07-06T11:42:44","date_gmt":"2023-07-06T09:42:44","guid":{"rendered":"http:\/\/www.camping-saint-lary.com\/la-region-2\/les-sites-dexception"},"modified":"2026-03-12T17:20:57","modified_gmt":"2026-03-12T16:20:57","slug":"lugares-excepcionales","status":"publish","type":"page","link":"https:\/\/www.camping-saint-lary.com\/es\/la-region\/lugares-excepcionales\/","title":{"rendered":"Lugares excepcionales"},"content":{"rendered":"\n<div class=\"wp-block-group alignfull non-relative is-layout-constrained wp-block-group-is-layout-constrained\" style=\"margin-top:0px;margin-bottom:0px\"><button class=\"fmb-expand-formulaire\" onclick=\"jQuery('#formulario-motor-busqueda').toggleClass('fmb-visible');\">Reservar<\/button>\n<div id=\"formulario-motor-busqueda\" class=\"formulario-motor-busqueda\">\n    <div class=\"fmb-container\">\n        <div class=\"fmb-bloque fmb-fecha-de-llegada\">\n            <div class=\"fmb-label\">Fecha de llegada<\/div>\n            <input type=\"text\" id=\"fmb-fecha-de-llegada\" \/>\n        <\/div><!-- .fmb-bloque -->\n        <div class=\"fmb-bloque fmb-fecha-de-salida\">\n            <div class=\"fmb-label\">Fecha de salida<\/div>\n            <input type=\"text\" id=\"fmb-fecha-de-salida\" \/>\n        <\/div><!-- .fmb-bloque -->\n        <div class=\"fmb-bloque fmb-tipo-de-alojamiento\">\n            <div class=\"fmb-label\">Alojamiento<\/div>\n            <select  id=\"fmb-tipo-de-alojamiento\">\n                <option value=\"1\">Parcela<\/option>\n                <option value=\"2\">Alojamiento<\/option>\n            <\/select>\n        <\/div><!-- .fmb-bloque -->\n        <div class=\"fmb-bloque fmb-numero-de-personas\">\n            <div class=\"fmb-label\">Capacidad<\/div>\n            <select  id=\"fmb-numero-de-personas\">\n                <option value=\"1\">1<\/option>\n                <option value=\"2\">2<\/option>\n                <option value=\"3\">3<\/option>\n                <option value=\"4\">4<\/option>\n                <option value=\"5\">5<\/option>\n                <option value=\"6\">6<\/option>\n                <option value=\"7\">7<\/option>\n                <option value=\"8\">8<\/option>\n                <option value=\"9\">+8<\/option>\n            <\/select>\n        <\/div><!-- .fmb-bloque -->\n        <div class=\"fmb-bloque fmb-submit-button\">\n            <input \n                name=\"submit-button\" \n                id=\"submit-button\" \n                class=\"fmb-button\" \n                type=\"button\" \n                onclick=\"window.open(\n                    'https:\/\/naxiresa.inaxel.com\/etape2-sejours.php?arrivalDate='+jQuery('#fmb-fecha-de-llegada').val()+'&departureDate='+jQuery('#fmb-fecha-de-salida').val()+'&pt='+jQuery('#fmb-tipo-de-alojamiento').val()+'&compte=valautun&lang=5&nb='+jQuery('#fmb-numero-de-personas').val()+'', \n                    '_blank'\n                );\" \n                value=\"Buscar\" \n            \/>\n        <\/div><!-- .fmb-bloque -->\n        <div class=\"fmb-bloque fmb-submit-button-2\">\n            <input \n                name=\"submit-button-2\" \n                id=\"submit-button-2\" \n                class=\"fmb-button\" \n                type=\"button\" \n                onclick=\"window.open('https:\/\/valautun.my-user-account.com', '_blank');\" \n                value=\"Mi reserva\" \n            \/>\n        <\/div><!-- .fmb-bloque -->\n    <\/div><!-- .fmb-container -->\n<\/div><!-- .formulario-motor-busqueda -->\n\n\n<script src=\"https:\/\/code.jquery.com\/ui\/1.13.2\/jquery-ui.js\"><\/script>\n\n<link  href=\"\/\/code.jquery.com\/ui\/1.11.4\/themes\/smoothness\/jquery-ui.css\" rel=\"stylesheet\" \/>\n<script>\nvar top_menu_header = jQuery('#formulario-motor-busqueda').offset().top - 100;\njQuery(window).on('scroll', function(){\n\n    jQuery(\".ui-datepicker-current-day\").trigger(\"click\");\n    jQuery('#fmb-fecha-de-salida').blur();\n    jQuery('#fmb-fecha-de-llegada').blur();\n\n\n    if(jQuery(window).scrollTop() > top_menu_header){\n        jQuery('#formulario-motor-busqueda').addClass('fmb-is-fixed-top');\n    } else {\n        jQuery('#formulario-motor-busqueda').removeClass('fmb-is-fixed-top');\n    }\n});\n\n\njQuery(function () {\n    jQuery('#fmb-fecha-de-llegada').datepicker({\n        onSelect: function(dateText, element) {\n            jQuery(this).attr('date', dateText);\n            \/* 01-09-2021 into 2021-09-01 *\/\n            var year = dateText.substring(6, 10);\n            var month = dateText.substring(3, 5);\n            var day = dateText.substring(0, 2);\n            var dateString = year + '-' + month + '-' + day;\n            var date1 = new Date(dateString);\n            var date = new Date(dateString);\n            date.setDate(date.getDate() + 1);\n            jQuery('#fmb-fecha-de-salida').datepicker('setDate', date);\n            jQuery('#fmb-fecha-de-salida').datepicker('option', {\n                minDate: date\n            });\n        },\n        dateFormat: \"dd\/mm\/yy\",\n    \tfirstDay: 1, \/\/ Start with Monday\n        changeMonth: true,\n        changeYear: true,\n        minDate: new Date(),\n    });\n});\n\nvar dateObject = new Date();\ndateObject.setDate(dateObject.getDate());\njQuery('#fmb-fecha-de-llegada').val(\n    dateObject.getDate()\n    +'\/'+\n    ((dateObject.getMonth() * 1) + 1)\n    +'\/'+\n    dateObject.getFullYear()\n);\n\ndateObject.setDate(dateObject.getDate() + 1);\njQuery('#fmb-fecha-de-salida').val(\n    dateObject.getDate()\n    +'\/'+\n    ((dateObject.getMonth() * 1) + 1)\n    +'\/'+\n    dateObject.getFullYear()\n);\njQuery('#fmb-fecha-de-salida').datepicker('setDate', dateObject);\njQuery('#fmb-fecha-de-salida').datepicker('option', {\n    minDate: dateObject\n});\n\njQuery(function () {\n    jQuery( \"#fmb-fecha-de-salida\" ).datepicker({\n        dateFormat: \"dd\/mm\/yy\",\n    \tfirstDay: 1, \/\/ Start with Monday\n        changeMonth: true,\n        changeYear: true,\n        minDate: new Date(),\n    });\n});\n\njQuery.datepicker.regional['fr'] = {clearText: 'Effacer', clearStatus: '',\n    closeText: 'Fermer', closeStatus: 'Fermer sans modifier',\n    prevText: '<Pr\u00e9c', prevStatus: 'Voir le mois pr\u00e9c\u00e9dent',\n    nextText: 'Suiv>', nextStatus: 'Voir le mois suivant',\n    currentText: 'Courant', currentStatus: 'Voir le mois courant',\n    monthNames: ['Janvier','F\u00e9vrier','Mars','Avril','Mai','Juin',\n    'Juillet','Ao\u00fbt','Septembre','Octobre','Novembre','D\u00e9cembre'],\n    monthNamesShort: ['Jan','F\u00e9v','Mar','Avr','Mai','Jun',\n    'Jul','Ao\u00fb','Sep','Oct','Nov','D\u00e9c'],\n    monthStatus: 'Voir un autre mois', yearStatus: 'Voir un autre ann\u00e9e',\n    weekHeader: 'Sm', weekStatus: '',\n    dayNames: ['Dimanche','Lundi','Mardi','Mercredi','Jeudi','Vendredi','Samedi'],\n    dayNamesShort: ['Dim','Lun','Mar','Mer','Jeu','Ven','Sam'],\n    dayNamesMin: ['Di','Lu','Ma','Me','Je','Ve','Sa'],\n    dayStatus: 'Utiliser DD comme premier jour de la semaine', dateStatus: 'Choisir le DD, MM d',\n    dateFormat: 'dd\/mm\/yy', firstDay: 0, \n    initStatus: 'Choisir la date', isRTL: false};\njQuery.datepicker.setDefaults(jQuery.datepicker.regional['fr']);\n\n\n<\/script>\n\n<\/div>\n\n\n\n<div class=\"wp-block-cover alignfull is-light banner has-animation\" style=\"margin-top:0;margin-bottom:0;min-height:100vh;aspect-ratio:unset;\"><span aria-hidden=\"true\" class=\"wp-block-cover__background has-background-dim-40 has-background-dim wp-block-cover__gradient-background has-background-gradient\" style=\"background:linear-gradient(180deg,rgb(0,0,0) 0%,rgba(0,0,0,0) 47%)\"><\/span><img loading=\"lazy\" decoding=\"async\" width=\"1920\" height=\"1080\" class=\"wp-block-cover__image-background wp-image-3799\" alt=\"\" src=\"https:\/\/www.camping-saint-lary.com\/wp-content\/uploads\/3-15.jpg\" style=\"object-position:50% 63%\" data-object-fit=\"cover\" data-object-position=\"50% 63%\" srcset=\"https:\/\/www.camping-saint-lary.com\/wp-content\/uploads\/\/3-15.jpg 1920w, https:\/\/www.camping-saint-lary.com\/wp-content\/uploads\/\/3-15-1024x576.jpg 1024w, https:\/\/www.camping-saint-lary.com\/wp-content\/uploads\/\/3-15-768x432.jpg 768w, https:\/\/www.camping-saint-lary.com\/wp-content\/uploads\/\/3-15-1536x864.jpg 1536w, https:\/\/www.camping-saint-lary.com\/wp-content\/uploads\/\/3-15-512x288.jpg 512w, https:\/\/www.camping-saint-lary.com\/wp-content\/uploads\/\/3-15-256x144.jpg 256w, https:\/\/www.camping-saint-lary.com\/wp-content\/uploads\/\/3-15-24x14.jpg 24w, https:\/\/www.camping-saint-lary.com\/wp-content\/uploads\/\/3-15-36x20.jpg 36w, https:\/\/www.camping-saint-lary.com\/wp-content\/uploads\/\/3-15-48x27.jpg 48w\" sizes=\"auto, (max-width: 1920px) 100vw, 1920px\" \/><div class=\"wp-block-cover__inner-container is-layout-flow wp-block-cover-is-layout-flow\">\n<p class=\"has-text-align-center titre-vivant animation--bottom animation--init--once has-theme-white-color has-text-color has-large-font-size\">Los lugares s exceptionales<\/p>\n\n\n<div class=\"yoast-breadcrumbs breadcrumb animation--top animation--init--once\"><span><span><a href=\"https:\/\/www.camping-saint-lary.com\/es\/\">Inicio<\/a><\/span> \/ <span><a href=\"https:\/\/www.camping-saint-lary.com\/es\/la-region\/\">La regi\u00f3n<\/a><\/span> \/ <span class=\"breadcrumb_last\" aria-current=\"page\">Lugares excepcionales<\/span><\/span><\/div><\/div><\/div>\n\n\n\n<div class=\"wp-block-group alignfull has-animation intro-2 relative is-layout-constrained wp-block-group-is-layout-constrained\" style=\"padding-top:var(--wp--preset--spacing--80);padding-bottom:var(--wp--preset--spacing--60)\">\n<p class=\"titre-lateral-pink\">A descubrir<\/p>\n\n\n\n<div class=\"wp-block-group alignwide padd-titre-lateral is-layout-flow wp-block-group-is-layout-flow\">\n<h1 class=\"wp-block-heading has-text-align-center animation--top animation--init--once has-theme-pink-2-color has-text-color\" style=\"padding-top:0;padding-bottom:0\">Nuestra regi\u00f3n y sus sitios excepcionales<br>en el coraz\u00f3n de los Pirineos<br><sub><mark style=\"background-color:rgba(0, 0, 0, 0)\" class=\"has-inline-color has-theme-green-color\">Vive el Instante y Descubre&#8230;<\/mark><\/sub><\/h1>\n<\/div>\n<\/div>\n\n\n\n<div class=\"wp-block-group alignfull is-layout-flow wp-block-group-is-layout-flow\" style=\"margin-bottom:var(--wp--preset--spacing--80);padding-top:var(--wp--preset--spacing--60);padding-right:0;padding-bottom:var(--wp--preset--spacing--80);padding-left:0\">\n<div class=\"wp-block-group background-left-pink has-animation padding-container-mobile is-content-justification-center is-nowrap is-layout-flex wp-container-core-group-is-layout-32c2087b wp-block-group-is-layout-flex\" style=\"margin-top:var(--wp--preset--spacing--80);padding-top:var(--wp--preset--spacing--50);padding-bottom:var(--wp--preset--spacing--50)\">\n<div class=\"wp-image-slider border-pink-gallery-full animation--top animation--init--once has-text-align-left aspect-ratio-1_1\">\n\n                                        \n                    <script>\n                        'use strict';\n\n                        document.addEventListener('DOMContentLoaded', function () {\n\n                            (function() {\n                                const blockSlide = new Splide( '#slide_245', {\n                                    type : 'loop',\n                                    perPage: 1,\n                                                                        \n                                    breakpoints: {\n                                        800: {\n                                            perPage: 1,\n                                                                                    },\n                                        450: {\n                                            perPage: 1,\n                                            \n                                        },\n                                    },\n                                    pagination: false,\n                                    arrows: true,\n                                    gap: 'var(--wp--style--block-gap)',\n                                    i18n: {\n                                        slideLabel: '0%s \/ 0%s',\n                                    }\n                                } );\n                                \n\n                                if (!document.querySelector('#slide_245').closest('.banner-slide')) {\n                                    const options = {\n                                        rootMargin: '0px',\n                                        threshold: 0.5\n                                    };\n\n                                    const observer = new IntersectionObserver(function (entries, observer) {\n                                        entries.forEach(entry => {\n                                            if (entry.isIntersecting) {\n                                                console.log('Slider is visible');\n                                                blockSlide.go('+' + entry.target.dataset.counter);\n                                                blockSlide.go('+${1}');\n                                                observer.unobserve(entry.target); \/\/ stop observing the target element\n                                            }\n                                        });\n                                    }, options);\n\n                                    observer.observe(document.querySelector('#slide_245'));\n                                }\n\n\n                                \n\/*                                 blockSlide.on( 'mounted', function () {\n                                    blockSlide.go('+${1}');\n                                } ); *\/\n\n                                blockSlide.mount();\n                                                                \n                                \n\n                            })();\n                        })\n                    <\/script>\n\n                    <div class=\"slider-container\"><div class=\"splide galeria-slider galeria-columnas-1\" id=\"slide_245\"><div class=\"splide__track\"><div class=\"splide__list\"><a href=\"https:\/\/www.camping-saint-lary.com\/wp-content\/uploads\/pic-midi.jpg\" id=\"thumb-9738\" class=\"splide__slide image-link\" data-gallery=\"slide_245\"  data-counter=\"01\/06\" alt=\" \" class=\"image-link\"><div class=\"image-wrapper\"><img loading=\"lazy\" decoding=\"async\" width=\"630\" height=\"575\" src=\"https:\/\/www.camping-saint-lary.com\/wp-content\/uploads\/pic-midi.jpg\" class=\"attachment-gallery-medium size-gallery-medium\" alt=\"\" srcset=\"https:\/\/www.camping-saint-lary.com\/wp-content\/uploads\/\/pic-midi.jpg 630w, https:\/\/www.camping-saint-lary.com\/wp-content\/uploads\/\/pic-midi-512x467.jpg 512w, https:\/\/www.camping-saint-lary.com\/wp-content\/uploads\/\/pic-midi-256x234.jpg 256w, https:\/\/www.camping-saint-lary.com\/wp-content\/uploads\/\/pic-midi-24x22.jpg 24w, https:\/\/www.camping-saint-lary.com\/wp-content\/uploads\/\/pic-midi-36x33.jpg 36w, https:\/\/www.camping-saint-lary.com\/wp-content\/uploads\/\/pic-midi-48x44.jpg 48w\" sizes=\"auto, (max-width: 630px) 100vw, 630px\" \/><\/div><\/a><a href=\"https:\/\/www.camping-saint-lary.com\/wp-content\/uploads\/pic-midi-bigorre.jpg\" id=\"thumb-10532\" class=\"splide__slide image-link\" data-gallery=\"slide_245\"  data-counter=\"02\/06\" alt=\" \" class=\"image-link\"><div class=\"image-wrapper\"><img loading=\"lazy\" decoding=\"async\" width=\"1024\" height=\"722\" src=\"https:\/\/www.camping-saint-lary.com\/wp-content\/uploads\/pic-midi-bigorre-1024x722.jpg\" class=\"attachment-gallery-medium size-gallery-medium\" alt=\"\" srcset=\"https:\/\/www.camping-saint-lary.com\/wp-content\/uploads\/\/pic-midi-bigorre-1024x722.jpg 1024w, https:\/\/www.camping-saint-lary.com\/wp-content\/uploads\/\/pic-midi-bigorre-768x542.jpg 768w, https:\/\/www.camping-saint-lary.com\/wp-content\/uploads\/\/pic-midi-bigorre-512x361.jpg 512w, https:\/\/www.camping-saint-lary.com\/wp-content\/uploads\/\/pic-midi-bigorre-256x181.jpg 256w, https:\/\/www.camping-saint-lary.com\/wp-content\/uploads\/\/pic-midi-bigorre-24x17.jpg 24w, https:\/\/www.camping-saint-lary.com\/wp-content\/uploads\/\/pic-midi-bigorre-36x25.jpg 36w, https:\/\/www.camping-saint-lary.com\/wp-content\/uploads\/\/pic-midi-bigorre-48x34.jpg 48w, https:\/\/www.camping-saint-lary.com\/wp-content\/uploads\/\/pic-midi-bigorre.jpg 1310w\" sizes=\"auto, (max-width: 1024px) 100vw, 1024px\" \/><\/div><\/a><a href=\"https:\/\/www.camping-saint-lary.com\/wp-content\/uploads\/pic-midi-ponton.jpg\" id=\"thumb-10553\" class=\"splide__slide image-link\" data-gallery=\"slide_245\"  data-counter=\"03\/06\" alt=\" \" class=\"image-link\"><div class=\"image-wrapper\"><img loading=\"lazy\" decoding=\"async\" width=\"1024\" height=\"682\" src=\"https:\/\/www.camping-saint-lary.com\/wp-content\/uploads\/pic-midi-ponton-1024x682.jpg\" class=\"attachment-gallery-medium size-gallery-medium\" alt=\"\" srcset=\"https:\/\/www.camping-saint-lary.com\/wp-content\/uploads\/\/pic-midi-ponton-1024x682.jpg 1024w, https:\/\/www.camping-saint-lary.com\/wp-content\/uploads\/\/pic-midi-ponton-768x512.jpg 768w, https:\/\/www.camping-saint-lary.com\/wp-content\/uploads\/\/pic-midi-ponton-512x341.jpg 512w, https:\/\/www.camping-saint-lary.com\/wp-content\/uploads\/\/pic-midi-ponton-256x171.jpg 256w, https:\/\/www.camping-saint-lary.com\/wp-content\/uploads\/\/pic-midi-ponton-24x16.jpg 24w, https:\/\/www.camping-saint-lary.com\/wp-content\/uploads\/\/pic-midi-ponton-36x24.jpg 36w, https:\/\/www.camping-saint-lary.com\/wp-content\/uploads\/\/pic-midi-ponton-48x32.jpg 48w, https:\/\/www.camping-saint-lary.com\/wp-content\/uploads\/\/pic-midi-ponton.jpg 1303w\" sizes=\"auto, (max-width: 1024px) 100vw, 1024px\" \/><\/div><\/a><a href=\"https:\/\/www.camping-saint-lary.com\/wp-content\/uploads\/montagne-hiver-rando-pic-midi.jpeg\" id=\"thumb-10582\" class=\"splide__slide image-link\" data-gallery=\"slide_245\"  data-counter=\"04\/06\" alt=\" \" class=\"image-link\"><div class=\"image-wrapper\"><img loading=\"lazy\" decoding=\"async\" width=\"576\" height=\"791\" src=\"https:\/\/www.camping-saint-lary.com\/wp-content\/uploads\/montagne-hiver-rando-pic-midi.jpeg\" class=\"attachment-gallery-medium size-gallery-medium\" alt=\"\" srcset=\"https:\/\/www.camping-saint-lary.com\/wp-content\/uploads\/\/montagne-hiver-rando-pic-midi.jpeg 576w, https:\/\/www.camping-saint-lary.com\/wp-content\/uploads\/\/montagne-hiver-rando-pic-midi-373x512.jpeg 373w, https:\/\/www.camping-saint-lary.com\/wp-content\/uploads\/\/montagne-hiver-rando-pic-midi-186x256.jpeg 186w, https:\/\/www.camping-saint-lary.com\/wp-content\/uploads\/\/montagne-hiver-rando-pic-midi-17x24.jpeg 17w, https:\/\/www.camping-saint-lary.com\/wp-content\/uploads\/\/montagne-hiver-rando-pic-midi-26x36.jpeg 26w, https:\/\/www.camping-saint-lary.com\/wp-content\/uploads\/\/montagne-hiver-rando-pic-midi-35x48.jpeg 35w\" sizes=\"auto, (max-width: 576px) 100vw, 576px\" \/><\/div><\/a><a href=\"https:\/\/www.camping-saint-lary.com\/wp-content\/uploads\/pic-midi-telepherique-hiver.jpeg\" id=\"thumb-10584\" class=\"splide__slide image-link\" data-gallery=\"slide_245\"  data-counter=\"05\/06\" alt=\" \" class=\"image-link\"><div class=\"image-wrapper\"><img loading=\"lazy\" decoding=\"async\" width=\"785\" height=\"590\" src=\"https:\/\/www.camping-saint-lary.com\/wp-content\/uploads\/pic-midi-telepherique-hiver.jpeg\" class=\"attachment-gallery-medium size-gallery-medium\" alt=\"\" srcset=\"https:\/\/www.camping-saint-lary.com\/wp-content\/uploads\/\/pic-midi-telepherique-hiver.jpeg 785w, https:\/\/www.camping-saint-lary.com\/wp-content\/uploads\/\/pic-midi-telepherique-hiver-768x577.jpeg 768w, https:\/\/www.camping-saint-lary.com\/wp-content\/uploads\/\/pic-midi-telepherique-hiver-512x385.jpeg 512w, https:\/\/www.camping-saint-lary.com\/wp-content\/uploads\/\/pic-midi-telepherique-hiver-256x192.jpeg 256w, https:\/\/www.camping-saint-lary.com\/wp-content\/uploads\/\/pic-midi-telepherique-hiver-24x18.jpeg 24w, https:\/\/www.camping-saint-lary.com\/wp-content\/uploads\/\/pic-midi-telepherique-hiver-36x27.jpeg 36w, https:\/\/www.camping-saint-lary.com\/wp-content\/uploads\/\/pic-midi-telepherique-hiver-48x36.jpeg 48w\" sizes=\"auto, (max-width: 785px) 100vw, 785px\" \/><\/div><\/a><a href=\"https:\/\/www.camping-saint-lary.com\/wp-content\/uploads\/ponton-ciel-pic-midi-vue-imprenable.jpg\" id=\"thumb-10587\" class=\"splide__slide image-link\" data-gallery=\"slide_245\"  data-counter=\"06\/06\" alt=\" \" class=\"image-link\"><div class=\"image-wrapper\"><img loading=\"lazy\" decoding=\"async\" width=\"1014\" height=\"1024\" src=\"https:\/\/www.camping-saint-lary.com\/wp-content\/uploads\/ponton-ciel-pic-midi-vue-imprenable-1014x1024.jpg\" class=\"attachment-gallery-medium size-gallery-medium\" alt=\"\" srcset=\"https:\/\/www.camping-saint-lary.com\/wp-content\/uploads\/\/ponton-ciel-pic-midi-vue-imprenable-1014x1024.jpg 1014w, https:\/\/www.camping-saint-lary.com\/wp-content\/uploads\/\/ponton-ciel-pic-midi-vue-imprenable-768x776.jpg 768w, https:\/\/www.camping-saint-lary.com\/wp-content\/uploads\/\/ponton-ciel-pic-midi-vue-imprenable-507x512.jpg 507w, https:\/\/www.camping-saint-lary.com\/wp-content\/uploads\/\/ponton-ciel-pic-midi-vue-imprenable-253x256.jpg 253w, https:\/\/www.camping-saint-lary.com\/wp-content\/uploads\/\/ponton-ciel-pic-midi-vue-imprenable-24x24.jpg 24w, https:\/\/www.camping-saint-lary.com\/wp-content\/uploads\/\/ponton-ciel-pic-midi-vue-imprenable-36x36.jpg 36w, https:\/\/www.camping-saint-lary.com\/wp-content\/uploads\/\/ponton-ciel-pic-midi-vue-imprenable-48x48.jpg 48w, https:\/\/www.camping-saint-lary.com\/wp-content\/uploads\/\/ponton-ciel-pic-midi-vue-imprenable.jpg 1284w\" sizes=\"auto, (max-width: 1014px) 100vw, 1014px\" \/><\/div><\/a><\/div><\/div><\/div><\/div>\n                    \n<\/div>\n\n\n<div class=\"wp-block-group animation--right animation--init--once is-nowrap is-layout-flex wp-container-core-group-is-layout-6c531013 wp-block-group-is-layout-flex\">\n<div class=\"wp-block-group is-layout-constrained wp-block-group-is-layout-constrained\">\n<div class=\"wp-block-group is-nowrap is-layout-flex wp-container-core-group-is-layout-6c531013 wp-block-group-is-layout-flex\">\n<h3 class=\"wp-block-heading has-theme-pink-2-color has-text-color\" style=\"font-size:40px\">El pico del Midi<\/h3>\n<\/div>\n\n\n\n<p><strong>El Pic du Midi: Una Ascensi\u00f3n hacia las Estrellas<\/strong><\/p>\n\n\n\n<p>Descubre, en grupo o en familia, un lugar m\u00e1gico y majestuoso en la cima de los Pirineos. Verdadera centinela de Occitania, el Pic du Midi de Bigorre se eleva a 2.877 metros y te ofrece un viaje inolvidable entre el cielo y la tierra.<\/p>\n\n\n\n<h4 class=\"wp-block-heading\">Un Panorama Accesible para Todos<\/h4>\n\n\n\n<p>No es necesario ser un alpinista experimentado para alcanzar las alturas. Accesible para todos en telef\u00e9rico desde La Mongie, el Pic du Midi forma parte de los Grandes Sitios de Occitania imprescindibles de visitar. En pocos minutos, ser\u00e1s transportado hasta las terrazas panor\u00e1micas, donde el aire puro y la vista de 360\u00b0 sobre la cordillera de los Pirineos te dejar\u00e1n sin aliento.<\/p>\n\n\n\n<h4 class=\"wp-block-heading\">El Observatorio Astron\u00f3mico: Un Balc\u00f3n al Universo<\/h4>\n\n\n\n<p>No se puede estar tan cerca del cielo sin invitar a las estrellas a acompa\u00f1arnos. Reconocido mundialmente por la pureza de su atm\u00f3sfera, el Pic du Midi es un lugar excepcional para la observaci\u00f3n astron\u00f3mica.<\/p>\n\n\n\n<p><strong>El Planetario<\/strong>: Sum\u00e9rgete en los misterios del cosmos bajo la c\u00fapula m\u00e1s alta de Europa.<\/p>\n\n\n\n<p><strong>El Pont\u00f3n en el Cielo<\/strong>: Para una dosis de adrenalina, avanza sobre el vac\u00edo por una pasarela transparente.<\/p>\n\n\n\n<p><strong>La Reserva Internacional de Cielo Oscuro (RICE)<\/strong>: Descubre por qu\u00e9 este lugar est\u00e1 protegido por la calidad de sus noches oscuras, que ofrecen un espect\u00e1culo celestial incomparable.<\/p>\n\n\n\n<p>Ya sea por la ciencia, por las vistas impresionantes o por la sensaci\u00f3n de libertad absoluta, el Pic du Midi es una experiencia \u00fanica que deja huella para toda la vida.<\/p>\n\n\n\n<h4 class=\"wp-block-heading\">\ud83d\udccd Prepara tu visita al Pic du Midi<\/h4>\n\n\n\n<p>Desde Saint-Lary Soulan, el acceso a este gigante de los Pirineos es sencillo y te permitir\u00e1 a\u00f1adir a tu estancia una experiencia verdaderamente inolvidable.<\/p>\n<\/div>\n<\/div>\n<\/div>\n\n\n\n<div class=\"wp-block-group background-right-green has-animation padding-container-mobile is-content-justification-center is-nowrap is-layout-flex wp-container-core-group-is-layout-7a84741e wp-block-group-is-layout-flex\" style=\"margin-top:var(--wp--preset--spacing--80);padding-top:var(--wp--preset--spacing--50);padding-bottom:var(--wp--preset--spacing--50)\">\n<div class=\"wp-block-group animation--right animation--init--once is-nowrap is-layout-flex wp-container-core-group-is-layout-6c531013 wp-block-group-is-layout-flex\">\n<div class=\"wp-block-group is-layout-constrained wp-block-group-is-layout-constrained\">\n<div class=\"wp-block-group is-nowrap is-layout-flex wp-container-core-group-is-layout-6c531013 wp-block-group-is-layout-flex\">\n<h3 class=\"wp-block-heading has-theme-green-light-color has-text-color\" style=\"font-size:40px\">Grandes sitios naturales<\/h3>\n<\/div>\n\n\n\n<p><strong>Un Territorio de Excepci\u00f3n: Entre Patrimonio Mundial y Naturaleza Salvaje<\/strong><\/p>\n\n\n\n<p>El valle de Saint-Lary es el punto de partida hacia sitios de valor universal. Aqu\u00ed, la naturaleza no solo es bella, sino que est\u00e1 protegida y reconocida entre los tesoros m\u00e1s importantes de nuestro planeta.<\/p>\n\n\n\n<p>\u26a0\ufe0f <strong>Apertura estacional<\/strong>: Para tu seguridad y la preservaci\u00f3n de los lugares, ten en cuenta que las rutas de acceso a la Reserva del N\u00e9ouvielle, al valle del Rioumajou y a la Hourquette d&#8217;Ancizan suelen abrirse a partir de mayo (seg\u00fan el nivel de nieve). En invierno, estos espacios recuperan su car\u00e1cter salvaje y solo son accesibles con raquetas de nieve o esqu\u00ed de traves\u00eda.<\/p>\n\n\n\n<h4 class=\"wp-block-heading\">Joyas Patrimoniales a tu Puerta<\/h4>\n\n\n\n<p>Vive la experiencia de lugares \u00fanicos en el mundo desde la primavera:<\/p>\n\n\n\n<p><strong>La Reserva Natural del N\u00e9ouvielle<\/strong>: Un laberinto de granito y lagos azul turquesa.<\/p>\n\n\n\n<p><strong>El Parque Nacional de los Pirineos<\/strong>: Un santuario salvaje donde la biodiversidad reina en plenitud.<\/p>\n\n\n\n<p><strong>Patrimonio Mundial de la UNESCO<\/strong>: Nuestros paisajes, moldeados por la historia y el pastoreo, gozan de un reconocimiento internacional prestigioso.<\/p>\n\n\n\n<h4 class=\"wp-block-heading\">El Valle del Rioumajou: El Brillo de las Aguas Bravas<\/h4>\n\n\n\n<p>Famoso por su belleza natural preservada, el valle del Rioumajou es una parada obligatoria desde su reapertura en mayo. D\u00e9jate seducir por sus paisajes monta\u00f1osos espectaculares y su atracci\u00f3n emblem\u00e1tica: su majestuosa cascada. Es el lugar ideal para una inmersi\u00f3n refrescante en el coraz\u00f3n de los Pirineos.<\/p>\n\n\n\n<h4 class=\"wp-block-heading\">Payolle y la Hourquette d\u2019Ancizan: El Peque\u00f1o Canad\u00e1<\/h4>\n\n\n\n<p>El lago de Payolle y el puerto de la Hourquette d\u2019Ancizan forman un d\u00fao m\u00e1gico:<\/p>\n\n\n\n<p><strong>Fauna en libertad<\/strong>: Una vez abierta la ruta del puerto, el altiplano se ofrece ante ti. Aqu\u00ed podr\u00e1s observar caballos, vacas y burros que viven en completa libertad sobre vastos pastos, bajo la mirada de majestuosas cumbres.<\/p>\n\n\n\n<p><strong>Un escenario de postal<\/strong>: Entre bosques de abetos y reflejos lacustres, el cambio de paisaje es total.<\/p>\n\n\n\n<h4 class=\"wp-block-heading\">\ud83c\udfc6 Top 5 de los Grandes Sitios para Descubrir Cerca de Nosotros<\/h4>\n\n\n\n<p>No te vayas sin explorar las joyas de Occitania situadas a pocos minutos de nuestro establecimiento:<\/p>\n\n\n\n<p><strong>Espa\u00f1a y el Ca\u00f1\u00f3n de A\u00f1isclo<\/strong><br>A solo 30 minutos a trav\u00e9s del t\u00fanel de Aragnouet-Bielsa, cambia de escenario y descubre los paisajes salvajes del Pirineo aragon\u00e9s.<\/p>\n\n\n\n<p><strong>La Reserva Natural del N\u00e9ouvielle<\/strong><br>El \u201cCanad\u00e1 de los Pirineos\u201d. Un universo de granito, pinos negros y lagos turquesa (Aubert, Aumar, Or\u00e9don). Un para\u00edso para el senderismo contemplativo.<\/p>\n\n\n\n<p><strong>El Pic du Midi de Bigorre<\/strong><br>Mucho m\u00e1s que un mirador, es una puerta abierta al espacio. Su observatorio y su pasarela en el cielo ofrecen sensaciones \u00fanicas en el mundo.<\/p>\n\n\n\n<p><strong>El Gouffre d\u2019Esparros<\/strong><br>Un aut\u00e9ntico jard\u00edn de cristal subterr\u00e1neo. Catalogado por la finura de sus aragonitas, es uno de los sitios de espeleolog\u00eda m\u00e1s bellos y acondicionados de Europa.<\/p>\n\n\n\n<p><strong>Las Cuevas de Gargas<\/strong><br>Un viaje en el tiempo. Este sitio prehist\u00f3rico es famoso por las misteriosas huellas de manos dejadas por nuestros ancestros hace 27.000 a\u00f1os.<\/p>\n<\/div>\n<\/div>\n\n\n\n<div class=\"wp-image-slider border-green-gallery-full animation--top animation--init--once has-text-align-left aspect-ratio-1_1\">\n\n                                        \n                    <script>\n                        'use strict';\n\n                        document.addEventListener('DOMContentLoaded', function () {\n\n                            (function() {\n                                const blockSlide = new Splide( '#slide_649', {\n                                    type : 'loop',\n                                    perPage: 1,\n                                                                        \n                                    breakpoints: {\n                                        800: {\n                                            perPage: 1,\n                                                                                    },\n                                        450: {\n                                            perPage: 1,\n                                            \n                                        },\n                                    },\n                                    pagination: false,\n                                    arrows: true,\n                                    gap: 'var(--wp--style--block-gap)',\n                                    i18n: {\n                                        slideLabel: '0%s \/ 0%s',\n                                    }\n                                } );\n                                \n\n                                if (!document.querySelector('#slide_649').closest('.banner-slide')) {\n                                    const options = {\n                                        rootMargin: '0px',\n                                        threshold: 0.5\n                                    };\n\n                                    const observer = new IntersectionObserver(function (entries, observer) {\n                                        entries.forEach(entry => {\n                                            if (entry.isIntersecting) {\n                                                console.log('Slider is visible');\n                                                blockSlide.go('+' + entry.target.dataset.counter);\n                                                blockSlide.go('+${1}');\n                                                observer.unobserve(entry.target); \/\/ stop observing the target element\n                                            }\n                                        });\n                                    }, options);\n\n                                    observer.observe(document.querySelector('#slide_649'));\n                                }\n\n\n                                \n\/*                                 blockSlide.on( 'mounted', function () {\n                                    blockSlide.go('+${1}');\n                                } ); *\/\n\n                                blockSlide.mount();\n                                                                \n                                \n\n                            })();\n                        })\n                    <\/script>\n\n                    <div class=\"slider-container\"><div class=\"splide galeria-slider galeria-columnas-1\" id=\"slide_649\"><div class=\"splide__track\"><div class=\"splide__list\"><a href=\"https:\/\/www.camping-saint-lary.com\/wp-content\/uploads\/sites-naturelles.jpg\" id=\"thumb-9739\" class=\"splide__slide image-link\" data-gallery=\"slide_649\"  data-counter=\"01\/07\" alt=\" \" class=\"image-link\"><div class=\"image-wrapper\"><img loading=\"lazy\" decoding=\"async\" width=\"630\" height=\"575\" src=\"https:\/\/www.camping-saint-lary.com\/wp-content\/uploads\/sites-naturelles.jpg\" class=\"attachment-gallery-medium size-gallery-medium\" alt=\"\" srcset=\"https:\/\/www.camping-saint-lary.com\/wp-content\/uploads\/\/sites-naturelles.jpg 630w, https:\/\/www.camping-saint-lary.com\/wp-content\/uploads\/\/sites-naturelles-512x467.jpg 512w, https:\/\/www.camping-saint-lary.com\/wp-content\/uploads\/\/sites-naturelles-256x234.jpg 256w, https:\/\/www.camping-saint-lary.com\/wp-content\/uploads\/\/sites-naturelles-24x22.jpg 24w, https:\/\/www.camping-saint-lary.com\/wp-content\/uploads\/\/sites-naturelles-36x33.jpg 36w, https:\/\/www.camping-saint-lary.com\/wp-content\/uploads\/\/sites-naturelles-48x44.jpg 48w\" sizes=\"auto, (max-width: 630px) 100vw, 630px\" \/><\/div><\/a><a href=\"https:\/\/www.camping-saint-lary.com\/wp-content\/uploads\/payolle-estive-pyrennee-rando.jpg\" id=\"thumb-10557\" class=\"splide__slide image-link\" data-gallery=\"slide_649\"  data-counter=\"02\/07\" alt=\" \" class=\"image-link\"><div class=\"image-wrapper\"><img loading=\"lazy\" decoding=\"async\" width=\"1024\" height=\"1024\" src=\"https:\/\/www.camping-saint-lary.com\/wp-content\/uploads\/payolle-estive-pyrennee-rando-1024x1024.jpg\" class=\"attachment-gallery-medium size-gallery-medium\" alt=\"\" srcset=\"https:\/\/www.camping-saint-lary.com\/wp-content\/uploads\/\/payolle-estive-pyrennee-rando-1024x1024.jpg 1024w, https:\/\/www.camping-saint-lary.com\/wp-content\/uploads\/\/payolle-estive-pyrennee-rando-200x200.jpg 200w, https:\/\/www.camping-saint-lary.com\/wp-content\/uploads\/\/payolle-estive-pyrennee-rando-768x768.jpg 768w, https:\/\/www.camping-saint-lary.com\/wp-content\/uploads\/\/payolle-estive-pyrennee-rando-512x512.jpg 512w, https:\/\/www.camping-saint-lary.com\/wp-content\/uploads\/\/payolle-estive-pyrennee-rando-256x256.jpg 256w, https:\/\/www.camping-saint-lary.com\/wp-content\/uploads\/\/payolle-estive-pyrennee-rando-24x24.jpg 24w, https:\/\/www.camping-saint-lary.com\/wp-content\/uploads\/\/payolle-estive-pyrennee-rando-36x36.jpg 36w, https:\/\/www.camping-saint-lary.com\/wp-content\/uploads\/\/payolle-estive-pyrennee-rando-48x48.jpg 48w, https:\/\/www.camping-saint-lary.com\/wp-content\/uploads\/\/payolle-estive-pyrennee-rando.jpg 1107w\" sizes=\"auto, (max-width: 1024px) 100vw, 1024px\" \/><\/div><\/a><a href=\"https:\/\/www.camping-saint-lary.com\/wp-content\/uploads\/hourquette.jpg\" id=\"thumb-10288\" class=\"splide__slide image-link\" data-gallery=\"slide_649\"  data-counter=\"03\/07\" alt=\" OLYMPUS DIGITAL CAMERA\" class=\"image-link\"><div class=\"image-wrapper\"><img loading=\"lazy\" decoding=\"async\" width=\"1024\" height=\"682\" src=\"https:\/\/www.camping-saint-lary.com\/wp-content\/uploads\/hourquette-1024x682.jpg\" class=\"attachment-gallery-medium size-gallery-medium\" alt=\"\" srcset=\"https:\/\/www.camping-saint-lary.com\/wp-content\/uploads\/\/hourquette-1024x682.jpg 1024w, https:\/\/www.camping-saint-lary.com\/wp-content\/uploads\/\/hourquette-768x512.jpg 768w, https:\/\/www.camping-saint-lary.com\/wp-content\/uploads\/\/hourquette-1536x1024.jpg 1536w, https:\/\/www.camping-saint-lary.com\/wp-content\/uploads\/\/hourquette-512x341.jpg 512w, https:\/\/www.camping-saint-lary.com\/wp-content\/uploads\/\/hourquette-256x171.jpg 256w, https:\/\/www.camping-saint-lary.com\/wp-content\/uploads\/\/hourquette-24x16.jpg 24w, https:\/\/www.camping-saint-lary.com\/wp-content\/uploads\/\/hourquette-36x24.jpg 36w, https:\/\/www.camping-saint-lary.com\/wp-content\/uploads\/\/hourquette-48x32.jpg 48w, https:\/\/www.camping-saint-lary.com\/wp-content\/uploads\/\/hourquette.jpg 1700w\" sizes=\"auto, (max-width: 1024px) 100vw, 1024px\" \/><\/div><\/a><a href=\"https:\/\/www.camping-saint-lary.com\/wp-content\/uploads\/printemps-3.jpg\" id=\"thumb-10241\" class=\"splide__slide image-link\" data-gallery=\"slide_649\"  data-counter=\"04\/07\" alt=\" \" class=\"image-link\"><div class=\"image-wrapper\"><img loading=\"lazy\" decoding=\"async\" width=\"631\" height=\"576\" src=\"https:\/\/www.camping-saint-lary.com\/wp-content\/uploads\/printemps-3.jpg\" class=\"attachment-gallery-medium size-gallery-medium\" alt=\"\" srcset=\"https:\/\/www.camping-saint-lary.com\/wp-content\/uploads\/\/printemps-3.jpg 631w, https:\/\/www.camping-saint-lary.com\/wp-content\/uploads\/\/printemps-3-512x467.jpg 512w, https:\/\/www.camping-saint-lary.com\/wp-content\/uploads\/\/printemps-3-256x234.jpg 256w, https:\/\/www.camping-saint-lary.com\/wp-content\/uploads\/\/printemps-3-24x22.jpg 24w, https:\/\/www.camping-saint-lary.com\/wp-content\/uploads\/\/printemps-3-36x33.jpg 36w, https:\/\/www.camping-saint-lary.com\/wp-content\/uploads\/\/printemps-3-48x44.jpg 48w\" sizes=\"auto, (max-width: 631px) 100vw, 631px\" \/><\/div><\/a><a href=\"https:\/\/www.camping-saint-lary.com\/wp-content\/uploads\/randonnee-velo-saint-lary-soulan.jpg\" id=\"thumb-9868\" class=\"splide__slide image-link\" data-gallery=\"slide_649\"  data-counter=\"05\/07\" alt=\" \" class=\"image-link\"><div class=\"image-wrapper\"><img loading=\"lazy\" decoding=\"async\" width=\"1024\" height=\"576\" src=\"https:\/\/www.camping-saint-lary.com\/wp-content\/uploads\/randonnee-velo-saint-lary-soulan-1024x576.jpg\" class=\"attachment-gallery-medium size-gallery-medium\" alt=\"\" srcset=\"https:\/\/www.camping-saint-lary.com\/wp-content\/uploads\/\/randonnee-velo-saint-lary-soulan-1024x576.jpg 1024w, https:\/\/www.camping-saint-lary.com\/wp-content\/uploads\/\/randonnee-velo-saint-lary-soulan-768x432.jpg 768w, https:\/\/www.camping-saint-lary.com\/wp-content\/uploads\/\/randonnee-velo-saint-lary-soulan-512x288.jpg 512w, https:\/\/www.camping-saint-lary.com\/wp-content\/uploads\/\/randonnee-velo-saint-lary-soulan-256x144.jpg 256w, https:\/\/www.camping-saint-lary.com\/wp-content\/uploads\/\/randonnee-velo-saint-lary-soulan-24x13.jpg 24w, https:\/\/www.camping-saint-lary.com\/wp-content\/uploads\/\/randonnee-velo-saint-lary-soulan-36x20.jpg 36w, https:\/\/www.camping-saint-lary.com\/wp-content\/uploads\/\/randonnee-velo-saint-lary-soulan-48x27.jpg 48w, https:\/\/www.camping-saint-lary.com\/wp-content\/uploads\/\/randonnee-velo-saint-lary-soulan.jpg 1400w\" sizes=\"auto, (max-width: 1024px) 100vw, 1024px\" \/><\/div><\/a><a href=\"https:\/\/www.camping-saint-lary.com\/wp-content\/uploads\/camping-nature-decouverte.jpg\" id=\"thumb-9727\" class=\"splide__slide image-link\" data-gallery=\"slide_649\"  data-counter=\"06\/07\" alt=\" \" class=\"image-link\"><div class=\"image-wrapper\"><img loading=\"lazy\" decoding=\"async\" width=\"768\" height=\"1024\" src=\"https:\/\/www.camping-saint-lary.com\/wp-content\/uploads\/camping-nature-decouverte-768x1024.jpg\" class=\"attachment-gallery-medium size-gallery-medium\" alt=\"\" srcset=\"https:\/\/www.camping-saint-lary.com\/wp-content\/uploads\/\/camping-nature-decouverte-768x1024.jpg 768w, https:\/\/www.camping-saint-lary.com\/wp-content\/uploads\/\/camping-nature-decouverte-384x512.jpg 384w, https:\/\/www.camping-saint-lary.com\/wp-content\/uploads\/\/camping-nature-decouverte-192x256.jpg 192w, https:\/\/www.camping-saint-lary.com\/wp-content\/uploads\/\/camping-nature-decouverte-18x24.jpg 18w, https:\/\/www.camping-saint-lary.com\/wp-content\/uploads\/\/camping-nature-decouverte-27x36.jpg 27w, https:\/\/www.camping-saint-lary.com\/wp-content\/uploads\/\/camping-nature-decouverte-36x48.jpg 36w, https:\/\/www.camping-saint-lary.com\/wp-content\/uploads\/\/camping-nature-decouverte.jpg 800w\" sizes=\"auto, (max-width: 768px) 100vw, 768px\" \/><\/div><\/a><a href=\"https:\/\/www.camping-saint-lary.com\/wp-content\/uploads\/decouverte-montagne-paysage.jpg\" id=\"thumb-10556\" class=\"splide__slide image-link\" data-gallery=\"slide_649\"  data-counter=\"07\/07\" alt=\" \" class=\"image-link\"><div class=\"image-wrapper\"><img loading=\"lazy\" decoding=\"async\" width=\"854\" height=\"1024\" src=\"https:\/\/www.camping-saint-lary.com\/wp-content\/uploads\/decouverte-montagne-paysage-854x1024.jpg\" class=\"attachment-gallery-medium size-gallery-medium\" alt=\"\" srcset=\"https:\/\/www.camping-saint-lary.com\/wp-content\/uploads\/\/decouverte-montagne-paysage-854x1024.jpg 854w, https:\/\/www.camping-saint-lary.com\/wp-content\/uploads\/\/decouverte-montagne-paysage-768x921.jpg 768w, https:\/\/www.camping-saint-lary.com\/wp-content\/uploads\/\/decouverte-montagne-paysage-427x512.jpg 427w, https:\/\/www.camping-saint-lary.com\/wp-content\/uploads\/\/decouverte-montagne-paysage-213x256.jpg 213w, https:\/\/www.camping-saint-lary.com\/wp-content\/uploads\/\/decouverte-montagne-paysage-20x24.jpg 20w, https:\/\/www.camping-saint-lary.com\/wp-content\/uploads\/\/decouverte-montagne-paysage-30x36.jpg 30w, https:\/\/www.camping-saint-lary.com\/wp-content\/uploads\/\/decouverte-montagne-paysage-40x48.jpg 40w, https:\/\/www.camping-saint-lary.com\/wp-content\/uploads\/\/decouverte-montagne-paysage.jpg 1068w\" sizes=\"auto, (max-width: 854px) 100vw, 854px\" \/><\/div><\/a><\/div><\/div><\/div><\/div>\n                    \n<\/div><\/div>\n\n\n\n<div class=\"wp-block-group background-left-pink has-animation padding-container-mobile is-content-justification-center is-nowrap is-layout-flex wp-container-core-group-is-layout-32c2087b wp-block-group-is-layout-flex\" style=\"margin-top:var(--wp--preset--spacing--80);padding-top:var(--wp--preset--spacing--50);padding-bottom:var(--wp--preset--spacing--50)\">\n<div class=\"wp-image-slider border-pink-gallery-full animation--top animation--init--once has-text-align-left aspect-ratio-1_1\">\n\n                                        \n                    <script>\n                        'use strict';\n\n                        document.addEventListener('DOMContentLoaded', function () {\n\n                            (function() {\n                                const blockSlide = new Splide( '#slide_866', {\n                                    type : 'loop',\n                                    perPage: 1,\n                                                                        \n                                    breakpoints: {\n                                        800: {\n                                            perPage: 1,\n                                                                                    },\n                                        450: {\n                                            perPage: 1,\n                                            \n                                        },\n                                    },\n                                    pagination: false,\n                                    arrows: true,\n                                    gap: 'var(--wp--style--block-gap)',\n                                    i18n: {\n                                        slideLabel: '0%s \/ 0%s',\n                                    }\n                                } );\n                                \n\n                                if (!document.querySelector('#slide_866').closest('.banner-slide')) {\n                                    const options = {\n                                        rootMargin: '0px',\n                                        threshold: 0.5\n                                    };\n\n                                    const observer = new IntersectionObserver(function (entries, observer) {\n                                        entries.forEach(entry => {\n                                            if (entry.isIntersecting) {\n                                                console.log('Slider is visible');\n                                                blockSlide.go('+' + entry.target.dataset.counter);\n                                                blockSlide.go('+${1}');\n                                                observer.unobserve(entry.target); \/\/ stop observing the target element\n                                            }\n                                        });\n                                    }, options);\n\n                                    observer.observe(document.querySelector('#slide_866'));\n                                }\n\n\n                                \n\/*                                 blockSlide.on( 'mounted', function () {\n                                    blockSlide.go('+${1}');\n                                } ); *\/\n\n                                blockSlide.mount();\n                                                                \n                                \n\n                            })();\n                        })\n                    <\/script>\n\n                    <div class=\"slider-container\"><div class=\"splide galeria-slider galeria-columnas-1\" id=\"slide_866\"><div class=\"splide__track\"><div class=\"splide__list\"><a href=\"https:\/\/www.camping-saint-lary.com\/wp-content\/uploads\/lourdes-sanctuaire-1.jpg\" id=\"thumb-10529\" class=\"splide__slide image-link\" data-gallery=\"slide_866\"  data-counter=\"01\/02\" alt=\" \" class=\"image-link\"><div class=\"image-wrapper\"><img loading=\"lazy\" decoding=\"async\" width=\"1024\" height=\"682\" src=\"https:\/\/www.camping-saint-lary.com\/wp-content\/uploads\/lourdes-sanctuaire-1-1024x682.jpg\" class=\"attachment-gallery-medium size-gallery-medium\" alt=\"\" srcset=\"https:\/\/www.camping-saint-lary.com\/wp-content\/uploads\/\/lourdes-sanctuaire-1-1024x682.jpg 1024w, https:\/\/www.camping-saint-lary.com\/wp-content\/uploads\/\/lourdes-sanctuaire-1-768x512.jpg 768w, https:\/\/www.camping-saint-lary.com\/wp-content\/uploads\/\/lourdes-sanctuaire-1-512x341.jpg 512w, https:\/\/www.camping-saint-lary.com\/wp-content\/uploads\/\/lourdes-sanctuaire-1-256x171.jpg 256w, https:\/\/www.camping-saint-lary.com\/wp-content\/uploads\/\/lourdes-sanctuaire-1-24x16.jpg 24w, https:\/\/www.camping-saint-lary.com\/wp-content\/uploads\/\/lourdes-sanctuaire-1-36x24.jpg 36w, https:\/\/www.camping-saint-lary.com\/wp-content\/uploads\/\/lourdes-sanctuaire-1-48x32.jpg 48w, https:\/\/www.camping-saint-lary.com\/wp-content\/uploads\/\/lourdes-sanctuaire-1.jpg 1138w\" sizes=\"auto, (max-width: 1024px) 100vw, 1024px\" \/><\/div><\/a><a href=\"https:\/\/www.camping-saint-lary.com\/wp-content\/uploads\/visite-lourdes.jpg\" id=\"thumb-10533\" class=\"splide__slide image-link\" data-gallery=\"slide_866\"  data-counter=\"02\/02\" alt=\" \" class=\"image-link\"><div class=\"image-wrapper\"><img loading=\"lazy\" decoding=\"async\" width=\"1024\" height=\"722\" src=\"https:\/\/www.camping-saint-lary.com\/wp-content\/uploads\/visite-lourdes-1024x722.jpg\" class=\"attachment-gallery-medium size-gallery-medium\" alt=\"\" srcset=\"https:\/\/www.camping-saint-lary.com\/wp-content\/uploads\/\/visite-lourdes-1024x722.jpg 1024w, https:\/\/www.camping-saint-lary.com\/wp-content\/uploads\/\/visite-lourdes-768x541.jpg 768w, https:\/\/www.camping-saint-lary.com\/wp-content\/uploads\/\/visite-lourdes-512x361.jpg 512w, https:\/\/www.camping-saint-lary.com\/wp-content\/uploads\/\/visite-lourdes-256x180.jpg 256w, https:\/\/www.camping-saint-lary.com\/wp-content\/uploads\/\/visite-lourdes-24x17.jpg 24w, https:\/\/www.camping-saint-lary.com\/wp-content\/uploads\/\/visite-lourdes-36x25.jpg 36w, https:\/\/www.camping-saint-lary.com\/wp-content\/uploads\/\/visite-lourdes-48x34.jpg 48w, https:\/\/www.camping-saint-lary.com\/wp-content\/uploads\/\/visite-lourdes.jpg 1132w\" sizes=\"auto, (max-width: 1024px) 100vw, 1024px\" \/><\/div><\/a><\/div><\/div><\/div><\/div>\n                    \n<\/div>\n\n\n<div class=\"wp-block-group animation--right animation--init--once is-nowrap is-layout-flex wp-container-core-group-is-layout-6c531013 wp-block-group-is-layout-flex\">\n<div class=\"wp-block-group is-layout-constrained wp-block-group-is-layout-constrained\">\n<div class=\"wp-block-group is-nowrap is-layout-flex wp-container-core-group-is-layout-6c531013 wp-block-group-is-layout-flex\">\n<h3 class=\"wp-block-heading has-theme-pink-2-color has-text-color\" style=\"font-size:40px\">Lourdes<\/h3>\n<\/div>\n\n\n\n<p>\u2728 <strong>El Santuario de Lourdes: Un Viaje entre Historia y Espiritualidad<\/strong><\/p>\n\n\n\n<p>A menos de una hora del Camping du Val d\u2019Autun, descubre un lugar cuya aura traspasa fronteras: Lourdes. Mucho m\u00e1s que un destino de peregrinaci\u00f3n, la ciudad mariana es un sitio cargado de emoci\u00f3n, donde cada piedra parece contar una historia de fe, valent\u00eda y resiliencia. Una visita al <strong>Santuario de Notre-Dame de Lourdes<\/strong> es una etapa imprescindible de tu estancia en los Pirineos.<\/p>\n\n\n\n<h4 class=\"wp-block-heading\">Lourdes Medieval: La Centinela de los Pirineos<\/h4>\n\n\n\n<p>Antes de ser mundialmente conocida por sus apariciones, Lourdes fue una plaza fuerte estrat\u00e9gica. Para comprender el alma de la ciudad, retrocede en el tiempo visitando su Castillo Fortificado. Clasificado como Monumento Hist\u00f3rico, domina la ciudad desde lo alto de su espol\u00f3n rocoso. Recorriendo sus murallas, disfrutar\u00e1s de una vista espectacular del santuario y de las cumbres circundantes, mientras descubres la fascinante historia de esta antigua residencia de los condes de Bigorre.<\/p>\n\n\n\n<h4 class=\"wp-block-heading\">Lourdes Espiritual: El Coraz\u00f3n del Santuario<\/h4>\n\n\n\n<p>Descendiendo hacia el r\u00edo Gave de Pau, entras en el recinto del Santuario. D\u00e9jate cautivar por la riqueza y la serenidad del lugar:<\/p>\n\n\n\n<p><strong>La Gruta de Massabielle<\/strong>: El lugar mismo de las apariciones, impregnado de un profundo recogimiento.<\/p>\n\n\n\n<p><strong>La Bas\u00edlica de la Inmaculada Concepci\u00f3n<\/strong>: Una obra maestra arquitect\u00f3nica que se eleva sobre la gruta.<\/p>\n\n\n\n<p><strong>La Bas\u00edlica Subterr\u00e1nea de San P\u00edo X<\/strong>: Una proeza t\u00e9cnica del siglo XX capaz de acoger a 25.000 fieles bajo una audaz estructura de hormig\u00f3n.<\/p>\n\n\n\n<h4 class=\"wp-block-heading\">Una Experiencia para Todos<\/h4>\n\n\n\n<p>Ya sea que est\u00e9s impulsado por una b\u00fasqueda espiritual o simplemente sientas curiosidad por descubrir un patrimonio mundial excepcional, Lourdes sabr\u00e1 emocionarte. Despu\u00e9s de recorrer las callejuelas de la Lourdes medieval y las explanadas del santuario, t\u00f3mate el tiempo de pasear junto al Gave o de subir al Pic du Jer en su funicular centenario para contemplar toda la belleza del valle.<\/p>\n\n\n\n<p>Retrocede en el tiempo y d\u00e9jate llevar por la energ\u00eda \u00fanica de esta ciudad de mil rostros antes de reencontrar, al caer la noche, la tranquilidad de tu alojamiento en el camping.<\/p>\n<\/div>\n<\/div>\n<\/div>\n<\/div>\n\n\n\n<div class=\"wp-block-group alignfull has-theme-brown-black-background-color has-background is-layout-flow wp-block-group-is-layout-flow\" style=\"margin-top:0;margin-bottom:0;padding-top:0;padding-right:0;padding-bottom:0;padding-left:0\">\n<div class=\"wp-block-cover\"><span aria-hidden=\"true\" class=\"wp-block-cover__background has-background-dim\"><\/span><img decoding=\"async\" class=\"wp-block-cover__image-background wp-image-1700\" alt=\"\" src=\"https:\/\/www.camping-saint-lary.com\/wp-content\/uploads\/formas-fondos-1.svg\" data-object-fit=\"cover\"\/><div class=\"wp-block-cover__inner-container is-layout-flow wp-block-cover-is-layout-flow\">\n<div class=\"wp-block-auto-tabs autres-locations padding-bottom-footer-autres\" data-selector=\"h3\">\n  <div class=\"acf-innerblocks-container\">\n\n<div class=\"wp-block-group auto-tabs-wrapper has-animation is-layout-flow wp-block-group-is-layout-flow\">\n<p class=\"has-text-align-center  animation--left animation--init--once\"><strong>Aqu\u00ed se mostrar\u00e1n las pesta\u00f1as.<\/strong><br> El primer <strong>h3<\/strong> de cada contenido se usar\u00e1 como t\u00edtulo de su pesta\u00f1a. Puedes cambiarlo por otro tag o una clase en el panel lateral<\/p>\n<\/div>\n\n\n\n<div class=\"wp-block-group alignfull auto-content-wrapper is-layout-flow wp-block-group-is-layout-flow\">\n<div class=\"wp-block-group has-animation is-layout-flow wp-block-group-is-layout-flow\">\n<h2 class=\"wp-block-heading has-text-align-center has-theme-pink-2-color has-text-color\">Au camping Val d&#8217;Autun<br><sub><mark style=\"background-color:rgba(0, 0, 0, 0)\" class=\"has-inline-color has-theme-green-light-color\">D\u00e9couvrez \u00e9galement <\/mark><\/sub><\/h2>\n\n\n<script>var object = [];<\/script>\n<div class=\"wp-block-activites\">\n\n\n<div id=\"\" class=\"wp-block-activites\" style=\"\">\n\n  \n                                                            <div class=\"slider-container slider-autres-activites has-animation\"><div class=\"splide galeria-autres-activites-block_slide_7166\"><div class=\"splide__track\"><div class=\"splide__list\">\n                  \n                                                        <div class=\"splide__slide r\">\n\n                        \n                    <div class=\"columns-container nos-locations-2 animation--top animation--init--once\">\n\n                    <a class=\"\" href=\"https:\/\/www.camping-saint-lary.com\/es\/la-region\/visitas\/\">\n                    \n                    <div class=\"column-image\">\n                    <img loading=\"lazy\" decoding=\"async\" width=\"1024\" height=\"847\" src=\"https:\/\/www.camping-saint-lary.com\/wp-content\/uploads\/gypaete-faune-flore-pyrenees-1024x847.jpg\" class=\"attachment-gallery-medium size-gallery-medium wp-post-image\" alt=\"\" srcset=\"https:\/\/www.camping-saint-lary.com\/wp-content\/uploads\/\/gypaete-faune-flore-pyrenees-1024x847.jpg 1024w, https:\/\/www.camping-saint-lary.com\/wp-content\/uploads\/\/gypaete-faune-flore-pyrenees-768x635.jpg 768w, https:\/\/www.camping-saint-lary.com\/wp-content\/uploads\/\/gypaete-faune-flore-pyrenees-1536x1270.jpg 1536w, https:\/\/www.camping-saint-lary.com\/wp-content\/uploads\/\/gypaete-faune-flore-pyrenees-512x423.jpg 512w, https:\/\/www.camping-saint-lary.com\/wp-content\/uploads\/\/gypaete-faune-flore-pyrenees-256x212.jpg 256w, https:\/\/www.camping-saint-lary.com\/wp-content\/uploads\/\/gypaete-faune-flore-pyrenees-24x20.jpg 24w, https:\/\/www.camping-saint-lary.com\/wp-content\/uploads\/\/gypaete-faune-flore-pyrenees-36x30.jpg 36w, https:\/\/www.camping-saint-lary.com\/wp-content\/uploads\/\/gypaete-faune-flore-pyrenees-48x40.jpg 48w, https:\/\/www.camping-saint-lary.com\/wp-content\/uploads\/\/gypaete-faune-flore-pyrenees.jpg 1654w\" sizes=\"auto, (max-width: 1024px) 100vw, 1024px\" \/>\n                                            <div class=\"column-text autres-back-1\">\n\n                                            <div class=\"autres-heber-content-contenu features-autres\">\n                                            <h3 class=\"\">Visitas<\/h3>\n                                            <!-- <h3 class=\"animation--top animation--init\"><\/h3> -->\n                                                                                                \n                                                                    <\/div>\n\n                    <\/div>\n\n                    <\/div>\n\n                    <\/a>\n\n                    <\/div>\n\n                        \n                                    <\/a>\n\n                                    <\/div>\n\n                    \n                                                        <div class=\"splide__slide r\">\n\n                        \n                    <div class=\"columns-container nos-locations-2 animation--top animation--init--once\">\n\n                    <a class=\"\" href=\"https:\/\/www.camping-saint-lary.com\/es\/la-region\/deportes\/\">\n                    \n                    <div class=\"column-image\">\n                    <img loading=\"lazy\" decoding=\"async\" width=\"1024\" height=\"680\" src=\"https:\/\/www.camping-saint-lary.com\/wp-content\/uploads\/triathlon-1-1024x680.jpg\" class=\"attachment-gallery-medium size-gallery-medium wp-post-image\" alt=\"\" srcset=\"https:\/\/www.camping-saint-lary.com\/wp-content\/uploads\/\/triathlon-1-1024x680.jpg 1024w, https:\/\/www.camping-saint-lary.com\/wp-content\/uploads\/\/triathlon-1-768x510.jpg 768w, https:\/\/www.camping-saint-lary.com\/wp-content\/uploads\/\/triathlon-1-512x340.jpg 512w, https:\/\/www.camping-saint-lary.com\/wp-content\/uploads\/\/triathlon-1-256x170.jpg 256w, https:\/\/www.camping-saint-lary.com\/wp-content\/uploads\/\/triathlon-1-24x16.jpg 24w, https:\/\/www.camping-saint-lary.com\/wp-content\/uploads\/\/triathlon-1-36x24.jpg 36w, https:\/\/www.camping-saint-lary.com\/wp-content\/uploads\/\/triathlon-1-48x32.jpg 48w, https:\/\/www.camping-saint-lary.com\/wp-content\/uploads\/\/triathlon-1.jpg 1133w\" sizes=\"auto, (max-width: 1024px) 100vw, 1024px\" \/>\n                                            <div class=\"column-text autres-back-1\">\n\n                                            <div class=\"autres-heber-content-contenu features-autres\">\n                                            <h3 class=\"\">Deportes<\/h3>\n                                            <!-- <h3 class=\"animation--top animation--init\"><\/h3> -->\n                                                                                                \n                                                                    <\/div>\n\n                    <\/div>\n\n                    <\/div>\n\n                    <\/a>\n\n                    <\/div>\n\n                        \n                                    <\/a>\n\n                                    <\/div>\n\n                    \n                                                        <div class=\"splide__slide r\">\n\n                        \n                    <div class=\"columns-container nos-locations-2 animation--top animation--init--once\">\n\n                    <a class=\"\" href=\"https:\/\/www.camping-saint-lary.com\/es\/la-region\/productos-locales\/\">\n                    \n                    <div class=\"column-image\">\n                    <img loading=\"lazy\" decoding=\"async\" width=\"1024\" height=\"575\" src=\"https:\/\/www.camping-saint-lary.com\/wp-content\/uploads\/gastronomie-fromage-pyrenees-1024x575.jpg\" class=\"attachment-gallery-medium size-gallery-medium wp-post-image\" alt=\"\" srcset=\"https:\/\/www.camping-saint-lary.com\/wp-content\/uploads\/\/gastronomie-fromage-pyrenees-1024x575.jpg 1024w, https:\/\/www.camping-saint-lary.com\/wp-content\/uploads\/\/gastronomie-fromage-pyrenees-768x431.jpg 768w, https:\/\/www.camping-saint-lary.com\/wp-content\/uploads\/\/gastronomie-fromage-pyrenees-512x288.jpg 512w, https:\/\/www.camping-saint-lary.com\/wp-content\/uploads\/\/gastronomie-fromage-pyrenees-256x144.jpg 256w, https:\/\/www.camping-saint-lary.com\/wp-content\/uploads\/\/gastronomie-fromage-pyrenees-24x13.jpg 24w, https:\/\/www.camping-saint-lary.com\/wp-content\/uploads\/\/gastronomie-fromage-pyrenees-36x20.jpg 36w, https:\/\/www.camping-saint-lary.com\/wp-content\/uploads\/\/gastronomie-fromage-pyrenees-48x27.jpg 48w, https:\/\/www.camping-saint-lary.com\/wp-content\/uploads\/\/gastronomie-fromage-pyrenees.jpg 1136w\" sizes=\"auto, (max-width: 1024px) 100vw, 1024px\" \/>\n                                            <div class=\"column-text autres-back-1\">\n\n                                            <div class=\"autres-heber-content-contenu features-autres\">\n                                            <h3 class=\"\">Productos locales<\/h3>\n                                            <!-- <h3 class=\"animation--top animation--init\"><\/h3> -->\n                                                                                                \n                                                                    <\/div>\n\n                    <\/div>\n\n                    <\/div>\n\n                    <\/a>\n\n                    <\/div>\n\n                        \n                                    <\/a>\n\n                                    <\/div>\n\n                    \n                \n            <\/div><\/div><\/div>            \n                <\/div>\n                        \n    \n\n<\/div>\n<\/div>\n\n\n<script>\n    new Splide( '.galeria-autres-activites-block_slide_7166', \n        {\n            perMove: 1,\n            perPage: 3,\n            autoplay: false,\n            type: 'loop',\n            gap: '30px',\n            pagination: false,\n            arrows: true,\n            breakpoints: {\n                1300: {\n                    perPage: 2,\n                },\n                950: {\n                    perPage: 1,\n                },\n            }   \n        } \n        ).mount();\n<\/script>\n<\/div>\n<\/div>\n\n<\/div><\/div><\/div><\/div>\n<\/div>\n","protected":false},"excerpt":{"rendered":"<p>Lorem ipsum dolor sit amet, consectetur adipiscing elit. Vestibulum elementum mi tellus, ut fermentum quam facilisis vel. Mauris mauris eros, luctus a nisi in, vestibulum viverra enim. Fusce eu pharetra nunc, ac facilisis nulla. Donec ultricies, magna ac pharetra lobortis, tellus enim fringilla odio, vitae eleifend sem nibh et ex. Donec consequat condimentum volutpat. Etiam dignissim enim at ligula ornare, vel euismod arcu bibendum. Duis egestas semper ullamcorper. Nam sed nisl quis nibh dictum ullamcorper. Maecenas consectetur, orci a interdum fringilla, elit orci placerat odio, ut dignissim nisl est ut diam. Maecenas cursus quam id turpis auctor egestas. Nulla facilisi. Nulla auctor lobortis interdum. Quisque lobortis, tortor nec blandit dictum, orci nisl ullamcorper eros, in fermentum ipsum elit non eros. Proin a fringilla tellus, eu consectetur erat.<\/p>\n","protected":false},"author":5,"featured_media":10323,"parent":10668,"menu_order":2,"comment_status":"closed","ping_status":"closed","template":"","meta":{"_acf_changed":false,"inline_featured_image":false,"footnotes":""},"class_list":["post-10674","page","type-page","status-publish","has-post-thumbnail","hentry"],"acf":[],"yoast_head":"<!-- This site is optimized with the Yoast SEO plugin v27.4 - https:\/\/yoast.com\/product\/yoast-seo-wordpress\/ -->\n<title>Los sitios excepcionales alrededor del camping Val d\u2019Autun.<\/title>\n<meta name=\"description\" content=\"Visite los Pirineos y sus sitios excepcionales cerca de Saint-Lary-Soulan, muy cerca del camping Val d\u2019Autun.\" \/>\n<meta name=\"robots\" content=\"index, follow, max-snippet:-1, max-image-preview:large, max-video-preview:-1\" \/>\n<link rel=\"canonical\" href=\"https:\/\/www.camping-saint-lary.com\/es\/la-region\/lugares-excepcionales\/\" \/>\n<meta property=\"og:locale\" content=\"es_ES\" \/>\n<meta property=\"og:type\" content=\"article\" \/>\n<meta property=\"og:title\" content=\"Los sitios excepcionales alrededor del camping Val d\u2019Autun.\" \/>\n<meta property=\"og:description\" content=\"Visite los Pirineos y sus sitios excepcionales cerca de Saint-Lary-Soulan, muy cerca del camping Val d\u2019Autun.\" \/>\n<meta property=\"og:url\" content=\"https:\/\/www.camping-saint-lary.com\/es\/la-region\/lugares-excepcionales\/\" \/>\n<meta property=\"og:site_name\" content=\"Camping Val d&#039;Autun\" \/>\n<meta property=\"article:modified_time\" content=\"2026-03-12T16:20:57+00:00\" \/>\n<meta property=\"og:image\" content=\"https:\/\/www.camping-saint-lary.com\/wp-content\/uploads\/la-reserve-du-neouvielle-pyrenees.jpg\" \/>\n\t<meta property=\"og:image:width\" content=\"1080\" \/>\n\t<meta property=\"og:image:height\" content=\"1080\" \/>\n\t<meta property=\"og:image:type\" content=\"image\/jpeg\" \/>\n<meta name=\"twitter:card\" content=\"summary_large_image\" \/>\n<meta name=\"twitter:label1\" content=\"Tiempo de lectura\" \/>\n\t<meta name=\"twitter:data1\" content=\"13 minutos\" \/>\n<script type=\"application\/ld+json\" class=\"yoast-schema-graph\">{\"@context\":\"https:\\\/\\\/schema.org\",\"@graph\":[{\"@type\":\"WebPage\",\"@id\":\"https:\\\/\\\/www.camping-saint-lary.com\\\/es\\\/la-region\\\/lugares-excepcionales\\\/\",\"url\":\"https:\\\/\\\/www.camping-saint-lary.com\\\/es\\\/la-region\\\/lugares-excepcionales\\\/\",\"name\":\"Los sitios excepcionales alrededor del camping Val d\u2019Autun.\",\"isPartOf\":{\"@id\":\"https:\\\/\\\/www.camping-saint-lary.com\\\/es\\\/#website\"},\"primaryImageOfPage\":{\"@id\":\"https:\\\/\\\/www.camping-saint-lary.com\\\/es\\\/la-region\\\/lugares-excepcionales\\\/#primaryimage\"},\"image\":{\"@id\":\"https:\\\/\\\/www.camping-saint-lary.com\\\/es\\\/la-region\\\/lugares-excepcionales\\\/#primaryimage\"},\"thumbnailUrl\":\"https:\\\/\\\/www.camping-saint-lary.com\\\/wp-content\\\/uploads\\\/la-reserve-du-neouvielle-pyrenees.jpg\",\"datePublished\":\"2023-07-06T09:42:44+00:00\",\"dateModified\":\"2026-03-12T16:20:57+00:00\",\"description\":\"Visite los Pirineos y sus sitios excepcionales cerca de Saint-Lary-Soulan, muy cerca del camping Val d\u2019Autun.\",\"breadcrumb\":{\"@id\":\"https:\\\/\\\/www.camping-saint-lary.com\\\/es\\\/la-region\\\/lugares-excepcionales\\\/#breadcrumb\"},\"inLanguage\":\"es\",\"potentialAction\":[{\"@type\":\"ReadAction\",\"target\":[\"https:\\\/\\\/www.camping-saint-lary.com\\\/es\\\/la-region\\\/lugares-excepcionales\\\/\"]}]},{\"@type\":\"ImageObject\",\"inLanguage\":\"es\",\"@id\":\"https:\\\/\\\/www.camping-saint-lary.com\\\/es\\\/la-region\\\/lugares-excepcionales\\\/#primaryimage\",\"url\":\"https:\\\/\\\/www.camping-saint-lary.com\\\/wp-content\\\/uploads\\\/la-reserve-du-neouvielle-pyrenees.jpg\",\"contentUrl\":\"https:\\\/\\\/www.camping-saint-lary.com\\\/wp-content\\\/uploads\\\/la-reserve-du-neouvielle-pyrenees.jpg\",\"width\":1080,\"height\":1080},{\"@type\":\"BreadcrumbList\",\"@id\":\"https:\\\/\\\/www.camping-saint-lary.com\\\/es\\\/la-region\\\/lugares-excepcionales\\\/#breadcrumb\",\"itemListElement\":[{\"@type\":\"ListItem\",\"position\":1,\"name\":\"Inicio\",\"item\":\"https:\\\/\\\/www.camping-saint-lary.com\\\/es\\\/\"},{\"@type\":\"ListItem\",\"position\":2,\"name\":\"La regi\u00f3n\",\"item\":\"https:\\\/\\\/www.camping-saint-lary.com\\\/es\\\/la-region\\\/\"},{\"@type\":\"ListItem\",\"position\":3,\"name\":\"Lugares excepcionales\"}]},{\"@type\":\"WebSite\",\"@id\":\"https:\\\/\\\/www.camping-saint-lary.com\\\/es\\\/#website\",\"url\":\"https:\\\/\\\/www.camping-saint-lary.com\\\/es\\\/\",\"name\":\"Camping Val d'Autun\",\"description\":\"Camping Val d&#039;Autun 3 \u00e9toiles en Vall\u00e9e d&#039;Aure dans les Pyr\u00e9n\u00e9es\",\"publisher\":{\"@id\":\"https:\\\/\\\/www.camping-saint-lary.com\\\/es\\\/#organization\"},\"potentialAction\":[{\"@type\":\"SearchAction\",\"target\":{\"@type\":\"EntryPoint\",\"urlTemplate\":\"https:\\\/\\\/www.camping-saint-lary.com\\\/es\\\/?s={search_term_string}\"},\"query-input\":{\"@type\":\"PropertyValueSpecification\",\"valueRequired\":true,\"valueName\":\"search_term_string\"}}],\"inLanguage\":\"es\"},{\"@type\":\"Organization\",\"@id\":\"https:\\\/\\\/www.camping-saint-lary.com\\\/es\\\/#organization\",\"name\":\"Camping Val d'Autun\",\"url\":\"https:\\\/\\\/www.camping-saint-lary.com\\\/es\\\/\",\"logo\":{\"@type\":\"ImageObject\",\"inLanguage\":\"es\",\"@id\":\"https:\\\/\\\/www.camping-saint-lary.com\\\/es\\\/#\\\/schema\\\/logo\\\/image\\\/\",\"url\":\"https:\\\/\\\/www.camping-saint-lary.com\\\/wp-content\\\/uploads\\\/cropped-logo-valdautun-lr300.png\",\"contentUrl\":\"https:\\\/\\\/www.camping-saint-lary.com\\\/wp-content\\\/uploads\\\/cropped-logo-valdautun-lr300.png\",\"width\":300,\"height\":182,\"caption\":\"Camping Val d'Autun\"},\"image\":{\"@id\":\"https:\\\/\\\/www.camping-saint-lary.com\\\/es\\\/#\\\/schema\\\/logo\\\/image\\\/\"}}]}<\/script>\n<!-- \/ Yoast SEO plugin. -->","yoast_head_json":{"title":"Los sitios excepcionales alrededor del camping Val d\u2019Autun.","description":"Visite los Pirineos y sus sitios excepcionales cerca de Saint-Lary-Soulan, muy cerca del camping Val d\u2019Autun.","robots":{"index":"index","follow":"follow","max-snippet":"max-snippet:-1","max-image-preview":"max-image-preview:large","max-video-preview":"max-video-preview:-1"},"canonical":"https:\/\/www.camping-saint-lary.com\/es\/la-region\/lugares-excepcionales\/","og_locale":"es_ES","og_type":"article","og_title":"Los sitios excepcionales alrededor del camping Val d\u2019Autun.","og_description":"Visite los Pirineos y sus sitios excepcionales cerca de Saint-Lary-Soulan, muy cerca del camping Val d\u2019Autun.","og_url":"https:\/\/www.camping-saint-lary.com\/es\/la-region\/lugares-excepcionales\/","og_site_name":"Camping Val d&#039;Autun","article_modified_time":"2026-03-12T16:20:57+00:00","og_image":[{"width":1080,"height":1080,"url":"https:\/\/www.camping-saint-lary.com\/wp-content\/uploads\/la-reserve-du-neouvielle-pyrenees.jpg","type":"image\/jpeg"}],"twitter_card":"summary_large_image","twitter_misc":{"Tiempo de lectura":"13 minutos"},"schema":{"@context":"https:\/\/schema.org","@graph":[{"@type":"WebPage","@id":"https:\/\/www.camping-saint-lary.com\/es\/la-region\/lugares-excepcionales\/","url":"https:\/\/www.camping-saint-lary.com\/es\/la-region\/lugares-excepcionales\/","name":"Los sitios excepcionales alrededor del camping Val d\u2019Autun.","isPartOf":{"@id":"https:\/\/www.camping-saint-lary.com\/es\/#website"},"primaryImageOfPage":{"@id":"https:\/\/www.camping-saint-lary.com\/es\/la-region\/lugares-excepcionales\/#primaryimage"},"image":{"@id":"https:\/\/www.camping-saint-lary.com\/es\/la-region\/lugares-excepcionales\/#primaryimage"},"thumbnailUrl":"https:\/\/www.camping-saint-lary.com\/wp-content\/uploads\/la-reserve-du-neouvielle-pyrenees.jpg","datePublished":"2023-07-06T09:42:44+00:00","dateModified":"2026-03-12T16:20:57+00:00","description":"Visite los Pirineos y sus sitios excepcionales cerca de Saint-Lary-Soulan, muy cerca del camping Val d\u2019Autun.","breadcrumb":{"@id":"https:\/\/www.camping-saint-lary.com\/es\/la-region\/lugares-excepcionales\/#breadcrumb"},"inLanguage":"es","potentialAction":[{"@type":"ReadAction","target":["https:\/\/www.camping-saint-lary.com\/es\/la-region\/lugares-excepcionales\/"]}]},{"@type":"ImageObject","inLanguage":"es","@id":"https:\/\/www.camping-saint-lary.com\/es\/la-region\/lugares-excepcionales\/#primaryimage","url":"https:\/\/www.camping-saint-lary.com\/wp-content\/uploads\/la-reserve-du-neouvielle-pyrenees.jpg","contentUrl":"https:\/\/www.camping-saint-lary.com\/wp-content\/uploads\/la-reserve-du-neouvielle-pyrenees.jpg","width":1080,"height":1080},{"@type":"BreadcrumbList","@id":"https:\/\/www.camping-saint-lary.com\/es\/la-region\/lugares-excepcionales\/#breadcrumb","itemListElement":[{"@type":"ListItem","position":1,"name":"Inicio","item":"https:\/\/www.camping-saint-lary.com\/es\/"},{"@type":"ListItem","position":2,"name":"La regi\u00f3n","item":"https:\/\/www.camping-saint-lary.com\/es\/la-region\/"},{"@type":"ListItem","position":3,"name":"Lugares excepcionales"}]},{"@type":"WebSite","@id":"https:\/\/www.camping-saint-lary.com\/es\/#website","url":"https:\/\/www.camping-saint-lary.com\/es\/","name":"Camping Val d'Autun","description":"Camping Val d&#039;Autun 3 \u00e9toiles en Vall\u00e9e d&#039;Aure dans les Pyr\u00e9n\u00e9es","publisher":{"@id":"https:\/\/www.camping-saint-lary.com\/es\/#organization"},"potentialAction":[{"@type":"SearchAction","target":{"@type":"EntryPoint","urlTemplate":"https:\/\/www.camping-saint-lary.com\/es\/?s={search_term_string}"},"query-input":{"@type":"PropertyValueSpecification","valueRequired":true,"valueName":"search_term_string"}}],"inLanguage":"es"},{"@type":"Organization","@id":"https:\/\/www.camping-saint-lary.com\/es\/#organization","name":"Camping Val d'Autun","url":"https:\/\/www.camping-saint-lary.com\/es\/","logo":{"@type":"ImageObject","inLanguage":"es","@id":"https:\/\/www.camping-saint-lary.com\/es\/#\/schema\/logo\/image\/","url":"https:\/\/www.camping-saint-lary.com\/wp-content\/uploads\/cropped-logo-valdautun-lr300.png","contentUrl":"https:\/\/www.camping-saint-lary.com\/wp-content\/uploads\/cropped-logo-valdautun-lr300.png","width":300,"height":182,"caption":"Camping Val d'Autun"},"image":{"@id":"https:\/\/www.camping-saint-lary.com\/es\/#\/schema\/logo\/image\/"}}]}},"_links":{"self":[{"href":"https:\/\/www.camping-saint-lary.com\/es\/wp-json\/wp\/v2\/pages\/10674","targetHints":{"allow":["GET"]}}],"collection":[{"href":"https:\/\/www.camping-saint-lary.com\/es\/wp-json\/wp\/v2\/pages"}],"about":[{"href":"https:\/\/www.camping-saint-lary.com\/es\/wp-json\/wp\/v2\/types\/page"}],"author":[{"embeddable":true,"href":"https:\/\/www.camping-saint-lary.com\/es\/wp-json\/wp\/v2\/users\/5"}],"replies":[{"embeddable":true,"href":"https:\/\/www.camping-saint-lary.com\/es\/wp-json\/wp\/v2\/comments?post=10674"}],"version-history":[{"count":6,"href":"https:\/\/www.camping-saint-lary.com\/es\/wp-json\/wp\/v2\/pages\/10674\/revisions"}],"predecessor-version":[{"id":14456,"href":"https:\/\/www.camping-saint-lary.com\/es\/wp-json\/wp\/v2\/pages\/10674\/revisions\/14456"}],"up":[{"embeddable":true,"href":"https:\/\/www.camping-saint-lary.com\/es\/wp-json\/wp\/v2\/pages\/10668"}],"wp:featuredmedia":[{"embeddable":true,"href":"https:\/\/www.camping-saint-lary.com\/es\/wp-json\/wp\/v2\/media\/10323"}],"wp:attachment":[{"href":"https:\/\/www.camping-saint-lary.com\/es\/wp-json\/wp\/v2\/media?parent=10674"}],"curies":[{"name":"wp","href":"https:\/\/api.w.org\/{rel}","templated":true}]}}