{"id":10676,"date":"2023-07-06T11:43:15","date_gmt":"2023-07-06T09:43:15","guid":{"rendered":"http:\/\/www.camping-saint-lary.com\/la-region-2\/les-produits-du-terroir"},"modified":"2026-03-12T17:22:30","modified_gmt":"2026-03-12T16:22:30","slug":"productos-locales","status":"publish","type":"page","link":"https:\/\/www.camping-saint-lary.com\/es\/la-region\/productos-locales\/","title":{"rendered":"Productos locales"},"content":{"rendered":"\n<div class=\"wp-block-group alignfull non-relative is-layout-constrained wp-block-group-is-layout-constrained\" style=\"margin-top:0px;margin-bottom:0px\"><button class=\"fmb-expand-formulaire\" onclick=\"jQuery('#formulario-motor-busqueda').toggleClass('fmb-visible');\">Reservar<\/button>\n<div id=\"formulario-motor-busqueda\" class=\"formulario-motor-busqueda\">\n    <div class=\"fmb-container\">\n        <div class=\"fmb-bloque fmb-fecha-de-llegada\">\n            <div class=\"fmb-label\">Fecha de llegada<\/div>\n            <input type=\"text\" id=\"fmb-fecha-de-llegada\" \/>\n        <\/div><!-- .fmb-bloque -->\n        <div class=\"fmb-bloque fmb-fecha-de-salida\">\n            <div class=\"fmb-label\">Fecha de salida<\/div>\n            <input type=\"text\" id=\"fmb-fecha-de-salida\" \/>\n        <\/div><!-- .fmb-bloque -->\n        <div class=\"fmb-bloque fmb-tipo-de-alojamiento\">\n            <div class=\"fmb-label\">Alojamiento<\/div>\n            <select  id=\"fmb-tipo-de-alojamiento\">\n                <option value=\"1\">Parcela<\/option>\n                <option value=\"2\">Alojamiento<\/option>\n            <\/select>\n        <\/div><!-- .fmb-bloque -->\n        <div class=\"fmb-bloque fmb-numero-de-personas\">\n            <div class=\"fmb-label\">Capacidad<\/div>\n            <select  id=\"fmb-numero-de-personas\">\n                <option value=\"1\">1<\/option>\n                <option value=\"2\">2<\/option>\n                <option value=\"3\">3<\/option>\n                <option value=\"4\">4<\/option>\n                <option value=\"5\">5<\/option>\n                <option value=\"6\">6<\/option>\n                <option value=\"7\">7<\/option>\n                <option value=\"8\">8<\/option>\n                <option value=\"9\">+8<\/option>\n            <\/select>\n        <\/div><!-- .fmb-bloque -->\n        <div class=\"fmb-bloque fmb-submit-button\">\n            <input \n                name=\"submit-button\" \n                id=\"submit-button\" \n                class=\"fmb-button\" \n                type=\"button\" \n                onclick=\"window.open(\n                    'https:\/\/naxiresa.inaxel.com\/etape2-sejours.php?arrivalDate='+jQuery('#fmb-fecha-de-llegada').val()+'&departureDate='+jQuery('#fmb-fecha-de-salida').val()+'&pt='+jQuery('#fmb-tipo-de-alojamiento').val()+'&compte=valautun&lang=5&nb='+jQuery('#fmb-numero-de-personas').val()+'', \n                    '_blank'\n                );\" \n                value=\"Buscar\" \n            \/>\n        <\/div><!-- .fmb-bloque -->\n        <div class=\"fmb-bloque fmb-submit-button-2\">\n            <input \n                name=\"submit-button-2\" \n                id=\"submit-button-2\" \n                class=\"fmb-button\" \n                type=\"button\" \n                onclick=\"window.open('https:\/\/valautun.my-user-account.com', '_blank');\" \n                value=\"Mi reserva\" \n            \/>\n        <\/div><!-- .fmb-bloque -->\n    <\/div><!-- .fmb-container -->\n<\/div><!-- .formulario-motor-busqueda -->\n\n\n<script src=\"https:\/\/code.jquery.com\/ui\/1.13.2\/jquery-ui.js\"><\/script>\n\n<link  href=\"\/\/code.jquery.com\/ui\/1.11.4\/themes\/smoothness\/jquery-ui.css\" rel=\"stylesheet\" \/>\n<script>\nvar top_menu_header = jQuery('#formulario-motor-busqueda').offset().top - 100;\njQuery(window).on('scroll', function(){\n\n    jQuery(\".ui-datepicker-current-day\").trigger(\"click\");\n    jQuery('#fmb-fecha-de-salida').blur();\n    jQuery('#fmb-fecha-de-llegada').blur();\n\n\n    if(jQuery(window).scrollTop() > top_menu_header){\n        jQuery('#formulario-motor-busqueda').addClass('fmb-is-fixed-top');\n    } else {\n        jQuery('#formulario-motor-busqueda').removeClass('fmb-is-fixed-top');\n    }\n});\n\n\njQuery(function () {\n    jQuery('#fmb-fecha-de-llegada').datepicker({\n        onSelect: function(dateText, element) {\n            jQuery(this).attr('date', dateText);\n            \/* 01-09-2021 into 2021-09-01 *\/\n            var year = dateText.substring(6, 10);\n            var month = dateText.substring(3, 5);\n            var day = dateText.substring(0, 2);\n            var dateString = year + '-' + month + '-' + day;\n            var date1 = new Date(dateString);\n            var date = new Date(dateString);\n            date.setDate(date.getDate() + 1);\n            jQuery('#fmb-fecha-de-salida').datepicker('setDate', date);\n            jQuery('#fmb-fecha-de-salida').datepicker('option', {\n                minDate: date\n            });\n        },\n        dateFormat: \"dd\/mm\/yy\",\n    \tfirstDay: 1, \/\/ Start with Monday\n        changeMonth: true,\n        changeYear: true,\n        minDate: new Date(),\n    });\n});\n\nvar dateObject = new Date();\ndateObject.setDate(dateObject.getDate());\njQuery('#fmb-fecha-de-llegada').val(\n    dateObject.getDate()\n    +'\/'+\n    ((dateObject.getMonth() * 1) + 1)\n    +'\/'+\n    dateObject.getFullYear()\n);\n\ndateObject.setDate(dateObject.getDate() + 1);\njQuery('#fmb-fecha-de-salida').val(\n    dateObject.getDate()\n    +'\/'+\n    ((dateObject.getMonth() * 1) + 1)\n    +'\/'+\n    dateObject.getFullYear()\n);\njQuery('#fmb-fecha-de-salida').datepicker('setDate', dateObject);\njQuery('#fmb-fecha-de-salida').datepicker('option', {\n    minDate: dateObject\n});\n\njQuery(function () {\n    jQuery( \"#fmb-fecha-de-salida\" ).datepicker({\n        dateFormat: \"dd\/mm\/yy\",\n    \tfirstDay: 1, \/\/ Start with Monday\n        changeMonth: true,\n        changeYear: true,\n        minDate: new Date(),\n    });\n});\n\njQuery.datepicker.regional['fr'] = {clearText: 'Effacer', clearStatus: '',\n    closeText: 'Fermer', closeStatus: 'Fermer sans modifier',\n    prevText: '<Pr\u00e9c', prevStatus: 'Voir le mois pr\u00e9c\u00e9dent',\n    nextText: 'Suiv>', nextStatus: 'Voir le mois suivant',\n    currentText: 'Courant', currentStatus: 'Voir le mois courant',\n    monthNames: ['Janvier','F\u00e9vrier','Mars','Avril','Mai','Juin',\n    'Juillet','Ao\u00fbt','Septembre','Octobre','Novembre','D\u00e9cembre'],\n    monthNamesShort: ['Jan','F\u00e9v','Mar','Avr','Mai','Jun',\n    'Jul','Ao\u00fb','Sep','Oct','Nov','D\u00e9c'],\n    monthStatus: 'Voir un autre mois', yearStatus: 'Voir un autre ann\u00e9e',\n    weekHeader: 'Sm', weekStatus: '',\n    dayNames: ['Dimanche','Lundi','Mardi','Mercredi','Jeudi','Vendredi','Samedi'],\n    dayNamesShort: ['Dim','Lun','Mar','Mer','Jeu','Ven','Sam'],\n    dayNamesMin: ['Di','Lu','Ma','Me','Je','Ve','Sa'],\n    dayStatus: 'Utiliser DD comme premier jour de la semaine', dateStatus: 'Choisir le DD, MM d',\n    dateFormat: 'dd\/mm\/yy', firstDay: 0, \n    initStatus: 'Choisir la date', isRTL: false};\njQuery.datepicker.setDefaults(jQuery.datepicker.regional['fr']);\n\n\n<\/script>\n\n<\/div>\n\n\n\n<div class=\"wp-block-cover alignfull banner has-animation\" style=\"margin-top:0;margin-bottom:0;min-height:100vh;aspect-ratio:unset;\"><span aria-hidden=\"true\" class=\"wp-block-cover__background has-background-dim-40 has-background-dim wp-block-cover__gradient-background has-background-gradient\" style=\"background:linear-gradient(180deg,rgb(0,0,0) 0%,rgba(0,0,0,0) 47%)\"><\/span><img loading=\"lazy\" decoding=\"async\" width=\"1920\" height=\"1080\" class=\"wp-block-cover__image-background wp-image-3336\" alt=\"\" src=\"https:\/\/www.camping-saint-lary.com\/wp-content\/uploads\/1-10.jpg\" style=\"object-position:52% 100%\" data-object-fit=\"cover\" data-object-position=\"52% 100%\" srcset=\"https:\/\/www.camping-saint-lary.com\/wp-content\/uploads\/\/1-10.jpg 1920w, https:\/\/www.camping-saint-lary.com\/wp-content\/uploads\/\/1-10-1024x576.jpg 1024w, https:\/\/www.camping-saint-lary.com\/wp-content\/uploads\/\/1-10-768x432.jpg 768w, https:\/\/www.camping-saint-lary.com\/wp-content\/uploads\/\/1-10-1536x864.jpg 1536w, https:\/\/www.camping-saint-lary.com\/wp-content\/uploads\/\/1-10-512x288.jpg 512w, https:\/\/www.camping-saint-lary.com\/wp-content\/uploads\/\/1-10-256x144.jpg 256w, https:\/\/www.camping-saint-lary.com\/wp-content\/uploads\/\/1-10-24x14.jpg 24w, https:\/\/www.camping-saint-lary.com\/wp-content\/uploads\/\/1-10-36x20.jpg 36w, https:\/\/www.camping-saint-lary.com\/wp-content\/uploads\/\/1-10-48x27.jpg 48w\" sizes=\"auto, (max-width: 1920px) 100vw, 1920px\" \/><div class=\"wp-block-cover__inner-container is-layout-flow wp-block-cover-is-layout-flow\">\n<p class=\"has-text-align-center titre-vivant animation--bottom animation--init--once has-large-font-size\">Los productos locales<\/p>\n\n\n<div class=\"yoast-breadcrumbs breadcrumb animation--top animation--init--once\"><span><span><a href=\"https:\/\/www.camping-saint-lary.com\/es\/\">Inicio<\/a><\/span> \/ <span><a href=\"https:\/\/www.camping-saint-lary.com\/es\/la-region\/\">La regi\u00f3n<\/a><\/span> \/ <span class=\"breadcrumb_last\" aria-current=\"page\">Productos locales<\/span><\/span><\/div><\/div><\/div>\n\n\n\n<div class=\"wp-block-group alignfull has-animation intro-2 relative is-layout-constrained wp-block-group-is-layout-constrained\" style=\"padding-top:var(--wp--preset--spacing--80);padding-bottom:var(--wp--preset--spacing--60)\">\n<p class=\"titre-lateral-pink\">Poductos locales<\/p>\n\n\n\n<div class=\"wp-block-group alignwide padd-titre-lateral is-layout-flow wp-block-group-is-layout-flow\">\n<h1 class=\"wp-block-heading has-text-align-center animation--top animation--init--once has-theme-pink-2-color has-text-color\" style=\"padding-top:0;padding-bottom:0\">Nuestra regi\u00f3n y sus productos locales<br>en el coraz\u00f3n de los Pirineos<br><sub><mark style=\"background-color:rgba(0, 0, 0, 0)\" class=\"has-inline-color has-theme-green-color\">Vive el Instante et Saborea&#8230;<\/mark><\/sub><\/h1>\n<\/div>\n<\/div>\n\n\n\n<div class=\"wp-block-group alignfull padding-bottom-footer-1 is-layout-flow wp-block-group-is-layout-flow\" style=\"margin-bottom:var(--wp--preset--spacing--80);padding-top:var(--wp--preset--spacing--60);padding-right:0;padding-bottom:var(--wp--preset--spacing--80);padding-left:0\">\n<div class=\"wp-block-group background-left-pink has-animation padding-container-mobile is-content-justification-center is-nowrap is-layout-flex wp-container-core-group-is-layout-32c2087b wp-block-group-is-layout-flex\" style=\"margin-top:var(--wp--preset--spacing--80);padding-top:var(--wp--preset--spacing--50);padding-bottom:var(--wp--preset--spacing--50)\">\n<div class=\"wp-image-slider border-pink-gallery-full animation--top animation--init--once has-text-align-left aspect-ratio-1_1\">\n\n                                        \n                    <script>\n                        'use strict';\n\n                        document.addEventListener('DOMContentLoaded', function () {\n\n                            (function() {\n                                const blockSlide = new Splide( '#slide_419', {\n                                    type : 'loop',\n                                    perPage: 1,\n                                                                        \n                                    breakpoints: {\n                                        800: {\n                                            perPage: 1,\n                                                                                    },\n                                        450: {\n                                            perPage: 1,\n                                            \n                                        },\n                                    },\n                                    pagination: false,\n                                    arrows: true,\n                                    gap: 'var(--wp--style--block-gap)',\n                                    i18n: {\n                                        slideLabel: '0%s \/ 0%s',\n                                    }\n                                } );\n                                \n\n                                if (!document.querySelector('#slide_419').closest('.banner-slide')) {\n                                    const options = {\n                                        rootMargin: '0px',\n                                        threshold: 0.5\n                                    };\n\n                                    const observer = new IntersectionObserver(function (entries, observer) {\n                                        entries.forEach(entry => {\n                                            if (entry.isIntersecting) {\n                                                console.log('Slider is visible');\n                                                blockSlide.go('+' + entry.target.dataset.counter);\n                                                blockSlide.go('+${1}');\n                                                observer.unobserve(entry.target); \/\/ stop observing the target element\n                                            }\n                                        });\n                                    }, options);\n\n                                    observer.observe(document.querySelector('#slide_419'));\n                                }\n\n\n                                \n\/*                                 blockSlide.on( 'mounted', function () {\n                                    blockSlide.go('+${1}');\n                                } ); *\/\n\n                                blockSlide.mount();\n                                                                \n                                \n\n                            })();\n                        })\n                    <\/script>\n\n                    <div class=\"slider-container\"><div class=\"splide galeria-slider galeria-columnas-1\" id=\"slide_419\"><div class=\"splide__track\"><div class=\"splide__list\"><a href=\"https:\/\/www.camping-saint-lary.com\/wp-content\/uploads\/restaurant.jpg\" id=\"thumb-9741\" class=\"splide__slide image-link\" data-gallery=\"slide_419\"  data-counter=\"01\/04\" alt=\" \" class=\"image-link\"><div class=\"image-wrapper\"><img loading=\"lazy\" decoding=\"async\" width=\"630\" height=\"575\" src=\"https:\/\/www.camping-saint-lary.com\/wp-content\/uploads\/restaurant.jpg\" class=\"attachment-gallery-medium size-gallery-medium\" alt=\"\" srcset=\"https:\/\/www.camping-saint-lary.com\/wp-content\/uploads\/\/restaurant.jpg 630w, https:\/\/www.camping-saint-lary.com\/wp-content\/uploads\/\/restaurant-512x467.jpg 512w, https:\/\/www.camping-saint-lary.com\/wp-content\/uploads\/\/restaurant-256x234.jpg 256w, https:\/\/www.camping-saint-lary.com\/wp-content\/uploads\/\/restaurant-24x22.jpg 24w, https:\/\/www.camping-saint-lary.com\/wp-content\/uploads\/\/restaurant-36x33.jpg 36w, https:\/\/www.camping-saint-lary.com\/wp-content\/uploads\/\/restaurant-48x44.jpg 48w\" sizes=\"auto, (max-width: 630px) 100vw, 630px\" \/><\/div><\/a><a href=\"https:\/\/www.camping-saint-lary.com\/wp-content\/uploads\/1-22.jpg\" id=\"thumb-9815\" class=\"splide__slide image-link\" data-gallery=\"slide_419\"  data-counter=\"02\/04\" alt=\" \" class=\"image-link\"><div class=\"image-wrapper\"><img loading=\"lazy\" decoding=\"async\" width=\"1024\" height=\"576\" src=\"https:\/\/www.camping-saint-lary.com\/wp-content\/uploads\/1-22-1024x576.jpg\" class=\"attachment-gallery-medium size-gallery-medium\" alt=\"\" srcset=\"https:\/\/www.camping-saint-lary.com\/wp-content\/uploads\/\/1-22-1024x576.jpg 1024w, https:\/\/www.camping-saint-lary.com\/wp-content\/uploads\/\/1-22-768x432.jpg 768w, https:\/\/www.camping-saint-lary.com\/wp-content\/uploads\/\/1-22-1536x864.jpg 1536w, https:\/\/www.camping-saint-lary.com\/wp-content\/uploads\/\/1-22-512x288.jpg 512w, https:\/\/www.camping-saint-lary.com\/wp-content\/uploads\/\/1-22-256x144.jpg 256w, https:\/\/www.camping-saint-lary.com\/wp-content\/uploads\/\/1-22-24x14.jpg 24w, https:\/\/www.camping-saint-lary.com\/wp-content\/uploads\/\/1-22-36x20.jpg 36w, https:\/\/www.camping-saint-lary.com\/wp-content\/uploads\/\/1-22-48x27.jpg 48w, https:\/\/www.camping-saint-lary.com\/wp-content\/uploads\/\/1-22.jpg 1920w\" sizes=\"auto, (max-width: 1024px) 100vw, 1024px\" \/><\/div><\/a><a href=\"https:\/\/www.camping-saint-lary.com\/wp-content\/uploads\/gastronomie-fromage-pyrenees.jpg\" id=\"thumb-10538\" class=\"splide__slide image-link\" data-gallery=\"slide_419\"  data-counter=\"03\/04\" alt=\" \" class=\"image-link\"><div class=\"image-wrapper\"><img loading=\"lazy\" decoding=\"async\" width=\"1024\" height=\"575\" src=\"https:\/\/www.camping-saint-lary.com\/wp-content\/uploads\/gastronomie-fromage-pyrenees-1024x575.jpg\" class=\"attachment-gallery-medium size-gallery-medium\" alt=\"\" srcset=\"https:\/\/www.camping-saint-lary.com\/wp-content\/uploads\/\/gastronomie-fromage-pyrenees-1024x575.jpg 1024w, https:\/\/www.camping-saint-lary.com\/wp-content\/uploads\/\/gastronomie-fromage-pyrenees-768x431.jpg 768w, https:\/\/www.camping-saint-lary.com\/wp-content\/uploads\/\/gastronomie-fromage-pyrenees-512x288.jpg 512w, https:\/\/www.camping-saint-lary.com\/wp-content\/uploads\/\/gastronomie-fromage-pyrenees-256x144.jpg 256w, https:\/\/www.camping-saint-lary.com\/wp-content\/uploads\/\/gastronomie-fromage-pyrenees-24x13.jpg 24w, https:\/\/www.camping-saint-lary.com\/wp-content\/uploads\/\/gastronomie-fromage-pyrenees-36x20.jpg 36w, https:\/\/www.camping-saint-lary.com\/wp-content\/uploads\/\/gastronomie-fromage-pyrenees-48x27.jpg 48w, https:\/\/www.camping-saint-lary.com\/wp-content\/uploads\/\/gastronomie-fromage-pyrenees.jpg 1136w\" sizes=\"auto, (max-width: 1024px) 100vw, 1024px\" \/><\/div><\/a><a href=\"https:\/\/www.camping-saint-lary.com\/wp-content\/uploads\/fromage-pyrenees-marche.jpg\" id=\"thumb-10537\" class=\"splide__slide image-link\" data-gallery=\"slide_419\"  data-counter=\"04\/04\" alt=\" \" class=\"image-link\"><div class=\"image-wrapper\"><img loading=\"lazy\" decoding=\"async\" width=\"1024\" height=\"685\" src=\"https:\/\/www.camping-saint-lary.com\/wp-content\/uploads\/fromage-pyrenees-marche-1024x685.jpg\" class=\"attachment-gallery-medium size-gallery-medium\" alt=\"\" srcset=\"https:\/\/www.camping-saint-lary.com\/wp-content\/uploads\/\/fromage-pyrenees-marche-1024x685.jpg 1024w, https:\/\/www.camping-saint-lary.com\/wp-content\/uploads\/\/fromage-pyrenees-marche-768x514.jpg 768w, https:\/\/www.camping-saint-lary.com\/wp-content\/uploads\/\/fromage-pyrenees-marche-512x342.jpg 512w, https:\/\/www.camping-saint-lary.com\/wp-content\/uploads\/\/fromage-pyrenees-marche-256x171.jpg 256w, https:\/\/www.camping-saint-lary.com\/wp-content\/uploads\/\/fromage-pyrenees-marche-24x16.jpg 24w, https:\/\/www.camping-saint-lary.com\/wp-content\/uploads\/\/fromage-pyrenees-marche-36x24.jpg 36w, https:\/\/www.camping-saint-lary.com\/wp-content\/uploads\/\/fromage-pyrenees-marche-48x32.jpg 48w, https:\/\/www.camping-saint-lary.com\/wp-content\/uploads\/\/fromage-pyrenees-marche.jpg 1310w\" sizes=\"auto, (max-width: 1024px) 100vw, 1024px\" \/><\/div><\/a><\/div><\/div><\/div><\/div>\n                    \n<\/div>\n\n\n<div class=\"wp-block-group animation--right animation--init--once is-nowrap is-layout-flex wp-container-core-group-is-layout-6c531013 wp-block-group-is-layout-flex\">\n<div class=\"wp-block-group is-layout-constrained wp-block-group-is-layout-constrained\">\n<div class=\"wp-block-group is-nowrap is-layout-flex wp-container-core-group-is-layout-6c531013 wp-block-group-is-layout-flex\">\n<h3 class=\"wp-block-heading has-theme-pink-2-color has-text-color\" style=\"font-size:40px\">La Gastronom\u00eda de los Pirineos<\/h3>\n<\/div>\n\n\n\n<p>\ud83c\udf74 <strong>Gastronom\u00eda Pirenaica: Un Viaje Sabroso en Saint-Lary-Soulan<\/strong><\/p>\n\n\n\n<p>En Saint-Lary-Soulan, la monta\u00f1a no solo se contempla, \u00a1tambi\u00e9n se degusta! Profundamente arraigada en sus tradiciones pastorales, nuestro valle pone en valor una gastronom\u00eda aut\u00e9ntica y generosa. Alojarse en el <strong>Camping du Val d\u2019Autun<\/strong> es sumergirse en un territorio vivo, donde cada producto cuenta una historia de pasi\u00f3n y saber hacer.<\/p>\n\n\n\n<h4 class=\"wp-block-heading\">El Talento de Nuestros Productores y Criadores<\/h4>\n\n\n\n<p>La fuerza de nuestra cocina reside en la calidad excepcional de sus materias primas. Nuestros criadores locales son guardianes de un patrimonio valioso. Ya sea en los mercados o durante una visita directa a la granja, conocer\u00e1s a hombres y mujeres orgullosos de sus producciones:<\/p>\n\n\n\n<p><strong>Quesos de Car\u00e1cter<\/strong>: De oveja, cabra o vaca, nuestros quesos de alta monta\u00f1a maduran capturando los aromas de la flora pirenaica.<\/p>\n\n\n\n<p><strong>Cerdo Negro de Bigorre<\/strong>: Verdadero tesoro de la regi\u00f3n, un producto de excepci\u00f3n con un sabor marmoleado \u00fanico, orgullo local.<\/p>\n\n\n\n<p><strong>Carnes de Monta\u00f1a<\/strong>: Cordero de los Pirineos y ternera de nuestros valles garantizan una calidad y trazabilidad impecables.<\/p>\n\n\n\n<h4 class=\"wp-block-heading\">Sabores para Compartir, en el Restaurante o en Casa<\/h4>\n\n\n\n<p>La gastronom\u00eda de Saint-Lary se adapta a todos los gustos. Los numerosos restaurantes del pueblo trabajan mano a mano con los productores para realzar estos productos en platos emblem\u00e1ticos como la <strong>garbure<\/strong> o el <strong>pastel a la broche<\/strong>.<\/p>\n\n\n\n<p>Para quienes prefieren la intimidad de su alojamiento en el camping, encontrar\u00e1n m\u00faltiples tiendas de productos locales con especialidades para llevar, incluida la peque\u00f1a tienda del propio camping. Es la ocasi\u00f3n perfecta para preparar un aperitivo con los sabores del pa\u00eds o llevarse un pedazo de monta\u00f1a en la maleta y prolongar las vacaciones.<\/p>\n\n\n\n<p>D\u00e9jate tentar y permite que tu paladar explore la riqueza del <strong>Valle de Aure<\/strong>. Una experiencia gastron\u00f3mica que, sin duda, se convertir\u00e1 en uno de los momentos m\u00e1s memorables de tu estancia.<\/p>\n<\/div>\n<\/div>\n<\/div>\n\n\n\n<div class=\"wp-block-group background-right-green has-animation padding-container-mobile is-content-justification-center is-nowrap is-layout-flex wp-container-core-group-is-layout-7a84741e wp-block-group-is-layout-flex\" style=\"margin-top:var(--wp--preset--spacing--80);padding-top:var(--wp--preset--spacing--50);padding-bottom:var(--wp--preset--spacing--50)\">\n<div class=\"wp-block-group animation--right animation--init--once is-nowrap is-layout-flex wp-container-core-group-is-layout-6c531013 wp-block-group-is-layout-flex\">\n<div class=\"wp-block-group is-layout-constrained wp-block-group-is-layout-constrained\">\n<div class=\"wp-block-group is-nowrap is-layout-flex wp-container-core-group-is-layout-6c531013 wp-block-group-is-layout-flex\">\n<h3 class=\"wp-block-heading has-theme-green-light-color has-text-color\" style=\"font-size:40px\">Pasteles al asador y otros productos artesanales<\/h3>\n<\/div>\n\n\n\n<p>\ud83c\udf6f <strong>Tesoros Dulces y Sabores con Car\u00e1cter: El Saber Hacer de Nuestros Productores<\/strong><\/p>\n\n\n\n<p>M\u00e1s all\u00e1 de las cumbres nevadas y los senderos de monta\u00f1a, el <strong>Valle de Aure<\/strong> esconde tesoros gastron\u00f3micos de una delicadeza excepcional. Alojarse en el <strong>Camping du Val d\u2019Autun<\/strong> es sumergirse en un territorio donde cada frasco y cada botella reflejan el trabajo apasionado de nuestros artesanos locales.<\/p>\n\n\n\n<h4 class=\"wp-block-heading\">El Arte de la Conserva: El Sabor de los Pirineos para Llevar<\/h4>\n\n\n\n<p>Para prolongar el placer de tus vacaciones o regalar un pedacito de monta\u00f1a a tus seres queridos, nuestros productores destacan en el arte de la transformaci\u00f3n. Las <strong>rillettes<\/strong>, los <strong>pat\u00e9s de campo<\/strong> y la famosa <strong>garbure pirenaica<\/strong> se elaboran con carnes locales y se conservan respetando las recetas de nuestras abuelas.<\/p>\n\n\n\n<p>\u00bfY qu\u00e9 decir del <strong>Pastel a la Broche<\/strong>? Verdadero emblema de nuestras festividades, este cono dorado con m\u00faltiples picos se riega pacientemente con masa frente al fuego de le\u00f1a. Una delicia artesanal que encontrar\u00e1s en las tiendas del valle, lista para saborearse a la hora de la merienda.<\/p>\n\n\n\n<h4 class=\"wp-block-heading\">El Oro Rojo y el Oro Amarillo: Azafr\u00e1n y Miel de Monta\u00f1a<\/h4>\n\n\n\n<p>De manera sorprendente, el <strong>azafr\u00e1n<\/strong> se ha instalado en nuestras tierras. Cultivado con infinita paciencia en nuestras laderas soleadas, aporta color y sabor a los platos m\u00e1s finos de nuestros restauradores. Un producto raro que refleja la riqueza geol\u00f3gica de nuestros macizos.<\/p>\n\n\n\n<p>Pero el rey de nuestros desayunos sigue siendo la <strong>miel de monta\u00f1a<\/strong>. Nuestros apicultores privilegian a la <strong>abeja negra de los Pirineos<\/strong>, una especie local r\u00fastica perfectamente adaptada a la altitud. Desde primavera, liban flores silvestres \u2014rododendros, brezos y tr\u00e9boles\u2014 para producir mieles ecol\u00f3gicas de sabor intenso y floral. \u00a1Un concentrado de naturaleza salvaje en cada cucharada!<\/p>\n\n\n\n<p>Ven a conocer a estos apasionados durante el <strong>\u201cpeque\u00f1o mercado de productores\u201d<\/strong> que organizamos directamente en el camping en julio y agosto.<\/p>\n\n\n\n<p><br><\/p>\n<\/div>\n<\/div>\n\n\n\n<div class=\"wp-image-slider border-green-gallery-full animation--top animation--init--once has-text-align-left aspect-ratio-1_1\">\n\n                                        \n                    <script>\n                        'use strict';\n\n                        document.addEventListener('DOMContentLoaded', function () {\n\n                            (function() {\n                                const blockSlide = new Splide( '#slide_806', {\n                                    type : 'loop',\n                                    perPage: 1,\n                                                                        \n                                    breakpoints: {\n                                        800: {\n                                            perPage: 1,\n                                                                                    },\n                                        450: {\n                                            perPage: 1,\n                                            \n                                        },\n                                    },\n                                    pagination: false,\n                                    arrows: true,\n                                    gap: 'var(--wp--style--block-gap)',\n                                    i18n: {\n                                        slideLabel: '0%s \/ 0%s',\n                                    }\n                                } );\n                                \n\n                                if (!document.querySelector('#slide_806').closest('.banner-slide')) {\n                                    const options = {\n                                        rootMargin: '0px',\n                                        threshold: 0.5\n                                    };\n\n                                    const observer = new IntersectionObserver(function (entries, observer) {\n                                        entries.forEach(entry => {\n                                            if (entry.isIntersecting) {\n                                                console.log('Slider is visible');\n                                                blockSlide.go('+' + entry.target.dataset.counter);\n                                                blockSlide.go('+${1}');\n                                                observer.unobserve(entry.target); \/\/ stop observing the target element\n                                            }\n                                        });\n                                    }, options);\n\n                                    observer.observe(document.querySelector('#slide_806'));\n                                }\n\n\n                                \n\/*                                 blockSlide.on( 'mounted', function () {\n                                    blockSlide.go('+${1}');\n                                } ); *\/\n\n                                blockSlide.mount();\n                                                                \n                                \n\n                            })();\n                        })\n                    <\/script>\n\n                    <div class=\"slider-container\"><div class=\"splide galeria-slider galeria-columnas-1\" id=\"slide_806\"><div class=\"splide__track\"><div class=\"splide__list\"><a href=\"https:\/\/www.camping-saint-lary.com\/wp-content\/uploads\/gateaux-broche.jpg\" id=\"thumb-9740\" class=\"splide__slide image-link\" data-gallery=\"slide_806\"  data-counter=\"01\/02\" alt=\" \" class=\"image-link\"><div class=\"image-wrapper\"><img loading=\"lazy\" decoding=\"async\" width=\"630\" height=\"575\" src=\"https:\/\/www.camping-saint-lary.com\/wp-content\/uploads\/gateaux-broche.jpg\" class=\"attachment-gallery-medium size-gallery-medium\" alt=\"\" srcset=\"https:\/\/www.camping-saint-lary.com\/wp-content\/uploads\/\/gateaux-broche.jpg 630w, https:\/\/www.camping-saint-lary.com\/wp-content\/uploads\/\/gateaux-broche-512x467.jpg 512w, https:\/\/www.camping-saint-lary.com\/wp-content\/uploads\/\/gateaux-broche-256x234.jpg 256w, https:\/\/www.camping-saint-lary.com\/wp-content\/uploads\/\/gateaux-broche-24x22.jpg 24w, https:\/\/www.camping-saint-lary.com\/wp-content\/uploads\/\/gateaux-broche-36x33.jpg 36w, https:\/\/www.camping-saint-lary.com\/wp-content\/uploads\/\/gateaux-broche-48x44.jpg 48w\" sizes=\"auto, (max-width: 630px) 100vw, 630px\" \/><\/div><\/a><a href=\"https:\/\/www.camping-saint-lary.com\/wp-content\/uploads\/gateaux-broche-pyrennees-gastronomie-1.jpg\" id=\"thumb-11077\" class=\"splide__slide image-link\" data-gallery=\"slide_806\"  data-counter=\"02\/02\" alt=\" \" class=\"image-link\"><div class=\"image-wrapper\"><img loading=\"lazy\" decoding=\"async\" width=\"1024\" height=\"646\" src=\"https:\/\/www.camping-saint-lary.com\/wp-content\/uploads\/gateaux-broche-pyrennees-gastronomie-1-1024x646.jpg\" class=\"attachment-gallery-medium size-gallery-medium\" alt=\"\" srcset=\"https:\/\/www.camping-saint-lary.com\/wp-content\/uploads\/\/gateaux-broche-pyrennees-gastronomie-1-1024x646.jpg 1024w, https:\/\/www.camping-saint-lary.com\/wp-content\/uploads\/\/gateaux-broche-pyrennees-gastronomie-1-768x485.jpg 768w, https:\/\/www.camping-saint-lary.com\/wp-content\/uploads\/\/gateaux-broche-pyrennees-gastronomie-1-512x323.jpg 512w, https:\/\/www.camping-saint-lary.com\/wp-content\/uploads\/\/gateaux-broche-pyrennees-gastronomie-1-256x162.jpg 256w, https:\/\/www.camping-saint-lary.com\/wp-content\/uploads\/\/gateaux-broche-pyrennees-gastronomie-1-24x15.jpg 24w, https:\/\/www.camping-saint-lary.com\/wp-content\/uploads\/\/gateaux-broche-pyrennees-gastronomie-1-36x23.jpg 36w, https:\/\/www.camping-saint-lary.com\/wp-content\/uploads\/\/gateaux-broche-pyrennees-gastronomie-1-48x30.jpg 48w, https:\/\/www.camping-saint-lary.com\/wp-content\/uploads\/\/gateaux-broche-pyrennees-gastronomie-1.jpg 1309w\" sizes=\"auto, (max-width: 1024px) 100vw, 1024px\" \/><\/div><\/a><\/div><\/div><\/div><\/div>\n                    \n<\/div><\/div>\n\n\n\n<div class=\"wp-block-group background-left-pink has-animation padding-container-mobile is-content-justification-center is-nowrap is-layout-flex wp-container-core-group-is-layout-32c2087b wp-block-group-is-layout-flex\" style=\"margin-top:var(--wp--preset--spacing--80);padding-top:var(--wp--preset--spacing--50);padding-bottom:var(--wp--preset--spacing--50)\">\n<div class=\"wp-image-slider border-pink-gallery-full animation--top animation--init--once has-text-align-left aspect-ratio-1_1\">\n\n                                        \n                    <script>\n                        'use strict';\n\n                        document.addEventListener('DOMContentLoaded', function () {\n\n                            (function() {\n                                const blockSlide = new Splide( '#slide_490', {\n                                    type : 'loop',\n                                    perPage: 1,\n                                                                        \n                                    breakpoints: {\n                                        800: {\n                                            perPage: 1,\n                                                                                    },\n                                        450: {\n                                            perPage: 1,\n                                            \n                                        },\n                                    },\n                                    pagination: false,\n                                    arrows: true,\n                                    gap: 'var(--wp--style--block-gap)',\n                                    i18n: {\n                                        slideLabel: '0%s \/ 0%s',\n                                    }\n                                } );\n                                \n\n                                if (!document.querySelector('#slide_490').closest('.banner-slide')) {\n                                    const options = {\n                                        rootMargin: '0px',\n                                        threshold: 0.5\n                                    };\n\n                                    const observer = new IntersectionObserver(function (entries, observer) {\n                                        entries.forEach(entry => {\n                                            if (entry.isIntersecting) {\n                                                console.log('Slider is visible');\n                                                blockSlide.go('+' + entry.target.dataset.counter);\n                                                blockSlide.go('+${1}');\n                                                observer.unobserve(entry.target); \/\/ stop observing the target element\n                                            }\n                                        });\n                                    }, options);\n\n                                    observer.observe(document.querySelector('#slide_490'));\n                                }\n\n\n                                \n\/*                                 blockSlide.on( 'mounted', function () {\n                                    blockSlide.go('+${1}');\n                                } ); *\/\n\n                                blockSlide.mount();\n                                                                \n                                \n\n                            })();\n                        })\n                    <\/script>\n\n                    <div class=\"slider-container\"><div class=\"splide galeria-slider galeria-columnas-1\" id=\"slide_490\"><div class=\"splide__track\"><div class=\"splide__list\"><a href=\"https:\/\/www.camping-saint-lary.com\/wp-content\/uploads\/3-14.jpg\" id=\"thumb-9820\" class=\"splide__slide image-link\" data-gallery=\"slide_490\"  data-counter=\"01\/02\" alt=\" \" class=\"image-link\"><div class=\"image-wrapper\"><img loading=\"lazy\" decoding=\"async\" width=\"631\" height=\"576\" src=\"https:\/\/www.camping-saint-lary.com\/wp-content\/uploads\/3-14.jpg\" class=\"attachment-gallery-medium size-gallery-medium\" alt=\"\" srcset=\"https:\/\/www.camping-saint-lary.com\/wp-content\/uploads\/\/3-14.jpg 631w, https:\/\/www.camping-saint-lary.com\/wp-content\/uploads\/\/3-14-512x467.jpg 512w, https:\/\/www.camping-saint-lary.com\/wp-content\/uploads\/\/3-14-256x234.jpg 256w, https:\/\/www.camping-saint-lary.com\/wp-content\/uploads\/\/3-14-24x22.jpg 24w, https:\/\/www.camping-saint-lary.com\/wp-content\/uploads\/\/3-14-36x33.jpg 36w, https:\/\/www.camping-saint-lary.com\/wp-content\/uploads\/\/3-14-48x44.jpg 48w\" sizes=\"auto, (max-width: 631px) 100vw, 631px\" \/><\/div><\/a><a href=\"https:\/\/www.camping-saint-lary.com\/wp-content\/uploads\/isens-thumbphp.jpg\" id=\"thumb-10260\" class=\"splide__slide image-link\" data-gallery=\"slide_490\"  data-counter=\"02\/02\" alt=\" \" class=\"image-link\"><div class=\"image-wrapper\"><img loading=\"lazy\" decoding=\"async\" width=\"1024\" height=\"403\" src=\"https:\/\/www.camping-saint-lary.com\/wp-content\/uploads\/isens-thumbphp-1024x403.jpg\" class=\"attachment-gallery-medium size-gallery-medium\" alt=\"\" srcset=\"https:\/\/www.camping-saint-lary.com\/wp-content\/uploads\/\/isens-thumbphp-1024x403.jpg 1024w, https:\/\/www.camping-saint-lary.com\/wp-content\/uploads\/\/isens-thumbphp-768x303.jpg 768w, https:\/\/www.camping-saint-lary.com\/wp-content\/uploads\/\/isens-thumbphp-512x202.jpg 512w, https:\/\/www.camping-saint-lary.com\/wp-content\/uploads\/\/isens-thumbphp-256x101.jpg 256w, https:\/\/www.camping-saint-lary.com\/wp-content\/uploads\/\/isens-thumbphp-24x9.jpg 24w, https:\/\/www.camping-saint-lary.com\/wp-content\/uploads\/\/isens-thumbphp-36x14.jpg 36w, https:\/\/www.camping-saint-lary.com\/wp-content\/uploads\/\/isens-thumbphp-48x19.jpg 48w, https:\/\/www.camping-saint-lary.com\/wp-content\/uploads\/\/isens-thumbphp.jpg 1320w\" sizes=\"auto, (max-width: 1024px) 100vw, 1024px\" \/><\/div><\/a><\/div><\/div><\/div><\/div>\n                    \n<\/div>\n\n\n<div class=\"wp-block-group animation--right animation--init--once is-nowrap is-layout-flex wp-container-core-group-is-layout-6c531013 wp-block-group-is-layout-flex\">\n<div class=\"wp-block-group is-layout-constrained wp-block-group-is-layout-constrained\">\n<div class=\"wp-block-group is-nowrap is-layout-flex wp-container-core-group-is-layout-6c531013 wp-block-group-is-layout-flex\">\n<h3 class=\"wp-block-heading has-theme-pink-2-color has-text-color\" style=\"font-size:40px\">Productores de lana<\/h3>\n<\/div>\n\n\n\n<p>\ud83e\uddf6 <strong>La Dulzura del Mohair: El Oro Blanco de Nuestros Criadores Pirenaicos<\/strong><\/p>\n\n\n\n<p>Por los caminos de monta\u00f1a que rodean el <strong>Camping du Val d\u2019Autun<\/strong>, te espera un encuentro singular. Aqu\u00ed, la pasi\u00f3n por el territorio se teje con paciencia: criadores apasionados abren las puertas de sus granjas para que descubras la <strong>cabra Angora<\/strong> y su fibra de excepci\u00f3n, el <strong>Mohair<\/strong>.<\/p>\n\n\n\n<h4 class=\"wp-block-heading\">Una Fibra Noble y Natural<\/h4>\n\n\n\n<p>El Mohair de los Pirineos es reconocido por su calidad excepcional. A diferencia de la lana com\u00fan, esta fibra destaca por su brillo, ligereza e incre\u00edble poder t\u00e9rmico. Nuestros criadores locales cuidan con amor a sus reba\u00f1os para garantizar un esquilado respetuoso y una lana de pureza rara.<\/p>\n\n\n\n<p>Al entrar en sus tiendas en la granja, te sorprender\u00e1 inmediatamente la suavidad incomparable de las confecciones. Es un viaje sensorial donde el tacto se convierte en protagonista.<\/p>\n\n\n\n<h4 class=\"wp-block-heading\">Creaciones Artesanales para un Invierno Acogedor<\/h4>\n\n\n\n<p>Ya sea que busques completar tu guardarropa de invierno o llevar un regalo exclusivo, las colecciones de nuestros artesanos te conquistar\u00e1n:<\/p>\n\n\n\n<p><strong>Accesorios de moda<\/strong>: Estolas vaporosas, bufandas coloridas y gorros con estilo para afrontar las cumbres.<\/p>\n\n\n\n<p><strong>Confort absoluto<\/strong>: Calcetines de mohair, conocidos por su calor y durabilidad, ideales para tus rutas de senderismo o d\u00edas de esqu\u00ed.<\/p>\n\n\n\n<p><strong>Arte de vivir<\/strong>: Alfombras y mantas de suavidad infinita para convertir tus noches en el camping en momentos de puro confort.<\/p>\n\n\n\n<p>Comprar directamente a nuestros productores significa apoyar una agricultura a escala humana y llevarte a casa una pieza \u00fanica, moldeada por el tiempo y la tradici\u00f3n. Una parada de suavidad imprescindible durante tu estancia.<\/p>\n<\/div>\n<\/div>\n<\/div>\n\n\n\n<div class=\"wp-block-group background-right-green has-animation padding-container-mobile is-content-justification-center is-nowrap is-layout-flex wp-container-core-group-is-layout-7a84741e wp-block-group-is-layout-flex\" style=\"margin-top:var(--wp--preset--spacing--80);padding-top:var(--wp--preset--spacing--50);padding-bottom:var(--wp--preset--spacing--50)\">\n<div class=\"wp-block-group animation--right animation--init--once is-nowrap is-layout-flex wp-container-core-group-is-layout-6c531013 wp-block-group-is-layout-flex\">\n<div class=\"wp-block-group is-layout-constrained wp-block-group-is-layout-constrained\">\n<div class=\"wp-block-group is-nowrap is-layout-flex wp-container-core-group-is-layout-6c531013 wp-block-group-is-layout-flex\">\n<h3 class=\"wp-block-heading has-theme-green-light-color has-text-color\">El cerdo negro y la garbure<\/h3>\n<\/div>\n\n\n\n<p>\ud83c\udf72 <strong>El Arte de Vivir Pirenaico: Reconfort y Tradiciones Gastron\u00f3micas<\/strong><\/p>\n\n\n\n<p>Cuando el invierno cubre el <strong>Valle de Aure<\/strong> con su manto blanco, la cocina local se convierte en el coraz\u00f3n de la convivialidad. En el <strong>Camping du Val d\u2019Autun<\/strong>, sabemos que el placer de las vacaciones tambi\u00e9n pasa por el plato. Entre recetas ancestrales y productos de excepci\u00f3n, prep\u00e1rate para una verdadera epopeya culinaria.<\/p>\n\n\n\n<h4 class=\"wp-block-heading\">Las Estrellas de Nuestras Mesas Invernales<\/h4>\n\n\n\n<p>Si hay dos iconos que reinan sin discusi\u00f3n en nuestros men\u00fas gastron\u00f3micos, son ellos:<\/p>\n\n\n\n<p><strong>El Cerdo Negro de Bigorre<\/strong>: Este tesoro del territorio, criado en libertad, ofrece una carne marmoleada y de un sabor inigualable. Ya sea servido como jam\u00f3n curado o en un plato cocinado, encarna la excelencia de los Pirineos.<\/p>\n\n\n\n<p><strong>La Garbure Pirenaica<\/strong>: M\u00e1s que una sopa, \u00a1es un poema! Este caldo generoso, cocinado lentamente con verduras de temporada, jud\u00edas de Tarbes y a menudo un <em>\u201ccamajot\u201d<\/em> (tac\u00f3n de jam\u00f3n), es el reconfortante final perfecto tras un d\u00eda en las pistas de esqu\u00ed o en ruta de senderismo.<\/p>\n\n\n\n<p>Para rematar estos festines, los quesos de nuestras monta\u00f1as, provenientes de pastos de altura, aportan un toque final de car\u00e1cter a cada comida.<\/p>\n\n\n\n<h4 class=\"wp-block-heading\">Tus Citas Gastron\u00f3micas: Los Mercados Locales<\/h4>\n\n\n\n<p>Para llenar tu cesta de sabores aut\u00e9nticos y conocer a los protagonistas de nuestro terroir, no te pierdas los mercados locales. Verdaderas instituciones, son los encuentros imprescindibles de tus ma\u00f1anas:<\/p>\n\n\n\n<p><strong>Martes por la ma\u00f1ana<\/strong>: Vielle-Aure, con el encanto c\u00e1lido de un pueblo pirenaico.<\/p>\n\n\n\n<p><strong>Jueves por la ma\u00f1ana<\/strong>: Arreau, el hist\u00f3rico mercado bajo sus pintorescas arcadas.<\/p>\n\n\n\n<p><strong>S\u00e1bado por la ma\u00f1ana<\/strong>: Gran cita en Saint-Lary-Soulan, parada obligatoria para llenar tu despensa de productos frescos.<\/p>\n\n\n\n<p>Ya sea en la mesa de un gran restaurante o en un picnic improvisado en el camping, estas especialidades sabr\u00e1n conquistarte.<\/p>\n\n\n\n<p>\u00a1Felices vacaciones entre nosotros y buen provecho!<\/p>\n<\/div>\n<\/div>\n\n\n\n<div class=\"wp-image-slider border-green-gallery-full animation--top animation--init--once has-text-align-left aspect-ratio-1_1\">\n\n                                        \n                    <script>\n                        'use strict';\n\n                        document.addEventListener('DOMContentLoaded', function () {\n\n                            (function() {\n                                const blockSlide = new Splide( '#slide_557', {\n                                    type : 'loop',\n                                    perPage: 1,\n                                                                        \n                                    breakpoints: {\n                                        800: {\n                                            perPage: 1,\n                                                                                    },\n                                        450: {\n                                            perPage: 1,\n                                            \n                                        },\n                                    },\n                                    pagination: false,\n                                    arrows: true,\n                                    gap: 'var(--wp--style--block-gap)',\n                                    i18n: {\n                                        slideLabel: '0%s \/ 0%s',\n                                    }\n                                } );\n                                \n\n                                if (!document.querySelector('#slide_557').closest('.banner-slide')) {\n                                    const options = {\n                                        rootMargin: '0px',\n                                        threshold: 0.5\n                                    };\n\n                                    const observer = new IntersectionObserver(function (entries, observer) {\n                                        entries.forEach(entry => {\n                                            if (entry.isIntersecting) {\n                                                console.log('Slider is visible');\n                                                blockSlide.go('+' + entry.target.dataset.counter);\n                                                blockSlide.go('+${1}');\n                                                observer.unobserve(entry.target); \/\/ stop observing the target element\n                                            }\n                                        });\n                                    }, options);\n\n                                    observer.observe(document.querySelector('#slide_557'));\n                                }\n\n\n                                \n\/*                                 blockSlide.on( 'mounted', function () {\n                                    blockSlide.go('+${1}');\n                                } ); *\/\n\n                                blockSlide.mount();\n                                                                \n                                \n\n                            })();\n                        })\n                    <\/script>\n\n                    <div class=\"slider-container\"><div class=\"splide galeria-slider galeria-columnas-1\" id=\"slide_557\"><div class=\"splide__track\"><div class=\"splide__list\"><a href=\"https:\/\/www.camping-saint-lary.com\/wp-content\/uploads\/porc.jpg\" id=\"thumb-9742\" class=\"splide__slide image-link\" data-gallery=\"slide_557\"  data-counter=\"01\/02\" alt=\" \" class=\"image-link\"><div class=\"image-wrapper\"><img loading=\"lazy\" decoding=\"async\" width=\"630\" height=\"575\" src=\"https:\/\/www.camping-saint-lary.com\/wp-content\/uploads\/porc.jpg\" class=\"attachment-gallery-medium size-gallery-medium\" alt=\"\" srcset=\"https:\/\/www.camping-saint-lary.com\/wp-content\/uploads\/\/porc.jpg 630w, https:\/\/www.camping-saint-lary.com\/wp-content\/uploads\/\/porc-512x467.jpg 512w, https:\/\/www.camping-saint-lary.com\/wp-content\/uploads\/\/porc-256x234.jpg 256w, https:\/\/www.camping-saint-lary.com\/wp-content\/uploads\/\/porc-24x22.jpg 24w, https:\/\/www.camping-saint-lary.com\/wp-content\/uploads\/\/porc-36x33.jpg 36w, https:\/\/www.camping-saint-lary.com\/wp-content\/uploads\/\/porc-48x44.jpg 48w\" sizes=\"auto, (max-width: 630px) 100vw, 630px\" \/><\/div><\/a><a href=\"https:\/\/www.camping-saint-lary.com\/wp-content\/uploads\/marche-pays.jpg\" id=\"thumb-10244\" class=\"splide__slide image-link\" data-gallery=\"slide_557\"  data-counter=\"02\/02\" alt=\" \" class=\"image-link\"><div class=\"image-wrapper\"><img loading=\"lazy\" decoding=\"async\" width=\"631\" height=\"576\" src=\"https:\/\/www.camping-saint-lary.com\/wp-content\/uploads\/marche-pays.jpg\" class=\"attachment-gallery-medium size-gallery-medium\" alt=\"\" srcset=\"https:\/\/www.camping-saint-lary.com\/wp-content\/uploads\/\/marche-pays.jpg 631w, https:\/\/www.camping-saint-lary.com\/wp-content\/uploads\/\/marche-pays-512x467.jpg 512w, https:\/\/www.camping-saint-lary.com\/wp-content\/uploads\/\/marche-pays-256x234.jpg 256w, https:\/\/www.camping-saint-lary.com\/wp-content\/uploads\/\/marche-pays-24x22.jpg 24w, https:\/\/www.camping-saint-lary.com\/wp-content\/uploads\/\/marche-pays-36x33.jpg 36w, https:\/\/www.camping-saint-lary.com\/wp-content\/uploads\/\/marche-pays-48x44.jpg 48w\" sizes=\"auto, (max-width: 631px) 100vw, 631px\" \/><\/div><\/a><\/div><\/div><\/div><\/div>\n                    \n<\/div><\/div>\n<\/div>\n\n\n\n<div class=\"wp-block-group alignfull has-theme-brown-black-background-color has-background is-layout-flow wp-block-group-is-layout-flow\" style=\"margin-top:0;margin-bottom:0;padding-top:0;padding-right:0;padding-bottom:0;padding-left:0\">\n<div class=\"wp-block-cover\"><span aria-hidden=\"true\" class=\"wp-block-cover__background has-background-dim\"><\/span><img decoding=\"async\" class=\"wp-block-cover__image-background wp-image-1700\" alt=\"\" src=\"https:\/\/www.camping-saint-lary.com\/wp-content\/uploads\/formas-fondos-1.svg\" data-object-fit=\"cover\"\/><div class=\"wp-block-cover__inner-container is-layout-flow wp-block-cover-is-layout-flow\">\n<div class=\"wp-block-auto-tabs autres-locations padding-bottom-footer-autres\" data-selector=\"h3\">\n  <div class=\"acf-innerblocks-container\">\n\n<div class=\"wp-block-group auto-tabs-wrapper has-animation is-layout-flow wp-block-group-is-layout-flow\">\n<p class=\"has-text-align-center  animation--left animation--init--once\"><strong>Aqu\u00ed se mostrar\u00e1n las pesta\u00f1as.<\/strong><br> El primer <strong>h3<\/strong> de cada contenido se usar\u00e1 como t\u00edtulo de su pesta\u00f1a. Puedes cambiarlo por otro tag o una clase en el panel lateral<\/p>\n<\/div>\n\n\n\n<div class=\"wp-block-group alignfull auto-content-wrapper is-layout-flow wp-block-group-is-layout-flow\">\n<div class=\"wp-block-group has-animation is-layout-flow wp-block-group-is-layout-flow\">\n<h2 class=\"wp-block-heading has-text-align-center has-theme-pink-2-color has-text-color\">Au camping Val d&#8217;Autun<br><sub><mark style=\"background-color:rgba(0, 0, 0, 0)\" class=\"has-inline-color has-theme-green-light-color\">D\u00e9couvrez \u00e9galement <\/mark><\/sub><\/h2>\n\n\n<script>var object = [];<\/script>\n<div class=\"wp-block-activites\">\n\n\n<div id=\"\" class=\"wp-block-activites\" style=\"\">\n\n  \n                                                            <div class=\"slider-container slider-autres-activites has-animation\"><div class=\"splide galeria-autres-activites-block_slide_8684\"><div class=\"splide__track\"><div class=\"splide__list\">\n                  \n                                                        <div class=\"splide__slide r\">\n\n                        \n                    <div class=\"columns-container nos-locations-2 animation--top animation--init--once\">\n\n                    <a class=\"\" href=\"https:\/\/www.camping-saint-lary.com\/es\/la-region\/visitas\/\">\n                    \n                    <div class=\"column-image\">\n                    <img loading=\"lazy\" decoding=\"async\" width=\"1024\" height=\"847\" src=\"https:\/\/www.camping-saint-lary.com\/wp-content\/uploads\/gypaete-faune-flore-pyrenees-1024x847.jpg\" class=\"attachment-gallery-medium size-gallery-medium wp-post-image\" alt=\"\" srcset=\"https:\/\/www.camping-saint-lary.com\/wp-content\/uploads\/\/gypaete-faune-flore-pyrenees-1024x847.jpg 1024w, https:\/\/www.camping-saint-lary.com\/wp-content\/uploads\/\/gypaete-faune-flore-pyrenees-768x635.jpg 768w, https:\/\/www.camping-saint-lary.com\/wp-content\/uploads\/\/gypaete-faune-flore-pyrenees-1536x1270.jpg 1536w, https:\/\/www.camping-saint-lary.com\/wp-content\/uploads\/\/gypaete-faune-flore-pyrenees-512x423.jpg 512w, https:\/\/www.camping-saint-lary.com\/wp-content\/uploads\/\/gypaete-faune-flore-pyrenees-256x212.jpg 256w, https:\/\/www.camping-saint-lary.com\/wp-content\/uploads\/\/gypaete-faune-flore-pyrenees-24x20.jpg 24w, https:\/\/www.camping-saint-lary.com\/wp-content\/uploads\/\/gypaete-faune-flore-pyrenees-36x30.jpg 36w, https:\/\/www.camping-saint-lary.com\/wp-content\/uploads\/\/gypaete-faune-flore-pyrenees-48x40.jpg 48w, https:\/\/www.camping-saint-lary.com\/wp-content\/uploads\/\/gypaete-faune-flore-pyrenees.jpg 1654w\" sizes=\"auto, (max-width: 1024px) 100vw, 1024px\" \/>\n                                            <div class=\"column-text autres-back-1\">\n\n                                            <div class=\"autres-heber-content-contenu features-autres\">\n                                            <h3 class=\"\">Visitas<\/h3>\n                                            <!-- <h3 class=\"animation--top animation--init\"><\/h3> -->\n                                                                                                \n                                                                    <\/div>\n\n                    <\/div>\n\n                    <\/div>\n\n                    <\/a>\n\n                    <\/div>\n\n                        \n                                    <\/a>\n\n                                    <\/div>\n\n                    \n                                                        <div class=\"splide__slide r\">\n\n                        \n                    <div class=\"columns-container nos-locations-2 animation--top animation--init--once\">\n\n                    <a class=\"\" href=\"https:\/\/www.camping-saint-lary.com\/es\/la-region\/deportes\/\">\n                    \n                    <div class=\"column-image\">\n                    <img loading=\"lazy\" decoding=\"async\" width=\"1024\" height=\"680\" src=\"https:\/\/www.camping-saint-lary.com\/wp-content\/uploads\/triathlon-1-1024x680.jpg\" class=\"attachment-gallery-medium size-gallery-medium wp-post-image\" alt=\"\" srcset=\"https:\/\/www.camping-saint-lary.com\/wp-content\/uploads\/\/triathlon-1-1024x680.jpg 1024w, https:\/\/www.camping-saint-lary.com\/wp-content\/uploads\/\/triathlon-1-768x510.jpg 768w, https:\/\/www.camping-saint-lary.com\/wp-content\/uploads\/\/triathlon-1-512x340.jpg 512w, https:\/\/www.camping-saint-lary.com\/wp-content\/uploads\/\/triathlon-1-256x170.jpg 256w, https:\/\/www.camping-saint-lary.com\/wp-content\/uploads\/\/triathlon-1-24x16.jpg 24w, https:\/\/www.camping-saint-lary.com\/wp-content\/uploads\/\/triathlon-1-36x24.jpg 36w, https:\/\/www.camping-saint-lary.com\/wp-content\/uploads\/\/triathlon-1-48x32.jpg 48w, https:\/\/www.camping-saint-lary.com\/wp-content\/uploads\/\/triathlon-1.jpg 1133w\" sizes=\"auto, (max-width: 1024px) 100vw, 1024px\" \/>\n                                            <div class=\"column-text autres-back-1\">\n\n                                            <div class=\"autres-heber-content-contenu features-autres\">\n                                            <h3 class=\"\">Deportes<\/h3>\n                                            <!-- <h3 class=\"animation--top animation--init\"><\/h3> -->\n                                                                                                \n                                                                    <\/div>\n\n                    <\/div>\n\n                    <\/div>\n\n                    <\/a>\n\n                    <\/div>\n\n                        \n                                    <\/a>\n\n                                    <\/div>\n\n                    \n                                                        <div class=\"splide__slide r\">\n\n                        \n                    <div class=\"columns-container nos-locations-2 animation--top animation--init--once\">\n\n                    <a class=\"\" href=\"https:\/\/www.camping-saint-lary.com\/es\/la-region\/lugares-excepcionales\/\">\n                    \n                    <div class=\"column-image\">\n                    <img loading=\"lazy\" decoding=\"async\" width=\"1024\" height=\"1024\" src=\"https:\/\/www.camping-saint-lary.com\/wp-content\/uploads\/la-reserve-du-neouvielle-pyrenees-1024x1024.jpg\" class=\"attachment-gallery-medium size-gallery-medium wp-post-image\" alt=\"\" srcset=\"https:\/\/www.camping-saint-lary.com\/wp-content\/uploads\/\/la-reserve-du-neouvielle-pyrenees-1024x1024.jpg 1024w, https:\/\/www.camping-saint-lary.com\/wp-content\/uploads\/\/la-reserve-du-neouvielle-pyrenees-200x200.jpg 200w, https:\/\/www.camping-saint-lary.com\/wp-content\/uploads\/\/la-reserve-du-neouvielle-pyrenees-768x768.jpg 768w, https:\/\/www.camping-saint-lary.com\/wp-content\/uploads\/\/la-reserve-du-neouvielle-pyrenees-512x512.jpg 512w, https:\/\/www.camping-saint-lary.com\/wp-content\/uploads\/\/la-reserve-du-neouvielle-pyrenees-256x256.jpg 256w, https:\/\/www.camping-saint-lary.com\/wp-content\/uploads\/\/la-reserve-du-neouvielle-pyrenees-24x24.jpg 24w, https:\/\/www.camping-saint-lary.com\/wp-content\/uploads\/\/la-reserve-du-neouvielle-pyrenees-36x36.jpg 36w, https:\/\/www.camping-saint-lary.com\/wp-content\/uploads\/\/la-reserve-du-neouvielle-pyrenees-48x48.jpg 48w, https:\/\/www.camping-saint-lary.com\/wp-content\/uploads\/\/la-reserve-du-neouvielle-pyrenees.jpg 1080w\" sizes=\"auto, (max-width: 1024px) 100vw, 1024px\" \/>\n                                            <div class=\"column-text autres-back-1\">\n\n                                            <div class=\"autres-heber-content-contenu features-autres\">\n                                            <h3 class=\"\">Lugares excepcionales<\/h3>\n                                            <!-- <h3 class=\"animation--top animation--init\"><\/h3> -->\n                                                                                                \n                                                                    <\/div>\n\n                    <\/div>\n\n                    <\/div>\n\n                    <\/a>\n\n                    <\/div>\n\n                        \n                                    <\/a>\n\n                                    <\/div>\n\n                    \n                \n            <\/div><\/div><\/div>            \n                <\/div>\n                        \n    \n\n<\/div>\n<\/div>\n\n\n<script>\n    new Splide( '.galeria-autres-activites-block_slide_8684', \n        {\n            perMove: 1,\n            perPage: 3,\n            autoplay: false,\n            type: 'loop',\n            gap: '30px',\n            pagination: false,\n            arrows: true,\n            breakpoints: {\n                1300: {\n                    perPage: 2,\n                },\n                950: {\n                    perPage: 1,\n                },\n            }   \n        } \n        ).mount();\n<\/script>\n<\/div>\n<\/div>\n\n<\/div><\/div><\/div><\/div>\n<\/div>\n","protected":false},"excerpt":{"rendered":"<p>Lorem ipsum dolor sit amet, consectetur adipiscing elit. Vestibulum elementum mi tellus, ut fermentum quam facilisis vel. Mauris mauris eros, luctus a nisi in, vestibulum viverra enim. Fusce eu pharetra nunc, ac facilisis nulla. Donec ultricies, magna ac pharetra lobortis, tellus enim fringilla odio, vitae eleifend sem nibh et ex. Donec consequat condimentum volutpat. Etiam dignissim enim at ligula ornare, vel euismod arcu bibendum. Duis egestas semper ullamcorper. Nam sed nisl quis nibh dictum ullamcorper. Maecenas consectetur, orci a interdum fringilla, elit orci placerat odio, ut dignissim nisl est ut diam. Maecenas cursus quam id turpis auctor egestas. Nulla facilisi. Nulla auctor lobortis interdum. Quisque lobortis, tortor nec blandit dictum, orci nisl ullamcorper eros, in fermentum ipsum elit non eros. Proin a fringilla tellus, eu consectetur erat.<\/p>\n","protected":false},"author":5,"featured_media":10538,"parent":10668,"menu_order":3,"comment_status":"closed","ping_status":"closed","template":"","meta":{"_acf_changed":false,"inline_featured_image":false,"footnotes":""},"class_list":["post-10676","page","type-page","status-publish","has-post-thumbnail","hentry"],"acf":[],"yoast_head":"<!-- This site is optimized with the Yoast SEO plugin v27.4 - https:\/\/yoast.com\/product\/yoast-seo-wordpress\/ -->\n<title>Los productos locales pirenaicos en el camping Val d\u2019Autun.<\/title>\n<meta name=\"description\" content=\"Venga a saborear la gastronom\u00eda de los Pirineos y sus productos locales en el camping Val d\u2019Autun en Saint-Lary-Soulan.\" \/>\n<meta name=\"robots\" content=\"index, follow, max-snippet:-1, max-image-preview:large, max-video-preview:-1\" \/>\n<link rel=\"canonical\" href=\"https:\/\/www.camping-saint-lary.com\/es\/la-region\/productos-locales\/\" \/>\n<meta property=\"og:locale\" content=\"es_ES\" \/>\n<meta property=\"og:type\" content=\"article\" \/>\n<meta property=\"og:title\" content=\"Los productos locales pirenaicos en el camping Val d\u2019Autun.\" \/>\n<meta property=\"og:description\" content=\"Venga a saborear la gastronom\u00eda de los Pirineos y sus productos locales en el camping Val d\u2019Autun en Saint-Lary-Soulan.\" \/>\n<meta property=\"og:url\" content=\"https:\/\/www.camping-saint-lary.com\/es\/la-region\/productos-locales\/\" \/>\n<meta property=\"og:site_name\" content=\"Camping Val d&#039;Autun\" \/>\n<meta property=\"article:modified_time\" content=\"2026-03-12T16:22:30+00:00\" \/>\n<meta property=\"og:image\" content=\"https:\/\/www.camping-saint-lary.com\/wp-content\/uploads\/gastronomie-fromage-pyrenees.jpg\" \/>\n\t<meta property=\"og:image:width\" content=\"1136\" \/>\n\t<meta property=\"og:image:height\" content=\"638\" \/>\n\t<meta property=\"og:image:type\" content=\"image\/jpeg\" \/>\n<meta name=\"twitter:card\" content=\"summary_large_image\" \/>\n<meta name=\"twitter:label1\" content=\"Tiempo de lectura\" \/>\n\t<meta name=\"twitter:data1\" content=\"14 minutos\" \/>\n<script type=\"application\/ld+json\" class=\"yoast-schema-graph\">{\"@context\":\"https:\\\/\\\/schema.org\",\"@graph\":[{\"@type\":\"WebPage\",\"@id\":\"https:\\\/\\\/www.camping-saint-lary.com\\\/es\\\/la-region\\\/productos-locales\\\/\",\"url\":\"https:\\\/\\\/www.camping-saint-lary.com\\\/es\\\/la-region\\\/productos-locales\\\/\",\"name\":\"Los productos locales pirenaicos en el camping Val d\u2019Autun.\",\"isPartOf\":{\"@id\":\"https:\\\/\\\/www.camping-saint-lary.com\\\/es\\\/#website\"},\"primaryImageOfPage\":{\"@id\":\"https:\\\/\\\/www.camping-saint-lary.com\\\/es\\\/la-region\\\/productos-locales\\\/#primaryimage\"},\"image\":{\"@id\":\"https:\\\/\\\/www.camping-saint-lary.com\\\/es\\\/la-region\\\/productos-locales\\\/#primaryimage\"},\"thumbnailUrl\":\"https:\\\/\\\/www.camping-saint-lary.com\\\/wp-content\\\/uploads\\\/gastronomie-fromage-pyrenees.jpg\",\"datePublished\":\"2023-07-06T09:43:15+00:00\",\"dateModified\":\"2026-03-12T16:22:30+00:00\",\"description\":\"Venga a saborear la gastronom\u00eda de los Pirineos y sus productos locales en el camping Val d\u2019Autun en Saint-Lary-Soulan.\",\"breadcrumb\":{\"@id\":\"https:\\\/\\\/www.camping-saint-lary.com\\\/es\\\/la-region\\\/productos-locales\\\/#breadcrumb\"},\"inLanguage\":\"es\",\"potentialAction\":[{\"@type\":\"ReadAction\",\"target\":[\"https:\\\/\\\/www.camping-saint-lary.com\\\/es\\\/la-region\\\/productos-locales\\\/\"]}]},{\"@type\":\"ImageObject\",\"inLanguage\":\"es\",\"@id\":\"https:\\\/\\\/www.camping-saint-lary.com\\\/es\\\/la-region\\\/productos-locales\\\/#primaryimage\",\"url\":\"https:\\\/\\\/www.camping-saint-lary.com\\\/wp-content\\\/uploads\\\/gastronomie-fromage-pyrenees.jpg\",\"contentUrl\":\"https:\\\/\\\/www.camping-saint-lary.com\\\/wp-content\\\/uploads\\\/gastronomie-fromage-pyrenees.jpg\",\"width\":1136,\"height\":638},{\"@type\":\"BreadcrumbList\",\"@id\":\"https:\\\/\\\/www.camping-saint-lary.com\\\/es\\\/la-region\\\/productos-locales\\\/#breadcrumb\",\"itemListElement\":[{\"@type\":\"ListItem\",\"position\":1,\"name\":\"Inicio\",\"item\":\"https:\\\/\\\/www.camping-saint-lary.com\\\/es\\\/\"},{\"@type\":\"ListItem\",\"position\":2,\"name\":\"La regi\u00f3n\",\"item\":\"https:\\\/\\\/www.camping-saint-lary.com\\\/es\\\/la-region\\\/\"},{\"@type\":\"ListItem\",\"position\":3,\"name\":\"Productos locales\"}]},{\"@type\":\"WebSite\",\"@id\":\"https:\\\/\\\/www.camping-saint-lary.com\\\/es\\\/#website\",\"url\":\"https:\\\/\\\/www.camping-saint-lary.com\\\/es\\\/\",\"name\":\"Camping Val d'Autun\",\"description\":\"Camping Val d&#039;Autun 3 \u00e9toiles en Vall\u00e9e d&#039;Aure dans les Pyr\u00e9n\u00e9es\",\"publisher\":{\"@id\":\"https:\\\/\\\/www.camping-saint-lary.com\\\/es\\\/#organization\"},\"potentialAction\":[{\"@type\":\"SearchAction\",\"target\":{\"@type\":\"EntryPoint\",\"urlTemplate\":\"https:\\\/\\\/www.camping-saint-lary.com\\\/es\\\/?s={search_term_string}\"},\"query-input\":{\"@type\":\"PropertyValueSpecification\",\"valueRequired\":true,\"valueName\":\"search_term_string\"}}],\"inLanguage\":\"es\"},{\"@type\":\"Organization\",\"@id\":\"https:\\\/\\\/www.camping-saint-lary.com\\\/es\\\/#organization\",\"name\":\"Camping Val d'Autun\",\"url\":\"https:\\\/\\\/www.camping-saint-lary.com\\\/es\\\/\",\"logo\":{\"@type\":\"ImageObject\",\"inLanguage\":\"es\",\"@id\":\"https:\\\/\\\/www.camping-saint-lary.com\\\/es\\\/#\\\/schema\\\/logo\\\/image\\\/\",\"url\":\"https:\\\/\\\/www.camping-saint-lary.com\\\/wp-content\\\/uploads\\\/cropped-logo-valdautun-lr300.png\",\"contentUrl\":\"https:\\\/\\\/www.camping-saint-lary.com\\\/wp-content\\\/uploads\\\/cropped-logo-valdautun-lr300.png\",\"width\":300,\"height\":182,\"caption\":\"Camping Val d'Autun\"},\"image\":{\"@id\":\"https:\\\/\\\/www.camping-saint-lary.com\\\/es\\\/#\\\/schema\\\/logo\\\/image\\\/\"}}]}<\/script>\n<!-- \/ Yoast SEO plugin. -->","yoast_head_json":{"title":"Los productos locales pirenaicos en el camping Val d\u2019Autun.","description":"Venga a saborear la gastronom\u00eda de los Pirineos y sus productos locales en el camping Val d\u2019Autun en Saint-Lary-Soulan.","robots":{"index":"index","follow":"follow","max-snippet":"max-snippet:-1","max-image-preview":"max-image-preview:large","max-video-preview":"max-video-preview:-1"},"canonical":"https:\/\/www.camping-saint-lary.com\/es\/la-region\/productos-locales\/","og_locale":"es_ES","og_type":"article","og_title":"Los productos locales pirenaicos en el camping Val d\u2019Autun.","og_description":"Venga a saborear la gastronom\u00eda de los Pirineos y sus productos locales en el camping Val d\u2019Autun en Saint-Lary-Soulan.","og_url":"https:\/\/www.camping-saint-lary.com\/es\/la-region\/productos-locales\/","og_site_name":"Camping Val d&#039;Autun","article_modified_time":"2026-03-12T16:22:30+00:00","og_image":[{"width":1136,"height":638,"url":"https:\/\/www.camping-saint-lary.com\/wp-content\/uploads\/gastronomie-fromage-pyrenees.jpg","type":"image\/jpeg"}],"twitter_card":"summary_large_image","twitter_misc":{"Tiempo de lectura":"14 minutos"},"schema":{"@context":"https:\/\/schema.org","@graph":[{"@type":"WebPage","@id":"https:\/\/www.camping-saint-lary.com\/es\/la-region\/productos-locales\/","url":"https:\/\/www.camping-saint-lary.com\/es\/la-region\/productos-locales\/","name":"Los productos locales pirenaicos en el camping Val d\u2019Autun.","isPartOf":{"@id":"https:\/\/www.camping-saint-lary.com\/es\/#website"},"primaryImageOfPage":{"@id":"https:\/\/www.camping-saint-lary.com\/es\/la-region\/productos-locales\/#primaryimage"},"image":{"@id":"https:\/\/www.camping-saint-lary.com\/es\/la-region\/productos-locales\/#primaryimage"},"thumbnailUrl":"https:\/\/www.camping-saint-lary.com\/wp-content\/uploads\/gastronomie-fromage-pyrenees.jpg","datePublished":"2023-07-06T09:43:15+00:00","dateModified":"2026-03-12T16:22:30+00:00","description":"Venga a saborear la gastronom\u00eda de los Pirineos y sus productos locales en el camping Val d\u2019Autun en Saint-Lary-Soulan.","breadcrumb":{"@id":"https:\/\/www.camping-saint-lary.com\/es\/la-region\/productos-locales\/#breadcrumb"},"inLanguage":"es","potentialAction":[{"@type":"ReadAction","target":["https:\/\/www.camping-saint-lary.com\/es\/la-region\/productos-locales\/"]}]},{"@type":"ImageObject","inLanguage":"es","@id":"https:\/\/www.camping-saint-lary.com\/es\/la-region\/productos-locales\/#primaryimage","url":"https:\/\/www.camping-saint-lary.com\/wp-content\/uploads\/gastronomie-fromage-pyrenees.jpg","contentUrl":"https:\/\/www.camping-saint-lary.com\/wp-content\/uploads\/gastronomie-fromage-pyrenees.jpg","width":1136,"height":638},{"@type":"BreadcrumbList","@id":"https:\/\/www.camping-saint-lary.com\/es\/la-region\/productos-locales\/#breadcrumb","itemListElement":[{"@type":"ListItem","position":1,"name":"Inicio","item":"https:\/\/www.camping-saint-lary.com\/es\/"},{"@type":"ListItem","position":2,"name":"La regi\u00f3n","item":"https:\/\/www.camping-saint-lary.com\/es\/la-region\/"},{"@type":"ListItem","position":3,"name":"Productos locales"}]},{"@type":"WebSite","@id":"https:\/\/www.camping-saint-lary.com\/es\/#website","url":"https:\/\/www.camping-saint-lary.com\/es\/","name":"Camping Val d'Autun","description":"Camping Val d&#039;Autun 3 \u00e9toiles en Vall\u00e9e d&#039;Aure dans les Pyr\u00e9n\u00e9es","publisher":{"@id":"https:\/\/www.camping-saint-lary.com\/es\/#organization"},"potentialAction":[{"@type":"SearchAction","target":{"@type":"EntryPoint","urlTemplate":"https:\/\/www.camping-saint-lary.com\/es\/?s={search_term_string}"},"query-input":{"@type":"PropertyValueSpecification","valueRequired":true,"valueName":"search_term_string"}}],"inLanguage":"es"},{"@type":"Organization","@id":"https:\/\/www.camping-saint-lary.com\/es\/#organization","name":"Camping Val d'Autun","url":"https:\/\/www.camping-saint-lary.com\/es\/","logo":{"@type":"ImageObject","inLanguage":"es","@id":"https:\/\/www.camping-saint-lary.com\/es\/#\/schema\/logo\/image\/","url":"https:\/\/www.camping-saint-lary.com\/wp-content\/uploads\/cropped-logo-valdautun-lr300.png","contentUrl":"https:\/\/www.camping-saint-lary.com\/wp-content\/uploads\/cropped-logo-valdautun-lr300.png","width":300,"height":182,"caption":"Camping Val d'Autun"},"image":{"@id":"https:\/\/www.camping-saint-lary.com\/es\/#\/schema\/logo\/image\/"}}]}},"_links":{"self":[{"href":"https:\/\/www.camping-saint-lary.com\/es\/wp-json\/wp\/v2\/pages\/10676","targetHints":{"allow":["GET"]}}],"collection":[{"href":"https:\/\/www.camping-saint-lary.com\/es\/wp-json\/wp\/v2\/pages"}],"about":[{"href":"https:\/\/www.camping-saint-lary.com\/es\/wp-json\/wp\/v2\/types\/page"}],"author":[{"embeddable":true,"href":"https:\/\/www.camping-saint-lary.com\/es\/wp-json\/wp\/v2\/users\/5"}],"replies":[{"embeddable":true,"href":"https:\/\/www.camping-saint-lary.com\/es\/wp-json\/wp\/v2\/comments?post=10676"}],"version-history":[{"count":8,"href":"https:\/\/www.camping-saint-lary.com\/es\/wp-json\/wp\/v2\/pages\/10676\/revisions"}],"predecessor-version":[{"id":14438,"href":"https:\/\/www.camping-saint-lary.com\/es\/wp-json\/wp\/v2\/pages\/10676\/revisions\/14438"}],"up":[{"embeddable":true,"href":"https:\/\/www.camping-saint-lary.com\/es\/wp-json\/wp\/v2\/pages\/10668"}],"wp:featuredmedia":[{"embeddable":true,"href":"https:\/\/www.camping-saint-lary.com\/es\/wp-json\/wp\/v2\/media\/10538"}],"wp:attachment":[{"href":"https:\/\/www.camping-saint-lary.com\/es\/wp-json\/wp\/v2\/media?parent=10676"}],"curies":[{"name":"wp","href":"https:\/\/api.w.org\/{rel}","templated":true}]}}